{"id":39747,"date":"2023-07-07T16:27:57","date_gmt":"2023-07-07T15:27:57","guid":{"rendered":"https:\/\/autoshow.at\/?page_id=39747"},"modified":"2023-07-07T17:07:21","modified_gmt":"2023-07-07T16:07:21","slug":"startseite-sortierung-neu-eingestellt","status":"publish","type":"page","link":"https:\/\/autoshow.at\/en\/startseite-sortierung-neu-eingestellt\/","title":{"rendered":"Startseite Sortierung: neu eingestellt"},"content":{"rendered":"<div data-elementor-type=\"wp-page\" data-elementor-id=\"39747\" class=\"elementor elementor-39747\">\n\t\t\t\t\t\t<section class=\"elementor-section elementor-top-section elementor-element elementor-element-f921d58 elementor-section-boxed elementor-section-height-default elementor-section-height-default wpr-particle-no wpr-jarallax-no wpr-parallax-no wpr-sticky-section-no\" data-id=\"f921d58\" data-element_type=\"section\" data-settings=\"{&quot;background_background&quot;:&quot;classic&quot;}\">\n\t\t\t\t\t\t<div class=\"elementor-container elementor-column-gap-default\">\n\t\t\t\t\t<div class=\"elementor-column elementor-col-100 elementor-top-column elementor-element elementor-element-bcd0d2e\" data-id=\"bcd0d2e\" data-element_type=\"column\">\n\t\t\t<div class=\"elementor-widget-wrap elementor-element-populated\">\n\t\t\t\t\t\t<section class=\"elementor-section elementor-inner-section elementor-element elementor-element-85255dd elementor-section-boxed elementor-section-height-default elementor-section-height-default wpr-particle-no wpr-jarallax-no wpr-parallax-no wpr-sticky-section-no\" data-id=\"85255dd\" data-element_type=\"section\">\n\t\t\t\t\t\t<div class=\"elementor-container elementor-column-gap-default\">\n\t\t\t\t\t<div class=\"elementor-column elementor-col-50 elementor-inner-column elementor-element elementor-element-5c8c65d\" data-id=\"5c8c65d\" data-element_type=\"column\">\n\t\t\t<div class=\"elementor-widget-wrap elementor-element-populated\">\n\t\t\t\t\t\t<div class=\"elementor-element elementor-element-c9af30a elementor-widget elementor-widget-heading\" data-id=\"c9af30a\" data-element_type=\"widget\" data-widget_type=\"heading.default\">\n\t\t\t\t<div class=\"elementor-widget-container\">\n\t\t\t\t\t<h1 class=\"elementor-heading-title elementor-size-default\">News \/ Neuheiten<\/h1>\t\t\t\t<\/div>\n\t\t\t\t<\/div>\n\t\t\t\t\t<\/div>\n\t\t<\/div>\n\t\t\t\t<div class=\"elementor-column elementor-col-50 elementor-inner-column elementor-element elementor-element-7af3ca2\" data-id=\"7af3ca2\" data-element_type=\"column\">\n\t\t\t<div class=\"elementor-widget-wrap elementor-element-populated\">\n\t\t\t\t\t\t<div class=\"elementor-element elementor-element-65fe5a9 elementor-widget elementor-widget-text-editor\" data-id=\"65fe5a9\" data-element_type=\"widget\" data-widget_type=\"text-editor.default\">\n\t\t\t\t<div class=\"elementor-widget-container\">\n\t\t\t\t\t\t\t\t\t<p style=\"font-size: 12px;\"><strong>Sortieren nach:<\/strong><br \/><a href=\"https:\/\/autoshow.at\/en\/startseite-sortierung-neu-eingestellt\/\">Neu<\/a> \/ <a href=\"https:\/\/autoshow.at\/en\/startseite-sortierung-Alphabetisch\/\">Name<\/a> \/ <a href=\"https:\/\/autoshow.at\/en\/startseite-sortierung-preis-aufsteigend\/\">Preis aufsteigend<\/a> \/ <a href=\"https:\/\/autoshow.at\/en\/startseite-sortierung-preis-absteigend\/\">Preis absteigend<\/a><\/p>\t\t\t\t\t\t\t\t<\/div>\n\t\t\t\t<\/div>\n\t\t\t\t<div class=\"elementor-element elementor-element-8ba96c1 elementor-widget elementor-widget-shortcode\" data-id=\"8ba96c1\" data-element_type=\"widget\" data-widget_type=\"shortcode.default\">\n\t\t\t\t<div class=\"elementor-widget-container\">\n\t\t\t\t\t\t\t<div class=\"elementor-shortcode\"><\/div>\n\t\t\t\t\t\t<\/div>\n\t\t\t\t<\/div>\n\t\t\t\t\t<\/div>\n\t\t<\/div>\n\t\t\t\t\t<\/div>\n\t\t<\/section>\n\t\t\t\t<div class=\"elementor-element elementor-element-c3ca6ca elementor-widget elementor-widget-html\" data-id=\"c3ca6ca\" data-element_type=\"widget\" data-widget_type=\"html.default\">\n\t\t\t\t<div class=\"elementor-widget-container\">\n\t\t\t\t\t\t\t\t\t<\/div>\n\t\t\t\t<\/div>\n\t\t\t\t\t<\/div>\n\t\t<\/div>\n\t\t\t\t\t<\/div>\n\t\t<\/section>\n\t\t\t\t<section class=\"elementor-section elementor-top-section elementor-element elementor-element-1d853cf elementor-section-boxed elementor-section-height-default elementor-section-height-default wpr-particle-no wpr-jarallax-no wpr-parallax-no wpr-sticky-section-no\" data-id=\"1d853cf\" data-element_type=\"section\">\n\t\t\t\t\t\t<div class=\"elementor-container elementor-column-gap-default\">\n\t\t\t\t\t<div class=\"elementor-column elementor-col-100 elementor-top-column elementor-element elementor-element-fd86c95\" data-id=\"fd86c95\" data-element_type=\"column\">\n\t\t\t<div class=\"elementor-widget-wrap elementor-element-populated\">\n\t\t\t\t\t\t<div class=\"elementor-element elementor-element-f5b7b62 elementor-widget elementor-widget-shortcode\" data-id=\"f5b7b62\" data-element_type=\"widget\" data-widget_type=\"shortcode.default\">\n\t\t\t\t<div class=\"elementor-widget-container\">\n\t\t\t\t\t\t\t<div class=\"elementor-shortcode\"><div class=\"woocommerce columns-3\">\n<ul class=\"products oceanwp-row clr grid\">\n<li class=\"entry has-media has-product-nav col span_1_of_3 owp-content-center owp-thumbs-layout-horizontal owp-btn-normal owp-tabs-layout-horizontal has-no-thumbnails product type-product post-102852 status-publish first instock product_cat-geschenk-gutscheine-gift-vouchers has-post-thumbnail product-type-simple\">\n\t<div class=\"product-inner clr\">\n\t<div class=\"woo-entry-image clr\">\n\t\t<a href=\"https:\/\/autoshow.at\/en\/product\/geschenkgutschein-ihr-gewuenschter-wert-euro-einfach-gewuenschten-wert-per-mail-senden-gift-voucher-your-desired-value-euro-please-send-amount-by-mail\/\" class=\"woocommerce-LoopProduct-link\"><img fetchpriority=\"high\" decoding=\"async\" width=\"1940\" height=\"1454\" src=\"https:\/\/autoshow.at\/wp-content\/uploads\/2022\/10\/gutschein-offen-autoshow-lagernd-1-43.jpg\" class=\"woo-entry-image-main\" alt=\"Geschenkgutschein Ihr gew\u00fcnschter Wert Euro, einfach gew\u00fcnschten Wert per mail senden \/ gift voucher your desired value Euro &#8211; please send amount by mail\" itemprop=\"image\" srcset=\"https:\/\/autoshow.at\/wp-content\/uploads\/2022\/10\/gutschein-offen-autoshow-lagernd-1-43.jpg 1940w, https:\/\/autoshow.at\/wp-content\/uploads\/2022\/10\/gutschein-offen-autoshow-lagernd-1-43-300x225.jpg 300w, https:\/\/autoshow.at\/wp-content\/uploads\/2022\/10\/gutschein-offen-autoshow-lagernd-1-43-1024x767.jpg 1024w, https:\/\/autoshow.at\/wp-content\/uploads\/2022\/10\/gutschein-offen-autoshow-lagernd-1-43-768x576.jpg 768w, https:\/\/autoshow.at\/wp-content\/uploads\/2022\/10\/gutschein-offen-autoshow-lagernd-1-43-1536x1151.jpg 1536w, https:\/\/autoshow.at\/wp-content\/uploads\/2022\/10\/gutschein-offen-autoshow-lagernd-1-43-16x12.jpg 16w, https:\/\/autoshow.at\/wp-content\/uploads\/2022\/10\/gutschein-offen-autoshow-lagernd-1-43-64x48.jpg 64w\" sizes=\"(max-width: 1940px) 100vw, 1940px\" \/><\/a><a href=\"#\" id=\"product_id_102852\" class=\"owp-quick-view\" data-product_id=\"102852\" aria-label=\"Quickly preview product Geschenkgutschein Ihr gew\u00fcnschter Wert Euro, einfach gew\u00fcnschten Wert per mail senden \/ gift voucher your desired value Euro - please send amount by mail\"><i class=\"icon-eye\" aria-hidden=\"true\" role=\"img\"><\/i> Quick View<\/a>\t<\/div><!-- .woo-entry-image -->\n\n\n\n\n\n\n\n\n<ul class=\"woo-entry-inner clr\"><li class=\"image-wrap\">\n\t<div class=\"woo-entry-image clr\">\n\t\t<a href=\"https:\/\/autoshow.at\/en\/product\/geschenkgutschein-ihr-gewuenschter-wert-euro-einfach-gewuenschten-wert-per-mail-senden-gift-voucher-your-desired-value-euro-please-send-amount-by-mail\/\" class=\"woocommerce-LoopProduct-link\"><img fetchpriority=\"high\" decoding=\"async\" width=\"1940\" height=\"1454\" src=\"https:\/\/autoshow.at\/wp-content\/uploads\/2022\/10\/gutschein-offen-autoshow-lagernd-1-43.jpg\" class=\"woo-entry-image-main\" alt=\"Geschenkgutschein Ihr gew\u00fcnschter Wert Euro, einfach gew\u00fcnschten Wert per mail senden \/ gift voucher your desired value Euro &#8211; please send amount by mail\" itemprop=\"image\" srcset=\"https:\/\/autoshow.at\/wp-content\/uploads\/2022\/10\/gutschein-offen-autoshow-lagernd-1-43.jpg 1940w, https:\/\/autoshow.at\/wp-content\/uploads\/2022\/10\/gutschein-offen-autoshow-lagernd-1-43-300x225.jpg 300w, https:\/\/autoshow.at\/wp-content\/uploads\/2022\/10\/gutschein-offen-autoshow-lagernd-1-43-1024x767.jpg 1024w, https:\/\/autoshow.at\/wp-content\/uploads\/2022\/10\/gutschein-offen-autoshow-lagernd-1-43-768x576.jpg 768w, https:\/\/autoshow.at\/wp-content\/uploads\/2022\/10\/gutschein-offen-autoshow-lagernd-1-43-1536x1151.jpg 1536w, https:\/\/autoshow.at\/wp-content\/uploads\/2022\/10\/gutschein-offen-autoshow-lagernd-1-43-16x12.jpg 16w, https:\/\/autoshow.at\/wp-content\/uploads\/2022\/10\/gutschein-offen-autoshow-lagernd-1-43-64x48.jpg 64w\" sizes=\"(max-width: 1940px) 100vw, 1940px\" \/><\/a><a href=\"#\" id=\"product_id_102852\" class=\"owp-quick-view\" data-product_id=\"102852\" aria-label=\"Quickly preview product Geschenkgutschein Ihr gew\u00fcnschter Wert Euro, einfach gew\u00fcnschten Wert per mail senden \/ gift voucher your desired value Euro - please send amount by mail\"><i class=\"icon-eye\" aria-hidden=\"true\" role=\"img\"><\/i> Quick View<\/a>\t<\/div><!-- .woo-entry-image -->\n\n<\/li><li class=\"category\"><a href=\"https:\/\/autoshow.at\/en\/product-category\/geschenk-gutscheine-gift-vouchers\/\" rel=\"tag\">. GESCHENK-GUTSCHEINE \/ GIFT VOUCHERS<\/a><\/li><li class=\"title\"><h2><a href=\"https:\/\/autoshow.at\/en\/product\/geschenkgutschein-ihr-gewuenschter-wert-euro-einfach-gewuenschten-wert-per-mail-senden-gift-voucher-your-desired-value-euro-please-send-amount-by-mail\/\">Geschenkgutschein Ihr gew\u00fcnschter Wert Euro, einfach gew\u00fcnschten Wert per mail senden \/ gift voucher your desired value Euro &#8211; please send amount by mail<\/a><\/h2><\/li><li class=\"price-wrap\">\n<\/li><li class=\"wc-gzd\">\n\n\n\n\n<\/li><li class=\"rating\"><\/li><li class=\"btn-wrap clr\"><a class=\"button\" href=\"https:\/\/autoshow.at\/en\/product\/geschenkgutschein-ihr-gewuenschter-wert-euro-einfach-gewuenschten-wert-per-mail-senden-gift-voucher-your-desired-value-euro-please-send-amount-by-mail\/\" data-no-translation=\"\" data-trp-gettext=\"\">Show product<\/a>\t<span id=\"woocommerce_loop_add_to_cart_link_describedby_102852\" class=\"screen-reader-text\">\n\t\t\t<\/span>\n<\/li><\/ul><\/div><!-- .product-inner .clr --><\/li>\n<li class=\"entry has-media has-product-nav col span_1_of_3 owp-content-center owp-thumbs-layout-horizontal owp-btn-normal owp-tabs-layout-horizontal has-no-thumbnails product type-product post-102853 status-publish instock product_cat-geschenk-gutscheine-gift-vouchers has-post-thumbnail purchasable product-type-simple\">\n\t<div class=\"product-inner clr\">\n\t<div class=\"woo-entry-image clr\">\n\t\t<a href=\"https:\/\/autoshow.at\/en\/product\/geschenkgutschein-gift-voucher-euro-5000\/\" class=\"woocommerce-LoopProduct-link\"><img decoding=\"async\" width=\"1200\" height=\"900\" src=\"https:\/\/autoshow.at\/wp-content\/uploads\/2022\/10\/gutschein-50-autoshow-lagernd-1-43.jpg\" class=\"woo-entry-image-main\" alt=\"Geschenkgutschein \/ gift voucher Euro 50,00\" itemprop=\"image\" srcset=\"https:\/\/autoshow.at\/wp-content\/uploads\/2022\/10\/gutschein-50-autoshow-lagernd-1-43.jpg 1200w, https:\/\/autoshow.at\/wp-content\/uploads\/2022\/10\/gutschein-50-autoshow-lagernd-1-43-300x225.jpg 300w, https:\/\/autoshow.at\/wp-content\/uploads\/2022\/10\/gutschein-50-autoshow-lagernd-1-43-1024x768.jpg 1024w, https:\/\/autoshow.at\/wp-content\/uploads\/2022\/10\/gutschein-50-autoshow-lagernd-1-43-768x576.jpg 768w, https:\/\/autoshow.at\/wp-content\/uploads\/2022\/10\/gutschein-50-autoshow-lagernd-1-43-16x12.jpg 16w, https:\/\/autoshow.at\/wp-content\/uploads\/2022\/10\/gutschein-50-autoshow-lagernd-1-43-64x48.jpg 64w\" sizes=\"(max-width: 1200px) 100vw, 1200px\" \/><\/a><a href=\"#\" id=\"product_id_102853\" class=\"owp-quick-view\" data-product_id=\"102853\" aria-label=\"Quickly preview product Geschenkgutschein \/ gift voucher Euro 50,00\"><i class=\"icon-eye\" aria-hidden=\"true\" role=\"img\"><\/i> Quick View<\/a>\t<\/div><!-- .woo-entry-image -->\n\n\n\n\n\n\n\t<p class=\"wc-gzd-additional-info wc-gzd-additional-info-loop shipping-costs-info\">plus <a href=\"https:\/\/autoshow.at\/en\/versandarten\/\" target=\"_blank\">shipping<\/a><\/p>\n\n\n<ul class=\"woo-entry-inner clr\"><li class=\"image-wrap\">\n\t<div class=\"woo-entry-image clr\">\n\t\t<a href=\"https:\/\/autoshow.at\/en\/product\/geschenkgutschein-gift-voucher-euro-5000\/\" class=\"woocommerce-LoopProduct-link\"><img decoding=\"async\" width=\"1200\" height=\"900\" src=\"https:\/\/autoshow.at\/wp-content\/uploads\/2022\/10\/gutschein-50-autoshow-lagernd-1-43.jpg\" class=\"woo-entry-image-main\" alt=\"Geschenkgutschein \/ gift voucher Euro 50,00\" itemprop=\"image\" srcset=\"https:\/\/autoshow.at\/wp-content\/uploads\/2022\/10\/gutschein-50-autoshow-lagernd-1-43.jpg 1200w, https:\/\/autoshow.at\/wp-content\/uploads\/2022\/10\/gutschein-50-autoshow-lagernd-1-43-300x225.jpg 300w, https:\/\/autoshow.at\/wp-content\/uploads\/2022\/10\/gutschein-50-autoshow-lagernd-1-43-1024x768.jpg 1024w, https:\/\/autoshow.at\/wp-content\/uploads\/2022\/10\/gutschein-50-autoshow-lagernd-1-43-768x576.jpg 768w, https:\/\/autoshow.at\/wp-content\/uploads\/2022\/10\/gutschein-50-autoshow-lagernd-1-43-16x12.jpg 16w, https:\/\/autoshow.at\/wp-content\/uploads\/2022\/10\/gutschein-50-autoshow-lagernd-1-43-64x48.jpg 64w\" sizes=\"(max-width: 1200px) 100vw, 1200px\" \/><\/a><a href=\"#\" id=\"product_id_102853\" class=\"owp-quick-view\" data-product_id=\"102853\" aria-label=\"Quickly preview product Geschenkgutschein \/ gift voucher Euro 50,00\"><i class=\"icon-eye\" aria-hidden=\"true\" role=\"img\"><\/i> Quick View<\/a>\t<\/div><!-- .woo-entry-image -->\n\n<\/li><li class=\"category\"><a href=\"https:\/\/autoshow.at\/en\/product-category\/geschenk-gutscheine-gift-vouchers\/\" rel=\"tag\">. GESCHENK-GUTSCHEINE \/ GIFT VOUCHERS<\/a><\/li><li class=\"title\"><h2><a href=\"https:\/\/autoshow.at\/en\/product\/geschenkgutschein-gift-voucher-euro-5000\/\">Geschenkgutschein \/ gift voucher Euro 50,00<\/a><\/h2><\/li><li class=\"price-wrap\">\n\t<span class=\"price\"><span class=\"woocommerce-Price-amount amount\"><bdi>50,00&nbsp;<span class=\"woocommerce-Price-currencySymbol\">&euro;<\/span><\/bdi><\/span><\/span>\n<\/li><li class=\"wc-gzd\">\n\n\n\t<p class=\"wc-gzd-additional-info shipping-costs-info\">plus <a href=\"https:\/\/autoshow.at\/en\/versandarten\/\" target=\"_blank\">shipping<\/a><\/p>\n\n\n<\/li><li class=\"rating\"><\/li><li class=\"btn-wrap clr\"><a class=\"button\" href=\"https:\/\/autoshow.at\/en\/product\/geschenkgutschein-gift-voucher-euro-5000\/\" data-no-translation=\"\" data-trp-gettext=\"\">Show product<\/a>\t<span id=\"woocommerce_loop_add_to_cart_link_describedby_102853\" class=\"screen-reader-text\">\n\t\t\t<\/span>\n<\/li><\/ul><\/div><!-- .product-inner .clr --><\/li>\n<li class=\"entry has-media has-product-nav col span_1_of_3 owp-content-center owp-thumbs-layout-horizontal owp-btn-normal owp-tabs-layout-horizontal has-no-thumbnails product type-product post-102854 status-publish last instock product_cat-geschenk-gutscheine-gift-vouchers has-post-thumbnail purchasable product-type-simple\">\n\t<div class=\"product-inner clr\">\n\t<div class=\"woo-entry-image clr\">\n\t\t<a href=\"https:\/\/autoshow.at\/en\/product\/geschenkgutschein-gift-voucher-euro-10000\/\" class=\"woocommerce-LoopProduct-link\"><img decoding=\"async\" width=\"1200\" height=\"900\" src=\"https:\/\/autoshow.at\/wp-content\/uploads\/2022\/10\/gutschein-100-autoshow-lagernd-1-43-1.jpg\" class=\"woo-entry-image-main\" alt=\"Geschenkgutschein \/ gift voucher Euro 100,00\" itemprop=\"image\" srcset=\"https:\/\/autoshow.at\/wp-content\/uploads\/2022\/10\/gutschein-100-autoshow-lagernd-1-43-1.jpg 1200w, https:\/\/autoshow.at\/wp-content\/uploads\/2022\/10\/gutschein-100-autoshow-lagernd-1-43-1-300x225.jpg 300w, https:\/\/autoshow.at\/wp-content\/uploads\/2022\/10\/gutschein-100-autoshow-lagernd-1-43-1-1024x768.jpg 1024w, https:\/\/autoshow.at\/wp-content\/uploads\/2022\/10\/gutschein-100-autoshow-lagernd-1-43-1-768x576.jpg 768w, https:\/\/autoshow.at\/wp-content\/uploads\/2022\/10\/gutschein-100-autoshow-lagernd-1-43-1-16x12.jpg 16w, https:\/\/autoshow.at\/wp-content\/uploads\/2022\/10\/gutschein-100-autoshow-lagernd-1-43-1-64x48.jpg 64w\" sizes=\"(max-width: 1200px) 100vw, 1200px\" \/><\/a><a href=\"#\" id=\"product_id_102854\" class=\"owp-quick-view\" data-product_id=\"102854\" aria-label=\"Quickly preview product Geschenkgutschein \/ gift voucher Euro 100,00\"><i class=\"icon-eye\" aria-hidden=\"true\" role=\"img\"><\/i> Quick View<\/a>\t<\/div><!-- .woo-entry-image -->\n\n\n\n\n\n\n\t<p class=\"wc-gzd-additional-info wc-gzd-additional-info-loop shipping-costs-info\">plus <a href=\"https:\/\/autoshow.at\/en\/versandarten\/\" target=\"_blank\">shipping<\/a><\/p>\n\n\n<ul class=\"woo-entry-inner clr\"><li class=\"image-wrap\">\n\t<div class=\"woo-entry-image clr\">\n\t\t<a href=\"https:\/\/autoshow.at\/en\/product\/geschenkgutschein-gift-voucher-euro-10000\/\" class=\"woocommerce-LoopProduct-link\"><img decoding=\"async\" width=\"1200\" height=\"900\" src=\"https:\/\/autoshow.at\/wp-content\/uploads\/2022\/10\/gutschein-100-autoshow-lagernd-1-43-1.jpg\" class=\"woo-entry-image-main\" alt=\"Geschenkgutschein \/ gift voucher Euro 100,00\" itemprop=\"image\" srcset=\"https:\/\/autoshow.at\/wp-content\/uploads\/2022\/10\/gutschein-100-autoshow-lagernd-1-43-1.jpg 1200w, https:\/\/autoshow.at\/wp-content\/uploads\/2022\/10\/gutschein-100-autoshow-lagernd-1-43-1-300x225.jpg 300w, https:\/\/autoshow.at\/wp-content\/uploads\/2022\/10\/gutschein-100-autoshow-lagernd-1-43-1-1024x768.jpg 1024w, https:\/\/autoshow.at\/wp-content\/uploads\/2022\/10\/gutschein-100-autoshow-lagernd-1-43-1-768x576.jpg 768w, https:\/\/autoshow.at\/wp-content\/uploads\/2022\/10\/gutschein-100-autoshow-lagernd-1-43-1-16x12.jpg 16w, https:\/\/autoshow.at\/wp-content\/uploads\/2022\/10\/gutschein-100-autoshow-lagernd-1-43-1-64x48.jpg 64w\" sizes=\"(max-width: 1200px) 100vw, 1200px\" \/><\/a><a href=\"#\" id=\"product_id_102854\" class=\"owp-quick-view\" data-product_id=\"102854\" aria-label=\"Quickly preview product Geschenkgutschein \/ gift voucher Euro 100,00\"><i class=\"icon-eye\" aria-hidden=\"true\" role=\"img\"><\/i> Quick View<\/a>\t<\/div><!-- .woo-entry-image -->\n\n<\/li><li class=\"category\"><a href=\"https:\/\/autoshow.at\/en\/product-category\/geschenk-gutscheine-gift-vouchers\/\" rel=\"tag\">. GESCHENK-GUTSCHEINE \/ GIFT VOUCHERS<\/a><\/li><li class=\"title\"><h2><a href=\"https:\/\/autoshow.at\/en\/product\/geschenkgutschein-gift-voucher-euro-10000\/\">Geschenkgutschein \/ gift voucher Euro 100,00<\/a><\/h2><\/li><li class=\"price-wrap\">\n\t<span class=\"price\"><span class=\"woocommerce-Price-amount amount\"><bdi>100,00&nbsp;<span class=\"woocommerce-Price-currencySymbol\">&euro;<\/span><\/bdi><\/span><\/span>\n<\/li><li class=\"wc-gzd\">\n\n\n\t<p class=\"wc-gzd-additional-info shipping-costs-info\">plus <a href=\"https:\/\/autoshow.at\/en\/versandarten\/\" target=\"_blank\">shipping<\/a><\/p>\n\n\n<\/li><li class=\"rating\"><\/li><li class=\"btn-wrap clr\"><a class=\"button\" href=\"https:\/\/autoshow.at\/en\/product\/geschenkgutschein-gift-voucher-euro-10000\/\" data-no-translation=\"\" data-trp-gettext=\"\">Show product<\/a>\t<span id=\"woocommerce_loop_add_to_cart_link_describedby_102854\" class=\"screen-reader-text\">\n\t\t\t<\/span>\n<\/li><\/ul><\/div><!-- .product-inner .clr --><\/li>\n<li class=\"entry has-media has-product-nav col span_1_of_3 owp-content-center owp-thumbs-layout-horizontal owp-btn-normal owp-tabs-layout-horizontal has-no-thumbnails product type-product post-102855 status-publish first instock product_cat-modellauto-literatur has-post-thumbnail product-type-simple\">\n\t<div class=\"product-inner clr\">\n\t<div class=\"woo-entry-image clr\">\n\t\t<a href=\"https:\/\/autoshow.at\/en\/product\/bbr-mr-looksmart-abc-brianza-tron-makeup-eidolon-minichamps-schuco-ixo-ebbro-cmc-und-viele-mehr-von-ca-1980-bis-heute-viele-kataloge-prospekte-und-fotos-aller-bekannten\/\" class=\"woocommerce-LoopProduct-link\"><img loading=\"lazy\" decoding=\"async\" width=\"300\" height=\"211\" src=\"https:\/\/autoshow.at\/wp-content\/uploads\/2022\/07\/modellautoprospekte-modelcar-brochures-lagernd-autoshow-1-43-300x211.jpg\" class=\"woo-entry-image-main\" alt=\"BBR &#8211; MR &#8211; LookSmart &#8211;  ABC Brianza &#8211; Tron &#8211; Makeup &#8211; Eidolon &#8211; Minichamps &#8211; Schuco &#8211; Ixo &#8211; Ebbro &#8211; CMC und viele mehr von ca 1980 bis heute, &#8230;&#8230; viele Kataloge, Prospekte und Fotos aller bekannten Hersteller werde ich in den n\u00e4chsten Monaten einstellen \/ I will list many catalogues, brochures and photos of all well-known manufacturers (years 1980 to today) in the next few months\" itemprop=\"image\" srcset=\"https:\/\/autoshow.at\/wp-content\/uploads\/2022\/07\/modellautoprospekte-modelcar-brochures-lagernd-autoshow-1-43-300x211.jpg 300w, https:\/\/autoshow.at\/wp-content\/uploads\/2022\/07\/modellautoprospekte-modelcar-brochures-lagernd-autoshow-1-43-1024x719.jpg 1024w, https:\/\/autoshow.at\/wp-content\/uploads\/2022\/07\/modellautoprospekte-modelcar-brochures-lagernd-autoshow-1-43-768x540.jpg 768w, https:\/\/autoshow.at\/wp-content\/uploads\/2022\/07\/modellautoprospekte-modelcar-brochures-lagernd-autoshow-1-43-1536x1079.jpg 1536w, https:\/\/autoshow.at\/wp-content\/uploads\/2022\/07\/modellautoprospekte-modelcar-brochures-lagernd-autoshow-1-43-18x12.jpg 18w, https:\/\/autoshow.at\/wp-content\/uploads\/2022\/07\/modellautoprospekte-modelcar-brochures-lagernd-autoshow-1-43.jpg 1960w\" sizes=\"(max-width: 300px) 100vw, 300px\" \/><\/a><a href=\"#\" id=\"product_id_102855\" class=\"owp-quick-view\" data-product_id=\"102855\" aria-label=\"Quickly preview product BBR - MR - LookSmart -  ABC Brianza - Tron - Makeup - Eidolon - Minichamps - Schuco - Ixo - Ebbro - CMC und viele mehr von ca 1980 bis heute, ...... viele Kataloge, Prospekte und Fotos aller bekannten Hersteller werde ich in den n\u00e4chsten Monaten einstellen \/ I will list many catalogues, brochures and photos of all well-known manufacturers (years 1980 to today) in the next few months\"><i class=\"icon-eye\" aria-hidden=\"true\" role=\"img\"><\/i> Quick View<\/a>\t<\/div><!-- .woo-entry-image -->\n\n\n\n\n\n\n\n\n<ul class=\"woo-entry-inner clr\"><li class=\"image-wrap\">\n\t<div class=\"woo-entry-image clr\">\n\t\t<a href=\"https:\/\/autoshow.at\/en\/product\/bbr-mr-looksmart-abc-brianza-tron-makeup-eidolon-minichamps-schuco-ixo-ebbro-cmc-und-viele-mehr-von-ca-1980-bis-heute-viele-kataloge-prospekte-und-fotos-aller-bekannten\/\" class=\"woocommerce-LoopProduct-link\"><img loading=\"lazy\" decoding=\"async\" width=\"300\" height=\"211\" src=\"https:\/\/autoshow.at\/wp-content\/uploads\/2022\/07\/modellautoprospekte-modelcar-brochures-lagernd-autoshow-1-43-300x211.jpg\" class=\"woo-entry-image-main\" alt=\"BBR &#8211; MR &#8211; LookSmart &#8211;  ABC Brianza &#8211; Tron &#8211; Makeup &#8211; Eidolon &#8211; Minichamps &#8211; Schuco &#8211; Ixo &#8211; Ebbro &#8211; CMC und viele mehr von ca 1980 bis heute, &#8230;&#8230; viele Kataloge, Prospekte und Fotos aller bekannten Hersteller werde ich in den n\u00e4chsten Monaten einstellen \/ I will list many catalogues, brochures and photos of all well-known manufacturers (years 1980 to today) in the next few months\" itemprop=\"image\" srcset=\"https:\/\/autoshow.at\/wp-content\/uploads\/2022\/07\/modellautoprospekte-modelcar-brochures-lagernd-autoshow-1-43-300x211.jpg 300w, https:\/\/autoshow.at\/wp-content\/uploads\/2022\/07\/modellautoprospekte-modelcar-brochures-lagernd-autoshow-1-43-1024x719.jpg 1024w, https:\/\/autoshow.at\/wp-content\/uploads\/2022\/07\/modellautoprospekte-modelcar-brochures-lagernd-autoshow-1-43-768x540.jpg 768w, https:\/\/autoshow.at\/wp-content\/uploads\/2022\/07\/modellautoprospekte-modelcar-brochures-lagernd-autoshow-1-43-1536x1079.jpg 1536w, https:\/\/autoshow.at\/wp-content\/uploads\/2022\/07\/modellautoprospekte-modelcar-brochures-lagernd-autoshow-1-43-18x12.jpg 18w, https:\/\/autoshow.at\/wp-content\/uploads\/2022\/07\/modellautoprospekte-modelcar-brochures-lagernd-autoshow-1-43.jpg 1960w\" sizes=\"(max-width: 300px) 100vw, 300px\" \/><\/a><a href=\"#\" id=\"product_id_102855\" class=\"owp-quick-view\" data-product_id=\"102855\" aria-label=\"Quickly preview product BBR - MR - LookSmart -  ABC Brianza - Tron - Makeup - Eidolon - Minichamps - Schuco - Ixo - Ebbro - CMC und viele mehr von ca 1980 bis heute, ...... viele Kataloge, Prospekte und Fotos aller bekannten Hersteller werde ich in den n\u00e4chsten Monaten einstellen \/ I will list many catalogues, brochures and photos of all well-known manufacturers (years 1980 to today) in the next few months\"><i class=\"icon-eye\" aria-hidden=\"true\" role=\"img\"><\/i> Quick View<\/a>\t<\/div><!-- .woo-entry-image -->\n\n<\/li><li class=\"category\"><a href=\"https:\/\/autoshow.at\/en\/product-category\/modellauto-literatur\/\" rel=\"tag\">. MODELLAUTO-LITERATUR<\/a><\/li><li class=\"title\"><h2><a href=\"https:\/\/autoshow.at\/en\/product\/bbr-mr-looksmart-abc-brianza-tron-makeup-eidolon-minichamps-schuco-ixo-ebbro-cmc-und-viele-mehr-von-ca-1980-bis-heute-viele-kataloge-prospekte-und-fotos-aller-bekannten\/\">BBR &#8211; MR &#8211; LookSmart &#8211;  ABC Brianza &#8211; Tron &#8211; Makeup &#8211; Eidolon &#8211; Minichamps &#8211; Schuco &#8211; Ixo &#8211; Ebbro &#8211; CMC und viele mehr von ca 1980 bis heute, &#8230;&#8230; viele Kataloge, Prospekte und Fotos aller bekannten Hersteller werde ich in den n\u00e4chsten Monaten einstellen \/ I will list many catalogues, brochures and photos of all well-known manufacturers (years 1980 to today) in the next few months<\/a><\/h2><\/li><li class=\"price-wrap\">\n<\/li><li class=\"wc-gzd\">\n\n\n\n\n<\/li><li class=\"rating\"><\/li><li class=\"btn-wrap clr\"><a class=\"button\" href=\"https:\/\/autoshow.at\/en\/product\/bbr-mr-looksmart-abc-brianza-tron-makeup-eidolon-minichamps-schuco-ixo-ebbro-cmc-und-viele-mehr-von-ca-1980-bis-heute-viele-kataloge-prospekte-und-fotos-aller-bekannten\/\" data-no-translation=\"\" data-trp-gettext=\"\">Show product<\/a>\t<span id=\"woocommerce_loop_add_to_cart_link_describedby_102855\" class=\"screen-reader-text\">\n\t\t\t<\/span>\n<\/li><\/ul><\/div><!-- .product-inner .clr --><\/li>\n<li class=\"entry has-media has-product-nav col span_1_of_3 owp-content-center owp-thumbs-layout-horizontal owp-btn-normal owp-tabs-layout-horizontal product type-product post-102856 status-publish instock product_cat-114-scale-massstab-114 has-post-thumbnail purchasable product-type-simple\">\n\t<div class=\"product-inner clr\">\n\t<div class=\"woo-entry-image-swap woo-entry-image clr\">\n\t\t<a href=\"https:\/\/autoshow.at\/en\/product\/ferrari-365-gts-4-daytona-spider-design-pininfarina-rot-all-open-red-all-open\/\" class=\"woocommerce-LoopProduct-link\"><img loading=\"lazy\" decoding=\"async\" width=\"900\" height=\"675\" src=\"https:\/\/autoshow.at\/wp-content\/uploads\/2024\/03\/abc-ferrari-daytona-autoshow-lagernd-1-14-a.jpg\" class=\"woo-entry-image-main\" alt=\"Ferrari 365 GTS\/4 Daytona Spider, Design Pininfarina, rot &#8222;ALL OPEN&#8220;\/ red &#8211; &#8222;ALL OPEN&#8220;\" itemprop=\"image\" srcset=\"https:\/\/autoshow.at\/wp-content\/uploads\/2024\/03\/abc-ferrari-daytona-autoshow-lagernd-1-14-a.jpg 900w, https:\/\/autoshow.at\/wp-content\/uploads\/2024\/03\/abc-ferrari-daytona-autoshow-lagernd-1-14-a-300x225.jpg 300w, https:\/\/autoshow.at\/wp-content\/uploads\/2024\/03\/abc-ferrari-daytona-autoshow-lagernd-1-14-a-768x576.jpg 768w, https:\/\/autoshow.at\/wp-content\/uploads\/2024\/03\/abc-ferrari-daytona-autoshow-lagernd-1-14-a-16x12.jpg 16w, https:\/\/autoshow.at\/wp-content\/uploads\/2024\/03\/abc-ferrari-daytona-autoshow-lagernd-1-14-a-64x48.jpg 64w\" sizes=\"(max-width: 900px) 100vw, 900px\" \/><img loading=\"lazy\" decoding=\"async\" width=\"900\" height=\"675\" src=\"https:\/\/autoshow.at\/wp-content\/uploads\/2024\/03\/abc-ferrari-daytona-autoshow-lagernd-1-14-b.jpg\" class=\"woo-entry-image-secondary\" alt=\"Ferrari 365 GTS\/4 Daytona Spider, Design Pininfarina, rot &#8222;ALL OPEN&#8220;\/ red &#8211; &#8222;ALL OPEN&#8220;\" itemprop=\"image\" srcset=\"https:\/\/autoshow.at\/wp-content\/uploads\/2024\/03\/abc-ferrari-daytona-autoshow-lagernd-1-14-b.jpg 900w, https:\/\/autoshow.at\/wp-content\/uploads\/2024\/03\/abc-ferrari-daytona-autoshow-lagernd-1-14-b-300x225.jpg 300w, https:\/\/autoshow.at\/wp-content\/uploads\/2024\/03\/abc-ferrari-daytona-autoshow-lagernd-1-14-b-768x576.jpg 768w, https:\/\/autoshow.at\/wp-content\/uploads\/2024\/03\/abc-ferrari-daytona-autoshow-lagernd-1-14-b-16x12.jpg 16w, https:\/\/autoshow.at\/wp-content\/uploads\/2024\/03\/abc-ferrari-daytona-autoshow-lagernd-1-14-b-64x48.jpg 64w\" sizes=\"(max-width: 900px) 100vw, 900px\" \/><\/a><a href=\"#\" id=\"product_id_102856\" class=\"owp-quick-view\" data-product_id=\"102856\" aria-label=\"Quickly preview product Ferrari 365 GTS\/4 Daytona Spider, Design Pininfarina, rot \"all open\"><i class=\"icon-eye\" aria-hidden=\"true\" role=\"img\"><\/i> Quick View<\/a>\t<\/div><!-- .woo-entry-image-swap -->\n\n\n\n\n\n\n\t<p class=\"wc-gzd-additional-info wc-gzd-additional-info-loop shipping-costs-info\">plus <a href=\"https:\/\/autoshow.at\/en\/versandarten\/\" target=\"_blank\">shipping<\/a><\/p>\n\n\n<ul class=\"woo-entry-inner clr\"><li class=\"image-wrap\">\n\t<div class=\"woo-entry-image-swap woo-entry-image clr\">\n\t\t<a href=\"https:\/\/autoshow.at\/en\/product\/ferrari-365-gts-4-daytona-spider-design-pininfarina-rot-all-open-red-all-open\/\" class=\"woocommerce-LoopProduct-link\"><img loading=\"lazy\" decoding=\"async\" width=\"900\" height=\"675\" src=\"https:\/\/autoshow.at\/wp-content\/uploads\/2024\/03\/abc-ferrari-daytona-autoshow-lagernd-1-14-a.jpg\" class=\"woo-entry-image-main\" alt=\"Ferrari 365 GTS\/4 Daytona Spider, Design Pininfarina, rot &#8222;ALL OPEN&#8220;\/ red &#8211; &#8222;ALL OPEN&#8220;\" itemprop=\"image\" srcset=\"https:\/\/autoshow.at\/wp-content\/uploads\/2024\/03\/abc-ferrari-daytona-autoshow-lagernd-1-14-a.jpg 900w, https:\/\/autoshow.at\/wp-content\/uploads\/2024\/03\/abc-ferrari-daytona-autoshow-lagernd-1-14-a-300x225.jpg 300w, https:\/\/autoshow.at\/wp-content\/uploads\/2024\/03\/abc-ferrari-daytona-autoshow-lagernd-1-14-a-768x576.jpg 768w, https:\/\/autoshow.at\/wp-content\/uploads\/2024\/03\/abc-ferrari-daytona-autoshow-lagernd-1-14-a-16x12.jpg 16w, https:\/\/autoshow.at\/wp-content\/uploads\/2024\/03\/abc-ferrari-daytona-autoshow-lagernd-1-14-a-64x48.jpg 64w\" sizes=\"(max-width: 900px) 100vw, 900px\" \/><img loading=\"lazy\" decoding=\"async\" width=\"900\" height=\"675\" src=\"https:\/\/autoshow.at\/wp-content\/uploads\/2024\/03\/abc-ferrari-daytona-autoshow-lagernd-1-14-b.jpg\" class=\"woo-entry-image-secondary\" alt=\"Ferrari 365 GTS\/4 Daytona Spider, Design Pininfarina, rot &#8222;ALL OPEN&#8220;\/ red &#8211; &#8222;ALL OPEN&#8220;\" itemprop=\"image\" srcset=\"https:\/\/autoshow.at\/wp-content\/uploads\/2024\/03\/abc-ferrari-daytona-autoshow-lagernd-1-14-b.jpg 900w, https:\/\/autoshow.at\/wp-content\/uploads\/2024\/03\/abc-ferrari-daytona-autoshow-lagernd-1-14-b-300x225.jpg 300w, https:\/\/autoshow.at\/wp-content\/uploads\/2024\/03\/abc-ferrari-daytona-autoshow-lagernd-1-14-b-768x576.jpg 768w, https:\/\/autoshow.at\/wp-content\/uploads\/2024\/03\/abc-ferrari-daytona-autoshow-lagernd-1-14-b-16x12.jpg 16w, https:\/\/autoshow.at\/wp-content\/uploads\/2024\/03\/abc-ferrari-daytona-autoshow-lagernd-1-14-b-64x48.jpg 64w\" sizes=\"(max-width: 900px) 100vw, 900px\" \/><\/a><a href=\"#\" id=\"product_id_102856\" class=\"owp-quick-view\" data-product_id=\"102856\" aria-label=\"Quickly preview product Ferrari 365 GTS\/4 Daytona Spider, Design Pininfarina, rot \"all open\"><i class=\"icon-eye\" aria-hidden=\"true\" role=\"img\"><\/i> Quick View<\/a>\t<\/div><!-- .woo-entry-image-swap -->\n\n<\/li><li class=\"category\"><a href=\"https:\/\/autoshow.at\/en\/product-category\/114-scale-massstab-114\/\" rel=\"tag\">1:14 SCALE \/ Ma\u00dfstab 1:14<\/a><\/li><li class=\"title\"><h2><a href=\"https:\/\/autoshow.at\/en\/product\/ferrari-365-gts-4-daytona-spider-design-pininfarina-rot-all-open-red-all-open\/\">Ferrari 365 GTS\/4 Daytona Spider, Design Pininfarina, rot &#8222;ALL OPEN&#8220;\/ red &#8211; &#8222;ALL OPEN&#8220;<\/a><\/h2><\/li><li class=\"price-wrap\">\n\t<span class=\"price\"><span class=\"woocommerce-Price-amount amount\"><bdi>590,00&nbsp;<span class=\"woocommerce-Price-currencySymbol\">&euro;<\/span><\/bdi><\/span><\/span>\n<\/li><li class=\"wc-gzd\">\n\n\n\t<p class=\"wc-gzd-additional-info shipping-costs-info\">plus <a href=\"https:\/\/autoshow.at\/en\/versandarten\/\" target=\"_blank\">shipping<\/a><\/p>\n\n\n<\/li><li class=\"rating\"><\/li><li class=\"btn-wrap clr\"><a class=\"button\" href=\"https:\/\/autoshow.at\/en\/product\/ferrari-365-gts-4-daytona-spider-design-pininfarina-rot-all-open-red-all-open\/\" data-no-translation=\"\" data-trp-gettext=\"\">Show product<\/a>\t<span id=\"woocommerce_loop_add_to_cart_link_describedby_102856\" class=\"screen-reader-text\">\n\t\t\t<\/span>\n<\/li><\/ul><\/div><!-- .product-inner .clr --><\/li>\n<li class=\"entry has-media has-product-nav col span_1_of_3 owp-content-center owp-thumbs-layout-horizontal owp-btn-normal owp-tabs-layout-horizontal product type-product post-102857 status-publish last instock product_cat-114-scale-massstab-114 has-post-thumbnail purchasable product-type-simple\">\n\t<div class=\"product-inner clr\">\n\t<div class=\"woo-entry-image-swap woo-entry-image clr\">\n\t\t<a href=\"https:\/\/autoshow.at\/en\/product\/ferrari-275-gtb-4-coupe-design-pininfarina-rot-all-open-red-all-open\/\" class=\"woocommerce-LoopProduct-link\"><img loading=\"lazy\" decoding=\"async\" width=\"900\" height=\"484\" src=\"https:\/\/autoshow.at\/wp-content\/uploads\/2024\/03\/abc-ferrari-275-coupe-autoshow-lagernd-1-14-1.jpg\" class=\"woo-entry-image-main\" alt=\"Ferrari 275 GTB\/4 Coup\u00e9, Design Pininfarina, rot &#8222;ALL OPEN&#8220;\/ red &#8211; &#8222;ALL OPEN&#8220;\" itemprop=\"image\" srcset=\"https:\/\/autoshow.at\/wp-content\/uploads\/2024\/03\/abc-ferrari-275-coupe-autoshow-lagernd-1-14-1.jpg 900w, https:\/\/autoshow.at\/wp-content\/uploads\/2024\/03\/abc-ferrari-275-coupe-autoshow-lagernd-1-14-1-300x161.jpg 300w, https:\/\/autoshow.at\/wp-content\/uploads\/2024\/03\/abc-ferrari-275-coupe-autoshow-lagernd-1-14-1-768x413.jpg 768w, https:\/\/autoshow.at\/wp-content\/uploads\/2024\/03\/abc-ferrari-275-coupe-autoshow-lagernd-1-14-1-18x10.jpg 18w, https:\/\/autoshow.at\/wp-content\/uploads\/2024\/03\/abc-ferrari-275-coupe-autoshow-lagernd-1-14-1-64x34.jpg 64w\" sizes=\"(max-width: 900px) 100vw, 900px\" \/><img loading=\"lazy\" decoding=\"async\" width=\"900\" height=\"675\" src=\"https:\/\/autoshow.at\/wp-content\/uploads\/2024\/03\/abc-ferrari-275-coupe-autoshow-lagernd-1-14-2.jpg\" class=\"woo-entry-image-secondary\" alt=\"Ferrari 275 GTB\/4 Coup\u00e9, Design Pininfarina, rot &#8222;ALL OPEN&#8220;\/ red &#8211; &#8222;ALL OPEN&#8220;\" itemprop=\"image\" srcset=\"https:\/\/autoshow.at\/wp-content\/uploads\/2024\/03\/abc-ferrari-275-coupe-autoshow-lagernd-1-14-2.jpg 900w, https:\/\/autoshow.at\/wp-content\/uploads\/2024\/03\/abc-ferrari-275-coupe-autoshow-lagernd-1-14-2-300x225.jpg 300w, https:\/\/autoshow.at\/wp-content\/uploads\/2024\/03\/abc-ferrari-275-coupe-autoshow-lagernd-1-14-2-768x576.jpg 768w, https:\/\/autoshow.at\/wp-content\/uploads\/2024\/03\/abc-ferrari-275-coupe-autoshow-lagernd-1-14-2-16x12.jpg 16w, https:\/\/autoshow.at\/wp-content\/uploads\/2024\/03\/abc-ferrari-275-coupe-autoshow-lagernd-1-14-2-64x48.jpg 64w\" sizes=\"(max-width: 900px) 100vw, 900px\" \/><\/a><a href=\"#\" id=\"product_id_102857\" class=\"owp-quick-view\" data-product_id=\"102857\" aria-label=\"Quickly preview product Ferrari 275 GTB\/4 Coup\u00e9, Design Pininfarina, rot \"all open\"><i class=\"icon-eye\" aria-hidden=\"true\" role=\"img\"><\/i> Quick View<\/a>\t<\/div><!-- .woo-entry-image-swap -->\n\n\n\n\n\n\n\t<p class=\"wc-gzd-additional-info wc-gzd-additional-info-loop shipping-costs-info\">plus <a href=\"https:\/\/autoshow.at\/en\/versandarten\/\" target=\"_blank\">shipping<\/a><\/p>\n\n\n<ul class=\"woo-entry-inner clr\"><li class=\"image-wrap\">\n\t<div class=\"woo-entry-image-swap woo-entry-image clr\">\n\t\t<a href=\"https:\/\/autoshow.at\/en\/product\/ferrari-275-gtb-4-coupe-design-pininfarina-rot-all-open-red-all-open\/\" class=\"woocommerce-LoopProduct-link\"><img loading=\"lazy\" decoding=\"async\" width=\"900\" height=\"484\" src=\"https:\/\/autoshow.at\/wp-content\/uploads\/2024\/03\/abc-ferrari-275-coupe-autoshow-lagernd-1-14-1.jpg\" class=\"woo-entry-image-main\" alt=\"Ferrari 275 GTB\/4 Coup\u00e9, Design Pininfarina, rot &#8222;ALL OPEN&#8220;\/ red &#8211; &#8222;ALL OPEN&#8220;\" itemprop=\"image\" srcset=\"https:\/\/autoshow.at\/wp-content\/uploads\/2024\/03\/abc-ferrari-275-coupe-autoshow-lagernd-1-14-1.jpg 900w, https:\/\/autoshow.at\/wp-content\/uploads\/2024\/03\/abc-ferrari-275-coupe-autoshow-lagernd-1-14-1-300x161.jpg 300w, https:\/\/autoshow.at\/wp-content\/uploads\/2024\/03\/abc-ferrari-275-coupe-autoshow-lagernd-1-14-1-768x413.jpg 768w, https:\/\/autoshow.at\/wp-content\/uploads\/2024\/03\/abc-ferrari-275-coupe-autoshow-lagernd-1-14-1-18x10.jpg 18w, https:\/\/autoshow.at\/wp-content\/uploads\/2024\/03\/abc-ferrari-275-coupe-autoshow-lagernd-1-14-1-64x34.jpg 64w\" sizes=\"(max-width: 900px) 100vw, 900px\" \/><img loading=\"lazy\" decoding=\"async\" width=\"900\" height=\"675\" src=\"https:\/\/autoshow.at\/wp-content\/uploads\/2024\/03\/abc-ferrari-275-coupe-autoshow-lagernd-1-14-2.jpg\" class=\"woo-entry-image-secondary\" alt=\"Ferrari 275 GTB\/4 Coup\u00e9, Design Pininfarina, rot &#8222;ALL OPEN&#8220;\/ red &#8211; &#8222;ALL OPEN&#8220;\" itemprop=\"image\" srcset=\"https:\/\/autoshow.at\/wp-content\/uploads\/2024\/03\/abc-ferrari-275-coupe-autoshow-lagernd-1-14-2.jpg 900w, https:\/\/autoshow.at\/wp-content\/uploads\/2024\/03\/abc-ferrari-275-coupe-autoshow-lagernd-1-14-2-300x225.jpg 300w, https:\/\/autoshow.at\/wp-content\/uploads\/2024\/03\/abc-ferrari-275-coupe-autoshow-lagernd-1-14-2-768x576.jpg 768w, https:\/\/autoshow.at\/wp-content\/uploads\/2024\/03\/abc-ferrari-275-coupe-autoshow-lagernd-1-14-2-16x12.jpg 16w, https:\/\/autoshow.at\/wp-content\/uploads\/2024\/03\/abc-ferrari-275-coupe-autoshow-lagernd-1-14-2-64x48.jpg 64w\" sizes=\"(max-width: 900px) 100vw, 900px\" \/><\/a><a href=\"#\" id=\"product_id_102857\" class=\"owp-quick-view\" data-product_id=\"102857\" aria-label=\"Quickly preview product Ferrari 275 GTB\/4 Coup\u00e9, Design Pininfarina, rot \"all open\"><i class=\"icon-eye\" aria-hidden=\"true\" role=\"img\"><\/i> Quick View<\/a>\t<\/div><!-- .woo-entry-image-swap -->\n\n<\/li><li class=\"category\"><a href=\"https:\/\/autoshow.at\/en\/product-category\/114-scale-massstab-114\/\" rel=\"tag\">1:14 SCALE \/ Ma\u00dfstab 1:14<\/a><\/li><li class=\"title\"><h2><a href=\"https:\/\/autoshow.at\/en\/product\/ferrari-275-gtb-4-coupe-design-pininfarina-rot-all-open-red-all-open\/\">Ferrari 275 GTB\/4 Coup\u00e9, Design Pininfarina, rot &#8222;ALL OPEN&#8220;\/ red &#8211; &#8222;ALL OPEN&#8220;<\/a><\/h2><\/li><li class=\"price-wrap\">\n\t<span class=\"price\"><span class=\"woocommerce-Price-amount amount\"><bdi>590,00&nbsp;<span class=\"woocommerce-Price-currencySymbol\">&euro;<\/span><\/bdi><\/span><\/span>\n<\/li><li class=\"wc-gzd\">\n\n\n\t<p class=\"wc-gzd-additional-info shipping-costs-info\">plus <a href=\"https:\/\/autoshow.at\/en\/versandarten\/\" target=\"_blank\">shipping<\/a><\/p>\n\n\n<\/li><li class=\"rating\"><\/li><li class=\"btn-wrap clr\"><a class=\"button\" href=\"https:\/\/autoshow.at\/en\/product\/ferrari-275-gtb-4-coupe-design-pininfarina-rot-all-open-red-all-open\/\" data-no-translation=\"\" data-trp-gettext=\"\">Show product<\/a>\t<span id=\"woocommerce_loop_add_to_cart_link_describedby_102857\" class=\"screen-reader-text\">\n\t\t\t<\/span>\n<\/li><\/ul><\/div><!-- .product-inner .clr --><\/li>\n<li class=\"entry has-media has-product-nav col span_1_of_3 owp-content-center owp-thumbs-layout-horizontal owp-btn-normal owp-tabs-layout-horizontal product type-product post-102858 status-publish first instock product_cat-114-scale-massstab-114 has-post-thumbnail purchasable product-type-simple\">\n\t<div class=\"product-inner clr\">\n\t<div class=\"woo-entry-image-swap woo-entry-image clr\">\n\t\t<a href=\"https:\/\/autoshow.at\/en\/product\/ferrari-250-gt-lwb-califonia-spyder-america-design-pininfarina-rot-all-open-red-all-open\/\" class=\"woocommerce-LoopProduct-link\"><img loading=\"lazy\" decoding=\"async\" width=\"900\" height=\"675\" src=\"https:\/\/autoshow.at\/wp-content\/uploads\/2024\/03\/abc-ferrari-250-california-autoshow-lagernd-1-14-1.jpg\" class=\"woo-entry-image-main\" alt=\"Ferrari 250 GT LWB Califonia Spyder America, Design Pininfarina, rot &#8222;ALL OPEN&#8220;\/ red &#8211; &#8222;ALL OPEN&#8220;\" itemprop=\"image\" srcset=\"https:\/\/autoshow.at\/wp-content\/uploads\/2024\/03\/abc-ferrari-250-california-autoshow-lagernd-1-14-1.jpg 900w, https:\/\/autoshow.at\/wp-content\/uploads\/2024\/03\/abc-ferrari-250-california-autoshow-lagernd-1-14-1-300x225.jpg 300w, https:\/\/autoshow.at\/wp-content\/uploads\/2024\/03\/abc-ferrari-250-california-autoshow-lagernd-1-14-1-768x576.jpg 768w, https:\/\/autoshow.at\/wp-content\/uploads\/2024\/03\/abc-ferrari-250-california-autoshow-lagernd-1-14-1-16x12.jpg 16w, https:\/\/autoshow.at\/wp-content\/uploads\/2024\/03\/abc-ferrari-250-california-autoshow-lagernd-1-14-1-64x48.jpg 64w\" sizes=\"(max-width: 900px) 100vw, 900px\" \/><img loading=\"lazy\" decoding=\"async\" width=\"900\" height=\"675\" src=\"https:\/\/autoshow.at\/wp-content\/uploads\/2024\/03\/abc-ferrari-250-california-autoshow-lagernd-1-14-2.jpg\" class=\"woo-entry-image-secondary\" alt=\"Ferrari 250 GT LWB Califonia Spyder America, Design Pininfarina, rot &#8222;ALL OPEN&#8220;\/ red &#8211; &#8222;ALL OPEN&#8220;\" itemprop=\"image\" srcset=\"https:\/\/autoshow.at\/wp-content\/uploads\/2024\/03\/abc-ferrari-250-california-autoshow-lagernd-1-14-2.jpg 900w, https:\/\/autoshow.at\/wp-content\/uploads\/2024\/03\/abc-ferrari-250-california-autoshow-lagernd-1-14-2-300x225.jpg 300w, https:\/\/autoshow.at\/wp-content\/uploads\/2024\/03\/abc-ferrari-250-california-autoshow-lagernd-1-14-2-768x576.jpg 768w, https:\/\/autoshow.at\/wp-content\/uploads\/2024\/03\/abc-ferrari-250-california-autoshow-lagernd-1-14-2-16x12.jpg 16w, https:\/\/autoshow.at\/wp-content\/uploads\/2024\/03\/abc-ferrari-250-california-autoshow-lagernd-1-14-2-64x48.jpg 64w\" sizes=\"(max-width: 900px) 100vw, 900px\" \/><\/a><a href=\"#\" id=\"product_id_102858\" class=\"owp-quick-view\" data-product_id=\"102858\" aria-label=\"Quickly preview product Ferrari 250 GT LWB Califonia Spyder America, Design Pininfarina, rot \"all open\"><i class=\"icon-eye\" aria-hidden=\"true\" role=\"img\"><\/i> Quick View<\/a>\t<\/div><!-- .woo-entry-image-swap -->\n\n\n\n\n\n\n\t<p class=\"wc-gzd-additional-info wc-gzd-additional-info-loop shipping-costs-info\">plus <a href=\"https:\/\/autoshow.at\/en\/versandarten\/\" target=\"_blank\">shipping<\/a><\/p>\n\n\n<ul class=\"woo-entry-inner clr\"><li class=\"image-wrap\">\n\t<div class=\"woo-entry-image-swap woo-entry-image clr\">\n\t\t<a href=\"https:\/\/autoshow.at\/en\/product\/ferrari-250-gt-lwb-califonia-spyder-america-design-pininfarina-rot-all-open-red-all-open\/\" class=\"woocommerce-LoopProduct-link\"><img loading=\"lazy\" decoding=\"async\" width=\"900\" height=\"675\" src=\"https:\/\/autoshow.at\/wp-content\/uploads\/2024\/03\/abc-ferrari-250-california-autoshow-lagernd-1-14-1.jpg\" class=\"woo-entry-image-main\" alt=\"Ferrari 250 GT LWB Califonia Spyder America, Design Pininfarina, rot &#8222;ALL OPEN&#8220;\/ red &#8211; &#8222;ALL OPEN&#8220;\" itemprop=\"image\" srcset=\"https:\/\/autoshow.at\/wp-content\/uploads\/2024\/03\/abc-ferrari-250-california-autoshow-lagernd-1-14-1.jpg 900w, https:\/\/autoshow.at\/wp-content\/uploads\/2024\/03\/abc-ferrari-250-california-autoshow-lagernd-1-14-1-300x225.jpg 300w, https:\/\/autoshow.at\/wp-content\/uploads\/2024\/03\/abc-ferrari-250-california-autoshow-lagernd-1-14-1-768x576.jpg 768w, https:\/\/autoshow.at\/wp-content\/uploads\/2024\/03\/abc-ferrari-250-california-autoshow-lagernd-1-14-1-16x12.jpg 16w, https:\/\/autoshow.at\/wp-content\/uploads\/2024\/03\/abc-ferrari-250-california-autoshow-lagernd-1-14-1-64x48.jpg 64w\" sizes=\"(max-width: 900px) 100vw, 900px\" \/><img loading=\"lazy\" decoding=\"async\" width=\"900\" height=\"675\" src=\"https:\/\/autoshow.at\/wp-content\/uploads\/2024\/03\/abc-ferrari-250-california-autoshow-lagernd-1-14-2.jpg\" class=\"woo-entry-image-secondary\" alt=\"Ferrari 250 GT LWB Califonia Spyder America, Design Pininfarina, rot &#8222;ALL OPEN&#8220;\/ red &#8211; &#8222;ALL OPEN&#8220;\" itemprop=\"image\" srcset=\"https:\/\/autoshow.at\/wp-content\/uploads\/2024\/03\/abc-ferrari-250-california-autoshow-lagernd-1-14-2.jpg 900w, https:\/\/autoshow.at\/wp-content\/uploads\/2024\/03\/abc-ferrari-250-california-autoshow-lagernd-1-14-2-300x225.jpg 300w, https:\/\/autoshow.at\/wp-content\/uploads\/2024\/03\/abc-ferrari-250-california-autoshow-lagernd-1-14-2-768x576.jpg 768w, https:\/\/autoshow.at\/wp-content\/uploads\/2024\/03\/abc-ferrari-250-california-autoshow-lagernd-1-14-2-16x12.jpg 16w, https:\/\/autoshow.at\/wp-content\/uploads\/2024\/03\/abc-ferrari-250-california-autoshow-lagernd-1-14-2-64x48.jpg 64w\" sizes=\"(max-width: 900px) 100vw, 900px\" \/><\/a><a href=\"#\" id=\"product_id_102858\" class=\"owp-quick-view\" data-product_id=\"102858\" aria-label=\"Quickly preview product Ferrari 250 GT LWB Califonia Spyder America, Design Pininfarina, rot \"all open\"><i class=\"icon-eye\" aria-hidden=\"true\" role=\"img\"><\/i> Quick View<\/a>\t<\/div><!-- .woo-entry-image-swap -->\n\n<\/li><li class=\"category\"><a href=\"https:\/\/autoshow.at\/en\/product-category\/114-scale-massstab-114\/\" rel=\"tag\">1:14 SCALE \/ Ma\u00dfstab 1:14<\/a><\/li><li class=\"title\"><h2><a href=\"https:\/\/autoshow.at\/en\/product\/ferrari-250-gt-lwb-califonia-spyder-america-design-pininfarina-rot-all-open-red-all-open\/\">Ferrari 250 GT LWB Califonia Spyder America, Design Pininfarina, rot &#8222;ALL OPEN&#8220;\/ red &#8211; &#8222;ALL OPEN&#8220;<\/a><\/h2><\/li><li class=\"price-wrap\">\n\t<span class=\"price\"><span class=\"woocommerce-Price-amount amount\"><bdi>590,00&nbsp;<span class=\"woocommerce-Price-currencySymbol\">&euro;<\/span><\/bdi><\/span><\/span>\n<\/li><li class=\"wc-gzd\">\n\n\n\t<p class=\"wc-gzd-additional-info shipping-costs-info\">plus <a href=\"https:\/\/autoshow.at\/en\/versandarten\/\" target=\"_blank\">shipping<\/a><\/p>\n\n\n<\/li><li class=\"rating\"><\/li><li class=\"btn-wrap clr\"><a class=\"button\" href=\"https:\/\/autoshow.at\/en\/product\/ferrari-250-gt-lwb-califonia-spyder-america-design-pininfarina-rot-all-open-red-all-open\/\" data-no-translation=\"\" data-trp-gettext=\"\">Show product<\/a>\t<span id=\"woocommerce_loop_add_to_cart_link_describedby_102858\" class=\"screen-reader-text\">\n\t\t\t<\/span>\n<\/li><\/ul><\/div><!-- .product-inner .clr --><\/li>\n<li class=\"entry has-media has-product-nav col span_1_of_3 owp-content-center owp-thumbs-layout-horizontal owp-btn-normal owp-tabs-layout-horizontal product type-product post-102859 status-publish instock product_cat-114-scale-massstab-114 has-post-thumbnail purchasable product-type-simple\">\n\t<div class=\"product-inner clr\">\n\t<div class=\"woo-entry-image-swap woo-entry-image clr\">\n\t\t<a href=\"https:\/\/autoshow.at\/en\/product\/ferrari-330-p4-spyder-1-sieger-24h-daytona-1967-chris-amon-lorenzo-bandini-23-all-open-all-open\/\" class=\"woocommerce-LoopProduct-link\"><img loading=\"lazy\" decoding=\"async\" width=\"900\" height=\"675\" src=\"https:\/\/autoshow.at\/wp-content\/uploads\/2024\/03\/abc-ferrari-330-autoshow-lagernd-1-14-a.jpg\" class=\"woo-entry-image-main\" alt=\"Ferrari 330 P4 Spyder, 1\u00b0 Sieger 24H Daytona 1967, Chris Amon \/ Lorenzo Bandini, # 23 &#8222;ALL OPEN&#8220;\/ &#8222;ALL OPEN&#8220;\" itemprop=\"image\" srcset=\"https:\/\/autoshow.at\/wp-content\/uploads\/2024\/03\/abc-ferrari-330-autoshow-lagernd-1-14-a.jpg 900w, https:\/\/autoshow.at\/wp-content\/uploads\/2024\/03\/abc-ferrari-330-autoshow-lagernd-1-14-a-300x225.jpg 300w, https:\/\/autoshow.at\/wp-content\/uploads\/2024\/03\/abc-ferrari-330-autoshow-lagernd-1-14-a-768x576.jpg 768w, https:\/\/autoshow.at\/wp-content\/uploads\/2024\/03\/abc-ferrari-330-autoshow-lagernd-1-14-a-16x12.jpg 16w, https:\/\/autoshow.at\/wp-content\/uploads\/2024\/03\/abc-ferrari-330-autoshow-lagernd-1-14-a-64x48.jpg 64w\" sizes=\"(max-width: 900px) 100vw, 900px\" \/><img loading=\"lazy\" decoding=\"async\" width=\"900\" height=\"675\" src=\"https:\/\/autoshow.at\/wp-content\/uploads\/2024\/03\/abc-ferrari-330-autoshow-lagernd-1-14-b.jpg\" class=\"woo-entry-image-secondary\" alt=\"Ferrari 330 P4 Spyder, 1\u00b0 Sieger 24H Daytona 1967, Chris Amon \/ Lorenzo Bandini, # 23 &#8222;ALL OPEN&#8220;\/ &#8222;ALL OPEN&#8220;\" itemprop=\"image\" srcset=\"https:\/\/autoshow.at\/wp-content\/uploads\/2024\/03\/abc-ferrari-330-autoshow-lagernd-1-14-b.jpg 900w, https:\/\/autoshow.at\/wp-content\/uploads\/2024\/03\/abc-ferrari-330-autoshow-lagernd-1-14-b-300x225.jpg 300w, https:\/\/autoshow.at\/wp-content\/uploads\/2024\/03\/abc-ferrari-330-autoshow-lagernd-1-14-b-768x576.jpg 768w, https:\/\/autoshow.at\/wp-content\/uploads\/2024\/03\/abc-ferrari-330-autoshow-lagernd-1-14-b-16x12.jpg 16w, https:\/\/autoshow.at\/wp-content\/uploads\/2024\/03\/abc-ferrari-330-autoshow-lagernd-1-14-b-64x48.jpg 64w\" sizes=\"(max-width: 900px) 100vw, 900px\" \/><\/a><a href=\"#\" id=\"product_id_102859\" class=\"owp-quick-view\" data-product_id=\"102859\" aria-label=\"Quickly preview product Ferrari 330 P4 Spyder, 1\u00b0 Sieger 24H Daytona 1967, Chris Amon \/ Lorenzo Bandini, # 23 \"all open\"><i class=\"icon-eye\" aria-hidden=\"true\" role=\"img\"><\/i> Quick View<\/a>\t<\/div><!-- .woo-entry-image-swap -->\n\n\n\n\n\n\n\t<p class=\"wc-gzd-additional-info wc-gzd-additional-info-loop shipping-costs-info\">plus <a href=\"https:\/\/autoshow.at\/en\/versandarten\/\" target=\"_blank\">shipping<\/a><\/p>\n\n\n<ul class=\"woo-entry-inner clr\"><li class=\"image-wrap\">\n\t<div class=\"woo-entry-image-swap woo-entry-image clr\">\n\t\t<a href=\"https:\/\/autoshow.at\/en\/product\/ferrari-330-p4-spyder-1-sieger-24h-daytona-1967-chris-amon-lorenzo-bandini-23-all-open-all-open\/\" class=\"woocommerce-LoopProduct-link\"><img loading=\"lazy\" decoding=\"async\" width=\"900\" height=\"675\" src=\"https:\/\/autoshow.at\/wp-content\/uploads\/2024\/03\/abc-ferrari-330-autoshow-lagernd-1-14-a.jpg\" class=\"woo-entry-image-main\" alt=\"Ferrari 330 P4 Spyder, 1\u00b0 Sieger 24H Daytona 1967, Chris Amon \/ Lorenzo Bandini, # 23 &#8222;ALL OPEN&#8220;\/ &#8222;ALL OPEN&#8220;\" itemprop=\"image\" srcset=\"https:\/\/autoshow.at\/wp-content\/uploads\/2024\/03\/abc-ferrari-330-autoshow-lagernd-1-14-a.jpg 900w, https:\/\/autoshow.at\/wp-content\/uploads\/2024\/03\/abc-ferrari-330-autoshow-lagernd-1-14-a-300x225.jpg 300w, https:\/\/autoshow.at\/wp-content\/uploads\/2024\/03\/abc-ferrari-330-autoshow-lagernd-1-14-a-768x576.jpg 768w, https:\/\/autoshow.at\/wp-content\/uploads\/2024\/03\/abc-ferrari-330-autoshow-lagernd-1-14-a-16x12.jpg 16w, https:\/\/autoshow.at\/wp-content\/uploads\/2024\/03\/abc-ferrari-330-autoshow-lagernd-1-14-a-64x48.jpg 64w\" sizes=\"(max-width: 900px) 100vw, 900px\" \/><img loading=\"lazy\" decoding=\"async\" width=\"900\" height=\"675\" src=\"https:\/\/autoshow.at\/wp-content\/uploads\/2024\/03\/abc-ferrari-330-autoshow-lagernd-1-14-b.jpg\" class=\"woo-entry-image-secondary\" alt=\"Ferrari 330 P4 Spyder, 1\u00b0 Sieger 24H Daytona 1967, Chris Amon \/ Lorenzo Bandini, # 23 &#8222;ALL OPEN&#8220;\/ &#8222;ALL OPEN&#8220;\" itemprop=\"image\" srcset=\"https:\/\/autoshow.at\/wp-content\/uploads\/2024\/03\/abc-ferrari-330-autoshow-lagernd-1-14-b.jpg 900w, https:\/\/autoshow.at\/wp-content\/uploads\/2024\/03\/abc-ferrari-330-autoshow-lagernd-1-14-b-300x225.jpg 300w, https:\/\/autoshow.at\/wp-content\/uploads\/2024\/03\/abc-ferrari-330-autoshow-lagernd-1-14-b-768x576.jpg 768w, https:\/\/autoshow.at\/wp-content\/uploads\/2024\/03\/abc-ferrari-330-autoshow-lagernd-1-14-b-16x12.jpg 16w, https:\/\/autoshow.at\/wp-content\/uploads\/2024\/03\/abc-ferrari-330-autoshow-lagernd-1-14-b-64x48.jpg 64w\" sizes=\"(max-width: 900px) 100vw, 900px\" \/><\/a><a href=\"#\" id=\"product_id_102859\" class=\"owp-quick-view\" data-product_id=\"102859\" aria-label=\"Quickly preview product Ferrari 330 P4 Spyder, 1\u00b0 Sieger 24H Daytona 1967, Chris Amon \/ Lorenzo Bandini, # 23 \"all open\"><i class=\"icon-eye\" aria-hidden=\"true\" role=\"img\"><\/i> Quick View<\/a>\t<\/div><!-- .woo-entry-image-swap -->\n\n<\/li><li class=\"category\"><a href=\"https:\/\/autoshow.at\/en\/product-category\/114-scale-massstab-114\/\" rel=\"tag\">1:14 SCALE \/ Ma\u00dfstab 1:14<\/a><\/li><li class=\"title\"><h2><a href=\"https:\/\/autoshow.at\/en\/product\/ferrari-330-p4-spyder-1-sieger-24h-daytona-1967-chris-amon-lorenzo-bandini-23-all-open-all-open\/\">Ferrari 330 P4 Spyder, 1\u00b0 Sieger 24H Daytona 1967, Chris Amon \/ Lorenzo Bandini, # 23 &#8222;ALL OPEN&#8220;\/ &#8222;ALL OPEN&#8220;<\/a><\/h2><\/li><li class=\"price-wrap\">\n\t<span class=\"price\"><span class=\"woocommerce-Price-amount amount\"><bdi>750,00&nbsp;<span class=\"woocommerce-Price-currencySymbol\">&euro;<\/span><\/bdi><\/span><\/span>\n<\/li><li class=\"wc-gzd\">\n\n\n\t<p class=\"wc-gzd-additional-info shipping-costs-info\">plus <a href=\"https:\/\/autoshow.at\/en\/versandarten\/\" target=\"_blank\">shipping<\/a><\/p>\n\n\n<\/li><li class=\"rating\"><\/li><li class=\"btn-wrap clr\"><a class=\"button\" href=\"https:\/\/autoshow.at\/en\/product\/ferrari-330-p4-spyder-1-sieger-24h-daytona-1967-chris-amon-lorenzo-bandini-23-all-open-all-open\/\" data-no-translation=\"\" data-trp-gettext=\"\">Show product<\/a>\t<span id=\"woocommerce_loop_add_to_cart_link_describedby_102859\" class=\"screen-reader-text\">\n\t\t\t<\/span>\n<\/li><\/ul><\/div><!-- .product-inner .clr --><\/li>\n<li class=\"entry has-media has-product-nav col span_1_of_3 owp-content-center owp-thumbs-layout-horizontal owp-btn-normal owp-tabs-layout-horizontal product type-product post-102860 status-publish last instock product_cat-114-scale-massstab-114 has-post-thumbnail purchasable product-type-simple\">\n\t<div class=\"product-inner clr\">\n\t<div class=\"woo-entry-image-swap woo-entry-image clr\">\n\t\t<a href=\"https:\/\/autoshow.at\/en\/product\/ferrari-275-gts-4-spyder-nart-rot-red\/\" class=\"woocommerce-LoopProduct-link\"><img loading=\"lazy\" decoding=\"async\" width=\"1200\" height=\"819\" src=\"https:\/\/autoshow.at\/wp-content\/uploads\/2024\/03\/enrica-ferrari-275-autoshow-lagernd-1-14-a.jpg\" class=\"woo-entry-image-main\" alt=\"Ferrari 275 GTS\/4 Spyder \u201cNART\u201d, rot \/ red\" itemprop=\"image\" srcset=\"https:\/\/autoshow.at\/wp-content\/uploads\/2024\/03\/enrica-ferrari-275-autoshow-lagernd-1-14-a.jpg 1200w, https:\/\/autoshow.at\/wp-content\/uploads\/2024\/03\/enrica-ferrari-275-autoshow-lagernd-1-14-a-300x205.jpg 300w, https:\/\/autoshow.at\/wp-content\/uploads\/2024\/03\/enrica-ferrari-275-autoshow-lagernd-1-14-a-1024x699.jpg 1024w, https:\/\/autoshow.at\/wp-content\/uploads\/2024\/03\/enrica-ferrari-275-autoshow-lagernd-1-14-a-768x524.jpg 768w, https:\/\/autoshow.at\/wp-content\/uploads\/2024\/03\/enrica-ferrari-275-autoshow-lagernd-1-14-a-18x12.jpg 18w, https:\/\/autoshow.at\/wp-content\/uploads\/2024\/03\/enrica-ferrari-275-autoshow-lagernd-1-14-a-64x44.jpg 64w\" sizes=\"(max-width: 1200px) 100vw, 1200px\" \/><img loading=\"lazy\" decoding=\"async\" width=\"1200\" height=\"812\" src=\"https:\/\/autoshow.at\/wp-content\/uploads\/2024\/03\/enrica-ferrari-275-autoshow-lagernd-1-14-b.jpg\" class=\"woo-entry-image-secondary\" alt=\"Ferrari 275 GTS\/4 Spyder \u201cNART\u201d, rot \/ red\" itemprop=\"image\" srcset=\"https:\/\/autoshow.at\/wp-content\/uploads\/2024\/03\/enrica-ferrari-275-autoshow-lagernd-1-14-b.jpg 1200w, https:\/\/autoshow.at\/wp-content\/uploads\/2024\/03\/enrica-ferrari-275-autoshow-lagernd-1-14-b-300x203.jpg 300w, https:\/\/autoshow.at\/wp-content\/uploads\/2024\/03\/enrica-ferrari-275-autoshow-lagernd-1-14-b-1024x693.jpg 1024w, https:\/\/autoshow.at\/wp-content\/uploads\/2024\/03\/enrica-ferrari-275-autoshow-lagernd-1-14-b-768x520.jpg 768w, https:\/\/autoshow.at\/wp-content\/uploads\/2024\/03\/enrica-ferrari-275-autoshow-lagernd-1-14-b-18x12.jpg 18w, https:\/\/autoshow.at\/wp-content\/uploads\/2024\/03\/enrica-ferrari-275-autoshow-lagernd-1-14-b-64x43.jpg 64w\" sizes=\"(max-width: 1200px) 100vw, 1200px\" \/><\/a><a href=\"#\" id=\"product_id_102860\" class=\"owp-quick-view\" data-product_id=\"102860\" aria-label=\"Quickly preview product Ferrari 275 GTS\/4 Spyder \u201cNART\u201d, rot \/ red\"><i class=\"icon-eye\" aria-hidden=\"true\" role=\"img\"><\/i> Quick View<\/a>\t<\/div><!-- .woo-entry-image-swap -->\n\n\n\n\n\n\n\t<p class=\"wc-gzd-additional-info wc-gzd-additional-info-loop shipping-costs-info\">plus <a href=\"https:\/\/autoshow.at\/en\/versandarten\/\" target=\"_blank\">shipping<\/a><\/p>\n\n\n<ul class=\"woo-entry-inner clr\"><li class=\"image-wrap\">\n\t<div class=\"woo-entry-image-swap woo-entry-image clr\">\n\t\t<a href=\"https:\/\/autoshow.at\/en\/product\/ferrari-275-gts-4-spyder-nart-rot-red\/\" class=\"woocommerce-LoopProduct-link\"><img loading=\"lazy\" decoding=\"async\" width=\"1200\" height=\"819\" src=\"https:\/\/autoshow.at\/wp-content\/uploads\/2024\/03\/enrica-ferrari-275-autoshow-lagernd-1-14-a.jpg\" class=\"woo-entry-image-main\" alt=\"Ferrari 275 GTS\/4 Spyder \u201cNART\u201d, rot \/ red\" itemprop=\"image\" srcset=\"https:\/\/autoshow.at\/wp-content\/uploads\/2024\/03\/enrica-ferrari-275-autoshow-lagernd-1-14-a.jpg 1200w, https:\/\/autoshow.at\/wp-content\/uploads\/2024\/03\/enrica-ferrari-275-autoshow-lagernd-1-14-a-300x205.jpg 300w, https:\/\/autoshow.at\/wp-content\/uploads\/2024\/03\/enrica-ferrari-275-autoshow-lagernd-1-14-a-1024x699.jpg 1024w, https:\/\/autoshow.at\/wp-content\/uploads\/2024\/03\/enrica-ferrari-275-autoshow-lagernd-1-14-a-768x524.jpg 768w, https:\/\/autoshow.at\/wp-content\/uploads\/2024\/03\/enrica-ferrari-275-autoshow-lagernd-1-14-a-18x12.jpg 18w, https:\/\/autoshow.at\/wp-content\/uploads\/2024\/03\/enrica-ferrari-275-autoshow-lagernd-1-14-a-64x44.jpg 64w\" sizes=\"(max-width: 1200px) 100vw, 1200px\" \/><img loading=\"lazy\" decoding=\"async\" width=\"1200\" height=\"812\" src=\"https:\/\/autoshow.at\/wp-content\/uploads\/2024\/03\/enrica-ferrari-275-autoshow-lagernd-1-14-b.jpg\" class=\"woo-entry-image-secondary\" alt=\"Ferrari 275 GTS\/4 Spyder \u201cNART\u201d, rot \/ red\" itemprop=\"image\" srcset=\"https:\/\/autoshow.at\/wp-content\/uploads\/2024\/03\/enrica-ferrari-275-autoshow-lagernd-1-14-b.jpg 1200w, https:\/\/autoshow.at\/wp-content\/uploads\/2024\/03\/enrica-ferrari-275-autoshow-lagernd-1-14-b-300x203.jpg 300w, https:\/\/autoshow.at\/wp-content\/uploads\/2024\/03\/enrica-ferrari-275-autoshow-lagernd-1-14-b-1024x693.jpg 1024w, https:\/\/autoshow.at\/wp-content\/uploads\/2024\/03\/enrica-ferrari-275-autoshow-lagernd-1-14-b-768x520.jpg 768w, https:\/\/autoshow.at\/wp-content\/uploads\/2024\/03\/enrica-ferrari-275-autoshow-lagernd-1-14-b-18x12.jpg 18w, https:\/\/autoshow.at\/wp-content\/uploads\/2024\/03\/enrica-ferrari-275-autoshow-lagernd-1-14-b-64x43.jpg 64w\" sizes=\"(max-width: 1200px) 100vw, 1200px\" \/><\/a><a href=\"#\" id=\"product_id_102860\" class=\"owp-quick-view\" data-product_id=\"102860\" aria-label=\"Quickly preview product Ferrari 275 GTS\/4 Spyder \u201cNART\u201d, rot \/ red\"><i class=\"icon-eye\" aria-hidden=\"true\" role=\"img\"><\/i> Quick View<\/a>\t<\/div><!-- .woo-entry-image-swap -->\n\n<\/li><li class=\"category\"><a href=\"https:\/\/autoshow.at\/en\/product-category\/114-scale-massstab-114\/\" rel=\"tag\">1:14 SCALE \/ Ma\u00dfstab 1:14<\/a><\/li><li class=\"title\"><h2><a href=\"https:\/\/autoshow.at\/en\/product\/ferrari-275-gts-4-spyder-nart-rot-red\/\">Ferrari 275 GTS\/4 Spyder \u201cNART\u201d, rot \/ red<\/a><\/h2><\/li><li class=\"price-wrap\">\n\t<span class=\"price\"><span class=\"woocommerce-Price-amount amount\"><bdi>590,00&nbsp;<span class=\"woocommerce-Price-currencySymbol\">&euro;<\/span><\/bdi><\/span><\/span>\n<\/li><li class=\"wc-gzd\">\n\n\n\t<p class=\"wc-gzd-additional-info shipping-costs-info\">plus <a href=\"https:\/\/autoshow.at\/en\/versandarten\/\" target=\"_blank\">shipping<\/a><\/p>\n\n\n<\/li><li class=\"rating\"><\/li><li class=\"btn-wrap clr\"><a class=\"button\" href=\"https:\/\/autoshow.at\/en\/product\/ferrari-275-gts-4-spyder-nart-rot-red\/\" data-no-translation=\"\" data-trp-gettext=\"\">Show product<\/a>\t<span id=\"woocommerce_loop_add_to_cart_link_describedby_102860\" class=\"screen-reader-text\">\n\t\t\t<\/span>\n<\/li><\/ul><\/div><!-- .product-inner .clr --><\/li>\n<li class=\"entry has-media has-product-nav col span_1_of_3 owp-content-center owp-thumbs-layout-horizontal owp-btn-normal owp-tabs-layout-horizontal product type-product post-102861 status-publish first instock product_cat-114-scale-massstab-114 has-post-thumbnail purchasable product-type-simple\">\n\t<div class=\"product-inner clr\">\n\t<div class=\"woo-entry-image-swap woo-entry-image clr\">\n\t\t<a href=\"https:\/\/autoshow.at\/en\/product\/ferrari-512-bb-berlinetta-boxer-rot-red\/\" class=\"woocommerce-LoopProduct-link\"><img loading=\"lazy\" decoding=\"async\" width=\"1200\" height=\"644\" src=\"https:\/\/autoshow.at\/wp-content\/uploads\/2024\/03\/enrica-ferrari-512-autoshow-lagernd-1-14-a.jpg\" class=\"woo-entry-image-main\" alt=\"Ferrari 512 BB Berlinetta Boxer, rot \/ red\" itemprop=\"image\" srcset=\"https:\/\/autoshow.at\/wp-content\/uploads\/2024\/03\/enrica-ferrari-512-autoshow-lagernd-1-14-a.jpg 1200w, https:\/\/autoshow.at\/wp-content\/uploads\/2024\/03\/enrica-ferrari-512-autoshow-lagernd-1-14-a-300x161.jpg 300w, https:\/\/autoshow.at\/wp-content\/uploads\/2024\/03\/enrica-ferrari-512-autoshow-lagernd-1-14-a-1024x550.jpg 1024w, https:\/\/autoshow.at\/wp-content\/uploads\/2024\/03\/enrica-ferrari-512-autoshow-lagernd-1-14-a-768x412.jpg 768w, https:\/\/autoshow.at\/wp-content\/uploads\/2024\/03\/enrica-ferrari-512-autoshow-lagernd-1-14-a-18x10.jpg 18w, https:\/\/autoshow.at\/wp-content\/uploads\/2024\/03\/enrica-ferrari-512-autoshow-lagernd-1-14-a-64x34.jpg 64w\" sizes=\"(max-width: 1200px) 100vw, 1200px\" \/><img loading=\"lazy\" decoding=\"async\" width=\"1200\" height=\"996\" src=\"https:\/\/autoshow.at\/wp-content\/uploads\/2024\/03\/enrica-ferrari-512-autoshow-lagernd-1-14-b.jpg\" class=\"woo-entry-image-secondary\" alt=\"Ferrari 512 BB Berlinetta Boxer, rot \/ red\" itemprop=\"image\" srcset=\"https:\/\/autoshow.at\/wp-content\/uploads\/2024\/03\/enrica-ferrari-512-autoshow-lagernd-1-14-b.jpg 1200w, https:\/\/autoshow.at\/wp-content\/uploads\/2024\/03\/enrica-ferrari-512-autoshow-lagernd-1-14-b-300x249.jpg 300w, https:\/\/autoshow.at\/wp-content\/uploads\/2024\/03\/enrica-ferrari-512-autoshow-lagernd-1-14-b-1024x850.jpg 1024w, https:\/\/autoshow.at\/wp-content\/uploads\/2024\/03\/enrica-ferrari-512-autoshow-lagernd-1-14-b-768x637.jpg 768w, https:\/\/autoshow.at\/wp-content\/uploads\/2024\/03\/enrica-ferrari-512-autoshow-lagernd-1-14-b-14x12.jpg 14w, https:\/\/autoshow.at\/wp-content\/uploads\/2024\/03\/enrica-ferrari-512-autoshow-lagernd-1-14-b-64x53.jpg 64w\" sizes=\"(max-width: 1200px) 100vw, 1200px\" \/><\/a><a href=\"#\" id=\"product_id_102861\" class=\"owp-quick-view\" data-product_id=\"102861\" aria-label=\"Quickly preview product Ferrari 512 BB Berlinetta Boxer, rot \/ red\"><i class=\"icon-eye\" aria-hidden=\"true\" role=\"img\"><\/i> Quick View<\/a>\t<\/div><!-- .woo-entry-image-swap -->\n\n\n\n\n\n\n\t<p class=\"wc-gzd-additional-info wc-gzd-additional-info-loop shipping-costs-info\">plus <a href=\"https:\/\/autoshow.at\/en\/versandarten\/\" target=\"_blank\">shipping<\/a><\/p>\n\n\n<ul class=\"woo-entry-inner clr\"><li class=\"image-wrap\">\n\t<div class=\"woo-entry-image-swap woo-entry-image clr\">\n\t\t<a href=\"https:\/\/autoshow.at\/en\/product\/ferrari-512-bb-berlinetta-boxer-rot-red\/\" class=\"woocommerce-LoopProduct-link\"><img loading=\"lazy\" decoding=\"async\" width=\"1200\" height=\"644\" src=\"https:\/\/autoshow.at\/wp-content\/uploads\/2024\/03\/enrica-ferrari-512-autoshow-lagernd-1-14-a.jpg\" class=\"woo-entry-image-main\" alt=\"Ferrari 512 BB Berlinetta Boxer, rot \/ red\" itemprop=\"image\" srcset=\"https:\/\/autoshow.at\/wp-content\/uploads\/2024\/03\/enrica-ferrari-512-autoshow-lagernd-1-14-a.jpg 1200w, https:\/\/autoshow.at\/wp-content\/uploads\/2024\/03\/enrica-ferrari-512-autoshow-lagernd-1-14-a-300x161.jpg 300w, https:\/\/autoshow.at\/wp-content\/uploads\/2024\/03\/enrica-ferrari-512-autoshow-lagernd-1-14-a-1024x550.jpg 1024w, https:\/\/autoshow.at\/wp-content\/uploads\/2024\/03\/enrica-ferrari-512-autoshow-lagernd-1-14-a-768x412.jpg 768w, https:\/\/autoshow.at\/wp-content\/uploads\/2024\/03\/enrica-ferrari-512-autoshow-lagernd-1-14-a-18x10.jpg 18w, https:\/\/autoshow.at\/wp-content\/uploads\/2024\/03\/enrica-ferrari-512-autoshow-lagernd-1-14-a-64x34.jpg 64w\" sizes=\"(max-width: 1200px) 100vw, 1200px\" \/><img loading=\"lazy\" decoding=\"async\" width=\"1200\" height=\"996\" src=\"https:\/\/autoshow.at\/wp-content\/uploads\/2024\/03\/enrica-ferrari-512-autoshow-lagernd-1-14-b.jpg\" class=\"woo-entry-image-secondary\" alt=\"Ferrari 512 BB Berlinetta Boxer, rot \/ red\" itemprop=\"image\" srcset=\"https:\/\/autoshow.at\/wp-content\/uploads\/2024\/03\/enrica-ferrari-512-autoshow-lagernd-1-14-b.jpg 1200w, https:\/\/autoshow.at\/wp-content\/uploads\/2024\/03\/enrica-ferrari-512-autoshow-lagernd-1-14-b-300x249.jpg 300w, https:\/\/autoshow.at\/wp-content\/uploads\/2024\/03\/enrica-ferrari-512-autoshow-lagernd-1-14-b-1024x850.jpg 1024w, https:\/\/autoshow.at\/wp-content\/uploads\/2024\/03\/enrica-ferrari-512-autoshow-lagernd-1-14-b-768x637.jpg 768w, https:\/\/autoshow.at\/wp-content\/uploads\/2024\/03\/enrica-ferrari-512-autoshow-lagernd-1-14-b-14x12.jpg 14w, https:\/\/autoshow.at\/wp-content\/uploads\/2024\/03\/enrica-ferrari-512-autoshow-lagernd-1-14-b-64x53.jpg 64w\" sizes=\"(max-width: 1200px) 100vw, 1200px\" \/><\/a><a href=\"#\" id=\"product_id_102861\" class=\"owp-quick-view\" data-product_id=\"102861\" aria-label=\"Quickly preview product Ferrari 512 BB Berlinetta Boxer, rot \/ red\"><i class=\"icon-eye\" aria-hidden=\"true\" role=\"img\"><\/i> Quick View<\/a>\t<\/div><!-- .woo-entry-image-swap -->\n\n<\/li><li class=\"category\"><a href=\"https:\/\/autoshow.at\/en\/product-category\/114-scale-massstab-114\/\" rel=\"tag\">1:14 SCALE \/ Ma\u00dfstab 1:14<\/a><\/li><li class=\"title\"><h2><a href=\"https:\/\/autoshow.at\/en\/product\/ferrari-512-bb-berlinetta-boxer-rot-red\/\">Ferrari 512 BB Berlinetta Boxer, rot \/ red<\/a><\/h2><\/li><li class=\"price-wrap\">\n\t<span class=\"price\"><span class=\"woocommerce-Price-amount amount\"><bdi>590,00&nbsp;<span class=\"woocommerce-Price-currencySymbol\">&euro;<\/span><\/bdi><\/span><\/span>\n<\/li><li class=\"wc-gzd\">\n\n\n\t<p class=\"wc-gzd-additional-info shipping-costs-info\">plus <a href=\"https:\/\/autoshow.at\/en\/versandarten\/\" target=\"_blank\">shipping<\/a><\/p>\n\n\n<\/li><li class=\"rating\"><\/li><li class=\"btn-wrap clr\"><a class=\"button\" href=\"https:\/\/autoshow.at\/en\/product\/ferrari-512-bb-berlinetta-boxer-rot-red\/\" data-no-translation=\"\" data-trp-gettext=\"\">Show product<\/a>\t<span id=\"woocommerce_loop_add_to_cart_link_describedby_102861\" class=\"screen-reader-text\">\n\t\t\t<\/span>\n<\/li><\/ul><\/div><!-- .product-inner .clr --><\/li>\n<li class=\"entry has-media has-product-nav col span_1_of_3 owp-content-center owp-thumbs-layout-horizontal owp-btn-normal owp-tabs-layout-horizontal product type-product post-102862 status-publish instock product_cat-112-scale-massstab-112 has-post-thumbnail purchasable product-type-simple\">\n\t<div class=\"product-inner clr\">\n\t<div class=\"woo-entry-image-swap woo-entry-image clr\">\n\t\t<a href=\"https:\/\/autoshow.at\/en\/product\/ferrari-156-85-f1-marlboro-1-sieger-winner-gp-nuerburgring-deutschland-1985-michele-alboreto-27\/\" class=\"woocommerce-LoopProduct-link\"><img loading=\"lazy\" decoding=\"async\" width=\"900\" height=\"540\" src=\"https:\/\/autoshow.at\/wp-content\/uploads\/2024\/03\/mg-ferrari-f1-85-autoshow-lagernd-1-14-a.jpg\" class=\"woo-entry-image-main\" alt=\"Ferrari 156\/85-F1 \u201cMarlboro\u201d, 1\u00b0 Sieger \/ winner GP N\u00fcrburgring, Deutschland, 1985, Michele Alboreto, # 27\" itemprop=\"image\" srcset=\"https:\/\/autoshow.at\/wp-content\/uploads\/2024\/03\/mg-ferrari-f1-85-autoshow-lagernd-1-14-a.jpg 900w, https:\/\/autoshow.at\/wp-content\/uploads\/2024\/03\/mg-ferrari-f1-85-autoshow-lagernd-1-14-a-300x180.jpg 300w, https:\/\/autoshow.at\/wp-content\/uploads\/2024\/03\/mg-ferrari-f1-85-autoshow-lagernd-1-14-a-768x461.jpg 768w, https:\/\/autoshow.at\/wp-content\/uploads\/2024\/03\/mg-ferrari-f1-85-autoshow-lagernd-1-14-a-18x12.jpg 18w, https:\/\/autoshow.at\/wp-content\/uploads\/2024\/03\/mg-ferrari-f1-85-autoshow-lagernd-1-14-a-64x38.jpg 64w\" sizes=\"(max-width: 900px) 100vw, 900px\" \/><img loading=\"lazy\" decoding=\"async\" width=\"900\" height=\"675\" src=\"https:\/\/autoshow.at\/wp-content\/uploads\/2024\/03\/mg-ferrari-f1-85-autoshow-lagernd-1-14-b.jpg\" class=\"woo-entry-image-secondary\" alt=\"Ferrari 156\/85-F1 \u201cMarlboro\u201d, 1\u00b0 Sieger \/ winner GP N\u00fcrburgring, Deutschland, 1985, Michele Alboreto, # 27\" itemprop=\"image\" srcset=\"https:\/\/autoshow.at\/wp-content\/uploads\/2024\/03\/mg-ferrari-f1-85-autoshow-lagernd-1-14-b.jpg 900w, https:\/\/autoshow.at\/wp-content\/uploads\/2024\/03\/mg-ferrari-f1-85-autoshow-lagernd-1-14-b-300x225.jpg 300w, https:\/\/autoshow.at\/wp-content\/uploads\/2024\/03\/mg-ferrari-f1-85-autoshow-lagernd-1-14-b-768x576.jpg 768w, https:\/\/autoshow.at\/wp-content\/uploads\/2024\/03\/mg-ferrari-f1-85-autoshow-lagernd-1-14-b-16x12.jpg 16w, https:\/\/autoshow.at\/wp-content\/uploads\/2024\/03\/mg-ferrari-f1-85-autoshow-lagernd-1-14-b-64x48.jpg 64w\" sizes=\"(max-width: 900px) 100vw, 900px\" \/><\/a><a href=\"#\" id=\"product_id_102862\" class=\"owp-quick-view\" data-product_id=\"102862\" aria-label=\"Quickly preview product Ferrari 156\/85-F1 \u201cMarlboro\u201d, 1\u00b0 Sieger \/ winner GP N\u00fcrburgring, Deutschland, 1985, Michele Alboreto, # 27\"><i class=\"icon-eye\" aria-hidden=\"true\" role=\"img\"><\/i> Quick View<\/a>\t<\/div><!-- .woo-entry-image-swap -->\n\n\n\n\n\n\n\t<p class=\"wc-gzd-additional-info wc-gzd-additional-info-loop shipping-costs-info\">plus <a href=\"https:\/\/autoshow.at\/en\/versandarten\/\" target=\"_blank\">shipping<\/a><\/p>\n\n\n<ul class=\"woo-entry-inner clr\"><li class=\"image-wrap\">\n\t<div class=\"woo-entry-image-swap woo-entry-image clr\">\n\t\t<a href=\"https:\/\/autoshow.at\/en\/product\/ferrari-156-85-f1-marlboro-1-sieger-winner-gp-nuerburgring-deutschland-1985-michele-alboreto-27\/\" class=\"woocommerce-LoopProduct-link\"><img loading=\"lazy\" decoding=\"async\" width=\"900\" height=\"540\" src=\"https:\/\/autoshow.at\/wp-content\/uploads\/2024\/03\/mg-ferrari-f1-85-autoshow-lagernd-1-14-a.jpg\" class=\"woo-entry-image-main\" alt=\"Ferrari 156\/85-F1 \u201cMarlboro\u201d, 1\u00b0 Sieger \/ winner GP N\u00fcrburgring, Deutschland, 1985, Michele Alboreto, # 27\" itemprop=\"image\" srcset=\"https:\/\/autoshow.at\/wp-content\/uploads\/2024\/03\/mg-ferrari-f1-85-autoshow-lagernd-1-14-a.jpg 900w, https:\/\/autoshow.at\/wp-content\/uploads\/2024\/03\/mg-ferrari-f1-85-autoshow-lagernd-1-14-a-300x180.jpg 300w, https:\/\/autoshow.at\/wp-content\/uploads\/2024\/03\/mg-ferrari-f1-85-autoshow-lagernd-1-14-a-768x461.jpg 768w, https:\/\/autoshow.at\/wp-content\/uploads\/2024\/03\/mg-ferrari-f1-85-autoshow-lagernd-1-14-a-18x12.jpg 18w, https:\/\/autoshow.at\/wp-content\/uploads\/2024\/03\/mg-ferrari-f1-85-autoshow-lagernd-1-14-a-64x38.jpg 64w\" sizes=\"(max-width: 900px) 100vw, 900px\" \/><img loading=\"lazy\" decoding=\"async\" width=\"900\" height=\"675\" src=\"https:\/\/autoshow.at\/wp-content\/uploads\/2024\/03\/mg-ferrari-f1-85-autoshow-lagernd-1-14-b.jpg\" class=\"woo-entry-image-secondary\" alt=\"Ferrari 156\/85-F1 \u201cMarlboro\u201d, 1\u00b0 Sieger \/ winner GP N\u00fcrburgring, Deutschland, 1985, Michele Alboreto, # 27\" itemprop=\"image\" srcset=\"https:\/\/autoshow.at\/wp-content\/uploads\/2024\/03\/mg-ferrari-f1-85-autoshow-lagernd-1-14-b.jpg 900w, https:\/\/autoshow.at\/wp-content\/uploads\/2024\/03\/mg-ferrari-f1-85-autoshow-lagernd-1-14-b-300x225.jpg 300w, https:\/\/autoshow.at\/wp-content\/uploads\/2024\/03\/mg-ferrari-f1-85-autoshow-lagernd-1-14-b-768x576.jpg 768w, https:\/\/autoshow.at\/wp-content\/uploads\/2024\/03\/mg-ferrari-f1-85-autoshow-lagernd-1-14-b-16x12.jpg 16w, https:\/\/autoshow.at\/wp-content\/uploads\/2024\/03\/mg-ferrari-f1-85-autoshow-lagernd-1-14-b-64x48.jpg 64w\" sizes=\"(max-width: 900px) 100vw, 900px\" \/><\/a><a href=\"#\" id=\"product_id_102862\" class=\"owp-quick-view\" data-product_id=\"102862\" aria-label=\"Quickly preview product Ferrari 156\/85-F1 \u201cMarlboro\u201d, 1\u00b0 Sieger \/ winner GP N\u00fcrburgring, Deutschland, 1985, Michele Alboreto, # 27\"><i class=\"icon-eye\" aria-hidden=\"true\" role=\"img\"><\/i> Quick View<\/a>\t<\/div><!-- .woo-entry-image-swap -->\n\n<\/li><li class=\"category\"><a href=\"https:\/\/autoshow.at\/en\/product-category\/112-scale-massstab-112\/\" rel=\"tag\">1:12 SCALE \/ Ma\u00dfstab 1:12<\/a><\/li><li class=\"title\"><h2><a href=\"https:\/\/autoshow.at\/en\/product\/ferrari-156-85-f1-marlboro-1-sieger-winner-gp-nuerburgring-deutschland-1985-michele-alboreto-27\/\">Ferrari 156\/85-F1 \u201cMarlboro\u201d, 1\u00b0 Sieger \/ winner GP N\u00fcrburgring, Deutschland, 1985, Michele Alboreto, # 27<\/a><\/h2><\/li><li class=\"price-wrap\">\n\t<span class=\"price\"><span class=\"woocommerce-Price-amount amount\"><bdi>750,00&nbsp;<span class=\"woocommerce-Price-currencySymbol\">&euro;<\/span><\/bdi><\/span><\/span>\n<\/li><li class=\"wc-gzd\">\n\n\n\t<p class=\"wc-gzd-additional-info shipping-costs-info\">plus <a href=\"https:\/\/autoshow.at\/en\/versandarten\/\" target=\"_blank\">shipping<\/a><\/p>\n\n\n<\/li><li class=\"rating\"><\/li><li class=\"btn-wrap clr\"><a class=\"button\" href=\"https:\/\/autoshow.at\/en\/product\/ferrari-156-85-f1-marlboro-1-sieger-winner-gp-nuerburgring-deutschland-1985-michele-alboreto-27\/\" data-no-translation=\"\" data-trp-gettext=\"\">Show product<\/a>\t<span id=\"woocommerce_loop_add_to_cart_link_describedby_102862\" class=\"screen-reader-text\">\n\t\t\t<\/span>\n<\/li><\/ul><\/div><!-- .product-inner .clr --><\/li>\n<li class=\"entry has-media has-product-nav col span_1_of_3 owp-content-center owp-thumbs-layout-horizontal owp-btn-normal owp-tabs-layout-horizontal product type-product post-102863 status-publish last instock product_cat-112-scale-massstab-112 has-post-thumbnail purchasable product-type-simple\">\n\t<div class=\"product-inner clr\">\n\t<div class=\"woo-entry-image-swap woo-entry-image clr\">\n\t\t<a href=\"https:\/\/autoshow.at\/en\/product\/ferrari-f310-marlboro-1-sieger-winner-gp-monza-italien-1996-michael-schumacher-1\/\" class=\"woocommerce-LoopProduct-link\"><img loading=\"lazy\" decoding=\"async\" width=\"900\" height=\"675\" src=\"https:\/\/autoshow.at\/wp-content\/uploads\/2024\/03\/mg-ferrari-schumacher-autoshow-lagernd-1-14-a.jpg\" class=\"woo-entry-image-main\" alt=\"Ferrari F310 \u201cMarlboro\u201d, 1\u00b0 Sieger \/ winner GP Monza, Italien, 1996, Michael Schumacher, # 1\" itemprop=\"image\" srcset=\"https:\/\/autoshow.at\/wp-content\/uploads\/2024\/03\/mg-ferrari-schumacher-autoshow-lagernd-1-14-a.jpg 900w, https:\/\/autoshow.at\/wp-content\/uploads\/2024\/03\/mg-ferrari-schumacher-autoshow-lagernd-1-14-a-300x225.jpg 300w, https:\/\/autoshow.at\/wp-content\/uploads\/2024\/03\/mg-ferrari-schumacher-autoshow-lagernd-1-14-a-768x576.jpg 768w, https:\/\/autoshow.at\/wp-content\/uploads\/2024\/03\/mg-ferrari-schumacher-autoshow-lagernd-1-14-a-16x12.jpg 16w, https:\/\/autoshow.at\/wp-content\/uploads\/2024\/03\/mg-ferrari-schumacher-autoshow-lagernd-1-14-a-64x48.jpg 64w\" sizes=\"(max-width: 900px) 100vw, 900px\" \/><img loading=\"lazy\" decoding=\"async\" width=\"900\" height=\"675\" src=\"https:\/\/autoshow.at\/wp-content\/uploads\/2024\/03\/mg-ferrari-schumacher-autoshow-lagernd-1-14-b.jpg\" class=\"woo-entry-image-secondary\" alt=\"Ferrari F310 \u201cMarlboro\u201d, 1\u00b0 Sieger \/ winner GP Monza, Italien, 1996, Michael Schumacher, # 1\" itemprop=\"image\" srcset=\"https:\/\/autoshow.at\/wp-content\/uploads\/2024\/03\/mg-ferrari-schumacher-autoshow-lagernd-1-14-b.jpg 900w, https:\/\/autoshow.at\/wp-content\/uploads\/2024\/03\/mg-ferrari-schumacher-autoshow-lagernd-1-14-b-300x225.jpg 300w, https:\/\/autoshow.at\/wp-content\/uploads\/2024\/03\/mg-ferrari-schumacher-autoshow-lagernd-1-14-b-768x576.jpg 768w, https:\/\/autoshow.at\/wp-content\/uploads\/2024\/03\/mg-ferrari-schumacher-autoshow-lagernd-1-14-b-16x12.jpg 16w, https:\/\/autoshow.at\/wp-content\/uploads\/2024\/03\/mg-ferrari-schumacher-autoshow-lagernd-1-14-b-64x48.jpg 64w\" sizes=\"(max-width: 900px) 100vw, 900px\" \/><\/a><a href=\"#\" id=\"product_id_102863\" class=\"owp-quick-view\" data-product_id=\"102863\" aria-label=\"Quickly preview product Ferrari F310 \u201cMarlboro\u201d, 1\u00b0 Sieger \/ winner GP Monza, Italien, 1996, Michael Schumacher, # 1\"><i class=\"icon-eye\" aria-hidden=\"true\" role=\"img\"><\/i> Quick View<\/a>\t<\/div><!-- .woo-entry-image-swap -->\n\n\n\n\n\n\n\t<p class=\"wc-gzd-additional-info wc-gzd-additional-info-loop shipping-costs-info\">plus <a href=\"https:\/\/autoshow.at\/en\/versandarten\/\" target=\"_blank\">shipping<\/a><\/p>\n\n\n<ul class=\"woo-entry-inner clr\"><li class=\"image-wrap\">\n\t<div class=\"woo-entry-image-swap woo-entry-image clr\">\n\t\t<a href=\"https:\/\/autoshow.at\/en\/product\/ferrari-f310-marlboro-1-sieger-winner-gp-monza-italien-1996-michael-schumacher-1\/\" class=\"woocommerce-LoopProduct-link\"><img loading=\"lazy\" decoding=\"async\" width=\"900\" height=\"675\" src=\"https:\/\/autoshow.at\/wp-content\/uploads\/2024\/03\/mg-ferrari-schumacher-autoshow-lagernd-1-14-a.jpg\" class=\"woo-entry-image-main\" alt=\"Ferrari F310 \u201cMarlboro\u201d, 1\u00b0 Sieger \/ winner GP Monza, Italien, 1996, Michael Schumacher, # 1\" itemprop=\"image\" srcset=\"https:\/\/autoshow.at\/wp-content\/uploads\/2024\/03\/mg-ferrari-schumacher-autoshow-lagernd-1-14-a.jpg 900w, https:\/\/autoshow.at\/wp-content\/uploads\/2024\/03\/mg-ferrari-schumacher-autoshow-lagernd-1-14-a-300x225.jpg 300w, https:\/\/autoshow.at\/wp-content\/uploads\/2024\/03\/mg-ferrari-schumacher-autoshow-lagernd-1-14-a-768x576.jpg 768w, https:\/\/autoshow.at\/wp-content\/uploads\/2024\/03\/mg-ferrari-schumacher-autoshow-lagernd-1-14-a-16x12.jpg 16w, https:\/\/autoshow.at\/wp-content\/uploads\/2024\/03\/mg-ferrari-schumacher-autoshow-lagernd-1-14-a-64x48.jpg 64w\" sizes=\"(max-width: 900px) 100vw, 900px\" \/><img loading=\"lazy\" decoding=\"async\" width=\"900\" height=\"675\" src=\"https:\/\/autoshow.at\/wp-content\/uploads\/2024\/03\/mg-ferrari-schumacher-autoshow-lagernd-1-14-b.jpg\" class=\"woo-entry-image-secondary\" alt=\"Ferrari F310 \u201cMarlboro\u201d, 1\u00b0 Sieger \/ winner GP Monza, Italien, 1996, Michael Schumacher, # 1\" itemprop=\"image\" srcset=\"https:\/\/autoshow.at\/wp-content\/uploads\/2024\/03\/mg-ferrari-schumacher-autoshow-lagernd-1-14-b.jpg 900w, https:\/\/autoshow.at\/wp-content\/uploads\/2024\/03\/mg-ferrari-schumacher-autoshow-lagernd-1-14-b-300x225.jpg 300w, https:\/\/autoshow.at\/wp-content\/uploads\/2024\/03\/mg-ferrari-schumacher-autoshow-lagernd-1-14-b-768x576.jpg 768w, https:\/\/autoshow.at\/wp-content\/uploads\/2024\/03\/mg-ferrari-schumacher-autoshow-lagernd-1-14-b-16x12.jpg 16w, https:\/\/autoshow.at\/wp-content\/uploads\/2024\/03\/mg-ferrari-schumacher-autoshow-lagernd-1-14-b-64x48.jpg 64w\" sizes=\"(max-width: 900px) 100vw, 900px\" \/><\/a><a href=\"#\" id=\"product_id_102863\" class=\"owp-quick-view\" data-product_id=\"102863\" aria-label=\"Quickly preview product Ferrari F310 \u201cMarlboro\u201d, 1\u00b0 Sieger \/ winner GP Monza, Italien, 1996, Michael Schumacher, # 1\"><i class=\"icon-eye\" aria-hidden=\"true\" role=\"img\"><\/i> Quick View<\/a>\t<\/div><!-- .woo-entry-image-swap -->\n\n<\/li><li class=\"category\"><a href=\"https:\/\/autoshow.at\/en\/product-category\/112-scale-massstab-112\/\" rel=\"tag\">1:12 SCALE \/ Ma\u00dfstab 1:12<\/a><\/li><li class=\"title\"><h2><a href=\"https:\/\/autoshow.at\/en\/product\/ferrari-f310-marlboro-1-sieger-winner-gp-monza-italien-1996-michael-schumacher-1\/\">Ferrari F310 \u201cMarlboro\u201d, 1\u00b0 Sieger \/ winner GP Monza, Italien, 1996, Michael Schumacher, # 1<\/a><\/h2><\/li><li class=\"price-wrap\">\n\t<span class=\"price\"><span class=\"woocommerce-Price-amount amount\"><bdi>750,00&nbsp;<span class=\"woocommerce-Price-currencySymbol\">&euro;<\/span><\/bdi><\/span><\/span>\n<\/li><li class=\"wc-gzd\">\n\n\n\t<p class=\"wc-gzd-additional-info shipping-costs-info\">plus <a href=\"https:\/\/autoshow.at\/en\/versandarten\/\" target=\"_blank\">shipping<\/a><\/p>\n\n\n<\/li><li class=\"rating\"><\/li><li class=\"btn-wrap clr\"><a class=\"button\" href=\"https:\/\/autoshow.at\/en\/product\/ferrari-f310-marlboro-1-sieger-winner-gp-monza-italien-1996-michael-schumacher-1\/\" data-no-translation=\"\" data-trp-gettext=\"\">Show product<\/a>\t<span id=\"woocommerce_loop_add_to_cart_link_describedby_102863\" class=\"screen-reader-text\">\n\t\t\t<\/span>\n<\/li><\/ul><\/div><!-- .product-inner .clr --><\/li>\n<li class=\"entry has-media has-product-nav col span_1_of_3 owp-content-center owp-thumbs-layout-horizontal owp-btn-normal owp-tabs-layout-horizontal product type-product post-102864 status-publish first instock product_cat-112-scale-massstab-112 has-post-thumbnail purchasable product-type-simple\">\n\t<div class=\"product-inner clr\">\n\t<div class=\"woo-entry-image-swap woo-entry-image clr\">\n\t\t<a href=\"https:\/\/autoshow.at\/en\/product\/ferrari-f300-test-car-fiorano-feb-1998-michael-schumacher-einzelstueck-one-off-model\/\" class=\"woocommerce-LoopProduct-link\"><img loading=\"lazy\" decoding=\"async\" width=\"900\" height=\"544\" src=\"https:\/\/autoshow.at\/wp-content\/uploads\/2024\/03\/mg-ferrari-test-autoshow-lagernd-1-14-a.jpg\" class=\"woo-entry-image-main\" alt=\"Ferrari F300, Test car \u2013 Fiorano feb 1998, Michael Schumacher, Einzelst\u00fcck !  \/ ONE OFF MODEL !\" itemprop=\"image\" srcset=\"https:\/\/autoshow.at\/wp-content\/uploads\/2024\/03\/mg-ferrari-test-autoshow-lagernd-1-14-a.jpg 900w, https:\/\/autoshow.at\/wp-content\/uploads\/2024\/03\/mg-ferrari-test-autoshow-lagernd-1-14-a-300x181.jpg 300w, https:\/\/autoshow.at\/wp-content\/uploads\/2024\/03\/mg-ferrari-test-autoshow-lagernd-1-14-a-768x464.jpg 768w, https:\/\/autoshow.at\/wp-content\/uploads\/2024\/03\/mg-ferrari-test-autoshow-lagernd-1-14-a-18x12.jpg 18w, https:\/\/autoshow.at\/wp-content\/uploads\/2024\/03\/mg-ferrari-test-autoshow-lagernd-1-14-a-64x39.jpg 64w\" sizes=\"(max-width: 900px) 100vw, 900px\" \/><img loading=\"lazy\" decoding=\"async\" width=\"900\" height=\"413\" src=\"https:\/\/autoshow.at\/wp-content\/uploads\/2024\/03\/mg-ferrari-test-autoshow-lagernd-1-14-b.jpg\" class=\"woo-entry-image-secondary\" alt=\"Ferrari F300, Test car \u2013 Fiorano feb 1998, Michael Schumacher, Einzelst\u00fcck !  \/ ONE OFF MODEL !\" itemprop=\"image\" srcset=\"https:\/\/autoshow.at\/wp-content\/uploads\/2024\/03\/mg-ferrari-test-autoshow-lagernd-1-14-b.jpg 900w, https:\/\/autoshow.at\/wp-content\/uploads\/2024\/03\/mg-ferrari-test-autoshow-lagernd-1-14-b-300x138.jpg 300w, https:\/\/autoshow.at\/wp-content\/uploads\/2024\/03\/mg-ferrari-test-autoshow-lagernd-1-14-b-768x352.jpg 768w, https:\/\/autoshow.at\/wp-content\/uploads\/2024\/03\/mg-ferrari-test-autoshow-lagernd-1-14-b-18x8.jpg 18w, https:\/\/autoshow.at\/wp-content\/uploads\/2024\/03\/mg-ferrari-test-autoshow-lagernd-1-14-b-64x29.jpg 64w\" sizes=\"(max-width: 900px) 100vw, 900px\" \/><\/a><a href=\"#\" id=\"product_id_102864\" class=\"owp-quick-view\" data-product_id=\"102864\" aria-label=\"Quickly preview product Ferrari F300, Test car \u2013 Fiorano feb 1998, Michael Schumacher, Einzelst\u00fcck !  \/ ONE OFF MODEL !\"><i class=\"icon-eye\" aria-hidden=\"true\" role=\"img\"><\/i> Quick View<\/a>\t<\/div><!-- .woo-entry-image-swap -->\n\n\n\n\n\n\n\t<p class=\"wc-gzd-additional-info wc-gzd-additional-info-loop shipping-costs-info\">plus <a href=\"https:\/\/autoshow.at\/en\/versandarten\/\" target=\"_blank\">shipping<\/a><\/p>\n\n\n<ul class=\"woo-entry-inner clr\"><li class=\"image-wrap\">\n\t<div class=\"woo-entry-image-swap woo-entry-image clr\">\n\t\t<a href=\"https:\/\/autoshow.at\/en\/product\/ferrari-f300-test-car-fiorano-feb-1998-michael-schumacher-einzelstueck-one-off-model\/\" class=\"woocommerce-LoopProduct-link\"><img loading=\"lazy\" decoding=\"async\" width=\"900\" height=\"544\" src=\"https:\/\/autoshow.at\/wp-content\/uploads\/2024\/03\/mg-ferrari-test-autoshow-lagernd-1-14-a.jpg\" class=\"woo-entry-image-main\" alt=\"Ferrari F300, Test car \u2013 Fiorano feb 1998, Michael Schumacher, Einzelst\u00fcck !  \/ ONE OFF MODEL !\" itemprop=\"image\" srcset=\"https:\/\/autoshow.at\/wp-content\/uploads\/2024\/03\/mg-ferrari-test-autoshow-lagernd-1-14-a.jpg 900w, https:\/\/autoshow.at\/wp-content\/uploads\/2024\/03\/mg-ferrari-test-autoshow-lagernd-1-14-a-300x181.jpg 300w, https:\/\/autoshow.at\/wp-content\/uploads\/2024\/03\/mg-ferrari-test-autoshow-lagernd-1-14-a-768x464.jpg 768w, https:\/\/autoshow.at\/wp-content\/uploads\/2024\/03\/mg-ferrari-test-autoshow-lagernd-1-14-a-18x12.jpg 18w, https:\/\/autoshow.at\/wp-content\/uploads\/2024\/03\/mg-ferrari-test-autoshow-lagernd-1-14-a-64x39.jpg 64w\" sizes=\"(max-width: 900px) 100vw, 900px\" \/><img loading=\"lazy\" decoding=\"async\" width=\"900\" height=\"413\" src=\"https:\/\/autoshow.at\/wp-content\/uploads\/2024\/03\/mg-ferrari-test-autoshow-lagernd-1-14-b.jpg\" class=\"woo-entry-image-secondary\" alt=\"Ferrari F300, Test car \u2013 Fiorano feb 1998, Michael Schumacher, Einzelst\u00fcck !  \/ ONE OFF MODEL !\" itemprop=\"image\" srcset=\"https:\/\/autoshow.at\/wp-content\/uploads\/2024\/03\/mg-ferrari-test-autoshow-lagernd-1-14-b.jpg 900w, https:\/\/autoshow.at\/wp-content\/uploads\/2024\/03\/mg-ferrari-test-autoshow-lagernd-1-14-b-300x138.jpg 300w, https:\/\/autoshow.at\/wp-content\/uploads\/2024\/03\/mg-ferrari-test-autoshow-lagernd-1-14-b-768x352.jpg 768w, https:\/\/autoshow.at\/wp-content\/uploads\/2024\/03\/mg-ferrari-test-autoshow-lagernd-1-14-b-18x8.jpg 18w, https:\/\/autoshow.at\/wp-content\/uploads\/2024\/03\/mg-ferrari-test-autoshow-lagernd-1-14-b-64x29.jpg 64w\" sizes=\"(max-width: 900px) 100vw, 900px\" \/><\/a><a href=\"#\" id=\"product_id_102864\" class=\"owp-quick-view\" data-product_id=\"102864\" aria-label=\"Quickly preview product Ferrari F300, Test car \u2013 Fiorano feb 1998, Michael Schumacher, Einzelst\u00fcck !  \/ ONE OFF MODEL !\"><i class=\"icon-eye\" aria-hidden=\"true\" role=\"img\"><\/i> Quick View<\/a>\t<\/div><!-- .woo-entry-image-swap -->\n\n<\/li><li class=\"category\"><a href=\"https:\/\/autoshow.at\/en\/product-category\/112-scale-massstab-112\/\" rel=\"tag\">1:12 SCALE \/ Ma\u00dfstab 1:12<\/a><\/li><li class=\"title\"><h2><a href=\"https:\/\/autoshow.at\/en\/product\/ferrari-f300-test-car-fiorano-feb-1998-michael-schumacher-einzelstueck-one-off-model\/\">Ferrari F300, Test car \u2013 Fiorano feb 1998, Michael Schumacher, Einzelst\u00fcck !  \/ ONE OFF MODEL !<\/a><\/h2><\/li><li class=\"price-wrap\">\n\t<span class=\"price\"><span class=\"woocommerce-Price-amount amount\"><bdi>750,00&nbsp;<span class=\"woocommerce-Price-currencySymbol\">&euro;<\/span><\/bdi><\/span><\/span>\n<\/li><li class=\"wc-gzd\">\n\n\n\t<p class=\"wc-gzd-additional-info shipping-costs-info\">plus <a href=\"https:\/\/autoshow.at\/en\/versandarten\/\" target=\"_blank\">shipping<\/a><\/p>\n\n\n<\/li><li class=\"rating\"><\/li><li class=\"btn-wrap clr\"><a class=\"button\" href=\"https:\/\/autoshow.at\/en\/product\/ferrari-f300-test-car-fiorano-feb-1998-michael-schumacher-einzelstueck-one-off-model\/\" data-no-translation=\"\" data-trp-gettext=\"\">Show product<\/a>\t<span id=\"woocommerce_loop_add_to_cart_link_describedby_102864\" class=\"screen-reader-text\">\n\t\t\t<\/span>\n<\/li><\/ul><\/div><!-- .product-inner .clr --><\/li>\n<li class=\"entry has-media has-product-nav col span_1_of_3 owp-content-center owp-thumbs-layout-horizontal owp-btn-normal owp-tabs-layout-horizontal has-no-thumbnails product type-product post-102955 status-publish instock product_cat-abc-brianza-143 has-post-thumbnail product-type-simple\">\n\t<div class=\"product-inner clr\">\n\t<div class=\"woo-entry-image clr\">\n\t\t<a href=\"https:\/\/autoshow.at\/en\/product\/achtung-gerne-koennen-sie-auch-alle-neuen-abc-brianza-modelle-bei-mir-bestellen-bitte-anfragen-attention-you-are-also-welcome-to-order-all-new-abc-brianza-models-from-me-please-inquire\/\" class=\"woocommerce-LoopProduct-link\"><img loading=\"lazy\" decoding=\"async\" width=\"1500\" height=\"1006\" src=\"https:\/\/autoshow.at\/wp-content\/uploads\/2022\/09\/abc-new-autoshow-lagernd-1-43-0.jpg\" class=\"woo-entry-image-main\" alt=\"ACHTUNG: gerne k\u00f6nnen Sie auch ALLE neuen ABC Brianza Modelle bei mir bestellen &#8211; bitte anfragen \/ ATTENTION: you are also welcome to order ALL new ABC Brianza models from me &#8211; please inquire\" itemprop=\"image\" srcset=\"https:\/\/autoshow.at\/wp-content\/uploads\/2022\/09\/abc-new-autoshow-lagernd-1-43-0.jpg 1500w, https:\/\/autoshow.at\/wp-content\/uploads\/2022\/09\/abc-new-autoshow-lagernd-1-43-0-300x201.jpg 300w, https:\/\/autoshow.at\/wp-content\/uploads\/2022\/09\/abc-new-autoshow-lagernd-1-43-0-1024x687.jpg 1024w, https:\/\/autoshow.at\/wp-content\/uploads\/2022\/09\/abc-new-autoshow-lagernd-1-43-0-768x515.jpg 768w, https:\/\/autoshow.at\/wp-content\/uploads\/2022\/09\/abc-new-autoshow-lagernd-1-43-0-18x12.jpg 18w, https:\/\/autoshow.at\/wp-content\/uploads\/2022\/09\/abc-new-autoshow-lagernd-1-43-0-64x43.jpg 64w\" sizes=\"(max-width: 1500px) 100vw, 1500px\" \/><\/a><a href=\"#\" id=\"product_id_102955\" class=\"owp-quick-view\" data-product_id=\"102955\" aria-label=\"Quickly preview product ACHTUNG: gerne k\u00f6nnen Sie auch ALLE neuen ABC Brianza Modelle bei mir bestellen - bitte anfragen \/ ATTENTION: you are also welcome to order ALL new ABC Brianza models from me - please inquire\"><i class=\"icon-eye\" aria-hidden=\"true\" role=\"img\"><\/i> Quick View<\/a>\t<\/div><!-- .woo-entry-image -->\n\n\n\n\n\n\n\n\n<ul class=\"woo-entry-inner clr\"><li class=\"image-wrap\">\n\t<div class=\"woo-entry-image clr\">\n\t\t<a href=\"https:\/\/autoshow.at\/en\/product\/achtung-gerne-koennen-sie-auch-alle-neuen-abc-brianza-modelle-bei-mir-bestellen-bitte-anfragen-attention-you-are-also-welcome-to-order-all-new-abc-brianza-models-from-me-please-inquire\/\" class=\"woocommerce-LoopProduct-link\"><img loading=\"lazy\" decoding=\"async\" width=\"1500\" height=\"1006\" src=\"https:\/\/autoshow.at\/wp-content\/uploads\/2022\/09\/abc-new-autoshow-lagernd-1-43-0.jpg\" class=\"woo-entry-image-main\" alt=\"ACHTUNG: gerne k\u00f6nnen Sie auch ALLE neuen ABC Brianza Modelle bei mir bestellen &#8211; bitte anfragen \/ ATTENTION: you are also welcome to order ALL new ABC Brianza models from me &#8211; please inquire\" itemprop=\"image\" srcset=\"https:\/\/autoshow.at\/wp-content\/uploads\/2022\/09\/abc-new-autoshow-lagernd-1-43-0.jpg 1500w, https:\/\/autoshow.at\/wp-content\/uploads\/2022\/09\/abc-new-autoshow-lagernd-1-43-0-300x201.jpg 300w, https:\/\/autoshow.at\/wp-content\/uploads\/2022\/09\/abc-new-autoshow-lagernd-1-43-0-1024x687.jpg 1024w, https:\/\/autoshow.at\/wp-content\/uploads\/2022\/09\/abc-new-autoshow-lagernd-1-43-0-768x515.jpg 768w, https:\/\/autoshow.at\/wp-content\/uploads\/2022\/09\/abc-new-autoshow-lagernd-1-43-0-18x12.jpg 18w, https:\/\/autoshow.at\/wp-content\/uploads\/2022\/09\/abc-new-autoshow-lagernd-1-43-0-64x43.jpg 64w\" sizes=\"(max-width: 1500px) 100vw, 1500px\" \/><\/a><a href=\"#\" id=\"product_id_102955\" class=\"owp-quick-view\" data-product_id=\"102955\" aria-label=\"Quickly preview product ACHTUNG: gerne k\u00f6nnen Sie auch ALLE neuen ABC Brianza Modelle bei mir bestellen - bitte anfragen \/ ATTENTION: you are also welcome to order ALL new ABC Brianza models from me - please inquire\"><i class=\"icon-eye\" aria-hidden=\"true\" role=\"img\"><\/i> Quick View<\/a>\t<\/div><!-- .woo-entry-image -->\n\n<\/li><li class=\"category\"><a href=\"https:\/\/autoshow.at\/en\/product-category\/abc-brianza-143\/\" rel=\"tag\">ABC Brianza 1:43<\/a><\/li><li class=\"title\"><h2><a href=\"https:\/\/autoshow.at\/en\/product\/achtung-gerne-koennen-sie-auch-alle-neuen-abc-brianza-modelle-bei-mir-bestellen-bitte-anfragen-attention-you-are-also-welcome-to-order-all-new-abc-brianza-models-from-me-please-inquire\/\">ACHTUNG: gerne k\u00f6nnen Sie auch ALLE neuen ABC Brianza Modelle bei mir bestellen &#8211; bitte anfragen \/ ATTENTION: you are also welcome to order ALL new ABC Brianza models from me &#8211; please inquire<\/a><\/h2><\/li><li class=\"price-wrap\">\n<\/li><li class=\"wc-gzd\">\n\n\n\n\n<\/li><li class=\"rating\"><\/li><li class=\"btn-wrap clr\"><a class=\"button\" href=\"https:\/\/autoshow.at\/en\/product\/achtung-gerne-koennen-sie-auch-alle-neuen-abc-brianza-modelle-bei-mir-bestellen-bitte-anfragen-attention-you-are-also-welcome-to-order-all-new-abc-brianza-models-from-me-please-inquire\/\" data-no-translation=\"\" data-trp-gettext=\"\">Show product<\/a>\t<span id=\"woocommerce_loop_add_to_cart_link_describedby_102955\" class=\"screen-reader-text\">\n\t\t\t<\/span>\n<\/li><\/ul><\/div><!-- .product-inner .clr --><\/li>\n<li class=\"entry has-media has-product-nav col span_1_of_3 owp-content-center owp-thumbs-layout-horizontal owp-btn-normal owp-tabs-layout-horizontal product type-product post-102959 status-publish last instock product_cat-114-scale-massstab-114 has-post-thumbnail purchasable product-type-simple\">\n\t<div class=\"product-inner clr\">\n\t<div class=\"woo-entry-image-swap woo-entry-image clr\">\n\t\t<a href=\"https:\/\/autoshow.at\/en\/product\/lancia-delta-16v-martini-1-sieger-winner-rallye-san-remo-1989-biasion-siviero-1\/\" class=\"woocommerce-LoopProduct-link\"><img loading=\"lazy\" decoding=\"async\" width=\"1137\" height=\"637\" src=\"https:\/\/autoshow.at\/wp-content\/uploads\/2022\/11\/abc-1401-lancia-delta-autoshow-lagernd-1-43-fs.jpg\" class=\"woo-entry-image-main\" alt=\"Lancia Delta 16V &#8222;Martini&#8220;, 1\u00b0 Sieger \/ winner Rallye San Remo 1989, Biasion, Siviero, # 1\" itemprop=\"image\" srcset=\"https:\/\/autoshow.at\/wp-content\/uploads\/2022\/11\/abc-1401-lancia-delta-autoshow-lagernd-1-43-fs.jpg 1137w, https:\/\/autoshow.at\/wp-content\/uploads\/2022\/11\/abc-1401-lancia-delta-autoshow-lagernd-1-43-fs-300x168.jpg 300w, https:\/\/autoshow.at\/wp-content\/uploads\/2022\/11\/abc-1401-lancia-delta-autoshow-lagernd-1-43-fs-1024x574.jpg 1024w, https:\/\/autoshow.at\/wp-content\/uploads\/2022\/11\/abc-1401-lancia-delta-autoshow-lagernd-1-43-fs-768x430.jpg 768w, https:\/\/autoshow.at\/wp-content\/uploads\/2022\/11\/abc-1401-lancia-delta-autoshow-lagernd-1-43-fs-18x10.jpg 18w, https:\/\/autoshow.at\/wp-content\/uploads\/2022\/11\/abc-1401-lancia-delta-autoshow-lagernd-1-43-fs-64x36.jpg 64w\" sizes=\"(max-width: 1137px) 100vw, 1137px\" \/><img loading=\"lazy\" decoding=\"async\" width=\"1291\" height=\"757\" src=\"https:\/\/autoshow.at\/wp-content\/uploads\/2022\/11\/abc-1401-lancia-delta-autoshow-lagernd-1-43-f.jpg\" class=\"woo-entry-image-secondary\" alt=\"Lancia Delta 16V &#8222;Martini&#8220;, 1\u00b0 Sieger \/ winner Rallye San Remo 1989, Biasion, Siviero, # 1\" itemprop=\"image\" srcset=\"https:\/\/autoshow.at\/wp-content\/uploads\/2022\/11\/abc-1401-lancia-delta-autoshow-lagernd-1-43-f.jpg 1291w, https:\/\/autoshow.at\/wp-content\/uploads\/2022\/11\/abc-1401-lancia-delta-autoshow-lagernd-1-43-f-300x176.jpg 300w, https:\/\/autoshow.at\/wp-content\/uploads\/2022\/11\/abc-1401-lancia-delta-autoshow-lagernd-1-43-f-1024x600.jpg 1024w, https:\/\/autoshow.at\/wp-content\/uploads\/2022\/11\/abc-1401-lancia-delta-autoshow-lagernd-1-43-f-768x450.jpg 768w, https:\/\/autoshow.at\/wp-content\/uploads\/2022\/11\/abc-1401-lancia-delta-autoshow-lagernd-1-43-f-18x12.jpg 18w, https:\/\/autoshow.at\/wp-content\/uploads\/2022\/11\/abc-1401-lancia-delta-autoshow-lagernd-1-43-f-64x38.jpg 64w\" sizes=\"(max-width: 1291px) 100vw, 1291px\" \/><\/a><a href=\"#\" id=\"product_id_102959\" class=\"owp-quick-view\" data-product_id=\"102959\" aria-label=\"Quickly preview product Lancia Delta 16V \"martini\", 1\u00b0 sieger><i class=\"icon-eye\" aria-hidden=\"true\" role=\"img\"><\/i> Quick View<\/a>\t<\/div><!-- .woo-entry-image-swap -->\n\n\n\n\n\n\n\t<p class=\"wc-gzd-additional-info wc-gzd-additional-info-loop shipping-costs-info\">plus <a href=\"https:\/\/autoshow.at\/en\/versandarten\/\" target=\"_blank\">shipping<\/a><\/p>\n\n\n<ul class=\"woo-entry-inner clr\"><li class=\"image-wrap\">\n\t<div class=\"woo-entry-image-swap woo-entry-image clr\">\n\t\t<a href=\"https:\/\/autoshow.at\/en\/product\/lancia-delta-16v-martini-1-sieger-winner-rallye-san-remo-1989-biasion-siviero-1\/\" class=\"woocommerce-LoopProduct-link\"><img loading=\"lazy\" decoding=\"async\" width=\"1137\" height=\"637\" src=\"https:\/\/autoshow.at\/wp-content\/uploads\/2022\/11\/abc-1401-lancia-delta-autoshow-lagernd-1-43-fs.jpg\" class=\"woo-entry-image-main\" alt=\"Lancia Delta 16V &#8222;Martini&#8220;, 1\u00b0 Sieger \/ winner Rallye San Remo 1989, Biasion, Siviero, # 1\" itemprop=\"image\" srcset=\"https:\/\/autoshow.at\/wp-content\/uploads\/2022\/11\/abc-1401-lancia-delta-autoshow-lagernd-1-43-fs.jpg 1137w, https:\/\/autoshow.at\/wp-content\/uploads\/2022\/11\/abc-1401-lancia-delta-autoshow-lagernd-1-43-fs-300x168.jpg 300w, https:\/\/autoshow.at\/wp-content\/uploads\/2022\/11\/abc-1401-lancia-delta-autoshow-lagernd-1-43-fs-1024x574.jpg 1024w, https:\/\/autoshow.at\/wp-content\/uploads\/2022\/11\/abc-1401-lancia-delta-autoshow-lagernd-1-43-fs-768x430.jpg 768w, https:\/\/autoshow.at\/wp-content\/uploads\/2022\/11\/abc-1401-lancia-delta-autoshow-lagernd-1-43-fs-18x10.jpg 18w, https:\/\/autoshow.at\/wp-content\/uploads\/2022\/11\/abc-1401-lancia-delta-autoshow-lagernd-1-43-fs-64x36.jpg 64w\" sizes=\"(max-width: 1137px) 100vw, 1137px\" \/><img loading=\"lazy\" decoding=\"async\" width=\"1291\" height=\"757\" src=\"https:\/\/autoshow.at\/wp-content\/uploads\/2022\/11\/abc-1401-lancia-delta-autoshow-lagernd-1-43-f.jpg\" class=\"woo-entry-image-secondary\" alt=\"Lancia Delta 16V &#8222;Martini&#8220;, 1\u00b0 Sieger \/ winner Rallye San Remo 1989, Biasion, Siviero, # 1\" itemprop=\"image\" srcset=\"https:\/\/autoshow.at\/wp-content\/uploads\/2022\/11\/abc-1401-lancia-delta-autoshow-lagernd-1-43-f.jpg 1291w, https:\/\/autoshow.at\/wp-content\/uploads\/2022\/11\/abc-1401-lancia-delta-autoshow-lagernd-1-43-f-300x176.jpg 300w, https:\/\/autoshow.at\/wp-content\/uploads\/2022\/11\/abc-1401-lancia-delta-autoshow-lagernd-1-43-f-1024x600.jpg 1024w, https:\/\/autoshow.at\/wp-content\/uploads\/2022\/11\/abc-1401-lancia-delta-autoshow-lagernd-1-43-f-768x450.jpg 768w, https:\/\/autoshow.at\/wp-content\/uploads\/2022\/11\/abc-1401-lancia-delta-autoshow-lagernd-1-43-f-18x12.jpg 18w, https:\/\/autoshow.at\/wp-content\/uploads\/2022\/11\/abc-1401-lancia-delta-autoshow-lagernd-1-43-f-64x38.jpg 64w\" sizes=\"(max-width: 1291px) 100vw, 1291px\" \/><\/a><a href=\"#\" id=\"product_id_102959\" class=\"owp-quick-view\" data-product_id=\"102959\" aria-label=\"Quickly preview product Lancia Delta 16V \"martini\", 1\u00b0 sieger><i class=\"icon-eye\" aria-hidden=\"true\" role=\"img\"><\/i> Quick View<\/a>\t<\/div><!-- .woo-entry-image-swap -->\n\n<\/li><li class=\"category\"><a href=\"https:\/\/autoshow.at\/en\/product-category\/114-scale-massstab-114\/\" rel=\"tag\">1:14 SCALE \/ Ma\u00dfstab 1:14<\/a><\/li><li class=\"title\"><h2><a href=\"https:\/\/autoshow.at\/en\/product\/lancia-delta-16v-martini-1-sieger-winner-rallye-san-remo-1989-biasion-siviero-1\/\">Lancia Delta 16V &#8222;Martini&#8220;, 1\u00b0 Sieger \/ winner Rallye San Remo 1989, Biasion, Siviero, # 1<\/a><\/h2><\/li><li class=\"price-wrap\">\n\t<span class=\"price\"><span class=\"woocommerce-Price-amount amount\"><bdi>349,00&nbsp;<span class=\"woocommerce-Price-currencySymbol\">&euro;<\/span><\/bdi><\/span><\/span>\n<\/li><li class=\"wc-gzd\">\n\n\n\t<p class=\"wc-gzd-additional-info shipping-costs-info\">plus <a href=\"https:\/\/autoshow.at\/en\/versandarten\/\" target=\"_blank\">shipping<\/a><\/p>\n\n\n<\/li><li class=\"rating\"><\/li><li class=\"btn-wrap clr\"><a class=\"button\" href=\"https:\/\/autoshow.at\/en\/product\/lancia-delta-16v-martini-1-sieger-winner-rallye-san-remo-1989-biasion-siviero-1\/\" data-no-translation=\"\" data-trp-gettext=\"\">Show product<\/a>\t<span id=\"woocommerce_loop_add_to_cart_link_describedby_102959\" class=\"screen-reader-text\">\n\t\t\t<\/span>\n<\/li><\/ul><\/div><!-- .product-inner .clr --><\/li>\n<li class=\"entry has-media has-product-nav col span_1_of_3 owp-content-center owp-thumbs-layout-horizontal owp-btn-normal owp-tabs-layout-horizontal product type-product post-104859 status-publish first instock product_cat-abc-brianza-143 has-post-thumbnail purchasable product-type-simple\">\n\t<div class=\"product-inner clr\">\n\t<div class=\"woo-entry-image-swap woo-entry-image clr\">\n\t\t<a href=\"https:\/\/autoshow.at\/en\/product\/ferrari-348-barchetta-competizione-chassis-84778-1992-rot-red\/\" class=\"woocommerce-LoopProduct-link\"><img loading=\"lazy\" decoding=\"async\" width=\"1200\" height=\"900\" src=\"https:\/\/autoshow.at\/wp-content\/uploads\/2025\/12\/abc-224-ferrari-348-barchetta-autoshow-lagernd-1-43-1.jpg\" class=\"woo-entry-image-main\" alt=\"Ferrari 348 Barchetta Competizione, chassis 84778, 1992, rot \/ red\" itemprop=\"image\" srcset=\"https:\/\/autoshow.at\/wp-content\/uploads\/2025\/12\/abc-224-ferrari-348-barchetta-autoshow-lagernd-1-43-1.jpg 1200w, https:\/\/autoshow.at\/wp-content\/uploads\/2025\/12\/abc-224-ferrari-348-barchetta-autoshow-lagernd-1-43-1-300x225.jpg 300w, https:\/\/autoshow.at\/wp-content\/uploads\/2025\/12\/abc-224-ferrari-348-barchetta-autoshow-lagernd-1-43-1-1024x768.jpg 1024w, https:\/\/autoshow.at\/wp-content\/uploads\/2025\/12\/abc-224-ferrari-348-barchetta-autoshow-lagernd-1-43-1-768x576.jpg 768w, https:\/\/autoshow.at\/wp-content\/uploads\/2025\/12\/abc-224-ferrari-348-barchetta-autoshow-lagernd-1-43-1-16x12.jpg 16w, https:\/\/autoshow.at\/wp-content\/uploads\/2025\/12\/abc-224-ferrari-348-barchetta-autoshow-lagernd-1-43-1-64x48.jpg 64w\" sizes=\"(max-width: 1200px) 100vw, 1200px\" \/><img loading=\"lazy\" decoding=\"async\" width=\"1200\" height=\"900\" src=\"https:\/\/autoshow.at\/wp-content\/uploads\/2025\/12\/abc-224-ferrari-348-barchetta-autoshow-lagernd-1-43-2.jpg\" class=\"woo-entry-image-secondary\" alt=\"Ferrari 348 Barchetta Competizione, chassis 84778, 1992, rot \/ red\" itemprop=\"image\" srcset=\"https:\/\/autoshow.at\/wp-content\/uploads\/2025\/12\/abc-224-ferrari-348-barchetta-autoshow-lagernd-1-43-2.jpg 1200w, https:\/\/autoshow.at\/wp-content\/uploads\/2025\/12\/abc-224-ferrari-348-barchetta-autoshow-lagernd-1-43-2-300x225.jpg 300w, https:\/\/autoshow.at\/wp-content\/uploads\/2025\/12\/abc-224-ferrari-348-barchetta-autoshow-lagernd-1-43-2-1024x768.jpg 1024w, https:\/\/autoshow.at\/wp-content\/uploads\/2025\/12\/abc-224-ferrari-348-barchetta-autoshow-lagernd-1-43-2-768x576.jpg 768w, https:\/\/autoshow.at\/wp-content\/uploads\/2025\/12\/abc-224-ferrari-348-barchetta-autoshow-lagernd-1-43-2-16x12.jpg 16w, https:\/\/autoshow.at\/wp-content\/uploads\/2025\/12\/abc-224-ferrari-348-barchetta-autoshow-lagernd-1-43-2-64x48.jpg 64w\" sizes=\"(max-width: 1200px) 100vw, 1200px\" \/><\/a><a href=\"#\" id=\"product_id_104859\" class=\"owp-quick-view\" data-product_id=\"104859\" aria-label=\"Quickly preview product Ferrari 348 Barchetta Competizione, chassis 84778, 1992, rot \/ red\"><i class=\"icon-eye\" aria-hidden=\"true\" role=\"img\"><\/i> Quick View<\/a>\t<\/div><!-- .woo-entry-image-swap -->\n\n\n\n\n\n\n\t<p class=\"wc-gzd-additional-info wc-gzd-additional-info-loop shipping-costs-info\">plus <a href=\"https:\/\/autoshow.at\/en\/versandarten\/\" target=\"_blank\">shipping<\/a><\/p>\n\n\n<ul class=\"woo-entry-inner clr\"><li class=\"image-wrap\">\n\t<div class=\"woo-entry-image-swap woo-entry-image clr\">\n\t\t<a href=\"https:\/\/autoshow.at\/en\/product\/ferrari-348-barchetta-competizione-chassis-84778-1992-rot-red\/\" class=\"woocommerce-LoopProduct-link\"><img loading=\"lazy\" decoding=\"async\" width=\"1200\" height=\"900\" src=\"https:\/\/autoshow.at\/wp-content\/uploads\/2025\/12\/abc-224-ferrari-348-barchetta-autoshow-lagernd-1-43-1.jpg\" class=\"woo-entry-image-main\" alt=\"Ferrari 348 Barchetta Competizione, chassis 84778, 1992, rot \/ red\" itemprop=\"image\" srcset=\"https:\/\/autoshow.at\/wp-content\/uploads\/2025\/12\/abc-224-ferrari-348-barchetta-autoshow-lagernd-1-43-1.jpg 1200w, https:\/\/autoshow.at\/wp-content\/uploads\/2025\/12\/abc-224-ferrari-348-barchetta-autoshow-lagernd-1-43-1-300x225.jpg 300w, https:\/\/autoshow.at\/wp-content\/uploads\/2025\/12\/abc-224-ferrari-348-barchetta-autoshow-lagernd-1-43-1-1024x768.jpg 1024w, https:\/\/autoshow.at\/wp-content\/uploads\/2025\/12\/abc-224-ferrari-348-barchetta-autoshow-lagernd-1-43-1-768x576.jpg 768w, https:\/\/autoshow.at\/wp-content\/uploads\/2025\/12\/abc-224-ferrari-348-barchetta-autoshow-lagernd-1-43-1-16x12.jpg 16w, https:\/\/autoshow.at\/wp-content\/uploads\/2025\/12\/abc-224-ferrari-348-barchetta-autoshow-lagernd-1-43-1-64x48.jpg 64w\" sizes=\"(max-width: 1200px) 100vw, 1200px\" \/><img loading=\"lazy\" decoding=\"async\" width=\"1200\" height=\"900\" src=\"https:\/\/autoshow.at\/wp-content\/uploads\/2025\/12\/abc-224-ferrari-348-barchetta-autoshow-lagernd-1-43-2.jpg\" class=\"woo-entry-image-secondary\" alt=\"Ferrari 348 Barchetta Competizione, chassis 84778, 1992, rot \/ red\" itemprop=\"image\" srcset=\"https:\/\/autoshow.at\/wp-content\/uploads\/2025\/12\/abc-224-ferrari-348-barchetta-autoshow-lagernd-1-43-2.jpg 1200w, https:\/\/autoshow.at\/wp-content\/uploads\/2025\/12\/abc-224-ferrari-348-barchetta-autoshow-lagernd-1-43-2-300x225.jpg 300w, https:\/\/autoshow.at\/wp-content\/uploads\/2025\/12\/abc-224-ferrari-348-barchetta-autoshow-lagernd-1-43-2-1024x768.jpg 1024w, https:\/\/autoshow.at\/wp-content\/uploads\/2025\/12\/abc-224-ferrari-348-barchetta-autoshow-lagernd-1-43-2-768x576.jpg 768w, https:\/\/autoshow.at\/wp-content\/uploads\/2025\/12\/abc-224-ferrari-348-barchetta-autoshow-lagernd-1-43-2-16x12.jpg 16w, https:\/\/autoshow.at\/wp-content\/uploads\/2025\/12\/abc-224-ferrari-348-barchetta-autoshow-lagernd-1-43-2-64x48.jpg 64w\" sizes=\"(max-width: 1200px) 100vw, 1200px\" \/><\/a><a href=\"#\" id=\"product_id_104859\" class=\"owp-quick-view\" data-product_id=\"104859\" aria-label=\"Quickly preview product Ferrari 348 Barchetta Competizione, chassis 84778, 1992, rot \/ red\"><i class=\"icon-eye\" aria-hidden=\"true\" role=\"img\"><\/i> Quick View<\/a>\t<\/div><!-- .woo-entry-image-swap -->\n\n<\/li><li class=\"category\"><a href=\"https:\/\/autoshow.at\/en\/product-category\/abc-brianza-143\/\" rel=\"tag\">ABC Brianza 1:43<\/a><\/li><li class=\"title\"><h2><a href=\"https:\/\/autoshow.at\/en\/product\/ferrari-348-barchetta-competizione-chassis-84778-1992-rot-red\/\">Ferrari 348 Barchetta Competizione, chassis 84778, 1992, rot \/ red<\/a><\/h2><\/li><li class=\"price-wrap\">\n\t<span class=\"price\"><span class=\"woocommerce-Price-amount amount\"><bdi>179,00&nbsp;<span class=\"woocommerce-Price-currencySymbol\">&euro;<\/span><\/bdi><\/span><\/span>\n<\/li><li class=\"wc-gzd\">\n\n\n\t<p class=\"wc-gzd-additional-info shipping-costs-info\">plus <a href=\"https:\/\/autoshow.at\/en\/versandarten\/\" target=\"_blank\">shipping<\/a><\/p>\n\n\n<\/li><li class=\"rating\"><\/li><li class=\"btn-wrap clr\"><a class=\"button\" href=\"https:\/\/autoshow.at\/en\/product\/ferrari-348-barchetta-competizione-chassis-84778-1992-rot-red\/\" data-no-translation=\"\" data-trp-gettext=\"\">Show product<\/a>\t<span id=\"woocommerce_loop_add_to_cart_link_describedby_104859\" class=\"screen-reader-text\">\n\t\t\t<\/span>\n<\/li><\/ul><\/div><!-- .product-inner .clr --><\/li>\n<li class=\"entry has-media has-product-nav col span_1_of_3 owp-content-center owp-thumbs-layout-horizontal owp-btn-normal owp-tabs-layout-horizontal product type-product post-104962 status-publish instock product_cat-abc-brianza-143 has-post-thumbnail purchasable product-type-simple\">\n\t<div class=\"product-inner clr\">\n\t<div class=\"woo-entry-image-swap woo-entry-image clr\">\n\t\t<a href=\"https:\/\/autoshow.at\/en\/product\/ferrari-365gt4-22-special-t-bar-roof-by-studio-fly-modena-1976\/\" class=\"woocommerce-LoopProduct-link\"><img loading=\"lazy\" decoding=\"async\" width=\"1200\" height=\"900\" src=\"https:\/\/autoshow.at\/wp-content\/uploads\/2026\/02\/abc-115-ferrari-365gt4-fly-autoshow-lagernd-1-43-1.jpg\" class=\"woo-entry-image-main\" alt=\"Ferrari 365GT4 2+2, special T-bar roof by Studio Fly, Modena, 1976\" itemprop=\"image\" srcset=\"https:\/\/autoshow.at\/wp-content\/uploads\/2026\/02\/abc-115-ferrari-365gt4-fly-autoshow-lagernd-1-43-1.jpg 1200w, https:\/\/autoshow.at\/wp-content\/uploads\/2026\/02\/abc-115-ferrari-365gt4-fly-autoshow-lagernd-1-43-1-300x225.jpg 300w, https:\/\/autoshow.at\/wp-content\/uploads\/2026\/02\/abc-115-ferrari-365gt4-fly-autoshow-lagernd-1-43-1-1024x768.jpg 1024w, https:\/\/autoshow.at\/wp-content\/uploads\/2026\/02\/abc-115-ferrari-365gt4-fly-autoshow-lagernd-1-43-1-768x576.jpg 768w, https:\/\/autoshow.at\/wp-content\/uploads\/2026\/02\/abc-115-ferrari-365gt4-fly-autoshow-lagernd-1-43-1-16x12.jpg 16w, https:\/\/autoshow.at\/wp-content\/uploads\/2026\/02\/abc-115-ferrari-365gt4-fly-autoshow-lagernd-1-43-1-64x48.jpg 64w\" sizes=\"(max-width: 1200px) 100vw, 1200px\" \/><img loading=\"lazy\" decoding=\"async\" width=\"1200\" height=\"900\" src=\"https:\/\/autoshow.at\/wp-content\/uploads\/2026\/02\/abc-115-ferrari-365gt4-fly-autoshow-lagernd-1-43-2.jpg\" class=\"woo-entry-image-secondary\" alt=\"Ferrari 365GT4 2+2, special T-bar roof by Studio Fly, Modena, 1976\" itemprop=\"image\" srcset=\"https:\/\/autoshow.at\/wp-content\/uploads\/2026\/02\/abc-115-ferrari-365gt4-fly-autoshow-lagernd-1-43-2.jpg 1200w, https:\/\/autoshow.at\/wp-content\/uploads\/2026\/02\/abc-115-ferrari-365gt4-fly-autoshow-lagernd-1-43-2-300x225.jpg 300w, https:\/\/autoshow.at\/wp-content\/uploads\/2026\/02\/abc-115-ferrari-365gt4-fly-autoshow-lagernd-1-43-2-1024x768.jpg 1024w, https:\/\/autoshow.at\/wp-content\/uploads\/2026\/02\/abc-115-ferrari-365gt4-fly-autoshow-lagernd-1-43-2-768x576.jpg 768w, https:\/\/autoshow.at\/wp-content\/uploads\/2026\/02\/abc-115-ferrari-365gt4-fly-autoshow-lagernd-1-43-2-16x12.jpg 16w, https:\/\/autoshow.at\/wp-content\/uploads\/2026\/02\/abc-115-ferrari-365gt4-fly-autoshow-lagernd-1-43-2-64x48.jpg 64w\" sizes=\"(max-width: 1200px) 100vw, 1200px\" \/><\/a><a href=\"#\" id=\"product_id_104962\" class=\"owp-quick-view\" data-product_id=\"104962\" aria-label=\"Quickly preview product Ferrari 365GT4 2+2, special T-bar roof by Studio Fly, Modena, 1976\"><i class=\"icon-eye\" aria-hidden=\"true\" role=\"img\"><\/i> Quick View<\/a>\t<\/div><!-- .woo-entry-image-swap -->\n\n\n\n\n\n\n\t<p class=\"wc-gzd-additional-info wc-gzd-additional-info-loop shipping-costs-info\">plus <a href=\"https:\/\/autoshow.at\/en\/versandarten\/\" target=\"_blank\">shipping<\/a><\/p>\n\n\n<ul class=\"woo-entry-inner clr\"><li class=\"image-wrap\">\n\t<div class=\"woo-entry-image-swap woo-entry-image clr\">\n\t\t<a href=\"https:\/\/autoshow.at\/en\/product\/ferrari-365gt4-22-special-t-bar-roof-by-studio-fly-modena-1976\/\" class=\"woocommerce-LoopProduct-link\"><img loading=\"lazy\" decoding=\"async\" width=\"1200\" height=\"900\" src=\"https:\/\/autoshow.at\/wp-content\/uploads\/2026\/02\/abc-115-ferrari-365gt4-fly-autoshow-lagernd-1-43-1.jpg\" class=\"woo-entry-image-main\" alt=\"Ferrari 365GT4 2+2, special T-bar roof by Studio Fly, Modena, 1976\" itemprop=\"image\" srcset=\"https:\/\/autoshow.at\/wp-content\/uploads\/2026\/02\/abc-115-ferrari-365gt4-fly-autoshow-lagernd-1-43-1.jpg 1200w, https:\/\/autoshow.at\/wp-content\/uploads\/2026\/02\/abc-115-ferrari-365gt4-fly-autoshow-lagernd-1-43-1-300x225.jpg 300w, https:\/\/autoshow.at\/wp-content\/uploads\/2026\/02\/abc-115-ferrari-365gt4-fly-autoshow-lagernd-1-43-1-1024x768.jpg 1024w, https:\/\/autoshow.at\/wp-content\/uploads\/2026\/02\/abc-115-ferrari-365gt4-fly-autoshow-lagernd-1-43-1-768x576.jpg 768w, https:\/\/autoshow.at\/wp-content\/uploads\/2026\/02\/abc-115-ferrari-365gt4-fly-autoshow-lagernd-1-43-1-16x12.jpg 16w, https:\/\/autoshow.at\/wp-content\/uploads\/2026\/02\/abc-115-ferrari-365gt4-fly-autoshow-lagernd-1-43-1-64x48.jpg 64w\" sizes=\"(max-width: 1200px) 100vw, 1200px\" \/><img loading=\"lazy\" decoding=\"async\" width=\"1200\" height=\"900\" src=\"https:\/\/autoshow.at\/wp-content\/uploads\/2026\/02\/abc-115-ferrari-365gt4-fly-autoshow-lagernd-1-43-2.jpg\" class=\"woo-entry-image-secondary\" alt=\"Ferrari 365GT4 2+2, special T-bar roof by Studio Fly, Modena, 1976\" itemprop=\"image\" srcset=\"https:\/\/autoshow.at\/wp-content\/uploads\/2026\/02\/abc-115-ferrari-365gt4-fly-autoshow-lagernd-1-43-2.jpg 1200w, https:\/\/autoshow.at\/wp-content\/uploads\/2026\/02\/abc-115-ferrari-365gt4-fly-autoshow-lagernd-1-43-2-300x225.jpg 300w, https:\/\/autoshow.at\/wp-content\/uploads\/2026\/02\/abc-115-ferrari-365gt4-fly-autoshow-lagernd-1-43-2-1024x768.jpg 1024w, https:\/\/autoshow.at\/wp-content\/uploads\/2026\/02\/abc-115-ferrari-365gt4-fly-autoshow-lagernd-1-43-2-768x576.jpg 768w, https:\/\/autoshow.at\/wp-content\/uploads\/2026\/02\/abc-115-ferrari-365gt4-fly-autoshow-lagernd-1-43-2-16x12.jpg 16w, https:\/\/autoshow.at\/wp-content\/uploads\/2026\/02\/abc-115-ferrari-365gt4-fly-autoshow-lagernd-1-43-2-64x48.jpg 64w\" sizes=\"(max-width: 1200px) 100vw, 1200px\" \/><\/a><a href=\"#\" id=\"product_id_104962\" class=\"owp-quick-view\" data-product_id=\"104962\" aria-label=\"Quickly preview product Ferrari 365GT4 2+2, special T-bar roof by Studio Fly, Modena, 1976\"><i class=\"icon-eye\" aria-hidden=\"true\" role=\"img\"><\/i> Quick View<\/a>\t<\/div><!-- .woo-entry-image-swap -->\n\n<\/li><li class=\"category\"><a href=\"https:\/\/autoshow.at\/en\/product-category\/abc-brianza-143\/\" rel=\"tag\">ABC Brianza 1:43<\/a><\/li><li class=\"title\"><h2><a href=\"https:\/\/autoshow.at\/en\/product\/ferrari-365gt4-22-special-t-bar-roof-by-studio-fly-modena-1976\/\">Ferrari 365GT4 2+2, special T-bar roof by Studio Fly, Modena, 1976<\/a><\/h2><\/li><li class=\"price-wrap\">\n\t<span class=\"price\"><span class=\"woocommerce-Price-amount amount\"><bdi>179,00&nbsp;<span class=\"woocommerce-Price-currencySymbol\">&euro;<\/span><\/bdi><\/span><\/span>\n<\/li><li class=\"wc-gzd\">\n\n\n\t<p class=\"wc-gzd-additional-info shipping-costs-info\">plus <a href=\"https:\/\/autoshow.at\/en\/versandarten\/\" target=\"_blank\">shipping<\/a><\/p>\n\n\n<\/li><li class=\"rating\"><\/li><li class=\"btn-wrap clr\"><a class=\"button\" href=\"https:\/\/autoshow.at\/en\/product\/ferrari-365gt4-22-special-t-bar-roof-by-studio-fly-modena-1976\/\" data-no-translation=\"\" data-trp-gettext=\"\">Show product<\/a>\t<span id=\"woocommerce_loop_add_to_cart_link_describedby_104962\" class=\"screen-reader-text\">\n\t\t\t<\/span>\n<\/li><\/ul><\/div><!-- .product-inner .clr --><\/li>\n<li class=\"entry has-media has-product-nav col span_1_of_3 owp-content-center owp-thumbs-layout-horizontal owp-btn-normal owp-tabs-layout-horizontal product type-product post-104964 status-publish last outofstock product_cat-abc-brianza-143 has-post-thumbnail purchasable product-type-simple\">\n\t<div class=\"product-inner clr\">\n\t<div class=\"woo-entry-image-swap woo-entry-image clr\">\n\t\t<a href=\"https:\/\/autoshow.at\/en\/product\/alfa-romeo-6c-2300-open-torpedo-presidenziale-royal-car-of-italian-king-vittorio-emanuele-1934\/\" class=\"woocommerce-LoopProduct-link\"><img loading=\"lazy\" decoding=\"async\" width=\"1200\" height=\"900\" src=\"https:\/\/autoshow.at\/wp-content\/uploads\/2026\/02\/abc-345-alfa-romeo-6c2300-torpedo-presidenziale-autoshow-lagernd-1-43-1.jpg\" class=\"woo-entry-image-main\" alt=\"Alfa Romeo 6C 2300 open Torpedo Presidenziale, Royal car of Italian King Vittorio Emanuele, 1934\" itemprop=\"image\" srcset=\"https:\/\/autoshow.at\/wp-content\/uploads\/2026\/02\/abc-345-alfa-romeo-6c2300-torpedo-presidenziale-autoshow-lagernd-1-43-1.jpg 1200w, https:\/\/autoshow.at\/wp-content\/uploads\/2026\/02\/abc-345-alfa-romeo-6c2300-torpedo-presidenziale-autoshow-lagernd-1-43-1-300x225.jpg 300w, https:\/\/autoshow.at\/wp-content\/uploads\/2026\/02\/abc-345-alfa-romeo-6c2300-torpedo-presidenziale-autoshow-lagernd-1-43-1-1024x768.jpg 1024w, https:\/\/autoshow.at\/wp-content\/uploads\/2026\/02\/abc-345-alfa-romeo-6c2300-torpedo-presidenziale-autoshow-lagernd-1-43-1-768x576.jpg 768w, https:\/\/autoshow.at\/wp-content\/uploads\/2026\/02\/abc-345-alfa-romeo-6c2300-torpedo-presidenziale-autoshow-lagernd-1-43-1-16x12.jpg 16w, https:\/\/autoshow.at\/wp-content\/uploads\/2026\/02\/abc-345-alfa-romeo-6c2300-torpedo-presidenziale-autoshow-lagernd-1-43-1-64x48.jpg 64w\" sizes=\"(max-width: 1200px) 100vw, 1200px\" \/><img loading=\"lazy\" decoding=\"async\" width=\"1200\" height=\"900\" src=\"https:\/\/autoshow.at\/wp-content\/uploads\/2026\/02\/abc-345-alfa-romeo-6c2300-torpedo-presidenziale-autoshow-lagernd-1-43-2.jpg\" class=\"woo-entry-image-secondary\" alt=\"Alfa Romeo 6C 2300 open Torpedo Presidenziale, Royal car of Italian King Vittorio Emanuele, 1934\" itemprop=\"image\" srcset=\"https:\/\/autoshow.at\/wp-content\/uploads\/2026\/02\/abc-345-alfa-romeo-6c2300-torpedo-presidenziale-autoshow-lagernd-1-43-2.jpg 1200w, https:\/\/autoshow.at\/wp-content\/uploads\/2026\/02\/abc-345-alfa-romeo-6c2300-torpedo-presidenziale-autoshow-lagernd-1-43-2-300x225.jpg 300w, https:\/\/autoshow.at\/wp-content\/uploads\/2026\/02\/abc-345-alfa-romeo-6c2300-torpedo-presidenziale-autoshow-lagernd-1-43-2-1024x768.jpg 1024w, https:\/\/autoshow.at\/wp-content\/uploads\/2026\/02\/abc-345-alfa-romeo-6c2300-torpedo-presidenziale-autoshow-lagernd-1-43-2-768x576.jpg 768w, https:\/\/autoshow.at\/wp-content\/uploads\/2026\/02\/abc-345-alfa-romeo-6c2300-torpedo-presidenziale-autoshow-lagernd-1-43-2-16x12.jpg 16w, https:\/\/autoshow.at\/wp-content\/uploads\/2026\/02\/abc-345-alfa-romeo-6c2300-torpedo-presidenziale-autoshow-lagernd-1-43-2-64x48.jpg 64w\" sizes=\"(max-width: 1200px) 100vw, 1200px\" \/><\/a><a href=\"#\" id=\"product_id_104964\" class=\"owp-quick-view\" data-product_id=\"104964\" aria-label=\"Quickly preview product Alfa Romeo 6C 2300 open Torpedo Presidenziale, Royal car of Italian King Vittorio Emanuele, 1934\"><i class=\"icon-eye\" aria-hidden=\"true\" role=\"img\"><\/i> Quick View<\/a>\t<\/div><!-- .woo-entry-image-swap -->\n\n\n\n\n\n\n\t<p class=\"wc-gzd-additional-info wc-gzd-additional-info-loop shipping-costs-info\">plus <a href=\"https:\/\/autoshow.at\/en\/versandarten\/\" target=\"_blank\">shipping<\/a><\/p>\n\n\n<ul class=\"woo-entry-inner clr\"><li class=\"image-wrap\">\t\t\t\t<div class=\"outofstock-badge\">\n\t\t\t\t\tOut of Stock\t\t\t\t<\/div><!-- .product-entry-out-of-stock-badge -->\n\t\t\t\t\n\t<div class=\"woo-entry-image-swap woo-entry-image clr\">\n\t\t<a href=\"https:\/\/autoshow.at\/en\/product\/alfa-romeo-6c-2300-open-torpedo-presidenziale-royal-car-of-italian-king-vittorio-emanuele-1934\/\" class=\"woocommerce-LoopProduct-link\"><img loading=\"lazy\" decoding=\"async\" width=\"1200\" height=\"900\" src=\"https:\/\/autoshow.at\/wp-content\/uploads\/2026\/02\/abc-345-alfa-romeo-6c2300-torpedo-presidenziale-autoshow-lagernd-1-43-1.jpg\" class=\"woo-entry-image-main\" alt=\"Alfa Romeo 6C 2300 open Torpedo Presidenziale, Royal car of Italian King Vittorio Emanuele, 1934\" itemprop=\"image\" srcset=\"https:\/\/autoshow.at\/wp-content\/uploads\/2026\/02\/abc-345-alfa-romeo-6c2300-torpedo-presidenziale-autoshow-lagernd-1-43-1.jpg 1200w, https:\/\/autoshow.at\/wp-content\/uploads\/2026\/02\/abc-345-alfa-romeo-6c2300-torpedo-presidenziale-autoshow-lagernd-1-43-1-300x225.jpg 300w, https:\/\/autoshow.at\/wp-content\/uploads\/2026\/02\/abc-345-alfa-romeo-6c2300-torpedo-presidenziale-autoshow-lagernd-1-43-1-1024x768.jpg 1024w, https:\/\/autoshow.at\/wp-content\/uploads\/2026\/02\/abc-345-alfa-romeo-6c2300-torpedo-presidenziale-autoshow-lagernd-1-43-1-768x576.jpg 768w, https:\/\/autoshow.at\/wp-content\/uploads\/2026\/02\/abc-345-alfa-romeo-6c2300-torpedo-presidenziale-autoshow-lagernd-1-43-1-16x12.jpg 16w, https:\/\/autoshow.at\/wp-content\/uploads\/2026\/02\/abc-345-alfa-romeo-6c2300-torpedo-presidenziale-autoshow-lagernd-1-43-1-64x48.jpg 64w\" sizes=\"(max-width: 1200px) 100vw, 1200px\" \/><img loading=\"lazy\" decoding=\"async\" width=\"1200\" height=\"900\" src=\"https:\/\/autoshow.at\/wp-content\/uploads\/2026\/02\/abc-345-alfa-romeo-6c2300-torpedo-presidenziale-autoshow-lagernd-1-43-2.jpg\" class=\"woo-entry-image-secondary\" alt=\"Alfa Romeo 6C 2300 open Torpedo Presidenziale, Royal car of Italian King Vittorio Emanuele, 1934\" itemprop=\"image\" srcset=\"https:\/\/autoshow.at\/wp-content\/uploads\/2026\/02\/abc-345-alfa-romeo-6c2300-torpedo-presidenziale-autoshow-lagernd-1-43-2.jpg 1200w, https:\/\/autoshow.at\/wp-content\/uploads\/2026\/02\/abc-345-alfa-romeo-6c2300-torpedo-presidenziale-autoshow-lagernd-1-43-2-300x225.jpg 300w, https:\/\/autoshow.at\/wp-content\/uploads\/2026\/02\/abc-345-alfa-romeo-6c2300-torpedo-presidenziale-autoshow-lagernd-1-43-2-1024x768.jpg 1024w, https:\/\/autoshow.at\/wp-content\/uploads\/2026\/02\/abc-345-alfa-romeo-6c2300-torpedo-presidenziale-autoshow-lagernd-1-43-2-768x576.jpg 768w, https:\/\/autoshow.at\/wp-content\/uploads\/2026\/02\/abc-345-alfa-romeo-6c2300-torpedo-presidenziale-autoshow-lagernd-1-43-2-16x12.jpg 16w, https:\/\/autoshow.at\/wp-content\/uploads\/2026\/02\/abc-345-alfa-romeo-6c2300-torpedo-presidenziale-autoshow-lagernd-1-43-2-64x48.jpg 64w\" sizes=\"(max-width: 1200px) 100vw, 1200px\" \/><\/a><a href=\"#\" id=\"product_id_104964\" class=\"owp-quick-view\" data-product_id=\"104964\" aria-label=\"Quickly preview product Alfa Romeo 6C 2300 open Torpedo Presidenziale, Royal car of Italian King Vittorio Emanuele, 1934\"><i class=\"icon-eye\" aria-hidden=\"true\" role=\"img\"><\/i> Quick View<\/a>\t<\/div><!-- .woo-entry-image-swap -->\n\n<\/li><li class=\"category\"><a href=\"https:\/\/autoshow.at\/en\/product-category\/abc-brianza-143\/\" rel=\"tag\">ABC Brianza 1:43<\/a><\/li><li class=\"title\"><h2><a href=\"https:\/\/autoshow.at\/en\/product\/alfa-romeo-6c-2300-open-torpedo-presidenziale-royal-car-of-italian-king-vittorio-emanuele-1934\/\">Alfa Romeo 6C 2300 open Torpedo Presidenziale, Royal car of Italian King Vittorio Emanuele, 1934<\/a><\/h2><\/li><li class=\"price-wrap\">\n\t<span class=\"price\"><span class=\"woocommerce-Price-amount amount\"><bdi>179,00&nbsp;<span class=\"woocommerce-Price-currencySymbol\">&euro;<\/span><\/bdi><\/span><\/span>\n<\/li><li class=\"wc-gzd\">\n\n\n\t<p class=\"wc-gzd-additional-info shipping-costs-info\">plus <a href=\"https:\/\/autoshow.at\/en\/versandarten\/\" target=\"_blank\">shipping<\/a><\/p>\n\n\n<\/li><li class=\"rating\"><\/li><li class=\"btn-wrap clr\"><a class=\"button\" href=\"https:\/\/autoshow.at\/en\/product\/alfa-romeo-6c-2300-open-torpedo-presidenziale-royal-car-of-italian-king-vittorio-emanuele-1934\/\" data-no-translation=\"\" data-trp-gettext=\"\">Show product<\/a>\t<span id=\"woocommerce_loop_add_to_cart_link_describedby_104964\" class=\"screen-reader-text\">\n\t\t\t<\/span>\n<\/li><\/ul><\/div><!-- .product-inner .clr --><\/li>\n<li class=\"entry has-media has-product-nav col span_1_of_3 owp-content-center owp-thumbs-layout-horizontal owp-btn-normal owp-tabs-layout-horizontal product type-product post-105458 status-publish first instock product_cat-abc-brianza-143 has-post-thumbnail purchasable product-type-simple\">\n\t<div class=\"product-inner clr\">\n\t<div class=\"woo-entry-image-swap woo-entry-image clr\">\n\t\t<a href=\"https:\/\/autoshow.at\/en\/product\/sbarro-tornado-sb1-v12-ferrari-550-maranello-basis-salon-genf-2004-gold-violet\/\" class=\"woocommerce-LoopProduct-link\"><img loading=\"lazy\" decoding=\"async\" width=\"1200\" height=\"900\" src=\"https:\/\/autoshow.at\/wp-content\/uploads\/2026\/03\/abc-192-ferrari-tornado-sb1-sbarro-autoshow-lagernd-1-43-1.jpg\" class=\"woo-entry-image-main\" alt=\"Sbarro Tornado SB1 V12, Ferrari 550 maranello Basis, Salon Genf 2004, gold \/ violet\" itemprop=\"image\" srcset=\"https:\/\/autoshow.at\/wp-content\/uploads\/2026\/03\/abc-192-ferrari-tornado-sb1-sbarro-autoshow-lagernd-1-43-1.jpg 1200w, https:\/\/autoshow.at\/wp-content\/uploads\/2026\/03\/abc-192-ferrari-tornado-sb1-sbarro-autoshow-lagernd-1-43-1-300x225.jpg 300w, https:\/\/autoshow.at\/wp-content\/uploads\/2026\/03\/abc-192-ferrari-tornado-sb1-sbarro-autoshow-lagernd-1-43-1-1024x768.jpg 1024w, https:\/\/autoshow.at\/wp-content\/uploads\/2026\/03\/abc-192-ferrari-tornado-sb1-sbarro-autoshow-lagernd-1-43-1-768x576.jpg 768w, https:\/\/autoshow.at\/wp-content\/uploads\/2026\/03\/abc-192-ferrari-tornado-sb1-sbarro-autoshow-lagernd-1-43-1-16x12.jpg 16w, https:\/\/autoshow.at\/wp-content\/uploads\/2026\/03\/abc-192-ferrari-tornado-sb1-sbarro-autoshow-lagernd-1-43-1-64x48.jpg 64w\" sizes=\"(max-width: 1200px) 100vw, 1200px\" \/><img loading=\"lazy\" decoding=\"async\" width=\"1200\" height=\"900\" src=\"https:\/\/autoshow.at\/wp-content\/uploads\/2026\/03\/abc-192-ferrari-tornado-sb1-sbarro-autoshow-lagernd-1-43-2.jpg\" class=\"woo-entry-image-secondary\" alt=\"Sbarro Tornado SB1 V12, Ferrari 550 maranello Basis, Salon Genf 2004, gold \/ violet\" itemprop=\"image\" srcset=\"https:\/\/autoshow.at\/wp-content\/uploads\/2026\/03\/abc-192-ferrari-tornado-sb1-sbarro-autoshow-lagernd-1-43-2.jpg 1200w, https:\/\/autoshow.at\/wp-content\/uploads\/2026\/03\/abc-192-ferrari-tornado-sb1-sbarro-autoshow-lagernd-1-43-2-300x225.jpg 300w, https:\/\/autoshow.at\/wp-content\/uploads\/2026\/03\/abc-192-ferrari-tornado-sb1-sbarro-autoshow-lagernd-1-43-2-1024x768.jpg 1024w, https:\/\/autoshow.at\/wp-content\/uploads\/2026\/03\/abc-192-ferrari-tornado-sb1-sbarro-autoshow-lagernd-1-43-2-768x576.jpg 768w, https:\/\/autoshow.at\/wp-content\/uploads\/2026\/03\/abc-192-ferrari-tornado-sb1-sbarro-autoshow-lagernd-1-43-2-16x12.jpg 16w, https:\/\/autoshow.at\/wp-content\/uploads\/2026\/03\/abc-192-ferrari-tornado-sb1-sbarro-autoshow-lagernd-1-43-2-64x48.jpg 64w\" sizes=\"(max-width: 1200px) 100vw, 1200px\" \/><\/a><a href=\"#\" id=\"product_id_105458\" class=\"owp-quick-view\" data-product_id=\"105458\" aria-label=\"Quickly preview product Sbarro Tornado SB1 V12, Ferrari 550 maranello Basis, Salon Genf 2004, gold \/ violet\"><i class=\"icon-eye\" aria-hidden=\"true\" role=\"img\"><\/i> Quick View<\/a>\t<\/div><!-- .woo-entry-image-swap -->\n\n\n\n\n\n\n\t<p class=\"wc-gzd-additional-info wc-gzd-additional-info-loop shipping-costs-info\">plus <a href=\"https:\/\/autoshow.at\/en\/versandarten\/\" target=\"_blank\">shipping<\/a><\/p>\n\n\n<ul class=\"woo-entry-inner clr\"><li class=\"image-wrap\">\n\t<div class=\"woo-entry-image-swap woo-entry-image clr\">\n\t\t<a href=\"https:\/\/autoshow.at\/en\/product\/sbarro-tornado-sb1-v12-ferrari-550-maranello-basis-salon-genf-2004-gold-violet\/\" class=\"woocommerce-LoopProduct-link\"><img loading=\"lazy\" decoding=\"async\" width=\"1200\" height=\"900\" src=\"https:\/\/autoshow.at\/wp-content\/uploads\/2026\/03\/abc-192-ferrari-tornado-sb1-sbarro-autoshow-lagernd-1-43-1.jpg\" class=\"woo-entry-image-main\" alt=\"Sbarro Tornado SB1 V12, Ferrari 550 maranello Basis, Salon Genf 2004, gold \/ violet\" itemprop=\"image\" srcset=\"https:\/\/autoshow.at\/wp-content\/uploads\/2026\/03\/abc-192-ferrari-tornado-sb1-sbarro-autoshow-lagernd-1-43-1.jpg 1200w, https:\/\/autoshow.at\/wp-content\/uploads\/2026\/03\/abc-192-ferrari-tornado-sb1-sbarro-autoshow-lagernd-1-43-1-300x225.jpg 300w, https:\/\/autoshow.at\/wp-content\/uploads\/2026\/03\/abc-192-ferrari-tornado-sb1-sbarro-autoshow-lagernd-1-43-1-1024x768.jpg 1024w, https:\/\/autoshow.at\/wp-content\/uploads\/2026\/03\/abc-192-ferrari-tornado-sb1-sbarro-autoshow-lagernd-1-43-1-768x576.jpg 768w, https:\/\/autoshow.at\/wp-content\/uploads\/2026\/03\/abc-192-ferrari-tornado-sb1-sbarro-autoshow-lagernd-1-43-1-16x12.jpg 16w, https:\/\/autoshow.at\/wp-content\/uploads\/2026\/03\/abc-192-ferrari-tornado-sb1-sbarro-autoshow-lagernd-1-43-1-64x48.jpg 64w\" sizes=\"(max-width: 1200px) 100vw, 1200px\" \/><img loading=\"lazy\" decoding=\"async\" width=\"1200\" height=\"900\" src=\"https:\/\/autoshow.at\/wp-content\/uploads\/2026\/03\/abc-192-ferrari-tornado-sb1-sbarro-autoshow-lagernd-1-43-2.jpg\" class=\"woo-entry-image-secondary\" alt=\"Sbarro Tornado SB1 V12, Ferrari 550 maranello Basis, Salon Genf 2004, gold \/ violet\" itemprop=\"image\" srcset=\"https:\/\/autoshow.at\/wp-content\/uploads\/2026\/03\/abc-192-ferrari-tornado-sb1-sbarro-autoshow-lagernd-1-43-2.jpg 1200w, https:\/\/autoshow.at\/wp-content\/uploads\/2026\/03\/abc-192-ferrari-tornado-sb1-sbarro-autoshow-lagernd-1-43-2-300x225.jpg 300w, https:\/\/autoshow.at\/wp-content\/uploads\/2026\/03\/abc-192-ferrari-tornado-sb1-sbarro-autoshow-lagernd-1-43-2-1024x768.jpg 1024w, https:\/\/autoshow.at\/wp-content\/uploads\/2026\/03\/abc-192-ferrari-tornado-sb1-sbarro-autoshow-lagernd-1-43-2-768x576.jpg 768w, https:\/\/autoshow.at\/wp-content\/uploads\/2026\/03\/abc-192-ferrari-tornado-sb1-sbarro-autoshow-lagernd-1-43-2-16x12.jpg 16w, https:\/\/autoshow.at\/wp-content\/uploads\/2026\/03\/abc-192-ferrari-tornado-sb1-sbarro-autoshow-lagernd-1-43-2-64x48.jpg 64w\" sizes=\"(max-width: 1200px) 100vw, 1200px\" \/><\/a><a href=\"#\" id=\"product_id_105458\" class=\"owp-quick-view\" data-product_id=\"105458\" aria-label=\"Quickly preview product Sbarro Tornado SB1 V12, Ferrari 550 maranello Basis, Salon Genf 2004, gold \/ violet\"><i class=\"icon-eye\" aria-hidden=\"true\" role=\"img\"><\/i> Quick View<\/a>\t<\/div><!-- .woo-entry-image-swap -->\n\n<\/li><li class=\"category\"><a href=\"https:\/\/autoshow.at\/en\/product-category\/abc-brianza-143\/\" rel=\"tag\">ABC Brianza 1:43<\/a><\/li><li class=\"title\"><h2><a href=\"https:\/\/autoshow.at\/en\/product\/sbarro-tornado-sb1-v12-ferrari-550-maranello-basis-salon-genf-2004-gold-violet\/\">Sbarro Tornado SB1 V12, Ferrari 550 maranello Basis, Salon Genf 2004, gold \/ violet<\/a><\/h2><\/li><li class=\"price-wrap\">\n\t<span class=\"price\"><span class=\"woocommerce-Price-amount amount\"><bdi>179,00&nbsp;<span class=\"woocommerce-Price-currencySymbol\">&euro;<\/span><\/bdi><\/span><\/span>\n<\/li><li class=\"wc-gzd\">\n\n\n\t<p class=\"wc-gzd-additional-info shipping-costs-info\">plus <a href=\"https:\/\/autoshow.at\/en\/versandarten\/\" target=\"_blank\">shipping<\/a><\/p>\n\n\n<\/li><li class=\"rating\"><\/li><li class=\"btn-wrap clr\"><a class=\"button\" href=\"https:\/\/autoshow.at\/en\/product\/sbarro-tornado-sb1-v12-ferrari-550-maranello-basis-salon-genf-2004-gold-violet\/\" data-no-translation=\"\" data-trp-gettext=\"\">Show product<\/a>\t<span id=\"woocommerce_loop_add_to_cart_link_describedby_105458\" class=\"screen-reader-text\">\n\t\t\t<\/span>\n<\/li><\/ul><\/div><!-- .product-inner .clr --><\/li>\n<li class=\"entry has-media has-product-nav col span_1_of_3 owp-content-center owp-thumbs-layout-horizontal owp-btn-normal owp-tabs-layout-horizontal product type-product post-102956 status-publish instock product_cat-abc-brianza-143 has-post-thumbnail purchasable product-type-simple\">\n\t<div class=\"product-inner clr\">\n\t<div class=\"woo-entry-image-swap woo-entry-image clr\">\n\t\t<a href=\"https:\/\/autoshow.at\/en\/product\/rolls-royce-silver-wraith-2door-coupe-chassis-wxa106-by-erdmann-rossi-1938-dunkelblau-dark-blue\/\" class=\"woocommerce-LoopProduct-link\"><img loading=\"lazy\" decoding=\"async\" width=\"1200\" height=\"900\" src=\"https:\/\/autoshow.at\/wp-content\/uploads\/2024\/08\/abc-rolls-royce-erdmann-autoshow-lagernd-1-43-1.jpg\" class=\"woo-entry-image-main\" alt=\"Rolls-Royce Silver Wraith  2door Coup\u00e9, chassis WXA106 by Erdmann &#038; Rossi, 1938, dunkelblau \/ dark blue\" itemprop=\"image\" srcset=\"https:\/\/autoshow.at\/wp-content\/uploads\/2024\/08\/abc-rolls-royce-erdmann-autoshow-lagernd-1-43-1.jpg 1200w, https:\/\/autoshow.at\/wp-content\/uploads\/2024\/08\/abc-rolls-royce-erdmann-autoshow-lagernd-1-43-1-300x225.jpg 300w, https:\/\/autoshow.at\/wp-content\/uploads\/2024\/08\/abc-rolls-royce-erdmann-autoshow-lagernd-1-43-1-1024x768.jpg 1024w, https:\/\/autoshow.at\/wp-content\/uploads\/2024\/08\/abc-rolls-royce-erdmann-autoshow-lagernd-1-43-1-768x576.jpg 768w, https:\/\/autoshow.at\/wp-content\/uploads\/2024\/08\/abc-rolls-royce-erdmann-autoshow-lagernd-1-43-1-16x12.jpg 16w, https:\/\/autoshow.at\/wp-content\/uploads\/2024\/08\/abc-rolls-royce-erdmann-autoshow-lagernd-1-43-1-64x48.jpg 64w\" sizes=\"(max-width: 1200px) 100vw, 1200px\" \/><img loading=\"lazy\" decoding=\"async\" width=\"1200\" height=\"900\" src=\"https:\/\/autoshow.at\/wp-content\/uploads\/2024\/08\/abc-rolls-royce-erdmann-autoshow-lagernd-1-43-2.jpg\" class=\"woo-entry-image-secondary\" alt=\"Rolls-Royce Silver Wraith  2door Coup\u00e9, chassis WXA106 by Erdmann &#038; Rossi, 1938, dunkelblau \/ dark blue\" itemprop=\"image\" srcset=\"https:\/\/autoshow.at\/wp-content\/uploads\/2024\/08\/abc-rolls-royce-erdmann-autoshow-lagernd-1-43-2.jpg 1200w, https:\/\/autoshow.at\/wp-content\/uploads\/2024\/08\/abc-rolls-royce-erdmann-autoshow-lagernd-1-43-2-300x225.jpg 300w, https:\/\/autoshow.at\/wp-content\/uploads\/2024\/08\/abc-rolls-royce-erdmann-autoshow-lagernd-1-43-2-1024x768.jpg 1024w, https:\/\/autoshow.at\/wp-content\/uploads\/2024\/08\/abc-rolls-royce-erdmann-autoshow-lagernd-1-43-2-768x576.jpg 768w, https:\/\/autoshow.at\/wp-content\/uploads\/2024\/08\/abc-rolls-royce-erdmann-autoshow-lagernd-1-43-2-16x12.jpg 16w, https:\/\/autoshow.at\/wp-content\/uploads\/2024\/08\/abc-rolls-royce-erdmann-autoshow-lagernd-1-43-2-64x48.jpg 64w\" sizes=\"(max-width: 1200px) 100vw, 1200px\" \/><\/a><a href=\"#\" id=\"product_id_102956\" class=\"owp-quick-view\" data-product_id=\"102956\" aria-label=\"Quickly preview product Rolls-Royce Silver Wraith  2door Coup\u00e9, chassis WXA106 by Erdmann & Rossi, 1938, dunkelblau \/ dark blue\"><i class=\"icon-eye\" aria-hidden=\"true\" role=\"img\"><\/i> Quick View<\/a>\t<\/div><!-- .woo-entry-image-swap -->\n\n\n\n\n\n\n\t<p class=\"wc-gzd-additional-info wc-gzd-additional-info-loop shipping-costs-info\">plus <a href=\"https:\/\/autoshow.at\/en\/versandarten\/\" target=\"_blank\">shipping<\/a><\/p>\n\n\n<ul class=\"woo-entry-inner clr\"><li class=\"image-wrap\">\n\t<div class=\"woo-entry-image-swap woo-entry-image clr\">\n\t\t<a href=\"https:\/\/autoshow.at\/en\/product\/rolls-royce-silver-wraith-2door-coupe-chassis-wxa106-by-erdmann-rossi-1938-dunkelblau-dark-blue\/\" class=\"woocommerce-LoopProduct-link\"><img loading=\"lazy\" decoding=\"async\" width=\"1200\" height=\"900\" src=\"https:\/\/autoshow.at\/wp-content\/uploads\/2024\/08\/abc-rolls-royce-erdmann-autoshow-lagernd-1-43-1.jpg\" class=\"woo-entry-image-main\" alt=\"Rolls-Royce Silver Wraith  2door Coup\u00e9, chassis WXA106 by Erdmann &#038; Rossi, 1938, dunkelblau \/ dark blue\" itemprop=\"image\" srcset=\"https:\/\/autoshow.at\/wp-content\/uploads\/2024\/08\/abc-rolls-royce-erdmann-autoshow-lagernd-1-43-1.jpg 1200w, https:\/\/autoshow.at\/wp-content\/uploads\/2024\/08\/abc-rolls-royce-erdmann-autoshow-lagernd-1-43-1-300x225.jpg 300w, https:\/\/autoshow.at\/wp-content\/uploads\/2024\/08\/abc-rolls-royce-erdmann-autoshow-lagernd-1-43-1-1024x768.jpg 1024w, https:\/\/autoshow.at\/wp-content\/uploads\/2024\/08\/abc-rolls-royce-erdmann-autoshow-lagernd-1-43-1-768x576.jpg 768w, https:\/\/autoshow.at\/wp-content\/uploads\/2024\/08\/abc-rolls-royce-erdmann-autoshow-lagernd-1-43-1-16x12.jpg 16w, https:\/\/autoshow.at\/wp-content\/uploads\/2024\/08\/abc-rolls-royce-erdmann-autoshow-lagernd-1-43-1-64x48.jpg 64w\" sizes=\"(max-width: 1200px) 100vw, 1200px\" \/><img loading=\"lazy\" decoding=\"async\" width=\"1200\" height=\"900\" src=\"https:\/\/autoshow.at\/wp-content\/uploads\/2024\/08\/abc-rolls-royce-erdmann-autoshow-lagernd-1-43-2.jpg\" class=\"woo-entry-image-secondary\" alt=\"Rolls-Royce Silver Wraith  2door Coup\u00e9, chassis WXA106 by Erdmann &#038; Rossi, 1938, dunkelblau \/ dark blue\" itemprop=\"image\" srcset=\"https:\/\/autoshow.at\/wp-content\/uploads\/2024\/08\/abc-rolls-royce-erdmann-autoshow-lagernd-1-43-2.jpg 1200w, https:\/\/autoshow.at\/wp-content\/uploads\/2024\/08\/abc-rolls-royce-erdmann-autoshow-lagernd-1-43-2-300x225.jpg 300w, https:\/\/autoshow.at\/wp-content\/uploads\/2024\/08\/abc-rolls-royce-erdmann-autoshow-lagernd-1-43-2-1024x768.jpg 1024w, https:\/\/autoshow.at\/wp-content\/uploads\/2024\/08\/abc-rolls-royce-erdmann-autoshow-lagernd-1-43-2-768x576.jpg 768w, https:\/\/autoshow.at\/wp-content\/uploads\/2024\/08\/abc-rolls-royce-erdmann-autoshow-lagernd-1-43-2-16x12.jpg 16w, https:\/\/autoshow.at\/wp-content\/uploads\/2024\/08\/abc-rolls-royce-erdmann-autoshow-lagernd-1-43-2-64x48.jpg 64w\" sizes=\"(max-width: 1200px) 100vw, 1200px\" \/><\/a><a href=\"#\" id=\"product_id_102956\" class=\"owp-quick-view\" data-product_id=\"102956\" aria-label=\"Quickly preview product Rolls-Royce Silver Wraith  2door Coup\u00e9, chassis WXA106 by Erdmann & Rossi, 1938, dunkelblau \/ dark blue\"><i class=\"icon-eye\" aria-hidden=\"true\" role=\"img\"><\/i> Quick View<\/a>\t<\/div><!-- .woo-entry-image-swap -->\n\n<\/li><li class=\"category\"><a href=\"https:\/\/autoshow.at\/en\/product-category\/abc-brianza-143\/\" rel=\"tag\">ABC Brianza 1:43<\/a><\/li><li class=\"title\"><h2><a href=\"https:\/\/autoshow.at\/en\/product\/rolls-royce-silver-wraith-2door-coupe-chassis-wxa106-by-erdmann-rossi-1938-dunkelblau-dark-blue\/\">Rolls-Royce Silver Wraith  2door Coup\u00e9, chassis WXA106 by Erdmann &#038; Rossi, 1938, dunkelblau \/ dark blue<\/a><\/h2><\/li><li class=\"price-wrap\">\n\t<span class=\"price\"><span class=\"woocommerce-Price-amount amount\"><bdi>179,00&nbsp;<span class=\"woocommerce-Price-currencySymbol\">&euro;<\/span><\/bdi><\/span><\/span>\n<\/li><li class=\"wc-gzd\">\n\n\n\t<p class=\"wc-gzd-additional-info shipping-costs-info\">plus <a href=\"https:\/\/autoshow.at\/en\/versandarten\/\" target=\"_blank\">shipping<\/a><\/p>\n\n\n<\/li><li class=\"rating\"><\/li><li class=\"btn-wrap clr\"><a class=\"button\" href=\"https:\/\/autoshow.at\/en\/product\/rolls-royce-silver-wraith-2door-coupe-chassis-wxa106-by-erdmann-rossi-1938-dunkelblau-dark-blue\/\" data-no-translation=\"\" data-trp-gettext=\"\">Show product<\/a>\t<span id=\"woocommerce_loop_add_to_cart_link_describedby_102956\" class=\"screen-reader-text\">\n\t\t\t<\/span>\n<\/li><\/ul><\/div><!-- .product-inner .clr --><\/li>\n<li class=\"entry has-media has-product-nav col span_1_of_3 owp-content-center owp-thumbs-layout-horizontal owp-btn-normal owp-tabs-layout-horizontal product type-product post-102957 status-publish last instock product_cat-abc-brianza-143 has-post-thumbnail purchasable product-type-simple\">\n\t<div class=\"product-inner clr\">\n\t<div class=\"woo-entry-image-swap woo-entry-image clr\">\n\t\t<a href=\"https:\/\/autoshow.at\/en\/product\/rolls-royce-silver-wraith-4door-sports-saloon-by-park-ward-1949-weiss-vergoldet-white-gold-plated\/\" class=\"woocommerce-LoopProduct-link\"><img loading=\"lazy\" decoding=\"async\" width=\"1200\" height=\"900\" src=\"https:\/\/autoshow.at\/wp-content\/uploads\/2025\/04\/abc-rolls-royce-wraith-autoshow-lagernd-1-43-1.jpg\" class=\"woo-entry-image-main\" alt=\"Rolls Royce Silver Wraith 4door Sports Saloon by Park Ward, 1949, wei\u00df &#8211; &#8222;vergoldet&#8220; \/ white &#8211; &#8222;gold plated&#8220;\" itemprop=\"image\" srcset=\"https:\/\/autoshow.at\/wp-content\/uploads\/2025\/04\/abc-rolls-royce-wraith-autoshow-lagernd-1-43-1.jpg 1200w, https:\/\/autoshow.at\/wp-content\/uploads\/2025\/04\/abc-rolls-royce-wraith-autoshow-lagernd-1-43-1-300x225.jpg 300w, https:\/\/autoshow.at\/wp-content\/uploads\/2025\/04\/abc-rolls-royce-wraith-autoshow-lagernd-1-43-1-1024x768.jpg 1024w, https:\/\/autoshow.at\/wp-content\/uploads\/2025\/04\/abc-rolls-royce-wraith-autoshow-lagernd-1-43-1-768x576.jpg 768w, https:\/\/autoshow.at\/wp-content\/uploads\/2025\/04\/abc-rolls-royce-wraith-autoshow-lagernd-1-43-1-16x12.jpg 16w, https:\/\/autoshow.at\/wp-content\/uploads\/2025\/04\/abc-rolls-royce-wraith-autoshow-lagernd-1-43-1-64x48.jpg 64w\" sizes=\"(max-width: 1200px) 100vw, 1200px\" \/><img loading=\"lazy\" decoding=\"async\" width=\"1200\" height=\"900\" src=\"https:\/\/autoshow.at\/wp-content\/uploads\/2025\/04\/abc-rolls-royce-wraith-autoshow-lagernd-1-43-2.jpg\" class=\"woo-entry-image-secondary\" alt=\"Rolls Royce Silver Wraith 4door Sports Saloon by Park Ward, 1949, wei\u00df &#8211; &#8222;vergoldet&#8220; \/ white &#8211; &#8222;gold plated&#8220;\" itemprop=\"image\" srcset=\"https:\/\/autoshow.at\/wp-content\/uploads\/2025\/04\/abc-rolls-royce-wraith-autoshow-lagernd-1-43-2.jpg 1200w, https:\/\/autoshow.at\/wp-content\/uploads\/2025\/04\/abc-rolls-royce-wraith-autoshow-lagernd-1-43-2-300x225.jpg 300w, https:\/\/autoshow.at\/wp-content\/uploads\/2025\/04\/abc-rolls-royce-wraith-autoshow-lagernd-1-43-2-1024x768.jpg 1024w, https:\/\/autoshow.at\/wp-content\/uploads\/2025\/04\/abc-rolls-royce-wraith-autoshow-lagernd-1-43-2-768x576.jpg 768w, https:\/\/autoshow.at\/wp-content\/uploads\/2025\/04\/abc-rolls-royce-wraith-autoshow-lagernd-1-43-2-16x12.jpg 16w, https:\/\/autoshow.at\/wp-content\/uploads\/2025\/04\/abc-rolls-royce-wraith-autoshow-lagernd-1-43-2-64x48.jpg 64w\" sizes=\"(max-width: 1200px) 100vw, 1200px\" \/><\/a><a href=\"#\" id=\"product_id_102957\" class=\"owp-quick-view\" data-product_id=\"102957\" aria-label=\"Quickly preview product Rolls Royce Silver Wraith 4door Sports Saloon by Park Ward, 1949, wei\u00df - \"vergoldet\"><i class=\"icon-eye\" aria-hidden=\"true\" role=\"img\"><\/i> Quick View<\/a>\t<\/div><!-- .woo-entry-image-swap -->\n\n\n\n\n\n\n\t<p class=\"wc-gzd-additional-info wc-gzd-additional-info-loop shipping-costs-info\">plus <a href=\"https:\/\/autoshow.at\/en\/versandarten\/\" target=\"_blank\">shipping<\/a><\/p>\n\n\n<ul class=\"woo-entry-inner clr\"><li class=\"image-wrap\">\n\t<div class=\"woo-entry-image-swap woo-entry-image clr\">\n\t\t<a href=\"https:\/\/autoshow.at\/en\/product\/rolls-royce-silver-wraith-4door-sports-saloon-by-park-ward-1949-weiss-vergoldet-white-gold-plated\/\" class=\"woocommerce-LoopProduct-link\"><img loading=\"lazy\" decoding=\"async\" width=\"1200\" height=\"900\" src=\"https:\/\/autoshow.at\/wp-content\/uploads\/2025\/04\/abc-rolls-royce-wraith-autoshow-lagernd-1-43-1.jpg\" class=\"woo-entry-image-main\" alt=\"Rolls Royce Silver Wraith 4door Sports Saloon by Park Ward, 1949, wei\u00df &#8211; &#8222;vergoldet&#8220; \/ white &#8211; &#8222;gold plated&#8220;\" itemprop=\"image\" srcset=\"https:\/\/autoshow.at\/wp-content\/uploads\/2025\/04\/abc-rolls-royce-wraith-autoshow-lagernd-1-43-1.jpg 1200w, https:\/\/autoshow.at\/wp-content\/uploads\/2025\/04\/abc-rolls-royce-wraith-autoshow-lagernd-1-43-1-300x225.jpg 300w, https:\/\/autoshow.at\/wp-content\/uploads\/2025\/04\/abc-rolls-royce-wraith-autoshow-lagernd-1-43-1-1024x768.jpg 1024w, https:\/\/autoshow.at\/wp-content\/uploads\/2025\/04\/abc-rolls-royce-wraith-autoshow-lagernd-1-43-1-768x576.jpg 768w, https:\/\/autoshow.at\/wp-content\/uploads\/2025\/04\/abc-rolls-royce-wraith-autoshow-lagernd-1-43-1-16x12.jpg 16w, https:\/\/autoshow.at\/wp-content\/uploads\/2025\/04\/abc-rolls-royce-wraith-autoshow-lagernd-1-43-1-64x48.jpg 64w\" sizes=\"(max-width: 1200px) 100vw, 1200px\" \/><img loading=\"lazy\" decoding=\"async\" width=\"1200\" height=\"900\" src=\"https:\/\/autoshow.at\/wp-content\/uploads\/2025\/04\/abc-rolls-royce-wraith-autoshow-lagernd-1-43-2.jpg\" class=\"woo-entry-image-secondary\" alt=\"Rolls Royce Silver Wraith 4door Sports Saloon by Park Ward, 1949, wei\u00df &#8211; &#8222;vergoldet&#8220; \/ white &#8211; &#8222;gold plated&#8220;\" itemprop=\"image\" srcset=\"https:\/\/autoshow.at\/wp-content\/uploads\/2025\/04\/abc-rolls-royce-wraith-autoshow-lagernd-1-43-2.jpg 1200w, https:\/\/autoshow.at\/wp-content\/uploads\/2025\/04\/abc-rolls-royce-wraith-autoshow-lagernd-1-43-2-300x225.jpg 300w, https:\/\/autoshow.at\/wp-content\/uploads\/2025\/04\/abc-rolls-royce-wraith-autoshow-lagernd-1-43-2-1024x768.jpg 1024w, https:\/\/autoshow.at\/wp-content\/uploads\/2025\/04\/abc-rolls-royce-wraith-autoshow-lagernd-1-43-2-768x576.jpg 768w, https:\/\/autoshow.at\/wp-content\/uploads\/2025\/04\/abc-rolls-royce-wraith-autoshow-lagernd-1-43-2-16x12.jpg 16w, https:\/\/autoshow.at\/wp-content\/uploads\/2025\/04\/abc-rolls-royce-wraith-autoshow-lagernd-1-43-2-64x48.jpg 64w\" sizes=\"(max-width: 1200px) 100vw, 1200px\" \/><\/a><a href=\"#\" id=\"product_id_102957\" class=\"owp-quick-view\" data-product_id=\"102957\" aria-label=\"Quickly preview product Rolls Royce Silver Wraith 4door Sports Saloon by Park Ward, 1949, wei\u00df - \"vergoldet\"><i class=\"icon-eye\" aria-hidden=\"true\" role=\"img\"><\/i> Quick View<\/a>\t<\/div><!-- .woo-entry-image-swap -->\n\n<\/li><li class=\"category\"><a href=\"https:\/\/autoshow.at\/en\/product-category\/abc-brianza-143\/\" rel=\"tag\">ABC Brianza 1:43<\/a><\/li><li class=\"title\"><h2><a href=\"https:\/\/autoshow.at\/en\/product\/rolls-royce-silver-wraith-4door-sports-saloon-by-park-ward-1949-weiss-vergoldet-white-gold-plated\/\">Rolls Royce Silver Wraith 4door Sports Saloon by Park Ward, 1949, wei\u00df &#8211; &#8222;vergoldet&#8220; \/ white &#8211; &#8222;gold plated&#8220;<\/a><\/h2><\/li><li class=\"price-wrap\">\n\t<span class=\"price\"><span class=\"woocommerce-Price-amount amount\"><bdi>95,00&nbsp;<span class=\"woocommerce-Price-currencySymbol\">&euro;<\/span><\/bdi><\/span><\/span>\n<\/li><li class=\"wc-gzd\">\n\n\n\t<p class=\"wc-gzd-additional-info shipping-costs-info\">plus <a href=\"https:\/\/autoshow.at\/en\/versandarten\/\" target=\"_blank\">shipping<\/a><\/p>\n\n\n<\/li><li class=\"rating\"><\/li><li class=\"btn-wrap clr\"><a class=\"button\" href=\"https:\/\/autoshow.at\/en\/product\/rolls-royce-silver-wraith-4door-sports-saloon-by-park-ward-1949-weiss-vergoldet-white-gold-plated\/\" data-no-translation=\"\" data-trp-gettext=\"\">Show product<\/a>\t<span id=\"woocommerce_loop_add_to_cart_link_describedby_102957\" class=\"screen-reader-text\">\n\t\t\t<\/span>\n<\/li><\/ul><\/div><!-- .product-inner .clr --><\/li>\n<li class=\"entry has-media has-product-nav col span_1_of_3 owp-content-center owp-thumbs-layout-horizontal owp-btn-normal owp-tabs-layout-horizontal product type-product post-102958 status-publish first instock product_cat-abc-brianza-143 has-post-thumbnail purchasable product-type-simple\">\n\t<div class=\"product-inner clr\">\n\t<div class=\"woo-entry-image-swap woo-entry-image clr\">\n\t\t<a href=\"https:\/\/autoshow.at\/en\/product\/mercedes-300-sc-cabriolet-schwarz-extrem-seltenes-modell-black-extremely-rare-model\/\" class=\"woocommerce-LoopProduct-link\"><img loading=\"lazy\" decoding=\"async\" width=\"300\" height=\"225\" src=\"https:\/\/autoshow.at\/wp-content\/uploads\/2022\/07\/abc-arist-m-300-fs-autoshow-lagernd-1-43-300x225.jpg\" class=\"woo-entry-image-main\" alt=\"Mercedes 300 SC Cabriolet, schwarz, EXTREM SELTENES Modell ! \/ black, EXTREMELY RARE model !\" itemprop=\"image\" srcset=\"https:\/\/autoshow.at\/wp-content\/uploads\/2022\/07\/abc-arist-m-300-fs-autoshow-lagernd-1-43-300x225.jpg 300w, https:\/\/autoshow.at\/wp-content\/uploads\/2022\/07\/abc-arist-m-300-fs-autoshow-lagernd-1-43-1024x768.jpg 1024w, https:\/\/autoshow.at\/wp-content\/uploads\/2022\/07\/abc-arist-m-300-fs-autoshow-lagernd-1-43-768x576.jpg 768w, https:\/\/autoshow.at\/wp-content\/uploads\/2022\/07\/abc-arist-m-300-fs-autoshow-lagernd-1-43-16x12.jpg 16w, https:\/\/autoshow.at\/wp-content\/uploads\/2022\/07\/abc-arist-m-300-fs-autoshow-lagernd-1-43.jpg 1200w\" sizes=\"(max-width: 300px) 100vw, 300px\" \/><img loading=\"lazy\" decoding=\"async\" width=\"300\" height=\"225\" src=\"https:\/\/autoshow.at\/wp-content\/uploads\/2022\/07\/abc-arist-m-300-rs-autoshow-lagernd-1-43-300x225.jpg\" class=\"woo-entry-image-secondary\" alt=\"Mercedes 300 SC Cabriolet, schwarz, EXTREM SELTENES Modell ! \/ black, EXTREMELY RARE model !\" itemprop=\"image\" srcset=\"https:\/\/autoshow.at\/wp-content\/uploads\/2022\/07\/abc-arist-m-300-rs-autoshow-lagernd-1-43-300x225.jpg 300w, https:\/\/autoshow.at\/wp-content\/uploads\/2022\/07\/abc-arist-m-300-rs-autoshow-lagernd-1-43-1024x768.jpg 1024w, https:\/\/autoshow.at\/wp-content\/uploads\/2022\/07\/abc-arist-m-300-rs-autoshow-lagernd-1-43-768x576.jpg 768w, https:\/\/autoshow.at\/wp-content\/uploads\/2022\/07\/abc-arist-m-300-rs-autoshow-lagernd-1-43-16x12.jpg 16w, https:\/\/autoshow.at\/wp-content\/uploads\/2022\/07\/abc-arist-m-300-rs-autoshow-lagernd-1-43.jpg 1200w\" sizes=\"(max-width: 300px) 100vw, 300px\" \/><\/a><a href=\"#\" id=\"product_id_102958\" class=\"owp-quick-view\" data-product_id=\"102958\" aria-label=\"Quickly preview product Mercedes 300 SC Cabriolet, schwarz, EXTREM SELTENES Modell ! \/ black, EXTREMELY RARE model !\"><i class=\"icon-eye\" aria-hidden=\"true\" role=\"img\"><\/i> Quick View<\/a>\t<\/div><!-- .woo-entry-image-swap -->\n\n\n\n\n\n\n\t<p class=\"wc-gzd-additional-info wc-gzd-additional-info-loop shipping-costs-info\">plus <a href=\"https:\/\/autoshow.at\/en\/versandarten\/\" target=\"_blank\">shipping<\/a><\/p>\n\n\n<ul class=\"woo-entry-inner clr\"><li class=\"image-wrap\">\n\t<div class=\"woo-entry-image-swap woo-entry-image clr\">\n\t\t<a href=\"https:\/\/autoshow.at\/en\/product\/mercedes-300-sc-cabriolet-schwarz-extrem-seltenes-modell-black-extremely-rare-model\/\" class=\"woocommerce-LoopProduct-link\"><img loading=\"lazy\" decoding=\"async\" width=\"300\" height=\"225\" src=\"https:\/\/autoshow.at\/wp-content\/uploads\/2022\/07\/abc-arist-m-300-fs-autoshow-lagernd-1-43-300x225.jpg\" class=\"woo-entry-image-main\" alt=\"Mercedes 300 SC Cabriolet, schwarz, EXTREM SELTENES Modell ! \/ black, EXTREMELY RARE model !\" itemprop=\"image\" srcset=\"https:\/\/autoshow.at\/wp-content\/uploads\/2022\/07\/abc-arist-m-300-fs-autoshow-lagernd-1-43-300x225.jpg 300w, https:\/\/autoshow.at\/wp-content\/uploads\/2022\/07\/abc-arist-m-300-fs-autoshow-lagernd-1-43-1024x768.jpg 1024w, https:\/\/autoshow.at\/wp-content\/uploads\/2022\/07\/abc-arist-m-300-fs-autoshow-lagernd-1-43-768x576.jpg 768w, https:\/\/autoshow.at\/wp-content\/uploads\/2022\/07\/abc-arist-m-300-fs-autoshow-lagernd-1-43-16x12.jpg 16w, https:\/\/autoshow.at\/wp-content\/uploads\/2022\/07\/abc-arist-m-300-fs-autoshow-lagernd-1-43.jpg 1200w\" sizes=\"(max-width: 300px) 100vw, 300px\" \/><img loading=\"lazy\" decoding=\"async\" width=\"300\" height=\"225\" src=\"https:\/\/autoshow.at\/wp-content\/uploads\/2022\/07\/abc-arist-m-300-rs-autoshow-lagernd-1-43-300x225.jpg\" class=\"woo-entry-image-secondary\" alt=\"Mercedes 300 SC Cabriolet, schwarz, EXTREM SELTENES Modell ! \/ black, EXTREMELY RARE model !\" itemprop=\"image\" srcset=\"https:\/\/autoshow.at\/wp-content\/uploads\/2022\/07\/abc-arist-m-300-rs-autoshow-lagernd-1-43-300x225.jpg 300w, https:\/\/autoshow.at\/wp-content\/uploads\/2022\/07\/abc-arist-m-300-rs-autoshow-lagernd-1-43-1024x768.jpg 1024w, https:\/\/autoshow.at\/wp-content\/uploads\/2022\/07\/abc-arist-m-300-rs-autoshow-lagernd-1-43-768x576.jpg 768w, https:\/\/autoshow.at\/wp-content\/uploads\/2022\/07\/abc-arist-m-300-rs-autoshow-lagernd-1-43-16x12.jpg 16w, https:\/\/autoshow.at\/wp-content\/uploads\/2022\/07\/abc-arist-m-300-rs-autoshow-lagernd-1-43.jpg 1200w\" sizes=\"(max-width: 300px) 100vw, 300px\" \/><\/a><a href=\"#\" id=\"product_id_102958\" class=\"owp-quick-view\" data-product_id=\"102958\" aria-label=\"Quickly preview product Mercedes 300 SC Cabriolet, schwarz, EXTREM SELTENES Modell ! \/ black, EXTREMELY RARE model !\"><i class=\"icon-eye\" aria-hidden=\"true\" role=\"img\"><\/i> Quick View<\/a>\t<\/div><!-- .woo-entry-image-swap -->\n\n<\/li><li class=\"category\"><a href=\"https:\/\/autoshow.at\/en\/product-category\/abc-brianza-143\/\" rel=\"tag\">ABC Brianza 1:43<\/a><\/li><li class=\"title\"><h2><a href=\"https:\/\/autoshow.at\/en\/product\/mercedes-300-sc-cabriolet-schwarz-extrem-seltenes-modell-black-extremely-rare-model\/\">Mercedes 300 SC Cabriolet, schwarz, EXTREM SELTENES Modell ! \/ black, EXTREMELY RARE model !<\/a><\/h2><\/li><li class=\"price-wrap\">\n\t<span class=\"price\"><span class=\"woocommerce-Price-amount amount\"><bdi>35,00&nbsp;<span class=\"woocommerce-Price-currencySymbol\">&euro;<\/span><\/bdi><\/span><\/span>\n<\/li><li class=\"wc-gzd\">\n\n\n\t<p class=\"wc-gzd-additional-info shipping-costs-info\">plus <a href=\"https:\/\/autoshow.at\/en\/versandarten\/\" target=\"_blank\">shipping<\/a><\/p>\n\n\n<\/li><li class=\"rating\"><\/li><li class=\"btn-wrap clr\"><a class=\"button\" href=\"https:\/\/autoshow.at\/en\/product\/mercedes-300-sc-cabriolet-schwarz-extrem-seltenes-modell-black-extremely-rare-model\/\" data-no-translation=\"\" data-trp-gettext=\"\">Show product<\/a>\t<span id=\"woocommerce_loop_add_to_cart_link_describedby_102958\" class=\"screen-reader-text\">\n\t\t\t<\/span>\n<\/li><\/ul><\/div><!-- .product-inner .clr --><\/li>\n<li class=\"entry has-media has-product-nav col span_1_of_3 owp-content-center owp-thumbs-layout-horizontal owp-btn-normal owp-tabs-layout-horizontal product type-product post-102973 status-publish instock product_cat-amr-le-phoenix-143 has-post-thumbnail purchasable product-type-simple\">\n\t<div class=\"product-inner clr\">\n\t<div class=\"woo-entry-image-swap woo-entry-image clr\">\n\t\t<a href=\"https:\/\/autoshow.at\/en\/product\/ferrari-250-gt-scuderia-serenissima-24h-le-mans-1961-trintignant-abate-16\/\" class=\"woocommerce-LoopProduct-link\"><img loading=\"lazy\" decoding=\"async\" width=\"1200\" height=\"900\" src=\"https:\/\/autoshow.at\/wp-content\/uploads\/2024\/08\/amr-ferrari-250-lm-16-autoshow-lagernd-1-43-1.jpg\" class=\"woo-entry-image-main\" alt=\"Ferrari 250 GT &#8222;Scuderia Serenissima&#8220;, 24H Le Mans 1961, Trintignant \/ Abate, # 16\" itemprop=\"image\" srcset=\"https:\/\/autoshow.at\/wp-content\/uploads\/2024\/08\/amr-ferrari-250-lm-16-autoshow-lagernd-1-43-1.jpg 1200w, https:\/\/autoshow.at\/wp-content\/uploads\/2024\/08\/amr-ferrari-250-lm-16-autoshow-lagernd-1-43-1-300x225.jpg 300w, https:\/\/autoshow.at\/wp-content\/uploads\/2024\/08\/amr-ferrari-250-lm-16-autoshow-lagernd-1-43-1-1024x768.jpg 1024w, https:\/\/autoshow.at\/wp-content\/uploads\/2024\/08\/amr-ferrari-250-lm-16-autoshow-lagernd-1-43-1-768x576.jpg 768w, https:\/\/autoshow.at\/wp-content\/uploads\/2024\/08\/amr-ferrari-250-lm-16-autoshow-lagernd-1-43-1-16x12.jpg 16w, https:\/\/autoshow.at\/wp-content\/uploads\/2024\/08\/amr-ferrari-250-lm-16-autoshow-lagernd-1-43-1-64x48.jpg 64w\" sizes=\"(max-width: 1200px) 100vw, 1200px\" \/><img loading=\"lazy\" decoding=\"async\" width=\"1200\" height=\"900\" src=\"https:\/\/autoshow.at\/wp-content\/uploads\/2024\/08\/amr-ferrari-250-lm-16-autoshow-lagernd-1-43-2.jpg\" class=\"woo-entry-image-secondary\" alt=\"Ferrari 250 GT &#8222;Scuderia Serenissima&#8220;, 24H Le Mans 1961, Trintignant \/ Abate, # 16\" itemprop=\"image\" srcset=\"https:\/\/autoshow.at\/wp-content\/uploads\/2024\/08\/amr-ferrari-250-lm-16-autoshow-lagernd-1-43-2.jpg 1200w, https:\/\/autoshow.at\/wp-content\/uploads\/2024\/08\/amr-ferrari-250-lm-16-autoshow-lagernd-1-43-2-300x225.jpg 300w, https:\/\/autoshow.at\/wp-content\/uploads\/2024\/08\/amr-ferrari-250-lm-16-autoshow-lagernd-1-43-2-1024x768.jpg 1024w, https:\/\/autoshow.at\/wp-content\/uploads\/2024\/08\/amr-ferrari-250-lm-16-autoshow-lagernd-1-43-2-768x576.jpg 768w, https:\/\/autoshow.at\/wp-content\/uploads\/2024\/08\/amr-ferrari-250-lm-16-autoshow-lagernd-1-43-2-16x12.jpg 16w, https:\/\/autoshow.at\/wp-content\/uploads\/2024\/08\/amr-ferrari-250-lm-16-autoshow-lagernd-1-43-2-64x48.jpg 64w\" sizes=\"(max-width: 1200px) 100vw, 1200px\" \/><\/a><a href=\"#\" id=\"product_id_102973\" class=\"owp-quick-view\" data-product_id=\"102973\" aria-label=\"Quickly preview product Ferrari 250 GT \"scuderia serenissima\", 24h le mans 1961, trintignant><i class=\"icon-eye\" aria-hidden=\"true\" role=\"img\"><\/i> Quick View<\/a>\t<\/div><!-- .woo-entry-image-swap -->\n\n\n\n\n\n\n\t<p class=\"wc-gzd-additional-info wc-gzd-additional-info-loop shipping-costs-info\">plus <a href=\"https:\/\/autoshow.at\/en\/versandarten\/\" target=\"_blank\">shipping<\/a><\/p>\n\n\n<ul class=\"woo-entry-inner clr\"><li class=\"image-wrap\">\n\t<div class=\"woo-entry-image-swap woo-entry-image clr\">\n\t\t<a href=\"https:\/\/autoshow.at\/en\/product\/ferrari-250-gt-scuderia-serenissima-24h-le-mans-1961-trintignant-abate-16\/\" class=\"woocommerce-LoopProduct-link\"><img loading=\"lazy\" decoding=\"async\" width=\"1200\" height=\"900\" src=\"https:\/\/autoshow.at\/wp-content\/uploads\/2024\/08\/amr-ferrari-250-lm-16-autoshow-lagernd-1-43-1.jpg\" class=\"woo-entry-image-main\" alt=\"Ferrari 250 GT &#8222;Scuderia Serenissima&#8220;, 24H Le Mans 1961, Trintignant \/ Abate, # 16\" itemprop=\"image\" srcset=\"https:\/\/autoshow.at\/wp-content\/uploads\/2024\/08\/amr-ferrari-250-lm-16-autoshow-lagernd-1-43-1.jpg 1200w, https:\/\/autoshow.at\/wp-content\/uploads\/2024\/08\/amr-ferrari-250-lm-16-autoshow-lagernd-1-43-1-300x225.jpg 300w, https:\/\/autoshow.at\/wp-content\/uploads\/2024\/08\/amr-ferrari-250-lm-16-autoshow-lagernd-1-43-1-1024x768.jpg 1024w, https:\/\/autoshow.at\/wp-content\/uploads\/2024\/08\/amr-ferrari-250-lm-16-autoshow-lagernd-1-43-1-768x576.jpg 768w, https:\/\/autoshow.at\/wp-content\/uploads\/2024\/08\/amr-ferrari-250-lm-16-autoshow-lagernd-1-43-1-16x12.jpg 16w, https:\/\/autoshow.at\/wp-content\/uploads\/2024\/08\/amr-ferrari-250-lm-16-autoshow-lagernd-1-43-1-64x48.jpg 64w\" sizes=\"(max-width: 1200px) 100vw, 1200px\" \/><img loading=\"lazy\" decoding=\"async\" width=\"1200\" height=\"900\" src=\"https:\/\/autoshow.at\/wp-content\/uploads\/2024\/08\/amr-ferrari-250-lm-16-autoshow-lagernd-1-43-2.jpg\" class=\"woo-entry-image-secondary\" alt=\"Ferrari 250 GT &#8222;Scuderia Serenissima&#8220;, 24H Le Mans 1961, Trintignant \/ Abate, # 16\" itemprop=\"image\" srcset=\"https:\/\/autoshow.at\/wp-content\/uploads\/2024\/08\/amr-ferrari-250-lm-16-autoshow-lagernd-1-43-2.jpg 1200w, https:\/\/autoshow.at\/wp-content\/uploads\/2024\/08\/amr-ferrari-250-lm-16-autoshow-lagernd-1-43-2-300x225.jpg 300w, https:\/\/autoshow.at\/wp-content\/uploads\/2024\/08\/amr-ferrari-250-lm-16-autoshow-lagernd-1-43-2-1024x768.jpg 1024w, https:\/\/autoshow.at\/wp-content\/uploads\/2024\/08\/amr-ferrari-250-lm-16-autoshow-lagernd-1-43-2-768x576.jpg 768w, https:\/\/autoshow.at\/wp-content\/uploads\/2024\/08\/amr-ferrari-250-lm-16-autoshow-lagernd-1-43-2-16x12.jpg 16w, https:\/\/autoshow.at\/wp-content\/uploads\/2024\/08\/amr-ferrari-250-lm-16-autoshow-lagernd-1-43-2-64x48.jpg 64w\" sizes=\"(max-width: 1200px) 100vw, 1200px\" \/><\/a><a href=\"#\" id=\"product_id_102973\" class=\"owp-quick-view\" data-product_id=\"102973\" aria-label=\"Quickly preview product Ferrari 250 GT \"scuderia serenissima\", 24h le mans 1961, trintignant><i class=\"icon-eye\" aria-hidden=\"true\" role=\"img\"><\/i> Quick View<\/a>\t<\/div><!-- .woo-entry-image-swap -->\n\n<\/li><li class=\"category\"><a href=\"https:\/\/autoshow.at\/en\/product-category\/amr-le-phoenix-143\/\" rel=\"tag\">AMR \/ Le PHOENIX 1:43<\/a><\/li><li class=\"title\"><h2><a href=\"https:\/\/autoshow.at\/en\/product\/ferrari-250-gt-scuderia-serenissima-24h-le-mans-1961-trintignant-abate-16\/\">Ferrari 250 GT &#8222;Scuderia Serenissima&#8220;, 24H Le Mans 1961, Trintignant \/ Abate, # 16<\/a><\/h2><\/li><li class=\"price-wrap\">\n\t<span class=\"price\"><span class=\"woocommerce-Price-amount amount\"><bdi>79,00&nbsp;<span class=\"woocommerce-Price-currencySymbol\">&euro;<\/span><\/bdi><\/span><\/span>\n<\/li><li class=\"wc-gzd\">\n\n\n\t<p class=\"wc-gzd-additional-info shipping-costs-info\">plus <a href=\"https:\/\/autoshow.at\/en\/versandarten\/\" target=\"_blank\">shipping<\/a><\/p>\n\n\n<\/li><li class=\"rating\"><\/li><li class=\"btn-wrap clr\"><a class=\"button\" href=\"https:\/\/autoshow.at\/en\/product\/ferrari-250-gt-scuderia-serenissima-24h-le-mans-1961-trintignant-abate-16\/\" data-no-translation=\"\" data-trp-gettext=\"\">Show product<\/a>\t<span id=\"woocommerce_loop_add_to_cart_link_describedby_102973\" class=\"screen-reader-text\">\n\t\t\t<\/span>\n<\/li><\/ul><\/div><!-- .product-inner .clr --><\/li>\n<li class=\"entry has-media has-product-nav col span_1_of_3 owp-content-center owp-thumbs-layout-horizontal owp-btn-normal owp-tabs-layout-horizontal product type-product post-103744 status-publish last instock product_cat-abc-brianza-143 has-post-thumbnail purchasable product-type-simple\">\n\t<div class=\"product-inner clr\">\n\t<div class=\"woo-entry-image-swap woo-entry-image clr\">\n\t\t<a href=\"https:\/\/autoshow.at\/en\/product\/fiat-barchetta-dedica-concept-car-by-stola-salon-torino-1996-tuerkis-turquoise\/\" class=\"woocommerce-LoopProduct-link\"><img loading=\"lazy\" decoding=\"async\" width=\"1200\" height=\"900\" src=\"https:\/\/autoshow.at\/wp-content\/uploads\/2025\/03\/abc-fiat-dedica-autoshow-lagernd-1-43-1.jpg\" class=\"woo-entry-image-main\" alt=\"Fiat Barchetta &#8222;Dedica&#8220; Concept Car by Stola, Salon Torino 1996, t\u00fcrkis \/ turquoise\" itemprop=\"image\" srcset=\"https:\/\/autoshow.at\/wp-content\/uploads\/2025\/03\/abc-fiat-dedica-autoshow-lagernd-1-43-1.jpg 1200w, https:\/\/autoshow.at\/wp-content\/uploads\/2025\/03\/abc-fiat-dedica-autoshow-lagernd-1-43-1-300x225.jpg 300w, https:\/\/autoshow.at\/wp-content\/uploads\/2025\/03\/abc-fiat-dedica-autoshow-lagernd-1-43-1-1024x768.jpg 1024w, https:\/\/autoshow.at\/wp-content\/uploads\/2025\/03\/abc-fiat-dedica-autoshow-lagernd-1-43-1-768x576.jpg 768w, https:\/\/autoshow.at\/wp-content\/uploads\/2025\/03\/abc-fiat-dedica-autoshow-lagernd-1-43-1-16x12.jpg 16w, https:\/\/autoshow.at\/wp-content\/uploads\/2025\/03\/abc-fiat-dedica-autoshow-lagernd-1-43-1-64x48.jpg 64w\" sizes=\"(max-width: 1200px) 100vw, 1200px\" \/><img loading=\"lazy\" decoding=\"async\" width=\"1200\" height=\"900\" src=\"https:\/\/autoshow.at\/wp-content\/uploads\/2025\/03\/abc-fiat-dedica-autoshow-lagernd-1-43-2.jpg\" class=\"woo-entry-image-secondary\" alt=\"Fiat Barchetta &#8222;Dedica&#8220; Concept Car by Stola, Salon Torino 1996, t\u00fcrkis \/ turquoise\" itemprop=\"image\" srcset=\"https:\/\/autoshow.at\/wp-content\/uploads\/2025\/03\/abc-fiat-dedica-autoshow-lagernd-1-43-2.jpg 1200w, https:\/\/autoshow.at\/wp-content\/uploads\/2025\/03\/abc-fiat-dedica-autoshow-lagernd-1-43-2-300x225.jpg 300w, https:\/\/autoshow.at\/wp-content\/uploads\/2025\/03\/abc-fiat-dedica-autoshow-lagernd-1-43-2-1024x768.jpg 1024w, https:\/\/autoshow.at\/wp-content\/uploads\/2025\/03\/abc-fiat-dedica-autoshow-lagernd-1-43-2-768x576.jpg 768w, https:\/\/autoshow.at\/wp-content\/uploads\/2025\/03\/abc-fiat-dedica-autoshow-lagernd-1-43-2-16x12.jpg 16w, https:\/\/autoshow.at\/wp-content\/uploads\/2025\/03\/abc-fiat-dedica-autoshow-lagernd-1-43-2-64x48.jpg 64w\" sizes=\"(max-width: 1200px) 100vw, 1200px\" \/><\/a><a href=\"#\" id=\"product_id_103744\" class=\"owp-quick-view\" data-product_id=\"103744\" aria-label=\"Quickly preview product Fiat Barchetta \"dedica\" concept car by stola, salon torino 1996, t\u00fcrkis><i class=\"icon-eye\" aria-hidden=\"true\" role=\"img\"><\/i> Quick View<\/a>\t<\/div><!-- .woo-entry-image-swap -->\n\n\n\n\n\n\n\t<p class=\"wc-gzd-additional-info wc-gzd-additional-info-loop shipping-costs-info\">plus <a href=\"https:\/\/autoshow.at\/en\/versandarten\/\" target=\"_blank\">shipping<\/a><\/p>\n\n\n<ul class=\"woo-entry-inner clr\"><li class=\"image-wrap\">\n\t<div class=\"woo-entry-image-swap woo-entry-image clr\">\n\t\t<a href=\"https:\/\/autoshow.at\/en\/product\/fiat-barchetta-dedica-concept-car-by-stola-salon-torino-1996-tuerkis-turquoise\/\" class=\"woocommerce-LoopProduct-link\"><img loading=\"lazy\" decoding=\"async\" width=\"1200\" height=\"900\" src=\"https:\/\/autoshow.at\/wp-content\/uploads\/2025\/03\/abc-fiat-dedica-autoshow-lagernd-1-43-1.jpg\" class=\"woo-entry-image-main\" alt=\"Fiat Barchetta &#8222;Dedica&#8220; Concept Car by Stola, Salon Torino 1996, t\u00fcrkis \/ turquoise\" itemprop=\"image\" srcset=\"https:\/\/autoshow.at\/wp-content\/uploads\/2025\/03\/abc-fiat-dedica-autoshow-lagernd-1-43-1.jpg 1200w, https:\/\/autoshow.at\/wp-content\/uploads\/2025\/03\/abc-fiat-dedica-autoshow-lagernd-1-43-1-300x225.jpg 300w, https:\/\/autoshow.at\/wp-content\/uploads\/2025\/03\/abc-fiat-dedica-autoshow-lagernd-1-43-1-1024x768.jpg 1024w, https:\/\/autoshow.at\/wp-content\/uploads\/2025\/03\/abc-fiat-dedica-autoshow-lagernd-1-43-1-768x576.jpg 768w, https:\/\/autoshow.at\/wp-content\/uploads\/2025\/03\/abc-fiat-dedica-autoshow-lagernd-1-43-1-16x12.jpg 16w, https:\/\/autoshow.at\/wp-content\/uploads\/2025\/03\/abc-fiat-dedica-autoshow-lagernd-1-43-1-64x48.jpg 64w\" sizes=\"(max-width: 1200px) 100vw, 1200px\" \/><img loading=\"lazy\" decoding=\"async\" width=\"1200\" height=\"900\" src=\"https:\/\/autoshow.at\/wp-content\/uploads\/2025\/03\/abc-fiat-dedica-autoshow-lagernd-1-43-2.jpg\" class=\"woo-entry-image-secondary\" alt=\"Fiat Barchetta &#8222;Dedica&#8220; Concept Car by Stola, Salon Torino 1996, t\u00fcrkis \/ turquoise\" itemprop=\"image\" srcset=\"https:\/\/autoshow.at\/wp-content\/uploads\/2025\/03\/abc-fiat-dedica-autoshow-lagernd-1-43-2.jpg 1200w, https:\/\/autoshow.at\/wp-content\/uploads\/2025\/03\/abc-fiat-dedica-autoshow-lagernd-1-43-2-300x225.jpg 300w, https:\/\/autoshow.at\/wp-content\/uploads\/2025\/03\/abc-fiat-dedica-autoshow-lagernd-1-43-2-1024x768.jpg 1024w, https:\/\/autoshow.at\/wp-content\/uploads\/2025\/03\/abc-fiat-dedica-autoshow-lagernd-1-43-2-768x576.jpg 768w, https:\/\/autoshow.at\/wp-content\/uploads\/2025\/03\/abc-fiat-dedica-autoshow-lagernd-1-43-2-16x12.jpg 16w, https:\/\/autoshow.at\/wp-content\/uploads\/2025\/03\/abc-fiat-dedica-autoshow-lagernd-1-43-2-64x48.jpg 64w\" sizes=\"(max-width: 1200px) 100vw, 1200px\" \/><\/a><a href=\"#\" id=\"product_id_103744\" class=\"owp-quick-view\" data-product_id=\"103744\" aria-label=\"Quickly preview product Fiat Barchetta \"dedica\" concept car by stola, salon torino 1996, t\u00fcrkis><i class=\"icon-eye\" aria-hidden=\"true\" role=\"img\"><\/i> Quick View<\/a>\t<\/div><!-- .woo-entry-image-swap -->\n\n<\/li><li class=\"category\"><a href=\"https:\/\/autoshow.at\/en\/product-category\/abc-brianza-143\/\" rel=\"tag\">ABC Brianza 1:43<\/a><\/li><li class=\"title\"><h2><a href=\"https:\/\/autoshow.at\/en\/product\/fiat-barchetta-dedica-concept-car-by-stola-salon-torino-1996-tuerkis-turquoise\/\">Fiat Barchetta &#8222;Dedica&#8220; Concept Car by Stola, Salon Torino 1996, t\u00fcrkis \/ turquoise<\/a><\/h2><\/li><li class=\"price-wrap\">\n\t<span class=\"price\"><span class=\"woocommerce-Price-amount amount\"><bdi>79,00&nbsp;<span class=\"woocommerce-Price-currencySymbol\">&euro;<\/span><\/bdi><\/span><\/span>\n<\/li><li class=\"wc-gzd\">\n\n\n\t<p class=\"wc-gzd-additional-info shipping-costs-info\">plus <a href=\"https:\/\/autoshow.at\/en\/versandarten\/\" target=\"_blank\">shipping<\/a><\/p>\n\n\n<\/li><li class=\"rating\"><\/li><li class=\"btn-wrap clr\"><a class=\"button\" href=\"https:\/\/autoshow.at\/en\/product\/fiat-barchetta-dedica-concept-car-by-stola-salon-torino-1996-tuerkis-turquoise\/\" data-no-translation=\"\" data-trp-gettext=\"\">Show product<\/a>\t<span id=\"woocommerce_loop_add_to_cart_link_describedby_103744\" class=\"screen-reader-text\">\n\t\t\t<\/span>\n<\/li><\/ul><\/div><!-- .product-inner .clr --><\/li>\n<li class=\"entry has-media has-product-nav col span_1_of_3 owp-content-center owp-thumbs-layout-horizontal owp-btn-normal owp-tabs-layout-horizontal product type-product post-103849 status-publish first instock product_cat-amr-le-phoenix-143 has-post-thumbnail purchasable product-type-simple\">\n\t<div class=\"product-inner clr\">\n\t<div class=\"woo-entry-image-swap woo-entry-image clr\">\n\t\t<a href=\"https:\/\/autoshow.at\/en\/product\/ferrari-250-gt-open-cabriolet-by-pininfarina-1959-1962-rot-red\/\" class=\"woocommerce-LoopProduct-link\"><img loading=\"lazy\" decoding=\"async\" width=\"1200\" height=\"900\" src=\"https:\/\/autoshow.at\/wp-content\/uploads\/2026\/03\/amr-478-autoshow-lagernd-1-43-1.jpg\" class=\"woo-entry-image-main\" alt=\"Ferrari 250 GT open Cabriolet by Pininfarina, 1959-1962, rot \/ red\" itemprop=\"image\" srcset=\"https:\/\/autoshow.at\/wp-content\/uploads\/2026\/03\/amr-478-autoshow-lagernd-1-43-1.jpg 1200w, https:\/\/autoshow.at\/wp-content\/uploads\/2026\/03\/amr-478-autoshow-lagernd-1-43-1-300x225.jpg 300w, https:\/\/autoshow.at\/wp-content\/uploads\/2026\/03\/amr-478-autoshow-lagernd-1-43-1-1024x768.jpg 1024w, https:\/\/autoshow.at\/wp-content\/uploads\/2026\/03\/amr-478-autoshow-lagernd-1-43-1-768x576.jpg 768w, https:\/\/autoshow.at\/wp-content\/uploads\/2026\/03\/amr-478-autoshow-lagernd-1-43-1-16x12.jpg 16w, https:\/\/autoshow.at\/wp-content\/uploads\/2026\/03\/amr-478-autoshow-lagernd-1-43-1-64x48.jpg 64w\" sizes=\"(max-width: 1200px) 100vw, 1200px\" \/><img loading=\"lazy\" decoding=\"async\" width=\"1200\" height=\"900\" src=\"https:\/\/autoshow.at\/wp-content\/uploads\/2026\/03\/amr-478-autoshow-lagernd-1-43-2.jpg\" class=\"woo-entry-image-secondary\" alt=\"Ferrari 250 GT open Cabriolet by Pininfarina, 1959-1962, rot \/ red\" itemprop=\"image\" srcset=\"https:\/\/autoshow.at\/wp-content\/uploads\/2026\/03\/amr-478-autoshow-lagernd-1-43-2.jpg 1200w, https:\/\/autoshow.at\/wp-content\/uploads\/2026\/03\/amr-478-autoshow-lagernd-1-43-2-300x225.jpg 300w, https:\/\/autoshow.at\/wp-content\/uploads\/2026\/03\/amr-478-autoshow-lagernd-1-43-2-1024x768.jpg 1024w, https:\/\/autoshow.at\/wp-content\/uploads\/2026\/03\/amr-478-autoshow-lagernd-1-43-2-768x576.jpg 768w, https:\/\/autoshow.at\/wp-content\/uploads\/2026\/03\/amr-478-autoshow-lagernd-1-43-2-16x12.jpg 16w, https:\/\/autoshow.at\/wp-content\/uploads\/2026\/03\/amr-478-autoshow-lagernd-1-43-2-64x48.jpg 64w\" sizes=\"(max-width: 1200px) 100vw, 1200px\" \/><\/a><a href=\"#\" id=\"product_id_103849\" class=\"owp-quick-view\" data-product_id=\"103849\" aria-label=\"Quickly preview product Ferrari 250 GT open Cabriolet by Pininfarina, 1959-1962, rot \/ red\"><i class=\"icon-eye\" aria-hidden=\"true\" role=\"img\"><\/i> Quick View<\/a>\t<\/div><!-- .woo-entry-image-swap -->\n\n\n\n\n\n\n\t<p class=\"wc-gzd-additional-info wc-gzd-additional-info-loop shipping-costs-info\">plus <a href=\"https:\/\/autoshow.at\/en\/versandarten\/\" target=\"_blank\">shipping<\/a><\/p>\n\n\n<ul class=\"woo-entry-inner clr\"><li class=\"image-wrap\">\n\t<div class=\"woo-entry-image-swap woo-entry-image clr\">\n\t\t<a href=\"https:\/\/autoshow.at\/en\/product\/ferrari-250-gt-open-cabriolet-by-pininfarina-1959-1962-rot-red\/\" class=\"woocommerce-LoopProduct-link\"><img loading=\"lazy\" decoding=\"async\" width=\"1200\" height=\"900\" src=\"https:\/\/autoshow.at\/wp-content\/uploads\/2026\/03\/amr-478-autoshow-lagernd-1-43-1.jpg\" class=\"woo-entry-image-main\" alt=\"Ferrari 250 GT open Cabriolet by Pininfarina, 1959-1962, rot \/ red\" itemprop=\"image\" srcset=\"https:\/\/autoshow.at\/wp-content\/uploads\/2026\/03\/amr-478-autoshow-lagernd-1-43-1.jpg 1200w, https:\/\/autoshow.at\/wp-content\/uploads\/2026\/03\/amr-478-autoshow-lagernd-1-43-1-300x225.jpg 300w, https:\/\/autoshow.at\/wp-content\/uploads\/2026\/03\/amr-478-autoshow-lagernd-1-43-1-1024x768.jpg 1024w, https:\/\/autoshow.at\/wp-content\/uploads\/2026\/03\/amr-478-autoshow-lagernd-1-43-1-768x576.jpg 768w, https:\/\/autoshow.at\/wp-content\/uploads\/2026\/03\/amr-478-autoshow-lagernd-1-43-1-16x12.jpg 16w, https:\/\/autoshow.at\/wp-content\/uploads\/2026\/03\/amr-478-autoshow-lagernd-1-43-1-64x48.jpg 64w\" sizes=\"(max-width: 1200px) 100vw, 1200px\" \/><img loading=\"lazy\" decoding=\"async\" width=\"1200\" height=\"900\" src=\"https:\/\/autoshow.at\/wp-content\/uploads\/2026\/03\/amr-478-autoshow-lagernd-1-43-2.jpg\" class=\"woo-entry-image-secondary\" alt=\"Ferrari 250 GT open Cabriolet by Pininfarina, 1959-1962, rot \/ red\" itemprop=\"image\" srcset=\"https:\/\/autoshow.at\/wp-content\/uploads\/2026\/03\/amr-478-autoshow-lagernd-1-43-2.jpg 1200w, https:\/\/autoshow.at\/wp-content\/uploads\/2026\/03\/amr-478-autoshow-lagernd-1-43-2-300x225.jpg 300w, https:\/\/autoshow.at\/wp-content\/uploads\/2026\/03\/amr-478-autoshow-lagernd-1-43-2-1024x768.jpg 1024w, https:\/\/autoshow.at\/wp-content\/uploads\/2026\/03\/amr-478-autoshow-lagernd-1-43-2-768x576.jpg 768w, https:\/\/autoshow.at\/wp-content\/uploads\/2026\/03\/amr-478-autoshow-lagernd-1-43-2-16x12.jpg 16w, https:\/\/autoshow.at\/wp-content\/uploads\/2026\/03\/amr-478-autoshow-lagernd-1-43-2-64x48.jpg 64w\" sizes=\"(max-width: 1200px) 100vw, 1200px\" \/><\/a><a href=\"#\" id=\"product_id_103849\" class=\"owp-quick-view\" data-product_id=\"103849\" aria-label=\"Quickly preview product Ferrari 250 GT open Cabriolet by Pininfarina, 1959-1962, rot \/ red\"><i class=\"icon-eye\" aria-hidden=\"true\" role=\"img\"><\/i> Quick View<\/a>\t<\/div><!-- .woo-entry-image-swap -->\n\n<\/li><li class=\"category\"><a href=\"https:\/\/autoshow.at\/en\/product-category\/amr-le-phoenix-143\/\" rel=\"tag\">AMR \/ Le PHOENIX 1:43<\/a><\/li><li class=\"title\"><h2><a href=\"https:\/\/autoshow.at\/en\/product\/ferrari-250-gt-open-cabriolet-by-pininfarina-1959-1962-rot-red\/\">Ferrari 250 GT open Cabriolet by Pininfarina, 1959-1962, rot \/ red<\/a><\/h2><\/li><li class=\"price-wrap\">\n\t<span class=\"price\"><span class=\"woocommerce-Price-amount amount\"><bdi>169,00&nbsp;<span class=\"woocommerce-Price-currencySymbol\">&euro;<\/span><\/bdi><\/span><\/span>\n<\/li><li class=\"wc-gzd\">\n\n\n\t<p class=\"wc-gzd-additional-info shipping-costs-info\">plus <a href=\"https:\/\/autoshow.at\/en\/versandarten\/\" target=\"_blank\">shipping<\/a><\/p>\n\n\n<\/li><li class=\"rating\"><\/li><li class=\"btn-wrap clr\"><a class=\"button\" href=\"https:\/\/autoshow.at\/en\/product\/ferrari-250-gt-open-cabriolet-by-pininfarina-1959-1962-rot-red\/\" data-no-translation=\"\" data-trp-gettext=\"\">Show product<\/a>\t<span id=\"woocommerce_loop_add_to_cart_link_describedby_103849\" class=\"screen-reader-text\">\n\t\t\t<\/span>\n<\/li><\/ul><\/div><!-- .product-inner .clr --><\/li>\n<li class=\"entry has-media has-product-nav col span_1_of_3 owp-content-center owp-thumbs-layout-horizontal owp-btn-normal owp-tabs-layout-horizontal product type-product post-104278 status-publish instock product_cat-amr-le-phoenix-143 has-post-thumbnail purchasable product-type-simple\">\n\t<div class=\"product-inner clr\">\n\t<div class=\"woo-entry-image-swap woo-entry-image clr\">\n\t\t<a href=\"https:\/\/autoshow.at\/en\/product\/ferrari-250-gto-chassis-4491-special-body-low-roof-500km-spa-francorchamps-1965-sutcliffe-33-montage-t-pinel\/\" class=\"woocommerce-LoopProduct-link\"><img loading=\"lazy\" decoding=\"async\" width=\"1200\" height=\"900\" src=\"https:\/\/autoshow.at\/wp-content\/uploads\/2025\/07\/amr-ferrari-250-gto-spa-1965-sutcliffe-autoshow-lagernd-1-43-1.jpg\" class=\"woo-entry-image-main\" alt=\"Ferrari 250 GTO, chassis 4491, SPECIAL BODY LOW ROOF, 500km Spa Francorchamps 1965, Sutcliffe, # 33 &#8211; MONTAGE T PINEL !\" itemprop=\"image\" srcset=\"https:\/\/autoshow.at\/wp-content\/uploads\/2025\/07\/amr-ferrari-250-gto-spa-1965-sutcliffe-autoshow-lagernd-1-43-1.jpg 1200w, https:\/\/autoshow.at\/wp-content\/uploads\/2025\/07\/amr-ferrari-250-gto-spa-1965-sutcliffe-autoshow-lagernd-1-43-1-300x225.jpg 300w, https:\/\/autoshow.at\/wp-content\/uploads\/2025\/07\/amr-ferrari-250-gto-spa-1965-sutcliffe-autoshow-lagernd-1-43-1-1024x768.jpg 1024w, https:\/\/autoshow.at\/wp-content\/uploads\/2025\/07\/amr-ferrari-250-gto-spa-1965-sutcliffe-autoshow-lagernd-1-43-1-768x576.jpg 768w, https:\/\/autoshow.at\/wp-content\/uploads\/2025\/07\/amr-ferrari-250-gto-spa-1965-sutcliffe-autoshow-lagernd-1-43-1-16x12.jpg 16w, https:\/\/autoshow.at\/wp-content\/uploads\/2025\/07\/amr-ferrari-250-gto-spa-1965-sutcliffe-autoshow-lagernd-1-43-1-64x48.jpg 64w\" sizes=\"(max-width: 1200px) 100vw, 1200px\" \/><img loading=\"lazy\" decoding=\"async\" width=\"1200\" height=\"900\" src=\"https:\/\/autoshow.at\/wp-content\/uploads\/2025\/07\/amr-ferrari-250-gto-spa-1965-sutcliffe-autoshow-lagernd-1-43-2.jpg\" class=\"woo-entry-image-secondary\" alt=\"Ferrari 250 GTO, chassis 4491, SPECIAL BODY LOW ROOF, 500km Spa Francorchamps 1965, Sutcliffe, # 33 &#8211; MONTAGE T PINEL !\" itemprop=\"image\" srcset=\"https:\/\/autoshow.at\/wp-content\/uploads\/2025\/07\/amr-ferrari-250-gto-spa-1965-sutcliffe-autoshow-lagernd-1-43-2.jpg 1200w, https:\/\/autoshow.at\/wp-content\/uploads\/2025\/07\/amr-ferrari-250-gto-spa-1965-sutcliffe-autoshow-lagernd-1-43-2-300x225.jpg 300w, https:\/\/autoshow.at\/wp-content\/uploads\/2025\/07\/amr-ferrari-250-gto-spa-1965-sutcliffe-autoshow-lagernd-1-43-2-1024x768.jpg 1024w, https:\/\/autoshow.at\/wp-content\/uploads\/2025\/07\/amr-ferrari-250-gto-spa-1965-sutcliffe-autoshow-lagernd-1-43-2-768x576.jpg 768w, https:\/\/autoshow.at\/wp-content\/uploads\/2025\/07\/amr-ferrari-250-gto-spa-1965-sutcliffe-autoshow-lagernd-1-43-2-16x12.jpg 16w, https:\/\/autoshow.at\/wp-content\/uploads\/2025\/07\/amr-ferrari-250-gto-spa-1965-sutcliffe-autoshow-lagernd-1-43-2-64x48.jpg 64w\" sizes=\"(max-width: 1200px) 100vw, 1200px\" \/><\/a><a href=\"#\" id=\"product_id_104278\" class=\"owp-quick-view\" data-product_id=\"104278\" aria-label=\"Quickly preview product Ferrari 250 GTO, chassis 4491, SPECIAL BODY LOW ROOF, 500km Spa Francorchamps 1965, Sutcliffe, # 33 - MONTAGE T PINEL !\"><i class=\"icon-eye\" aria-hidden=\"true\" role=\"img\"><\/i> Quick View<\/a>\t<\/div><!-- .woo-entry-image-swap -->\n\n\n\n\n\n\n\t<p class=\"wc-gzd-additional-info wc-gzd-additional-info-loop shipping-costs-info\">plus <a href=\"https:\/\/autoshow.at\/en\/versandarten\/\" target=\"_blank\">shipping<\/a><\/p>\n\n\n<ul class=\"woo-entry-inner clr\"><li class=\"image-wrap\">\n\t<div class=\"woo-entry-image-swap woo-entry-image clr\">\n\t\t<a href=\"https:\/\/autoshow.at\/en\/product\/ferrari-250-gto-chassis-4491-special-body-low-roof-500km-spa-francorchamps-1965-sutcliffe-33-montage-t-pinel\/\" class=\"woocommerce-LoopProduct-link\"><img loading=\"lazy\" decoding=\"async\" width=\"1200\" height=\"900\" src=\"https:\/\/autoshow.at\/wp-content\/uploads\/2025\/07\/amr-ferrari-250-gto-spa-1965-sutcliffe-autoshow-lagernd-1-43-1.jpg\" class=\"woo-entry-image-main\" alt=\"Ferrari 250 GTO, chassis 4491, SPECIAL BODY LOW ROOF, 500km Spa Francorchamps 1965, Sutcliffe, # 33 &#8211; MONTAGE T PINEL !\" itemprop=\"image\" srcset=\"https:\/\/autoshow.at\/wp-content\/uploads\/2025\/07\/amr-ferrari-250-gto-spa-1965-sutcliffe-autoshow-lagernd-1-43-1.jpg 1200w, https:\/\/autoshow.at\/wp-content\/uploads\/2025\/07\/amr-ferrari-250-gto-spa-1965-sutcliffe-autoshow-lagernd-1-43-1-300x225.jpg 300w, https:\/\/autoshow.at\/wp-content\/uploads\/2025\/07\/amr-ferrari-250-gto-spa-1965-sutcliffe-autoshow-lagernd-1-43-1-1024x768.jpg 1024w, https:\/\/autoshow.at\/wp-content\/uploads\/2025\/07\/amr-ferrari-250-gto-spa-1965-sutcliffe-autoshow-lagernd-1-43-1-768x576.jpg 768w, https:\/\/autoshow.at\/wp-content\/uploads\/2025\/07\/amr-ferrari-250-gto-spa-1965-sutcliffe-autoshow-lagernd-1-43-1-16x12.jpg 16w, https:\/\/autoshow.at\/wp-content\/uploads\/2025\/07\/amr-ferrari-250-gto-spa-1965-sutcliffe-autoshow-lagernd-1-43-1-64x48.jpg 64w\" sizes=\"(max-width: 1200px) 100vw, 1200px\" \/><img loading=\"lazy\" decoding=\"async\" width=\"1200\" height=\"900\" src=\"https:\/\/autoshow.at\/wp-content\/uploads\/2025\/07\/amr-ferrari-250-gto-spa-1965-sutcliffe-autoshow-lagernd-1-43-2.jpg\" class=\"woo-entry-image-secondary\" alt=\"Ferrari 250 GTO, chassis 4491, SPECIAL BODY LOW ROOF, 500km Spa Francorchamps 1965, Sutcliffe, # 33 &#8211; MONTAGE T PINEL !\" itemprop=\"image\" srcset=\"https:\/\/autoshow.at\/wp-content\/uploads\/2025\/07\/amr-ferrari-250-gto-spa-1965-sutcliffe-autoshow-lagernd-1-43-2.jpg 1200w, https:\/\/autoshow.at\/wp-content\/uploads\/2025\/07\/amr-ferrari-250-gto-spa-1965-sutcliffe-autoshow-lagernd-1-43-2-300x225.jpg 300w, https:\/\/autoshow.at\/wp-content\/uploads\/2025\/07\/amr-ferrari-250-gto-spa-1965-sutcliffe-autoshow-lagernd-1-43-2-1024x768.jpg 1024w, https:\/\/autoshow.at\/wp-content\/uploads\/2025\/07\/amr-ferrari-250-gto-spa-1965-sutcliffe-autoshow-lagernd-1-43-2-768x576.jpg 768w, https:\/\/autoshow.at\/wp-content\/uploads\/2025\/07\/amr-ferrari-250-gto-spa-1965-sutcliffe-autoshow-lagernd-1-43-2-16x12.jpg 16w, https:\/\/autoshow.at\/wp-content\/uploads\/2025\/07\/amr-ferrari-250-gto-spa-1965-sutcliffe-autoshow-lagernd-1-43-2-64x48.jpg 64w\" sizes=\"(max-width: 1200px) 100vw, 1200px\" \/><\/a><a href=\"#\" id=\"product_id_104278\" class=\"owp-quick-view\" data-product_id=\"104278\" aria-label=\"Quickly preview product Ferrari 250 GTO, chassis 4491, SPECIAL BODY LOW ROOF, 500km Spa Francorchamps 1965, Sutcliffe, # 33 - MONTAGE T PINEL !\"><i class=\"icon-eye\" aria-hidden=\"true\" role=\"img\"><\/i> Quick View<\/a>\t<\/div><!-- .woo-entry-image-swap -->\n\n<\/li><li class=\"category\"><a href=\"https:\/\/autoshow.at\/en\/product-category\/amr-le-phoenix-143\/\" rel=\"tag\">AMR \/ Le PHOENIX 1:43<\/a><\/li><li class=\"title\"><h2><a href=\"https:\/\/autoshow.at\/en\/product\/ferrari-250-gto-chassis-4491-special-body-low-roof-500km-spa-francorchamps-1965-sutcliffe-33-montage-t-pinel\/\">Ferrari 250 GTO, chassis 4491, SPECIAL BODY LOW ROOF, 500km Spa Francorchamps 1965, Sutcliffe, # 33 &#8211; MONTAGE T PINEL !<\/a><\/h2><\/li><li class=\"price-wrap\">\n\t<span class=\"price\"><span class=\"woocommerce-Price-amount amount\"><bdi>249,00&nbsp;<span class=\"woocommerce-Price-currencySymbol\">&euro;<\/span><\/bdi><\/span><\/span>\n<\/li><li class=\"wc-gzd\">\n\n\n\t<p class=\"wc-gzd-additional-info shipping-costs-info\">plus <a href=\"https:\/\/autoshow.at\/en\/versandarten\/\" target=\"_blank\">shipping<\/a><\/p>\n\n\n<\/li><li class=\"rating\"><\/li><li class=\"btn-wrap clr\"><a class=\"button\" href=\"https:\/\/autoshow.at\/en\/product\/ferrari-250-gto-chassis-4491-special-body-low-roof-500km-spa-francorchamps-1965-sutcliffe-33-montage-t-pinel\/\" data-no-translation=\"\" data-trp-gettext=\"\">Show product<\/a>\t<span id=\"woocommerce_loop_add_to_cart_link_describedby_104278\" class=\"screen-reader-text\">\n\t\t\t<\/span>\n<\/li><\/ul><\/div><!-- .product-inner .clr --><\/li>\n<li class=\"entry has-media has-product-nav col span_1_of_3 owp-content-center owp-thumbs-layout-horizontal owp-btn-normal owp-tabs-layout-horizontal product type-product post-104280 status-publish last instock product_cat-amr-le-phoenix-143 has-post-thumbnail purchasable product-type-simple\">\n\t<div class=\"product-inner clr\">\n\t<div class=\"woo-entry-image-swap woo-entry-image clr\">\n\t\t<a href=\"https:\/\/autoshow.at\/en\/product\/ferrari-250-gto-1962-rot-red\/\" class=\"woocommerce-LoopProduct-link\"><img loading=\"lazy\" decoding=\"async\" width=\"1200\" height=\"900\" src=\"https:\/\/autoshow.at\/wp-content\/uploads\/2025\/07\/amr-ferrari-250-gto-autoshow-lagernd-1-43-1.jpg\" class=\"woo-entry-image-main\" alt=\"Ferrari 250 GTO, 1962, rot \/ red\" itemprop=\"image\" srcset=\"https:\/\/autoshow.at\/wp-content\/uploads\/2025\/07\/amr-ferrari-250-gto-autoshow-lagernd-1-43-1.jpg 1200w, https:\/\/autoshow.at\/wp-content\/uploads\/2025\/07\/amr-ferrari-250-gto-autoshow-lagernd-1-43-1-300x225.jpg 300w, https:\/\/autoshow.at\/wp-content\/uploads\/2025\/07\/amr-ferrari-250-gto-autoshow-lagernd-1-43-1-1024x768.jpg 1024w, https:\/\/autoshow.at\/wp-content\/uploads\/2025\/07\/amr-ferrari-250-gto-autoshow-lagernd-1-43-1-768x576.jpg 768w, https:\/\/autoshow.at\/wp-content\/uploads\/2025\/07\/amr-ferrari-250-gto-autoshow-lagernd-1-43-1-16x12.jpg 16w, https:\/\/autoshow.at\/wp-content\/uploads\/2025\/07\/amr-ferrari-250-gto-autoshow-lagernd-1-43-1-64x48.jpg 64w\" sizes=\"(max-width: 1200px) 100vw, 1200px\" \/><img loading=\"lazy\" decoding=\"async\" width=\"1200\" height=\"900\" src=\"https:\/\/autoshow.at\/wp-content\/uploads\/2025\/07\/amr-ferrari-250-gto-autoshow-lagernd-1-43-2.jpg\" class=\"woo-entry-image-secondary\" alt=\"Ferrari 250 GTO, 1962, rot \/ red\" itemprop=\"image\" srcset=\"https:\/\/autoshow.at\/wp-content\/uploads\/2025\/07\/amr-ferrari-250-gto-autoshow-lagernd-1-43-2.jpg 1200w, https:\/\/autoshow.at\/wp-content\/uploads\/2025\/07\/amr-ferrari-250-gto-autoshow-lagernd-1-43-2-300x225.jpg 300w, https:\/\/autoshow.at\/wp-content\/uploads\/2025\/07\/amr-ferrari-250-gto-autoshow-lagernd-1-43-2-1024x768.jpg 1024w, https:\/\/autoshow.at\/wp-content\/uploads\/2025\/07\/amr-ferrari-250-gto-autoshow-lagernd-1-43-2-768x576.jpg 768w, https:\/\/autoshow.at\/wp-content\/uploads\/2025\/07\/amr-ferrari-250-gto-autoshow-lagernd-1-43-2-16x12.jpg 16w, https:\/\/autoshow.at\/wp-content\/uploads\/2025\/07\/amr-ferrari-250-gto-autoshow-lagernd-1-43-2-64x48.jpg 64w\" sizes=\"(max-width: 1200px) 100vw, 1200px\" \/><\/a><a href=\"#\" id=\"product_id_104280\" class=\"owp-quick-view\" data-product_id=\"104280\" aria-label=\"Quickly preview product Ferrari 250 GTO, 1962, rot \/ red\"><i class=\"icon-eye\" aria-hidden=\"true\" role=\"img\"><\/i> Quick View<\/a>\t<\/div><!-- .woo-entry-image-swap -->\n\n\n\n\n\n\n\t<p class=\"wc-gzd-additional-info wc-gzd-additional-info-loop shipping-costs-info\">plus <a href=\"https:\/\/autoshow.at\/en\/versandarten\/\" target=\"_blank\">shipping<\/a><\/p>\n\n\n<ul class=\"woo-entry-inner clr\"><li class=\"image-wrap\">\n\t<div class=\"woo-entry-image-swap woo-entry-image clr\">\n\t\t<a href=\"https:\/\/autoshow.at\/en\/product\/ferrari-250-gto-1962-rot-red\/\" class=\"woocommerce-LoopProduct-link\"><img loading=\"lazy\" decoding=\"async\" width=\"1200\" height=\"900\" src=\"https:\/\/autoshow.at\/wp-content\/uploads\/2025\/07\/amr-ferrari-250-gto-autoshow-lagernd-1-43-1.jpg\" class=\"woo-entry-image-main\" alt=\"Ferrari 250 GTO, 1962, rot \/ red\" itemprop=\"image\" srcset=\"https:\/\/autoshow.at\/wp-content\/uploads\/2025\/07\/amr-ferrari-250-gto-autoshow-lagernd-1-43-1.jpg 1200w, https:\/\/autoshow.at\/wp-content\/uploads\/2025\/07\/amr-ferrari-250-gto-autoshow-lagernd-1-43-1-300x225.jpg 300w, https:\/\/autoshow.at\/wp-content\/uploads\/2025\/07\/amr-ferrari-250-gto-autoshow-lagernd-1-43-1-1024x768.jpg 1024w, https:\/\/autoshow.at\/wp-content\/uploads\/2025\/07\/amr-ferrari-250-gto-autoshow-lagernd-1-43-1-768x576.jpg 768w, https:\/\/autoshow.at\/wp-content\/uploads\/2025\/07\/amr-ferrari-250-gto-autoshow-lagernd-1-43-1-16x12.jpg 16w, https:\/\/autoshow.at\/wp-content\/uploads\/2025\/07\/amr-ferrari-250-gto-autoshow-lagernd-1-43-1-64x48.jpg 64w\" sizes=\"(max-width: 1200px) 100vw, 1200px\" \/><img loading=\"lazy\" decoding=\"async\" width=\"1200\" height=\"900\" src=\"https:\/\/autoshow.at\/wp-content\/uploads\/2025\/07\/amr-ferrari-250-gto-autoshow-lagernd-1-43-2.jpg\" class=\"woo-entry-image-secondary\" alt=\"Ferrari 250 GTO, 1962, rot \/ red\" itemprop=\"image\" srcset=\"https:\/\/autoshow.at\/wp-content\/uploads\/2025\/07\/amr-ferrari-250-gto-autoshow-lagernd-1-43-2.jpg 1200w, https:\/\/autoshow.at\/wp-content\/uploads\/2025\/07\/amr-ferrari-250-gto-autoshow-lagernd-1-43-2-300x225.jpg 300w, https:\/\/autoshow.at\/wp-content\/uploads\/2025\/07\/amr-ferrari-250-gto-autoshow-lagernd-1-43-2-1024x768.jpg 1024w, https:\/\/autoshow.at\/wp-content\/uploads\/2025\/07\/amr-ferrari-250-gto-autoshow-lagernd-1-43-2-768x576.jpg 768w, https:\/\/autoshow.at\/wp-content\/uploads\/2025\/07\/amr-ferrari-250-gto-autoshow-lagernd-1-43-2-16x12.jpg 16w, https:\/\/autoshow.at\/wp-content\/uploads\/2025\/07\/amr-ferrari-250-gto-autoshow-lagernd-1-43-2-64x48.jpg 64w\" sizes=\"(max-width: 1200px) 100vw, 1200px\" \/><\/a><a href=\"#\" id=\"product_id_104280\" class=\"owp-quick-view\" data-product_id=\"104280\" aria-label=\"Quickly preview product Ferrari 250 GTO, 1962, rot \/ red\"><i class=\"icon-eye\" aria-hidden=\"true\" role=\"img\"><\/i> Quick View<\/a>\t<\/div><!-- .woo-entry-image-swap -->\n\n<\/li><li class=\"category\"><a href=\"https:\/\/autoshow.at\/en\/product-category\/amr-le-phoenix-143\/\" rel=\"tag\">AMR \/ Le PHOENIX 1:43<\/a><\/li><li class=\"title\"><h2><a href=\"https:\/\/autoshow.at\/en\/product\/ferrari-250-gto-1962-rot-red\/\">Ferrari 250 GTO, 1962, rot \/ red<\/a><\/h2><\/li><li class=\"price-wrap\">\n\t<span class=\"price\"><span class=\"woocommerce-Price-amount amount\"><bdi>159,00&nbsp;<span class=\"woocommerce-Price-currencySymbol\">&euro;<\/span><\/bdi><\/span><\/span>\n<\/li><li class=\"wc-gzd\">\n\n\n\t<p class=\"wc-gzd-additional-info shipping-costs-info\">plus <a href=\"https:\/\/autoshow.at\/en\/versandarten\/\" target=\"_blank\">shipping<\/a><\/p>\n\n\n<\/li><li class=\"rating\"><\/li><li class=\"btn-wrap clr\"><a class=\"button\" href=\"https:\/\/autoshow.at\/en\/product\/ferrari-250-gto-1962-rot-red\/\" data-no-translation=\"\" data-trp-gettext=\"\">Show product<\/a>\t<span id=\"woocommerce_loop_add_to_cart_link_describedby_104280\" class=\"screen-reader-text\">\n\t\t\t<\/span>\n<\/li><\/ul><\/div><!-- .product-inner .clr --><\/li>\n<li class=\"entry has-media has-product-nav col span_1_of_3 owp-content-center owp-thumbs-layout-horizontal owp-btn-normal owp-tabs-layout-horizontal product type-product post-104446 status-publish first instock product_cat-abc-brianza-143 has-post-thumbnail purchasable product-type-simple\">\n\t<div class=\"product-inner clr\">\n\t<div class=\"woo-entry-image-swap woo-entry-image clr\">\n\t\t<a href=\"https:\/\/autoshow.at\/en\/product\/ferrari-v12-powered-sbarro-gto-1962-1964-design-sbarro-memory-salon-geneva-2012-schwarz-black-sale-normal-249\/\" class=\"woocommerce-LoopProduct-link\"><img loading=\"lazy\" decoding=\"async\" width=\"1200\" height=\"900\" src=\"https:\/\/autoshow.at\/wp-content\/uploads\/2025\/10\/abc-295-sbarro-gto-memory-autoshow-lagernd-1-43-1.jpg\" class=\"woo-entry-image-main\" alt=\"Ferrari V12 powered Sbarro GTO 1962\/1964 design &#8222;SBARRO Memory&#8220;, Salon Geneva 2012, schwarz \/ black (SALE &#8211; normal 249-!)\" itemprop=\"image\" srcset=\"https:\/\/autoshow.at\/wp-content\/uploads\/2025\/10\/abc-295-sbarro-gto-memory-autoshow-lagernd-1-43-1.jpg 1200w, https:\/\/autoshow.at\/wp-content\/uploads\/2025\/10\/abc-295-sbarro-gto-memory-autoshow-lagernd-1-43-1-300x225.jpg 300w, https:\/\/autoshow.at\/wp-content\/uploads\/2025\/10\/abc-295-sbarro-gto-memory-autoshow-lagernd-1-43-1-1024x768.jpg 1024w, https:\/\/autoshow.at\/wp-content\/uploads\/2025\/10\/abc-295-sbarro-gto-memory-autoshow-lagernd-1-43-1-768x576.jpg 768w, https:\/\/autoshow.at\/wp-content\/uploads\/2025\/10\/abc-295-sbarro-gto-memory-autoshow-lagernd-1-43-1-16x12.jpg 16w, https:\/\/autoshow.at\/wp-content\/uploads\/2025\/10\/abc-295-sbarro-gto-memory-autoshow-lagernd-1-43-1-64x48.jpg 64w\" sizes=\"(max-width: 1200px) 100vw, 1200px\" \/><img loading=\"lazy\" decoding=\"async\" width=\"1200\" height=\"900\" src=\"https:\/\/autoshow.at\/wp-content\/uploads\/2025\/10\/abc-295-sbarro-gto-memory-autoshow-lagernd-1-43-2.jpg\" class=\"woo-entry-image-secondary\" alt=\"Ferrari V12 powered Sbarro GTO 1962\/1964 design &#8222;SBARRO Memory&#8220;, Salon Geneva 2012, schwarz \/ black (SALE &#8211; normal 249-!)\" itemprop=\"image\" srcset=\"https:\/\/autoshow.at\/wp-content\/uploads\/2025\/10\/abc-295-sbarro-gto-memory-autoshow-lagernd-1-43-2.jpg 1200w, https:\/\/autoshow.at\/wp-content\/uploads\/2025\/10\/abc-295-sbarro-gto-memory-autoshow-lagernd-1-43-2-300x225.jpg 300w, https:\/\/autoshow.at\/wp-content\/uploads\/2025\/10\/abc-295-sbarro-gto-memory-autoshow-lagernd-1-43-2-1024x768.jpg 1024w, https:\/\/autoshow.at\/wp-content\/uploads\/2025\/10\/abc-295-sbarro-gto-memory-autoshow-lagernd-1-43-2-768x576.jpg 768w, https:\/\/autoshow.at\/wp-content\/uploads\/2025\/10\/abc-295-sbarro-gto-memory-autoshow-lagernd-1-43-2-16x12.jpg 16w, https:\/\/autoshow.at\/wp-content\/uploads\/2025\/10\/abc-295-sbarro-gto-memory-autoshow-lagernd-1-43-2-64x48.jpg 64w\" sizes=\"(max-width: 1200px) 100vw, 1200px\" \/><\/a><a href=\"#\" id=\"product_id_104446\" class=\"owp-quick-view\" data-product_id=\"104446\" aria-label=\"Quickly preview product Ferrari V12 powered Sbarro GTO 1962\/1964 design \"sbarro memory\", salon geneva 2012, schwarz><i class=\"icon-eye\" aria-hidden=\"true\" role=\"img\"><\/i> Quick View<\/a>\t<\/div><!-- .woo-entry-image-swap -->\n\n\n\n\n\n\n\t<p class=\"wc-gzd-additional-info wc-gzd-additional-info-loop shipping-costs-info\">plus <a href=\"https:\/\/autoshow.at\/en\/versandarten\/\" target=\"_blank\">shipping<\/a><\/p>\n\n\n<ul class=\"woo-entry-inner clr\"><li class=\"image-wrap\">\n\t<div class=\"woo-entry-image-swap woo-entry-image clr\">\n\t\t<a href=\"https:\/\/autoshow.at\/en\/product\/ferrari-v12-powered-sbarro-gto-1962-1964-design-sbarro-memory-salon-geneva-2012-schwarz-black-sale-normal-249\/\" class=\"woocommerce-LoopProduct-link\"><img loading=\"lazy\" decoding=\"async\" width=\"1200\" height=\"900\" src=\"https:\/\/autoshow.at\/wp-content\/uploads\/2025\/10\/abc-295-sbarro-gto-memory-autoshow-lagernd-1-43-1.jpg\" class=\"woo-entry-image-main\" alt=\"Ferrari V12 powered Sbarro GTO 1962\/1964 design &#8222;SBARRO Memory&#8220;, Salon Geneva 2012, schwarz \/ black (SALE &#8211; normal 249-!)\" itemprop=\"image\" srcset=\"https:\/\/autoshow.at\/wp-content\/uploads\/2025\/10\/abc-295-sbarro-gto-memory-autoshow-lagernd-1-43-1.jpg 1200w, https:\/\/autoshow.at\/wp-content\/uploads\/2025\/10\/abc-295-sbarro-gto-memory-autoshow-lagernd-1-43-1-300x225.jpg 300w, https:\/\/autoshow.at\/wp-content\/uploads\/2025\/10\/abc-295-sbarro-gto-memory-autoshow-lagernd-1-43-1-1024x768.jpg 1024w, https:\/\/autoshow.at\/wp-content\/uploads\/2025\/10\/abc-295-sbarro-gto-memory-autoshow-lagernd-1-43-1-768x576.jpg 768w, https:\/\/autoshow.at\/wp-content\/uploads\/2025\/10\/abc-295-sbarro-gto-memory-autoshow-lagernd-1-43-1-16x12.jpg 16w, https:\/\/autoshow.at\/wp-content\/uploads\/2025\/10\/abc-295-sbarro-gto-memory-autoshow-lagernd-1-43-1-64x48.jpg 64w\" sizes=\"(max-width: 1200px) 100vw, 1200px\" \/><img loading=\"lazy\" decoding=\"async\" width=\"1200\" height=\"900\" src=\"https:\/\/autoshow.at\/wp-content\/uploads\/2025\/10\/abc-295-sbarro-gto-memory-autoshow-lagernd-1-43-2.jpg\" class=\"woo-entry-image-secondary\" alt=\"Ferrari V12 powered Sbarro GTO 1962\/1964 design &#8222;SBARRO Memory&#8220;, Salon Geneva 2012, schwarz \/ black (SALE &#8211; normal 249-!)\" itemprop=\"image\" srcset=\"https:\/\/autoshow.at\/wp-content\/uploads\/2025\/10\/abc-295-sbarro-gto-memory-autoshow-lagernd-1-43-2.jpg 1200w, https:\/\/autoshow.at\/wp-content\/uploads\/2025\/10\/abc-295-sbarro-gto-memory-autoshow-lagernd-1-43-2-300x225.jpg 300w, https:\/\/autoshow.at\/wp-content\/uploads\/2025\/10\/abc-295-sbarro-gto-memory-autoshow-lagernd-1-43-2-1024x768.jpg 1024w, https:\/\/autoshow.at\/wp-content\/uploads\/2025\/10\/abc-295-sbarro-gto-memory-autoshow-lagernd-1-43-2-768x576.jpg 768w, https:\/\/autoshow.at\/wp-content\/uploads\/2025\/10\/abc-295-sbarro-gto-memory-autoshow-lagernd-1-43-2-16x12.jpg 16w, https:\/\/autoshow.at\/wp-content\/uploads\/2025\/10\/abc-295-sbarro-gto-memory-autoshow-lagernd-1-43-2-64x48.jpg 64w\" sizes=\"(max-width: 1200px) 100vw, 1200px\" \/><\/a><a href=\"#\" id=\"product_id_104446\" class=\"owp-quick-view\" data-product_id=\"104446\" aria-label=\"Quickly preview product Ferrari V12 powered Sbarro GTO 1962\/1964 design \"sbarro memory\", salon geneva 2012, schwarz><i class=\"icon-eye\" aria-hidden=\"true\" role=\"img\"><\/i> Quick View<\/a>\t<\/div><!-- .woo-entry-image-swap -->\n\n<\/li><li class=\"category\"><a href=\"https:\/\/autoshow.at\/en\/product-category\/abc-brianza-143\/\" rel=\"tag\">ABC Brianza 1:43<\/a><\/li><li class=\"title\"><h2><a href=\"https:\/\/autoshow.at\/en\/product\/ferrari-v12-powered-sbarro-gto-1962-1964-design-sbarro-memory-salon-geneva-2012-schwarz-black-sale-normal-249\/\">Ferrari V12 powered Sbarro GTO 1962\/1964 design &#8222;SBARRO Memory&#8220;, Salon Geneva 2012, schwarz \/ black (SALE &#8211; normal 249-!)<\/a><\/h2><\/li><li class=\"price-wrap\">\n\t<span class=\"price\"><span class=\"woocommerce-Price-amount amount\"><bdi>195,00&nbsp;<span class=\"woocommerce-Price-currencySymbol\">&euro;<\/span><\/bdi><\/span><\/span>\n<\/li><li class=\"wc-gzd\">\n\n\n\t<p class=\"wc-gzd-additional-info shipping-costs-info\">plus <a href=\"https:\/\/autoshow.at\/en\/versandarten\/\" target=\"_blank\">shipping<\/a><\/p>\n\n\n<\/li><li class=\"rating\"><\/li><li class=\"btn-wrap clr\"><a class=\"button\" href=\"https:\/\/autoshow.at\/en\/product\/ferrari-v12-powered-sbarro-gto-1962-1964-design-sbarro-memory-salon-geneva-2012-schwarz-black-sale-normal-249\/\" data-no-translation=\"\" data-trp-gettext=\"\">Show product<\/a>\t<span id=\"woocommerce_loop_add_to_cart_link_describedby_104446\" class=\"screen-reader-text\">\n\t\t\t<\/span>\n<\/li><\/ul><\/div><!-- .product-inner .clr --><\/li>\n<li class=\"entry has-media has-product-nav col span_1_of_3 owp-content-center owp-thumbs-layout-horizontal owp-btn-normal owp-tabs-layout-horizontal product type-product post-104447 status-publish instock product_cat-abc-brianza-143 has-post-thumbnail purchasable product-type-simple\">\n\t<div class=\"product-inner clr\">\n\t<div class=\"woo-entry-image-swap woo-entry-image clr\">\n\t\t<a href=\"https:\/\/autoshow.at\/en\/product\/ferrari-348-powered-sbarro-alcador-gtb-coupe-antrazith-metallic-sale-normal-249\/\" class=\"woocommerce-LoopProduct-link\"><img loading=\"lazy\" decoding=\"async\" width=\"1200\" height=\"900\" src=\"https:\/\/autoshow.at\/wp-content\/uploads\/2025\/10\/abc-253-sbarro-alcador-gtb-autoshow-lagernd-1-43-1.jpg\" class=\"woo-entry-image-main\" alt=\"Ferrari 348 powered Sbarro Alcador GTB Coup\u00e9, antrazith metallic (SALE &#8211; normal 249-!)\" itemprop=\"image\" srcset=\"https:\/\/autoshow.at\/wp-content\/uploads\/2025\/10\/abc-253-sbarro-alcador-gtb-autoshow-lagernd-1-43-1.jpg 1200w, https:\/\/autoshow.at\/wp-content\/uploads\/2025\/10\/abc-253-sbarro-alcador-gtb-autoshow-lagernd-1-43-1-300x225.jpg 300w, https:\/\/autoshow.at\/wp-content\/uploads\/2025\/10\/abc-253-sbarro-alcador-gtb-autoshow-lagernd-1-43-1-1024x768.jpg 1024w, https:\/\/autoshow.at\/wp-content\/uploads\/2025\/10\/abc-253-sbarro-alcador-gtb-autoshow-lagernd-1-43-1-768x576.jpg 768w, https:\/\/autoshow.at\/wp-content\/uploads\/2025\/10\/abc-253-sbarro-alcador-gtb-autoshow-lagernd-1-43-1-16x12.jpg 16w, https:\/\/autoshow.at\/wp-content\/uploads\/2025\/10\/abc-253-sbarro-alcador-gtb-autoshow-lagernd-1-43-1-64x48.jpg 64w\" sizes=\"(max-width: 1200px) 100vw, 1200px\" \/><img loading=\"lazy\" decoding=\"async\" width=\"1200\" height=\"900\" src=\"https:\/\/autoshow.at\/wp-content\/uploads\/2025\/10\/abc-253-sbarro-alcador-gtb-autoshow-lagernd-1-43-2.jpg\" class=\"woo-entry-image-secondary\" alt=\"Ferrari 348 powered Sbarro Alcador GTB Coup\u00e9, antrazith metallic (SALE &#8211; normal 249-!)\" itemprop=\"image\" srcset=\"https:\/\/autoshow.at\/wp-content\/uploads\/2025\/10\/abc-253-sbarro-alcador-gtb-autoshow-lagernd-1-43-2.jpg 1200w, https:\/\/autoshow.at\/wp-content\/uploads\/2025\/10\/abc-253-sbarro-alcador-gtb-autoshow-lagernd-1-43-2-300x225.jpg 300w, https:\/\/autoshow.at\/wp-content\/uploads\/2025\/10\/abc-253-sbarro-alcador-gtb-autoshow-lagernd-1-43-2-1024x768.jpg 1024w, https:\/\/autoshow.at\/wp-content\/uploads\/2025\/10\/abc-253-sbarro-alcador-gtb-autoshow-lagernd-1-43-2-768x576.jpg 768w, https:\/\/autoshow.at\/wp-content\/uploads\/2025\/10\/abc-253-sbarro-alcador-gtb-autoshow-lagernd-1-43-2-16x12.jpg 16w, https:\/\/autoshow.at\/wp-content\/uploads\/2025\/10\/abc-253-sbarro-alcador-gtb-autoshow-lagernd-1-43-2-64x48.jpg 64w\" sizes=\"(max-width: 1200px) 100vw, 1200px\" \/><\/a><a href=\"#\" id=\"product_id_104447\" class=\"owp-quick-view\" data-product_id=\"104447\" aria-label=\"Quickly preview product Ferrari 348 powered Sbarro Alcador GTB Coup\u00e9, antrazith metallic (SALE - normal 249-!)\"><i class=\"icon-eye\" aria-hidden=\"true\" role=\"img\"><\/i> Quick View<\/a>\t<\/div><!-- .woo-entry-image-swap -->\n\n\n\n\n\n\n\t<p class=\"wc-gzd-additional-info wc-gzd-additional-info-loop shipping-costs-info\">plus <a href=\"https:\/\/autoshow.at\/en\/versandarten\/\" target=\"_blank\">shipping<\/a><\/p>\n\n\n<ul class=\"woo-entry-inner clr\"><li class=\"image-wrap\">\n\t<div class=\"woo-entry-image-swap woo-entry-image clr\">\n\t\t<a href=\"https:\/\/autoshow.at\/en\/product\/ferrari-348-powered-sbarro-alcador-gtb-coupe-antrazith-metallic-sale-normal-249\/\" class=\"woocommerce-LoopProduct-link\"><img loading=\"lazy\" decoding=\"async\" width=\"1200\" height=\"900\" src=\"https:\/\/autoshow.at\/wp-content\/uploads\/2025\/10\/abc-253-sbarro-alcador-gtb-autoshow-lagernd-1-43-1.jpg\" class=\"woo-entry-image-main\" alt=\"Ferrari 348 powered Sbarro Alcador GTB Coup\u00e9, antrazith metallic (SALE &#8211; normal 249-!)\" itemprop=\"image\" srcset=\"https:\/\/autoshow.at\/wp-content\/uploads\/2025\/10\/abc-253-sbarro-alcador-gtb-autoshow-lagernd-1-43-1.jpg 1200w, https:\/\/autoshow.at\/wp-content\/uploads\/2025\/10\/abc-253-sbarro-alcador-gtb-autoshow-lagernd-1-43-1-300x225.jpg 300w, https:\/\/autoshow.at\/wp-content\/uploads\/2025\/10\/abc-253-sbarro-alcador-gtb-autoshow-lagernd-1-43-1-1024x768.jpg 1024w, https:\/\/autoshow.at\/wp-content\/uploads\/2025\/10\/abc-253-sbarro-alcador-gtb-autoshow-lagernd-1-43-1-768x576.jpg 768w, https:\/\/autoshow.at\/wp-content\/uploads\/2025\/10\/abc-253-sbarro-alcador-gtb-autoshow-lagernd-1-43-1-16x12.jpg 16w, https:\/\/autoshow.at\/wp-content\/uploads\/2025\/10\/abc-253-sbarro-alcador-gtb-autoshow-lagernd-1-43-1-64x48.jpg 64w\" sizes=\"(max-width: 1200px) 100vw, 1200px\" \/><img loading=\"lazy\" decoding=\"async\" width=\"1200\" height=\"900\" src=\"https:\/\/autoshow.at\/wp-content\/uploads\/2025\/10\/abc-253-sbarro-alcador-gtb-autoshow-lagernd-1-43-2.jpg\" class=\"woo-entry-image-secondary\" alt=\"Ferrari 348 powered Sbarro Alcador GTB Coup\u00e9, antrazith metallic (SALE &#8211; normal 249-!)\" itemprop=\"image\" srcset=\"https:\/\/autoshow.at\/wp-content\/uploads\/2025\/10\/abc-253-sbarro-alcador-gtb-autoshow-lagernd-1-43-2.jpg 1200w, https:\/\/autoshow.at\/wp-content\/uploads\/2025\/10\/abc-253-sbarro-alcador-gtb-autoshow-lagernd-1-43-2-300x225.jpg 300w, https:\/\/autoshow.at\/wp-content\/uploads\/2025\/10\/abc-253-sbarro-alcador-gtb-autoshow-lagernd-1-43-2-1024x768.jpg 1024w, https:\/\/autoshow.at\/wp-content\/uploads\/2025\/10\/abc-253-sbarro-alcador-gtb-autoshow-lagernd-1-43-2-768x576.jpg 768w, https:\/\/autoshow.at\/wp-content\/uploads\/2025\/10\/abc-253-sbarro-alcador-gtb-autoshow-lagernd-1-43-2-16x12.jpg 16w, https:\/\/autoshow.at\/wp-content\/uploads\/2025\/10\/abc-253-sbarro-alcador-gtb-autoshow-lagernd-1-43-2-64x48.jpg 64w\" sizes=\"(max-width: 1200px) 100vw, 1200px\" \/><\/a><a href=\"#\" id=\"product_id_104447\" class=\"owp-quick-view\" data-product_id=\"104447\" aria-label=\"Quickly preview product Ferrari 348 powered Sbarro Alcador GTB Coup\u00e9, antrazith metallic (SALE - normal 249-!)\"><i class=\"icon-eye\" aria-hidden=\"true\" role=\"img\"><\/i> Quick View<\/a>\t<\/div><!-- .woo-entry-image-swap -->\n\n<\/li><li class=\"category\"><a href=\"https:\/\/autoshow.at\/en\/product-category\/abc-brianza-143\/\" rel=\"tag\">ABC Brianza 1:43<\/a><\/li><li class=\"title\"><h2><a href=\"https:\/\/autoshow.at\/en\/product\/ferrari-348-powered-sbarro-alcador-gtb-coupe-antrazith-metallic-sale-normal-249\/\">Ferrari 348 powered Sbarro Alcador GTB Coup\u00e9, antrazith metallic (SALE &#8211; normal 249-!)<\/a><\/h2><\/li><li class=\"price-wrap\">\n\t<span class=\"price\"><span class=\"woocommerce-Price-amount amount\"><bdi>195,00&nbsp;<span class=\"woocommerce-Price-currencySymbol\">&euro;<\/span><\/bdi><\/span><\/span>\n<\/li><li class=\"wc-gzd\">\n\n\n\t<p class=\"wc-gzd-additional-info shipping-costs-info\">plus <a href=\"https:\/\/autoshow.at\/en\/versandarten\/\" target=\"_blank\">shipping<\/a><\/p>\n\n\n<\/li><li class=\"rating\"><\/li><li class=\"btn-wrap clr\"><a class=\"button\" href=\"https:\/\/autoshow.at\/en\/product\/ferrari-348-powered-sbarro-alcador-gtb-coupe-antrazith-metallic-sale-normal-249\/\" data-no-translation=\"\" data-trp-gettext=\"\">Show product<\/a>\t<span id=\"woocommerce_loop_add_to_cart_link_describedby_104447\" class=\"screen-reader-text\">\n\t\t\t<\/span>\n<\/li><\/ul><\/div><!-- .product-inner .clr --><\/li>\n<li class=\"entry has-media has-product-nav col span_1_of_3 owp-content-center owp-thumbs-layout-horizontal owp-btn-normal owp-tabs-layout-horizontal product type-product post-104448 status-publish last instock product_cat-abc-brianza-143 has-post-thumbnail purchasable product-type-simple\">\n\t<div class=\"product-inner clr\">\n\t<div class=\"woo-entry-image-swap woo-entry-image clr\">\n\t\t<a href=\"https:\/\/autoshow.at\/en\/product\/sbarro-gt12-coupe-mercedes-6litre-v12-powered-2000-schwarz-black-sale-normal-249\/\" class=\"woocommerce-LoopProduct-link\"><img loading=\"lazy\" decoding=\"async\" width=\"1200\" height=\"900\" src=\"https:\/\/autoshow.at\/wp-content\/uploads\/2025\/10\/abc-194n-sbarro-gt12-autoshow-lagernd-1-43-1.jpg\" class=\"woo-entry-image-main\" alt=\"Sbarro GT12 Coup\u00e9, Mercedes 6Litre V12 powered, 2000, schwarz \/ black (Sale &#8211; normal 249-!)\" itemprop=\"image\" srcset=\"https:\/\/autoshow.at\/wp-content\/uploads\/2025\/10\/abc-194n-sbarro-gt12-autoshow-lagernd-1-43-1.jpg 1200w, https:\/\/autoshow.at\/wp-content\/uploads\/2025\/10\/abc-194n-sbarro-gt12-autoshow-lagernd-1-43-1-300x225.jpg 300w, https:\/\/autoshow.at\/wp-content\/uploads\/2025\/10\/abc-194n-sbarro-gt12-autoshow-lagernd-1-43-1-1024x768.jpg 1024w, https:\/\/autoshow.at\/wp-content\/uploads\/2025\/10\/abc-194n-sbarro-gt12-autoshow-lagernd-1-43-1-768x576.jpg 768w, https:\/\/autoshow.at\/wp-content\/uploads\/2025\/10\/abc-194n-sbarro-gt12-autoshow-lagernd-1-43-1-16x12.jpg 16w, https:\/\/autoshow.at\/wp-content\/uploads\/2025\/10\/abc-194n-sbarro-gt12-autoshow-lagernd-1-43-1-64x48.jpg 64w\" sizes=\"(max-width: 1200px) 100vw, 1200px\" \/><img loading=\"lazy\" decoding=\"async\" width=\"1200\" height=\"900\" src=\"https:\/\/autoshow.at\/wp-content\/uploads\/2025\/10\/abc-194n-sbarro-gt12-autoshow-lagernd-1-43-2.jpg\" class=\"woo-entry-image-secondary\" alt=\"Sbarro GT12 Coup\u00e9, Mercedes 6Litre V12 powered, 2000, schwarz \/ black (Sale &#8211; normal 249-!)\" itemprop=\"image\" srcset=\"https:\/\/autoshow.at\/wp-content\/uploads\/2025\/10\/abc-194n-sbarro-gt12-autoshow-lagernd-1-43-2.jpg 1200w, https:\/\/autoshow.at\/wp-content\/uploads\/2025\/10\/abc-194n-sbarro-gt12-autoshow-lagernd-1-43-2-300x225.jpg 300w, https:\/\/autoshow.at\/wp-content\/uploads\/2025\/10\/abc-194n-sbarro-gt12-autoshow-lagernd-1-43-2-1024x768.jpg 1024w, https:\/\/autoshow.at\/wp-content\/uploads\/2025\/10\/abc-194n-sbarro-gt12-autoshow-lagernd-1-43-2-768x576.jpg 768w, https:\/\/autoshow.at\/wp-content\/uploads\/2025\/10\/abc-194n-sbarro-gt12-autoshow-lagernd-1-43-2-16x12.jpg 16w, https:\/\/autoshow.at\/wp-content\/uploads\/2025\/10\/abc-194n-sbarro-gt12-autoshow-lagernd-1-43-2-64x48.jpg 64w\" sizes=\"(max-width: 1200px) 100vw, 1200px\" \/><\/a><a href=\"#\" id=\"product_id_104448\" class=\"owp-quick-view\" data-product_id=\"104448\" aria-label=\"Quickly preview product Sbarro GT12 Coup\u00e9, Mercedes 6Litre V12 powered, 2000, schwarz \/ black (Sale - normal 249-!)\"><i class=\"icon-eye\" aria-hidden=\"true\" role=\"img\"><\/i> Quick View<\/a>\t<\/div><!-- .woo-entry-image-swap -->\n\n\n\n\n\n\n\t<p class=\"wc-gzd-additional-info wc-gzd-additional-info-loop shipping-costs-info\">plus <a href=\"https:\/\/autoshow.at\/en\/versandarten\/\" target=\"_blank\">shipping<\/a><\/p>\n\n\n<ul class=\"woo-entry-inner clr\"><li class=\"image-wrap\">\n\t<div class=\"woo-entry-image-swap woo-entry-image clr\">\n\t\t<a href=\"https:\/\/autoshow.at\/en\/product\/sbarro-gt12-coupe-mercedes-6litre-v12-powered-2000-schwarz-black-sale-normal-249\/\" class=\"woocommerce-LoopProduct-link\"><img loading=\"lazy\" decoding=\"async\" width=\"1200\" height=\"900\" src=\"https:\/\/autoshow.at\/wp-content\/uploads\/2025\/10\/abc-194n-sbarro-gt12-autoshow-lagernd-1-43-1.jpg\" class=\"woo-entry-image-main\" alt=\"Sbarro GT12 Coup\u00e9, Mercedes 6Litre V12 powered, 2000, schwarz \/ black (Sale &#8211; normal 249-!)\" itemprop=\"image\" srcset=\"https:\/\/autoshow.at\/wp-content\/uploads\/2025\/10\/abc-194n-sbarro-gt12-autoshow-lagernd-1-43-1.jpg 1200w, https:\/\/autoshow.at\/wp-content\/uploads\/2025\/10\/abc-194n-sbarro-gt12-autoshow-lagernd-1-43-1-300x225.jpg 300w, https:\/\/autoshow.at\/wp-content\/uploads\/2025\/10\/abc-194n-sbarro-gt12-autoshow-lagernd-1-43-1-1024x768.jpg 1024w, https:\/\/autoshow.at\/wp-content\/uploads\/2025\/10\/abc-194n-sbarro-gt12-autoshow-lagernd-1-43-1-768x576.jpg 768w, https:\/\/autoshow.at\/wp-content\/uploads\/2025\/10\/abc-194n-sbarro-gt12-autoshow-lagernd-1-43-1-16x12.jpg 16w, https:\/\/autoshow.at\/wp-content\/uploads\/2025\/10\/abc-194n-sbarro-gt12-autoshow-lagernd-1-43-1-64x48.jpg 64w\" sizes=\"(max-width: 1200px) 100vw, 1200px\" \/><img loading=\"lazy\" decoding=\"async\" width=\"1200\" height=\"900\" src=\"https:\/\/autoshow.at\/wp-content\/uploads\/2025\/10\/abc-194n-sbarro-gt12-autoshow-lagernd-1-43-2.jpg\" class=\"woo-entry-image-secondary\" alt=\"Sbarro GT12 Coup\u00e9, Mercedes 6Litre V12 powered, 2000, schwarz \/ black (Sale &#8211; normal 249-!)\" itemprop=\"image\" srcset=\"https:\/\/autoshow.at\/wp-content\/uploads\/2025\/10\/abc-194n-sbarro-gt12-autoshow-lagernd-1-43-2.jpg 1200w, https:\/\/autoshow.at\/wp-content\/uploads\/2025\/10\/abc-194n-sbarro-gt12-autoshow-lagernd-1-43-2-300x225.jpg 300w, https:\/\/autoshow.at\/wp-content\/uploads\/2025\/10\/abc-194n-sbarro-gt12-autoshow-lagernd-1-43-2-1024x768.jpg 1024w, https:\/\/autoshow.at\/wp-content\/uploads\/2025\/10\/abc-194n-sbarro-gt12-autoshow-lagernd-1-43-2-768x576.jpg 768w, https:\/\/autoshow.at\/wp-content\/uploads\/2025\/10\/abc-194n-sbarro-gt12-autoshow-lagernd-1-43-2-16x12.jpg 16w, https:\/\/autoshow.at\/wp-content\/uploads\/2025\/10\/abc-194n-sbarro-gt12-autoshow-lagernd-1-43-2-64x48.jpg 64w\" sizes=\"(max-width: 1200px) 100vw, 1200px\" \/><\/a><a href=\"#\" id=\"product_id_104448\" class=\"owp-quick-view\" data-product_id=\"104448\" aria-label=\"Quickly preview product Sbarro GT12 Coup\u00e9, Mercedes 6Litre V12 powered, 2000, schwarz \/ black (Sale - normal 249-!)\"><i class=\"icon-eye\" aria-hidden=\"true\" role=\"img\"><\/i> Quick View<\/a>\t<\/div><!-- .woo-entry-image-swap -->\n\n<\/li><li class=\"category\"><a href=\"https:\/\/autoshow.at\/en\/product-category\/abc-brianza-143\/\" rel=\"tag\">ABC Brianza 1:43<\/a><\/li><li class=\"title\"><h2><a href=\"https:\/\/autoshow.at\/en\/product\/sbarro-gt12-coupe-mercedes-6litre-v12-powered-2000-schwarz-black-sale-normal-249\/\">Sbarro GT12 Coup\u00e9, Mercedes 6Litre V12 powered, 2000, schwarz \/ black (Sale &#8211; normal 249-!)<\/a><\/h2><\/li><li class=\"price-wrap\">\n\t<span class=\"price\"><span class=\"woocommerce-Price-amount amount\"><bdi>195,00&nbsp;<span class=\"woocommerce-Price-currencySymbol\">&euro;<\/span><\/bdi><\/span><\/span>\n<\/li><li class=\"wc-gzd\">\n\n\n\t<p class=\"wc-gzd-additional-info shipping-costs-info\">plus <a href=\"https:\/\/autoshow.at\/en\/versandarten\/\" target=\"_blank\">shipping<\/a><\/p>\n\n\n<\/li><li class=\"rating\"><\/li><li class=\"btn-wrap clr\"><a class=\"button\" href=\"https:\/\/autoshow.at\/en\/product\/sbarro-gt12-coupe-mercedes-6litre-v12-powered-2000-schwarz-black-sale-normal-249\/\" data-no-translation=\"\" data-trp-gettext=\"\">Show product<\/a>\t<span id=\"woocommerce_loop_add_to_cart_link_describedby_104448\" class=\"screen-reader-text\">\n\t\t\t<\/span>\n<\/li><\/ul><\/div><!-- .product-inner .clr --><\/li>\n<li class=\"entry has-media has-product-nav col span_1_of_3 owp-content-center owp-thumbs-layout-horizontal owp-btn-normal owp-tabs-layout-horizontal product type-product post-104634 status-publish first instock product_cat-abc-brianza-143 has-post-thumbnail purchasable product-type-simple\">\n\t<div class=\"product-inner clr\">\n\t<div class=\"woo-entry-image-swap woo-entry-image clr\">\n\t\t<a href=\"https:\/\/autoshow.at\/en\/product\/sbarro-s-20-alcador-spider-mercedes-powered-porsche-based-sale-normal-249\/\" class=\"woocommerce-LoopProduct-link\"><img loading=\"lazy\" decoding=\"async\" width=\"1200\" height=\"900\" src=\"https:\/\/autoshow.at\/wp-content\/uploads\/2025\/10\/abc-257-sbarro-s.20-alcador-autoshow-lagernd-1-43-1.jpg\" class=\"woo-entry-image-main\" alt=\"Sbarro S.20 Alcador Spider, Mercedes powered, Porsche based (SALE &#8211; normal 249-!)\" itemprop=\"image\" srcset=\"https:\/\/autoshow.at\/wp-content\/uploads\/2025\/10\/abc-257-sbarro-s.20-alcador-autoshow-lagernd-1-43-1.jpg 1200w, https:\/\/autoshow.at\/wp-content\/uploads\/2025\/10\/abc-257-sbarro-s.20-alcador-autoshow-lagernd-1-43-1-300x225.jpg 300w, https:\/\/autoshow.at\/wp-content\/uploads\/2025\/10\/abc-257-sbarro-s.20-alcador-autoshow-lagernd-1-43-1-1024x768.jpg 1024w, https:\/\/autoshow.at\/wp-content\/uploads\/2025\/10\/abc-257-sbarro-s.20-alcador-autoshow-lagernd-1-43-1-768x576.jpg 768w, https:\/\/autoshow.at\/wp-content\/uploads\/2025\/10\/abc-257-sbarro-s.20-alcador-autoshow-lagernd-1-43-1-16x12.jpg 16w, https:\/\/autoshow.at\/wp-content\/uploads\/2025\/10\/abc-257-sbarro-s.20-alcador-autoshow-lagernd-1-43-1-64x48.jpg 64w\" sizes=\"(max-width: 1200px) 100vw, 1200px\" \/><img loading=\"lazy\" decoding=\"async\" width=\"1200\" height=\"900\" src=\"https:\/\/autoshow.at\/wp-content\/uploads\/2025\/10\/abc-257-sbarro-s.20-alcador-autoshow-lagernd-1-43-2.jpg\" class=\"woo-entry-image-secondary\" alt=\"Sbarro S.20 Alcador Spider, Mercedes powered, Porsche based (SALE &#8211; normal 249-!)\" itemprop=\"image\" srcset=\"https:\/\/autoshow.at\/wp-content\/uploads\/2025\/10\/abc-257-sbarro-s.20-alcador-autoshow-lagernd-1-43-2.jpg 1200w, https:\/\/autoshow.at\/wp-content\/uploads\/2025\/10\/abc-257-sbarro-s.20-alcador-autoshow-lagernd-1-43-2-300x225.jpg 300w, https:\/\/autoshow.at\/wp-content\/uploads\/2025\/10\/abc-257-sbarro-s.20-alcador-autoshow-lagernd-1-43-2-1024x768.jpg 1024w, https:\/\/autoshow.at\/wp-content\/uploads\/2025\/10\/abc-257-sbarro-s.20-alcador-autoshow-lagernd-1-43-2-768x576.jpg 768w, https:\/\/autoshow.at\/wp-content\/uploads\/2025\/10\/abc-257-sbarro-s.20-alcador-autoshow-lagernd-1-43-2-16x12.jpg 16w, https:\/\/autoshow.at\/wp-content\/uploads\/2025\/10\/abc-257-sbarro-s.20-alcador-autoshow-lagernd-1-43-2-64x48.jpg 64w\" sizes=\"(max-width: 1200px) 100vw, 1200px\" \/><\/a><a href=\"#\" id=\"product_id_104634\" class=\"owp-quick-view\" data-product_id=\"104634\" aria-label=\"Quickly preview product Sbarro S.20 Alcador Spider, Mercedes powered, Porsche based (SALE - normal 249-!)\"><i class=\"icon-eye\" aria-hidden=\"true\" role=\"img\"><\/i> Quick View<\/a>\t<\/div><!-- .woo-entry-image-swap -->\n\n\n\n\n\n\n\t<p class=\"wc-gzd-additional-info wc-gzd-additional-info-loop shipping-costs-info\">plus <a href=\"https:\/\/autoshow.at\/en\/versandarten\/\" target=\"_blank\">shipping<\/a><\/p>\n\n\n<ul class=\"woo-entry-inner clr\"><li class=\"image-wrap\">\n\t<div class=\"woo-entry-image-swap woo-entry-image clr\">\n\t\t<a href=\"https:\/\/autoshow.at\/en\/product\/sbarro-s-20-alcador-spider-mercedes-powered-porsche-based-sale-normal-249\/\" class=\"woocommerce-LoopProduct-link\"><img loading=\"lazy\" decoding=\"async\" width=\"1200\" height=\"900\" src=\"https:\/\/autoshow.at\/wp-content\/uploads\/2025\/10\/abc-257-sbarro-s.20-alcador-autoshow-lagernd-1-43-1.jpg\" class=\"woo-entry-image-main\" alt=\"Sbarro S.20 Alcador Spider, Mercedes powered, Porsche based (SALE &#8211; normal 249-!)\" itemprop=\"image\" srcset=\"https:\/\/autoshow.at\/wp-content\/uploads\/2025\/10\/abc-257-sbarro-s.20-alcador-autoshow-lagernd-1-43-1.jpg 1200w, https:\/\/autoshow.at\/wp-content\/uploads\/2025\/10\/abc-257-sbarro-s.20-alcador-autoshow-lagernd-1-43-1-300x225.jpg 300w, https:\/\/autoshow.at\/wp-content\/uploads\/2025\/10\/abc-257-sbarro-s.20-alcador-autoshow-lagernd-1-43-1-1024x768.jpg 1024w, https:\/\/autoshow.at\/wp-content\/uploads\/2025\/10\/abc-257-sbarro-s.20-alcador-autoshow-lagernd-1-43-1-768x576.jpg 768w, https:\/\/autoshow.at\/wp-content\/uploads\/2025\/10\/abc-257-sbarro-s.20-alcador-autoshow-lagernd-1-43-1-16x12.jpg 16w, https:\/\/autoshow.at\/wp-content\/uploads\/2025\/10\/abc-257-sbarro-s.20-alcador-autoshow-lagernd-1-43-1-64x48.jpg 64w\" sizes=\"(max-width: 1200px) 100vw, 1200px\" \/><img loading=\"lazy\" decoding=\"async\" width=\"1200\" height=\"900\" src=\"https:\/\/autoshow.at\/wp-content\/uploads\/2025\/10\/abc-257-sbarro-s.20-alcador-autoshow-lagernd-1-43-2.jpg\" class=\"woo-entry-image-secondary\" alt=\"Sbarro S.20 Alcador Spider, Mercedes powered, Porsche based (SALE &#8211; normal 249-!)\" itemprop=\"image\" srcset=\"https:\/\/autoshow.at\/wp-content\/uploads\/2025\/10\/abc-257-sbarro-s.20-alcador-autoshow-lagernd-1-43-2.jpg 1200w, https:\/\/autoshow.at\/wp-content\/uploads\/2025\/10\/abc-257-sbarro-s.20-alcador-autoshow-lagernd-1-43-2-300x225.jpg 300w, https:\/\/autoshow.at\/wp-content\/uploads\/2025\/10\/abc-257-sbarro-s.20-alcador-autoshow-lagernd-1-43-2-1024x768.jpg 1024w, https:\/\/autoshow.at\/wp-content\/uploads\/2025\/10\/abc-257-sbarro-s.20-alcador-autoshow-lagernd-1-43-2-768x576.jpg 768w, https:\/\/autoshow.at\/wp-content\/uploads\/2025\/10\/abc-257-sbarro-s.20-alcador-autoshow-lagernd-1-43-2-16x12.jpg 16w, https:\/\/autoshow.at\/wp-content\/uploads\/2025\/10\/abc-257-sbarro-s.20-alcador-autoshow-lagernd-1-43-2-64x48.jpg 64w\" sizes=\"(max-width: 1200px) 100vw, 1200px\" \/><\/a><a href=\"#\" id=\"product_id_104634\" class=\"owp-quick-view\" data-product_id=\"104634\" aria-label=\"Quickly preview product Sbarro S.20 Alcador Spider, Mercedes powered, Porsche based (SALE - normal 249-!)\"><i class=\"icon-eye\" aria-hidden=\"true\" role=\"img\"><\/i> Quick View<\/a>\t<\/div><!-- .woo-entry-image-swap -->\n\n<\/li><li class=\"category\"><a href=\"https:\/\/autoshow.at\/en\/product-category\/abc-brianza-143\/\" rel=\"tag\">ABC Brianza 1:43<\/a><\/li><li class=\"title\"><h2><a href=\"https:\/\/autoshow.at\/en\/product\/sbarro-s-20-alcador-spider-mercedes-powered-porsche-based-sale-normal-249\/\">Sbarro S.20 Alcador Spider, Mercedes powered, Porsche based (SALE &#8211; normal 249-!)<\/a><\/h2><\/li><li class=\"price-wrap\">\n\t<span class=\"price\"><span class=\"woocommerce-Price-amount amount\"><bdi>169,00&nbsp;<span class=\"woocommerce-Price-currencySymbol\">&euro;<\/span><\/bdi><\/span><\/span>\n<\/li><li class=\"wc-gzd\">\n\n\n\t<p class=\"wc-gzd-additional-info shipping-costs-info\">plus <a href=\"https:\/\/autoshow.at\/en\/versandarten\/\" target=\"_blank\">shipping<\/a><\/p>\n\n\n<\/li><li class=\"rating\"><\/li><li class=\"btn-wrap clr\"><a class=\"button\" href=\"https:\/\/autoshow.at\/en\/product\/sbarro-s-20-alcador-spider-mercedes-powered-porsche-based-sale-normal-249\/\" data-no-translation=\"\" data-trp-gettext=\"\">Show product<\/a>\t<span id=\"woocommerce_loop_add_to_cart_link_describedby_104634\" class=\"screen-reader-text\">\n\t\t\t<\/span>\n<\/li><\/ul><\/div><!-- .product-inner .clr --><\/li>\n<li class=\"entry has-media has-product-nav col span_1_of_3 owp-content-center owp-thumbs-layout-horizontal owp-btn-normal owp-tabs-layout-horizontal product type-product post-104701 status-publish instock product_cat-abc-brianza-143 has-post-thumbnail purchasable product-type-simple\">\n\t<div class=\"product-inner clr\">\n\t<div class=\"woo-entry-image-swap woo-entry-image clr\">\n\t\t<a href=\"https:\/\/autoshow.at\/en\/product\/ferrari-dino-208-gt4-spider-special-coachbuilt-by-carrozzeria-bertone-rot-red-sale-normal-249\/\" class=\"woocommerce-LoopProduct-link\"><img loading=\"lazy\" decoding=\"async\" width=\"1200\" height=\"900\" src=\"https:\/\/autoshow.at\/wp-content\/uploads\/2025\/11\/abc-175-ferrari-dino-spider-bertone-autoshow-lagernd-1-43-1.jpg\" class=\"woo-entry-image-main\" alt=\"Ferrari Dino 208 GT4 Spider SPECIAL COACHBUILT by CARROZZERIA BERTONE, rot \/ red (SALE &#8211; normal 249-!)\" itemprop=\"image\" srcset=\"https:\/\/autoshow.at\/wp-content\/uploads\/2025\/11\/abc-175-ferrari-dino-spider-bertone-autoshow-lagernd-1-43-1.jpg 1200w, https:\/\/autoshow.at\/wp-content\/uploads\/2025\/11\/abc-175-ferrari-dino-spider-bertone-autoshow-lagernd-1-43-1-300x225.jpg 300w, https:\/\/autoshow.at\/wp-content\/uploads\/2025\/11\/abc-175-ferrari-dino-spider-bertone-autoshow-lagernd-1-43-1-1024x768.jpg 1024w, https:\/\/autoshow.at\/wp-content\/uploads\/2025\/11\/abc-175-ferrari-dino-spider-bertone-autoshow-lagernd-1-43-1-768x576.jpg 768w, https:\/\/autoshow.at\/wp-content\/uploads\/2025\/11\/abc-175-ferrari-dino-spider-bertone-autoshow-lagernd-1-43-1-16x12.jpg 16w, https:\/\/autoshow.at\/wp-content\/uploads\/2025\/11\/abc-175-ferrari-dino-spider-bertone-autoshow-lagernd-1-43-1-64x48.jpg 64w\" sizes=\"(max-width: 1200px) 100vw, 1200px\" \/><img loading=\"lazy\" decoding=\"async\" width=\"1200\" height=\"900\" src=\"https:\/\/autoshow.at\/wp-content\/uploads\/2025\/11\/abc-175-ferrari-dino-spider-bertone-autoshow-lagernd-1-43-2.jpg\" class=\"woo-entry-image-secondary\" alt=\"Ferrari Dino 208 GT4 Spider SPECIAL COACHBUILT by CARROZZERIA BERTONE, rot \/ red (SALE &#8211; normal 249-!)\" itemprop=\"image\" srcset=\"https:\/\/autoshow.at\/wp-content\/uploads\/2025\/11\/abc-175-ferrari-dino-spider-bertone-autoshow-lagernd-1-43-2.jpg 1200w, https:\/\/autoshow.at\/wp-content\/uploads\/2025\/11\/abc-175-ferrari-dino-spider-bertone-autoshow-lagernd-1-43-2-300x225.jpg 300w, https:\/\/autoshow.at\/wp-content\/uploads\/2025\/11\/abc-175-ferrari-dino-spider-bertone-autoshow-lagernd-1-43-2-1024x768.jpg 1024w, https:\/\/autoshow.at\/wp-content\/uploads\/2025\/11\/abc-175-ferrari-dino-spider-bertone-autoshow-lagernd-1-43-2-768x576.jpg 768w, https:\/\/autoshow.at\/wp-content\/uploads\/2025\/11\/abc-175-ferrari-dino-spider-bertone-autoshow-lagernd-1-43-2-16x12.jpg 16w, https:\/\/autoshow.at\/wp-content\/uploads\/2025\/11\/abc-175-ferrari-dino-spider-bertone-autoshow-lagernd-1-43-2-64x48.jpg 64w\" sizes=\"(max-width: 1200px) 100vw, 1200px\" \/><\/a><a href=\"#\" id=\"product_id_104701\" class=\"owp-quick-view\" data-product_id=\"104701\" aria-label=\"Quickly preview product Ferrari Dino 208 GT4 Spider SPECIAL COACHBUILT by CARROZZERIA BERTONE, rot \/ red (SALE - normal 249-!)\"><i class=\"icon-eye\" aria-hidden=\"true\" role=\"img\"><\/i> Quick View<\/a>\t<\/div><!-- .woo-entry-image-swap -->\n\n\n\n\n\n\n\t<p class=\"wc-gzd-additional-info wc-gzd-additional-info-loop shipping-costs-info\">plus <a href=\"https:\/\/autoshow.at\/en\/versandarten\/\" target=\"_blank\">shipping<\/a><\/p>\n\n\n<ul class=\"woo-entry-inner clr\"><li class=\"image-wrap\">\n\t<div class=\"woo-entry-image-swap woo-entry-image clr\">\n\t\t<a href=\"https:\/\/autoshow.at\/en\/product\/ferrari-dino-208-gt4-spider-special-coachbuilt-by-carrozzeria-bertone-rot-red-sale-normal-249\/\" class=\"woocommerce-LoopProduct-link\"><img loading=\"lazy\" decoding=\"async\" width=\"1200\" height=\"900\" src=\"https:\/\/autoshow.at\/wp-content\/uploads\/2025\/11\/abc-175-ferrari-dino-spider-bertone-autoshow-lagernd-1-43-1.jpg\" class=\"woo-entry-image-main\" alt=\"Ferrari Dino 208 GT4 Spider SPECIAL COACHBUILT by CARROZZERIA BERTONE, rot \/ red (SALE &#8211; normal 249-!)\" itemprop=\"image\" srcset=\"https:\/\/autoshow.at\/wp-content\/uploads\/2025\/11\/abc-175-ferrari-dino-spider-bertone-autoshow-lagernd-1-43-1.jpg 1200w, https:\/\/autoshow.at\/wp-content\/uploads\/2025\/11\/abc-175-ferrari-dino-spider-bertone-autoshow-lagernd-1-43-1-300x225.jpg 300w, https:\/\/autoshow.at\/wp-content\/uploads\/2025\/11\/abc-175-ferrari-dino-spider-bertone-autoshow-lagernd-1-43-1-1024x768.jpg 1024w, https:\/\/autoshow.at\/wp-content\/uploads\/2025\/11\/abc-175-ferrari-dino-spider-bertone-autoshow-lagernd-1-43-1-768x576.jpg 768w, https:\/\/autoshow.at\/wp-content\/uploads\/2025\/11\/abc-175-ferrari-dino-spider-bertone-autoshow-lagernd-1-43-1-16x12.jpg 16w, https:\/\/autoshow.at\/wp-content\/uploads\/2025\/11\/abc-175-ferrari-dino-spider-bertone-autoshow-lagernd-1-43-1-64x48.jpg 64w\" sizes=\"(max-width: 1200px) 100vw, 1200px\" \/><img loading=\"lazy\" decoding=\"async\" width=\"1200\" height=\"900\" src=\"https:\/\/autoshow.at\/wp-content\/uploads\/2025\/11\/abc-175-ferrari-dino-spider-bertone-autoshow-lagernd-1-43-2.jpg\" class=\"woo-entry-image-secondary\" alt=\"Ferrari Dino 208 GT4 Spider SPECIAL COACHBUILT by CARROZZERIA BERTONE, rot \/ red (SALE &#8211; normal 249-!)\" itemprop=\"image\" srcset=\"https:\/\/autoshow.at\/wp-content\/uploads\/2025\/11\/abc-175-ferrari-dino-spider-bertone-autoshow-lagernd-1-43-2.jpg 1200w, https:\/\/autoshow.at\/wp-content\/uploads\/2025\/11\/abc-175-ferrari-dino-spider-bertone-autoshow-lagernd-1-43-2-300x225.jpg 300w, https:\/\/autoshow.at\/wp-content\/uploads\/2025\/11\/abc-175-ferrari-dino-spider-bertone-autoshow-lagernd-1-43-2-1024x768.jpg 1024w, https:\/\/autoshow.at\/wp-content\/uploads\/2025\/11\/abc-175-ferrari-dino-spider-bertone-autoshow-lagernd-1-43-2-768x576.jpg 768w, https:\/\/autoshow.at\/wp-content\/uploads\/2025\/11\/abc-175-ferrari-dino-spider-bertone-autoshow-lagernd-1-43-2-16x12.jpg 16w, https:\/\/autoshow.at\/wp-content\/uploads\/2025\/11\/abc-175-ferrari-dino-spider-bertone-autoshow-lagernd-1-43-2-64x48.jpg 64w\" sizes=\"(max-width: 1200px) 100vw, 1200px\" \/><\/a><a href=\"#\" id=\"product_id_104701\" class=\"owp-quick-view\" data-product_id=\"104701\" aria-label=\"Quickly preview product Ferrari Dino 208 GT4 Spider SPECIAL COACHBUILT by CARROZZERIA BERTONE, rot \/ red (SALE - normal 249-!)\"><i class=\"icon-eye\" aria-hidden=\"true\" role=\"img\"><\/i> Quick View<\/a>\t<\/div><!-- .woo-entry-image-swap -->\n\n<\/li><li class=\"category\"><a href=\"https:\/\/autoshow.at\/en\/product-category\/abc-brianza-143\/\" rel=\"tag\">ABC Brianza 1:43<\/a><\/li><li class=\"title\"><h2><a href=\"https:\/\/autoshow.at\/en\/product\/ferrari-dino-208-gt4-spider-special-coachbuilt-by-carrozzeria-bertone-rot-red-sale-normal-249\/\">Ferrari Dino 208 GT4 Spider SPECIAL COACHBUILT by CARROZZERIA BERTONE, rot \/ red (SALE &#8211; normal 249-!)<\/a><\/h2><\/li><li class=\"price-wrap\">\n\t<span class=\"price\"><span class=\"woocommerce-Price-amount amount\"><bdi>195,00&nbsp;<span class=\"woocommerce-Price-currencySymbol\">&euro;<\/span><\/bdi><\/span><\/span>\n<\/li><li class=\"wc-gzd\">\n\n\n\t<p class=\"wc-gzd-additional-info shipping-costs-info\">plus <a href=\"https:\/\/autoshow.at\/en\/versandarten\/\" target=\"_blank\">shipping<\/a><\/p>\n\n\n<\/li><li class=\"rating\"><\/li><li class=\"btn-wrap clr\"><a class=\"button\" href=\"https:\/\/autoshow.at\/en\/product\/ferrari-dino-208-gt4-spider-special-coachbuilt-by-carrozzeria-bertone-rot-red-sale-normal-249\/\" data-no-translation=\"\" data-trp-gettext=\"\">Show product<\/a>\t<span id=\"woocommerce_loop_add_to_cart_link_describedby_104701\" class=\"screen-reader-text\">\n\t\t\t<\/span>\n<\/li><\/ul><\/div><!-- .product-inner .clr --><\/li>\n<li class=\"entry has-media has-product-nav col span_1_of_3 owp-content-center owp-thumbs-layout-horizontal owp-btn-normal owp-tabs-layout-horizontal product type-product post-104782 status-publish last instock product_cat-abc-brianza-143 has-post-thumbnail purchasable product-type-simple\">\n\t<div class=\"product-inner clr\">\n\t<div class=\"woo-entry-image-swap woo-entry-image clr\">\n\t\t<a href=\"https:\/\/autoshow.at\/en\/product\/bizzarrini-p538-coupe-einzelstueck-fuer-den-duca-d-aosta-corvette-v8-motorisiert-chassis-262-914-1967-weiss-white-sale-normal-249\/\" class=\"woocommerce-LoopProduct-link\"><img loading=\"lazy\" decoding=\"async\" width=\"1200\" height=\"900\" src=\"https:\/\/autoshow.at\/wp-content\/uploads\/2025\/12\/abc-160-bizzarrini-p538-aosta-autoshow-lagernd-1-43-1.jpg\" class=\"woo-entry-image-main\" alt=\"Bizzarrini P538 Coup\u00e9, Einzelst\u00fcck f\u00fcr den Duca d&#8216; Aosta, Corvette V8 motorisiert, chassis 262.914, 1967, wei\u00df \/ white (SALE &#8211; normal 249-!)\" itemprop=\"image\" srcset=\"https:\/\/autoshow.at\/wp-content\/uploads\/2025\/12\/abc-160-bizzarrini-p538-aosta-autoshow-lagernd-1-43-1.jpg 1200w, https:\/\/autoshow.at\/wp-content\/uploads\/2025\/12\/abc-160-bizzarrini-p538-aosta-autoshow-lagernd-1-43-1-300x225.jpg 300w, https:\/\/autoshow.at\/wp-content\/uploads\/2025\/12\/abc-160-bizzarrini-p538-aosta-autoshow-lagernd-1-43-1-1024x768.jpg 1024w, https:\/\/autoshow.at\/wp-content\/uploads\/2025\/12\/abc-160-bizzarrini-p538-aosta-autoshow-lagernd-1-43-1-768x576.jpg 768w, https:\/\/autoshow.at\/wp-content\/uploads\/2025\/12\/abc-160-bizzarrini-p538-aosta-autoshow-lagernd-1-43-1-16x12.jpg 16w, https:\/\/autoshow.at\/wp-content\/uploads\/2025\/12\/abc-160-bizzarrini-p538-aosta-autoshow-lagernd-1-43-1-64x48.jpg 64w\" sizes=\"(max-width: 1200px) 100vw, 1200px\" \/><img loading=\"lazy\" decoding=\"async\" width=\"1200\" height=\"900\" src=\"https:\/\/autoshow.at\/wp-content\/uploads\/2025\/12\/abc-160-bizzarrini-p538-aosta-autoshow-lagernd-1-43-2.jpg\" class=\"woo-entry-image-secondary\" alt=\"Bizzarrini P538 Coup\u00e9, Einzelst\u00fcck f\u00fcr den Duca d&#8216; Aosta, Corvette V8 motorisiert, chassis 262.914, 1967, wei\u00df \/ white (SALE &#8211; normal 249-!)\" itemprop=\"image\" srcset=\"https:\/\/autoshow.at\/wp-content\/uploads\/2025\/12\/abc-160-bizzarrini-p538-aosta-autoshow-lagernd-1-43-2.jpg 1200w, https:\/\/autoshow.at\/wp-content\/uploads\/2025\/12\/abc-160-bizzarrini-p538-aosta-autoshow-lagernd-1-43-2-300x225.jpg 300w, https:\/\/autoshow.at\/wp-content\/uploads\/2025\/12\/abc-160-bizzarrini-p538-aosta-autoshow-lagernd-1-43-2-1024x768.jpg 1024w, https:\/\/autoshow.at\/wp-content\/uploads\/2025\/12\/abc-160-bizzarrini-p538-aosta-autoshow-lagernd-1-43-2-768x576.jpg 768w, https:\/\/autoshow.at\/wp-content\/uploads\/2025\/12\/abc-160-bizzarrini-p538-aosta-autoshow-lagernd-1-43-2-16x12.jpg 16w, https:\/\/autoshow.at\/wp-content\/uploads\/2025\/12\/abc-160-bizzarrini-p538-aosta-autoshow-lagernd-1-43-2-64x48.jpg 64w\" sizes=\"(max-width: 1200px) 100vw, 1200px\" \/><\/a><a href=\"#\" id=\"product_id_104782\" class=\"owp-quick-view\" data-product_id=\"104782\" aria-label=\"Quickly preview product Bizzarrini P538 Coup\u00e9, Einzelst\u00fcck f\u00fcr den Duca d' Aosta, Corvette V8 motorisiert, chassis 262.914, 1967, wei\u00df \/ white (SALE - normal 249-!)\"><i class=\"icon-eye\" aria-hidden=\"true\" role=\"img\"><\/i> Quick View<\/a>\t<\/div><!-- .woo-entry-image-swap -->\n\n\n\n\n\n\n\t<p class=\"wc-gzd-additional-info wc-gzd-additional-info-loop shipping-costs-info\">plus <a href=\"https:\/\/autoshow.at\/en\/versandarten\/\" target=\"_blank\">shipping<\/a><\/p>\n\n\n<ul class=\"woo-entry-inner clr\"><li class=\"image-wrap\">\n\t<div class=\"woo-entry-image-swap woo-entry-image clr\">\n\t\t<a href=\"https:\/\/autoshow.at\/en\/product\/bizzarrini-p538-coupe-einzelstueck-fuer-den-duca-d-aosta-corvette-v8-motorisiert-chassis-262-914-1967-weiss-white-sale-normal-249\/\" class=\"woocommerce-LoopProduct-link\"><img loading=\"lazy\" decoding=\"async\" width=\"1200\" height=\"900\" src=\"https:\/\/autoshow.at\/wp-content\/uploads\/2025\/12\/abc-160-bizzarrini-p538-aosta-autoshow-lagernd-1-43-1.jpg\" class=\"woo-entry-image-main\" alt=\"Bizzarrini P538 Coup\u00e9, Einzelst\u00fcck f\u00fcr den Duca d&#8216; Aosta, Corvette V8 motorisiert, chassis 262.914, 1967, wei\u00df \/ white (SALE &#8211; normal 249-!)\" itemprop=\"image\" srcset=\"https:\/\/autoshow.at\/wp-content\/uploads\/2025\/12\/abc-160-bizzarrini-p538-aosta-autoshow-lagernd-1-43-1.jpg 1200w, https:\/\/autoshow.at\/wp-content\/uploads\/2025\/12\/abc-160-bizzarrini-p538-aosta-autoshow-lagernd-1-43-1-300x225.jpg 300w, https:\/\/autoshow.at\/wp-content\/uploads\/2025\/12\/abc-160-bizzarrini-p538-aosta-autoshow-lagernd-1-43-1-1024x768.jpg 1024w, https:\/\/autoshow.at\/wp-content\/uploads\/2025\/12\/abc-160-bizzarrini-p538-aosta-autoshow-lagernd-1-43-1-768x576.jpg 768w, https:\/\/autoshow.at\/wp-content\/uploads\/2025\/12\/abc-160-bizzarrini-p538-aosta-autoshow-lagernd-1-43-1-16x12.jpg 16w, https:\/\/autoshow.at\/wp-content\/uploads\/2025\/12\/abc-160-bizzarrini-p538-aosta-autoshow-lagernd-1-43-1-64x48.jpg 64w\" sizes=\"(max-width: 1200px) 100vw, 1200px\" \/><img loading=\"lazy\" decoding=\"async\" width=\"1200\" height=\"900\" src=\"https:\/\/autoshow.at\/wp-content\/uploads\/2025\/12\/abc-160-bizzarrini-p538-aosta-autoshow-lagernd-1-43-2.jpg\" class=\"woo-entry-image-secondary\" alt=\"Bizzarrini P538 Coup\u00e9, Einzelst\u00fcck f\u00fcr den Duca d&#8216; Aosta, Corvette V8 motorisiert, chassis 262.914, 1967, wei\u00df \/ white (SALE &#8211; normal 249-!)\" itemprop=\"image\" srcset=\"https:\/\/autoshow.at\/wp-content\/uploads\/2025\/12\/abc-160-bizzarrini-p538-aosta-autoshow-lagernd-1-43-2.jpg 1200w, https:\/\/autoshow.at\/wp-content\/uploads\/2025\/12\/abc-160-bizzarrini-p538-aosta-autoshow-lagernd-1-43-2-300x225.jpg 300w, https:\/\/autoshow.at\/wp-content\/uploads\/2025\/12\/abc-160-bizzarrini-p538-aosta-autoshow-lagernd-1-43-2-1024x768.jpg 1024w, https:\/\/autoshow.at\/wp-content\/uploads\/2025\/12\/abc-160-bizzarrini-p538-aosta-autoshow-lagernd-1-43-2-768x576.jpg 768w, https:\/\/autoshow.at\/wp-content\/uploads\/2025\/12\/abc-160-bizzarrini-p538-aosta-autoshow-lagernd-1-43-2-16x12.jpg 16w, https:\/\/autoshow.at\/wp-content\/uploads\/2025\/12\/abc-160-bizzarrini-p538-aosta-autoshow-lagernd-1-43-2-64x48.jpg 64w\" sizes=\"(max-width: 1200px) 100vw, 1200px\" \/><\/a><a href=\"#\" id=\"product_id_104782\" class=\"owp-quick-view\" data-product_id=\"104782\" aria-label=\"Quickly preview product Bizzarrini P538 Coup\u00e9, Einzelst\u00fcck f\u00fcr den Duca d' Aosta, Corvette V8 motorisiert, chassis 262.914, 1967, wei\u00df \/ white (SALE - normal 249-!)\"><i class=\"icon-eye\" aria-hidden=\"true\" role=\"img\"><\/i> Quick View<\/a>\t<\/div><!-- .woo-entry-image-swap -->\n\n<\/li><li class=\"category\"><a href=\"https:\/\/autoshow.at\/en\/product-category\/abc-brianza-143\/\" rel=\"tag\">ABC Brianza 1:43<\/a><\/li><li class=\"title\"><h2><a href=\"https:\/\/autoshow.at\/en\/product\/bizzarrini-p538-coupe-einzelstueck-fuer-den-duca-d-aosta-corvette-v8-motorisiert-chassis-262-914-1967-weiss-white-sale-normal-249\/\">Bizzarrini P538 Coup\u00e9, Einzelst\u00fcck f\u00fcr den Duca d&#8216; Aosta, Corvette V8 motorisiert, chassis 262.914, 1967, wei\u00df \/ white (SALE &#8211; normal 249-!)<\/a><\/h2><\/li><li class=\"price-wrap\">\n\t<span class=\"price\"><span class=\"woocommerce-Price-amount amount\"><bdi>169,00&nbsp;<span class=\"woocommerce-Price-currencySymbol\">&euro;<\/span><\/bdi><\/span><\/span>\n<\/li><li class=\"wc-gzd\">\n\n\n\t<p class=\"wc-gzd-additional-info shipping-costs-info\">plus <a href=\"https:\/\/autoshow.at\/en\/versandarten\/\" target=\"_blank\">shipping<\/a><\/p>\n\n\n<\/li><li class=\"rating\"><\/li><li class=\"btn-wrap clr\"><a class=\"button\" href=\"https:\/\/autoshow.at\/en\/product\/bizzarrini-p538-coupe-einzelstueck-fuer-den-duca-d-aosta-corvette-v8-motorisiert-chassis-262-914-1967-weiss-white-sale-normal-249\/\" data-no-translation=\"\" data-trp-gettext=\"\">Show product<\/a>\t<span id=\"woocommerce_loop_add_to_cart_link_describedby_104782\" class=\"screen-reader-text\">\n\t\t\t<\/span>\n<\/li><\/ul><\/div><!-- .product-inner .clr --><\/li>\n<li class=\"entry has-media has-product-nav col span_1_of_3 owp-content-center owp-thumbs-layout-horizontal owp-btn-normal owp-tabs-layout-horizontal product type-product post-104787 status-publish first instock product_cat-amr-le-phoenix-143 has-post-thumbnail purchasable product-type-simple\">\n\t<div class=\"product-inner clr\">\n\t<div class=\"woo-entry-image-swap woo-entry-image clr\">\n\t\t<a href=\"https:\/\/autoshow.at\/en\/product\/ferrari-330-gts-spider-1968-gelb-yellow\/\" class=\"woocommerce-LoopProduct-link\"><img loading=\"lazy\" decoding=\"async\" width=\"1200\" height=\"900\" src=\"https:\/\/autoshow.at\/wp-content\/uploads\/2025\/12\/amr-ferrari-330-gts-autoshow-lagernd-1-43-1.jpg\" class=\"woo-entry-image-main\" alt=\"Ferrari 330 GTS Spider, 1968, gelb \/ yellow\" itemprop=\"image\" srcset=\"https:\/\/autoshow.at\/wp-content\/uploads\/2025\/12\/amr-ferrari-330-gts-autoshow-lagernd-1-43-1.jpg 1200w, https:\/\/autoshow.at\/wp-content\/uploads\/2025\/12\/amr-ferrari-330-gts-autoshow-lagernd-1-43-1-300x225.jpg 300w, https:\/\/autoshow.at\/wp-content\/uploads\/2025\/12\/amr-ferrari-330-gts-autoshow-lagernd-1-43-1-1024x768.jpg 1024w, https:\/\/autoshow.at\/wp-content\/uploads\/2025\/12\/amr-ferrari-330-gts-autoshow-lagernd-1-43-1-768x576.jpg 768w, https:\/\/autoshow.at\/wp-content\/uploads\/2025\/12\/amr-ferrari-330-gts-autoshow-lagernd-1-43-1-16x12.jpg 16w, https:\/\/autoshow.at\/wp-content\/uploads\/2025\/12\/amr-ferrari-330-gts-autoshow-lagernd-1-43-1-64x48.jpg 64w\" sizes=\"(max-width: 1200px) 100vw, 1200px\" \/><img loading=\"lazy\" decoding=\"async\" width=\"1200\" height=\"900\" src=\"https:\/\/autoshow.at\/wp-content\/uploads\/2025\/12\/amr-ferrari-330-gts-autoshow-lagernd-1-43-2.jpg\" class=\"woo-entry-image-secondary\" alt=\"Ferrari 330 GTS Spider, 1968, gelb \/ yellow\" itemprop=\"image\" srcset=\"https:\/\/autoshow.at\/wp-content\/uploads\/2025\/12\/amr-ferrari-330-gts-autoshow-lagernd-1-43-2.jpg 1200w, https:\/\/autoshow.at\/wp-content\/uploads\/2025\/12\/amr-ferrari-330-gts-autoshow-lagernd-1-43-2-300x225.jpg 300w, https:\/\/autoshow.at\/wp-content\/uploads\/2025\/12\/amr-ferrari-330-gts-autoshow-lagernd-1-43-2-1024x768.jpg 1024w, https:\/\/autoshow.at\/wp-content\/uploads\/2025\/12\/amr-ferrari-330-gts-autoshow-lagernd-1-43-2-768x576.jpg 768w, https:\/\/autoshow.at\/wp-content\/uploads\/2025\/12\/amr-ferrari-330-gts-autoshow-lagernd-1-43-2-16x12.jpg 16w, https:\/\/autoshow.at\/wp-content\/uploads\/2025\/12\/amr-ferrari-330-gts-autoshow-lagernd-1-43-2-64x48.jpg 64w\" sizes=\"(max-width: 1200px) 100vw, 1200px\" \/><\/a><a href=\"#\" id=\"product_id_104787\" class=\"owp-quick-view\" data-product_id=\"104787\" aria-label=\"Quickly preview product Ferrari 330 GTS Spider, 1968, gelb \/ yellow\"><i class=\"icon-eye\" aria-hidden=\"true\" role=\"img\"><\/i> Quick View<\/a>\t<\/div><!-- .woo-entry-image-swap -->\n\n\n\n\n\n\n\t<p class=\"wc-gzd-additional-info wc-gzd-additional-info-loop shipping-costs-info\">plus <a href=\"https:\/\/autoshow.at\/en\/versandarten\/\" target=\"_blank\">shipping<\/a><\/p>\n\n\n<ul class=\"woo-entry-inner clr\"><li class=\"image-wrap\">\n\t<div class=\"woo-entry-image-swap woo-entry-image clr\">\n\t\t<a href=\"https:\/\/autoshow.at\/en\/product\/ferrari-330-gts-spider-1968-gelb-yellow\/\" class=\"woocommerce-LoopProduct-link\"><img loading=\"lazy\" decoding=\"async\" width=\"1200\" height=\"900\" src=\"https:\/\/autoshow.at\/wp-content\/uploads\/2025\/12\/amr-ferrari-330-gts-autoshow-lagernd-1-43-1.jpg\" class=\"woo-entry-image-main\" alt=\"Ferrari 330 GTS Spider, 1968, gelb \/ yellow\" itemprop=\"image\" srcset=\"https:\/\/autoshow.at\/wp-content\/uploads\/2025\/12\/amr-ferrari-330-gts-autoshow-lagernd-1-43-1.jpg 1200w, https:\/\/autoshow.at\/wp-content\/uploads\/2025\/12\/amr-ferrari-330-gts-autoshow-lagernd-1-43-1-300x225.jpg 300w, https:\/\/autoshow.at\/wp-content\/uploads\/2025\/12\/amr-ferrari-330-gts-autoshow-lagernd-1-43-1-1024x768.jpg 1024w, https:\/\/autoshow.at\/wp-content\/uploads\/2025\/12\/amr-ferrari-330-gts-autoshow-lagernd-1-43-1-768x576.jpg 768w, https:\/\/autoshow.at\/wp-content\/uploads\/2025\/12\/amr-ferrari-330-gts-autoshow-lagernd-1-43-1-16x12.jpg 16w, https:\/\/autoshow.at\/wp-content\/uploads\/2025\/12\/amr-ferrari-330-gts-autoshow-lagernd-1-43-1-64x48.jpg 64w\" sizes=\"(max-width: 1200px) 100vw, 1200px\" \/><img loading=\"lazy\" decoding=\"async\" width=\"1200\" height=\"900\" src=\"https:\/\/autoshow.at\/wp-content\/uploads\/2025\/12\/amr-ferrari-330-gts-autoshow-lagernd-1-43-2.jpg\" class=\"woo-entry-image-secondary\" alt=\"Ferrari 330 GTS Spider, 1968, gelb \/ yellow\" itemprop=\"image\" srcset=\"https:\/\/autoshow.at\/wp-content\/uploads\/2025\/12\/amr-ferrari-330-gts-autoshow-lagernd-1-43-2.jpg 1200w, https:\/\/autoshow.at\/wp-content\/uploads\/2025\/12\/amr-ferrari-330-gts-autoshow-lagernd-1-43-2-300x225.jpg 300w, https:\/\/autoshow.at\/wp-content\/uploads\/2025\/12\/amr-ferrari-330-gts-autoshow-lagernd-1-43-2-1024x768.jpg 1024w, https:\/\/autoshow.at\/wp-content\/uploads\/2025\/12\/amr-ferrari-330-gts-autoshow-lagernd-1-43-2-768x576.jpg 768w, https:\/\/autoshow.at\/wp-content\/uploads\/2025\/12\/amr-ferrari-330-gts-autoshow-lagernd-1-43-2-16x12.jpg 16w, https:\/\/autoshow.at\/wp-content\/uploads\/2025\/12\/amr-ferrari-330-gts-autoshow-lagernd-1-43-2-64x48.jpg 64w\" sizes=\"(max-width: 1200px) 100vw, 1200px\" \/><\/a><a href=\"#\" id=\"product_id_104787\" class=\"owp-quick-view\" data-product_id=\"104787\" aria-label=\"Quickly preview product Ferrari 330 GTS Spider, 1968, gelb \/ yellow\"><i class=\"icon-eye\" aria-hidden=\"true\" role=\"img\"><\/i> Quick View<\/a>\t<\/div><!-- .woo-entry-image-swap -->\n\n<\/li><li class=\"category\"><a href=\"https:\/\/autoshow.at\/en\/product-category\/amr-le-phoenix-143\/\" rel=\"tag\">AMR \/ Le PHOENIX 1:43<\/a><\/li><li class=\"title\"><h2><a href=\"https:\/\/autoshow.at\/en\/product\/ferrari-330-gts-spider-1968-gelb-yellow\/\">Ferrari 330 GTS Spider, 1968, gelb \/ yellow<\/a><\/h2><\/li><li class=\"price-wrap\">\n\t<span class=\"price\"><span class=\"woocommerce-Price-amount amount\"><bdi>349,00&nbsp;<span class=\"woocommerce-Price-currencySymbol\">&euro;<\/span><\/bdi><\/span><\/span>\n<\/li><li class=\"wc-gzd\">\n\n\n\t<p class=\"wc-gzd-additional-info shipping-costs-info\">plus <a href=\"https:\/\/autoshow.at\/en\/versandarten\/\" target=\"_blank\">shipping<\/a><\/p>\n\n\n<\/li><li class=\"rating\"><\/li><li class=\"btn-wrap clr\"><a class=\"button\" href=\"https:\/\/autoshow.at\/en\/product\/ferrari-330-gts-spider-1968-gelb-yellow\/\" data-no-translation=\"\" data-trp-gettext=\"\">Show product<\/a>\t<span id=\"woocommerce_loop_add_to_cart_link_describedby_104787\" class=\"screen-reader-text\">\n\t\t\t<\/span>\n<\/li><\/ul><\/div><!-- .product-inner .clr --><\/li>\n<li class=\"entry has-media has-product-nav col span_1_of_3 owp-content-center owp-thumbs-layout-horizontal owp-btn-normal owp-tabs-layout-horizontal product type-product post-104862 status-publish instock product_cat-amis-du-1-43-143 has-post-thumbnail purchasable product-type-simple\">\n\t<div class=\"product-inner clr\">\n\t<div class=\"woo-entry-image-swap woo-entry-image clr\">\n\t\t<a href=\"https:\/\/autoshow.at\/en\/product\/bugatti-typ-5-de-dietrich-paris-madrid-version-2-1903-typ-5-de-dietrich-paris-madrid-version-2-1903-mit-abnehmbarer-motorabdeckung-und-motordetaillierung-with-removable-engine-cover-and-engine\/\" class=\"woocommerce-LoopProduct-link\"><img loading=\"lazy\" decoding=\"async\" width=\"1200\" height=\"900\" src=\"https:\/\/autoshow.at\/wp-content\/uploads\/2025\/12\/amis-du-1-43-b29b-bugatti-t5-dedietrich-paris-madrid-autoshow-lagernd-1-43-1.jpg\" class=\"woo-entry-image-main\" alt=\"Bugatti Typ 5 De Dietrich Paris Madrid Version 2, 1903, Typ 5 De Dietrich Paris Madrid Version 2, 1903, mit abnehmbarer Motorabdeckung und Motordetaillierung! \/ with removable engine cover and engine detailing!\" itemprop=\"image\" srcset=\"https:\/\/autoshow.at\/wp-content\/uploads\/2025\/12\/amis-du-1-43-b29b-bugatti-t5-dedietrich-paris-madrid-autoshow-lagernd-1-43-1.jpg 1200w, https:\/\/autoshow.at\/wp-content\/uploads\/2025\/12\/amis-du-1-43-b29b-bugatti-t5-dedietrich-paris-madrid-autoshow-lagernd-1-43-1-300x225.jpg 300w, https:\/\/autoshow.at\/wp-content\/uploads\/2025\/12\/amis-du-1-43-b29b-bugatti-t5-dedietrich-paris-madrid-autoshow-lagernd-1-43-1-1024x768.jpg 1024w, https:\/\/autoshow.at\/wp-content\/uploads\/2025\/12\/amis-du-1-43-b29b-bugatti-t5-dedietrich-paris-madrid-autoshow-lagernd-1-43-1-768x576.jpg 768w, https:\/\/autoshow.at\/wp-content\/uploads\/2025\/12\/amis-du-1-43-b29b-bugatti-t5-dedietrich-paris-madrid-autoshow-lagernd-1-43-1-16x12.jpg 16w, https:\/\/autoshow.at\/wp-content\/uploads\/2025\/12\/amis-du-1-43-b29b-bugatti-t5-dedietrich-paris-madrid-autoshow-lagernd-1-43-1-64x48.jpg 64w\" sizes=\"(max-width: 1200px) 100vw, 1200px\" \/><img loading=\"lazy\" decoding=\"async\" width=\"1200\" height=\"900\" src=\"https:\/\/autoshow.at\/wp-content\/uploads\/2025\/12\/amis-du-1-43-b29b-bugatti-t5-dedietrich-paris-madrid-autoshow-lagernd-1-43-2.jpg\" class=\"woo-entry-image-secondary\" alt=\"Bugatti Typ 5 De Dietrich Paris Madrid Version 2, 1903, Typ 5 De Dietrich Paris Madrid Version 2, 1903, mit abnehmbarer Motorabdeckung und Motordetaillierung! \/ with removable engine cover and engine detailing!\" itemprop=\"image\" srcset=\"https:\/\/autoshow.at\/wp-content\/uploads\/2025\/12\/amis-du-1-43-b29b-bugatti-t5-dedietrich-paris-madrid-autoshow-lagernd-1-43-2.jpg 1200w, https:\/\/autoshow.at\/wp-content\/uploads\/2025\/12\/amis-du-1-43-b29b-bugatti-t5-dedietrich-paris-madrid-autoshow-lagernd-1-43-2-300x225.jpg 300w, https:\/\/autoshow.at\/wp-content\/uploads\/2025\/12\/amis-du-1-43-b29b-bugatti-t5-dedietrich-paris-madrid-autoshow-lagernd-1-43-2-1024x768.jpg 1024w, https:\/\/autoshow.at\/wp-content\/uploads\/2025\/12\/amis-du-1-43-b29b-bugatti-t5-dedietrich-paris-madrid-autoshow-lagernd-1-43-2-768x576.jpg 768w, https:\/\/autoshow.at\/wp-content\/uploads\/2025\/12\/amis-du-1-43-b29b-bugatti-t5-dedietrich-paris-madrid-autoshow-lagernd-1-43-2-16x12.jpg 16w, https:\/\/autoshow.at\/wp-content\/uploads\/2025\/12\/amis-du-1-43-b29b-bugatti-t5-dedietrich-paris-madrid-autoshow-lagernd-1-43-2-64x48.jpg 64w\" sizes=\"(max-width: 1200px) 100vw, 1200px\" \/><\/a><a href=\"#\" id=\"product_id_104862\" class=\"owp-quick-view\" data-product_id=\"104862\" aria-label=\"Quickly preview product Bugatti Typ 5 De Dietrich Paris Madrid Version 2, 1903, Typ 5 De Dietrich Paris Madrid Version 2, 1903, mit abnehmbarer Motorabdeckung und Motordetaillierung! \/ with removable engine cover and engine detailing!\"><i class=\"icon-eye\" aria-hidden=\"true\" role=\"img\"><\/i> Quick View<\/a>\t<\/div><!-- .woo-entry-image-swap -->\n\n\n\n\n\n\n\t<p class=\"wc-gzd-additional-info wc-gzd-additional-info-loop shipping-costs-info\">plus <a href=\"https:\/\/autoshow.at\/en\/versandarten\/\" target=\"_blank\">shipping<\/a><\/p>\n\n\n<ul class=\"woo-entry-inner clr\"><li class=\"image-wrap\">\n\t<div class=\"woo-entry-image-swap woo-entry-image clr\">\n\t\t<a href=\"https:\/\/autoshow.at\/en\/product\/bugatti-typ-5-de-dietrich-paris-madrid-version-2-1903-typ-5-de-dietrich-paris-madrid-version-2-1903-mit-abnehmbarer-motorabdeckung-und-motordetaillierung-with-removable-engine-cover-and-engine\/\" class=\"woocommerce-LoopProduct-link\"><img loading=\"lazy\" decoding=\"async\" width=\"1200\" height=\"900\" src=\"https:\/\/autoshow.at\/wp-content\/uploads\/2025\/12\/amis-du-1-43-b29b-bugatti-t5-dedietrich-paris-madrid-autoshow-lagernd-1-43-1.jpg\" class=\"woo-entry-image-main\" alt=\"Bugatti Typ 5 De Dietrich Paris Madrid Version 2, 1903, Typ 5 De Dietrich Paris Madrid Version 2, 1903, mit abnehmbarer Motorabdeckung und Motordetaillierung! \/ with removable engine cover and engine detailing!\" itemprop=\"image\" srcset=\"https:\/\/autoshow.at\/wp-content\/uploads\/2025\/12\/amis-du-1-43-b29b-bugatti-t5-dedietrich-paris-madrid-autoshow-lagernd-1-43-1.jpg 1200w, https:\/\/autoshow.at\/wp-content\/uploads\/2025\/12\/amis-du-1-43-b29b-bugatti-t5-dedietrich-paris-madrid-autoshow-lagernd-1-43-1-300x225.jpg 300w, https:\/\/autoshow.at\/wp-content\/uploads\/2025\/12\/amis-du-1-43-b29b-bugatti-t5-dedietrich-paris-madrid-autoshow-lagernd-1-43-1-1024x768.jpg 1024w, https:\/\/autoshow.at\/wp-content\/uploads\/2025\/12\/amis-du-1-43-b29b-bugatti-t5-dedietrich-paris-madrid-autoshow-lagernd-1-43-1-768x576.jpg 768w, https:\/\/autoshow.at\/wp-content\/uploads\/2025\/12\/amis-du-1-43-b29b-bugatti-t5-dedietrich-paris-madrid-autoshow-lagernd-1-43-1-16x12.jpg 16w, https:\/\/autoshow.at\/wp-content\/uploads\/2025\/12\/amis-du-1-43-b29b-bugatti-t5-dedietrich-paris-madrid-autoshow-lagernd-1-43-1-64x48.jpg 64w\" sizes=\"(max-width: 1200px) 100vw, 1200px\" \/><img loading=\"lazy\" decoding=\"async\" width=\"1200\" height=\"900\" src=\"https:\/\/autoshow.at\/wp-content\/uploads\/2025\/12\/amis-du-1-43-b29b-bugatti-t5-dedietrich-paris-madrid-autoshow-lagernd-1-43-2.jpg\" class=\"woo-entry-image-secondary\" alt=\"Bugatti Typ 5 De Dietrich Paris Madrid Version 2, 1903, Typ 5 De Dietrich Paris Madrid Version 2, 1903, mit abnehmbarer Motorabdeckung und Motordetaillierung! \/ with removable engine cover and engine detailing!\" itemprop=\"image\" srcset=\"https:\/\/autoshow.at\/wp-content\/uploads\/2025\/12\/amis-du-1-43-b29b-bugatti-t5-dedietrich-paris-madrid-autoshow-lagernd-1-43-2.jpg 1200w, https:\/\/autoshow.at\/wp-content\/uploads\/2025\/12\/amis-du-1-43-b29b-bugatti-t5-dedietrich-paris-madrid-autoshow-lagernd-1-43-2-300x225.jpg 300w, https:\/\/autoshow.at\/wp-content\/uploads\/2025\/12\/amis-du-1-43-b29b-bugatti-t5-dedietrich-paris-madrid-autoshow-lagernd-1-43-2-1024x768.jpg 1024w, https:\/\/autoshow.at\/wp-content\/uploads\/2025\/12\/amis-du-1-43-b29b-bugatti-t5-dedietrich-paris-madrid-autoshow-lagernd-1-43-2-768x576.jpg 768w, https:\/\/autoshow.at\/wp-content\/uploads\/2025\/12\/amis-du-1-43-b29b-bugatti-t5-dedietrich-paris-madrid-autoshow-lagernd-1-43-2-16x12.jpg 16w, https:\/\/autoshow.at\/wp-content\/uploads\/2025\/12\/amis-du-1-43-b29b-bugatti-t5-dedietrich-paris-madrid-autoshow-lagernd-1-43-2-64x48.jpg 64w\" sizes=\"(max-width: 1200px) 100vw, 1200px\" \/><\/a><a href=\"#\" id=\"product_id_104862\" class=\"owp-quick-view\" data-product_id=\"104862\" aria-label=\"Quickly preview product Bugatti Typ 5 De Dietrich Paris Madrid Version 2, 1903, Typ 5 De Dietrich Paris Madrid Version 2, 1903, mit abnehmbarer Motorabdeckung und Motordetaillierung! \/ with removable engine cover and engine detailing!\"><i class=\"icon-eye\" aria-hidden=\"true\" role=\"img\"><\/i> Quick View<\/a>\t<\/div><!-- .woo-entry-image-swap -->\n\n<\/li><li class=\"category\"><a href=\"https:\/\/autoshow.at\/en\/product-category\/amis-du-1-43-143\/\" rel=\"tag\">AMIS du 1\/43 1:43<\/a><\/li><li class=\"title\"><h2><a href=\"https:\/\/autoshow.at\/en\/product\/bugatti-typ-5-de-dietrich-paris-madrid-version-2-1903-typ-5-de-dietrich-paris-madrid-version-2-1903-mit-abnehmbarer-motorabdeckung-und-motordetaillierung-with-removable-engine-cover-and-engine\/\">Bugatti Typ 5 De Dietrich Paris Madrid Version 2, 1903, Typ 5 De Dietrich Paris Madrid Version 2, 1903, mit abnehmbarer Motorabdeckung und Motordetaillierung! \/ with removable engine cover and engine detailing!<\/a><\/h2><\/li><li class=\"price-wrap\">\n\t<span class=\"price\"><span class=\"woocommerce-Price-amount amount\"><bdi>375,00&nbsp;<span class=\"woocommerce-Price-currencySymbol\">&euro;<\/span><\/bdi><\/span><\/span>\n<\/li><li class=\"wc-gzd\">\n\n\n\t<p class=\"wc-gzd-additional-info shipping-costs-info\">plus <a href=\"https:\/\/autoshow.at\/en\/versandarten\/\" target=\"_blank\">shipping<\/a><\/p>\n\n\n<\/li><li class=\"rating\"><\/li><li class=\"btn-wrap clr\"><a class=\"button\" href=\"https:\/\/autoshow.at\/en\/product\/bugatti-typ-5-de-dietrich-paris-madrid-version-2-1903-typ-5-de-dietrich-paris-madrid-version-2-1903-mit-abnehmbarer-motorabdeckung-und-motordetaillierung-with-removable-engine-cover-and-engine\/\" data-no-translation=\"\" data-trp-gettext=\"\">Show product<\/a>\t<span id=\"woocommerce_loop_add_to_cart_link_describedby_104862\" class=\"screen-reader-text\">\n\t\t\t<\/span>\n<\/li><\/ul><\/div><!-- .product-inner .clr --><\/li>\n<li class=\"entry has-media has-product-nav col span_1_of_3 owp-content-center owp-thumbs-layout-horizontal owp-btn-normal owp-tabs-layout-horizontal product type-product post-104965 status-publish last instock product_cat-abc-brianza-143 has-post-thumbnail purchasable product-type-simple\">\n\t<div class=\"product-inner clr\">\n\t<div class=\"woo-entry-image-swap woo-entry-image clr\">\n\t\t<a href=\"https:\/\/autoshow.at\/en\/product\/chrysler-town-country-closed-cabriolet-woddy-design-1946\/\" class=\"woocommerce-LoopProduct-link\"><img loading=\"lazy\" decoding=\"async\" width=\"1200\" height=\"900\" src=\"https:\/\/autoshow.at\/wp-content\/uploads\/2026\/02\/abc-playtoy-chrysler-town-country-autoshow-lagernd-1-43-1.jpg\" class=\"woo-entry-image-main\" alt=\"Chrysler Town &#038; Country closed Cabriolet \u201cWODDY DESIGN\u201d, 1946\" itemprop=\"image\" srcset=\"https:\/\/autoshow.at\/wp-content\/uploads\/2026\/02\/abc-playtoy-chrysler-town-country-autoshow-lagernd-1-43-1.jpg 1200w, https:\/\/autoshow.at\/wp-content\/uploads\/2026\/02\/abc-playtoy-chrysler-town-country-autoshow-lagernd-1-43-1-300x225.jpg 300w, https:\/\/autoshow.at\/wp-content\/uploads\/2026\/02\/abc-playtoy-chrysler-town-country-autoshow-lagernd-1-43-1-1024x768.jpg 1024w, https:\/\/autoshow.at\/wp-content\/uploads\/2026\/02\/abc-playtoy-chrysler-town-country-autoshow-lagernd-1-43-1-768x576.jpg 768w, https:\/\/autoshow.at\/wp-content\/uploads\/2026\/02\/abc-playtoy-chrysler-town-country-autoshow-lagernd-1-43-1-16x12.jpg 16w, https:\/\/autoshow.at\/wp-content\/uploads\/2026\/02\/abc-playtoy-chrysler-town-country-autoshow-lagernd-1-43-1-64x48.jpg 64w\" sizes=\"(max-width: 1200px) 100vw, 1200px\" \/><img loading=\"lazy\" decoding=\"async\" width=\"1200\" height=\"900\" src=\"https:\/\/autoshow.at\/wp-content\/uploads\/2026\/02\/abc-playtoy-chrysler-town-country-autoshow-lagernd-1-43-2.jpg\" class=\"woo-entry-image-secondary\" alt=\"Chrysler Town &#038; Country closed Cabriolet \u201cWODDY DESIGN\u201d, 1946\" itemprop=\"image\" srcset=\"https:\/\/autoshow.at\/wp-content\/uploads\/2026\/02\/abc-playtoy-chrysler-town-country-autoshow-lagernd-1-43-2.jpg 1200w, https:\/\/autoshow.at\/wp-content\/uploads\/2026\/02\/abc-playtoy-chrysler-town-country-autoshow-lagernd-1-43-2-300x225.jpg 300w, https:\/\/autoshow.at\/wp-content\/uploads\/2026\/02\/abc-playtoy-chrysler-town-country-autoshow-lagernd-1-43-2-1024x768.jpg 1024w, https:\/\/autoshow.at\/wp-content\/uploads\/2026\/02\/abc-playtoy-chrysler-town-country-autoshow-lagernd-1-43-2-768x576.jpg 768w, https:\/\/autoshow.at\/wp-content\/uploads\/2026\/02\/abc-playtoy-chrysler-town-country-autoshow-lagernd-1-43-2-16x12.jpg 16w, https:\/\/autoshow.at\/wp-content\/uploads\/2026\/02\/abc-playtoy-chrysler-town-country-autoshow-lagernd-1-43-2-64x48.jpg 64w\" sizes=\"(max-width: 1200px) 100vw, 1200px\" \/><\/a><a href=\"#\" id=\"product_id_104965\" class=\"owp-quick-view\" data-product_id=\"104965\" aria-label=\"Quickly preview product Chrysler Town & Country closed Cabriolet \u201cWODDY DESIGN\u201d, 1946\"><i class=\"icon-eye\" aria-hidden=\"true\" role=\"img\"><\/i> Quick View<\/a>\t<\/div><!-- .woo-entry-image-swap -->\n\n\n\n\n\n\n\t<p class=\"wc-gzd-additional-info wc-gzd-additional-info-loop shipping-costs-info\">plus <a href=\"https:\/\/autoshow.at\/en\/versandarten\/\" target=\"_blank\">shipping<\/a><\/p>\n\n\n<ul class=\"woo-entry-inner clr\"><li class=\"image-wrap\">\n\t<div class=\"woo-entry-image-swap woo-entry-image clr\">\n\t\t<a href=\"https:\/\/autoshow.at\/en\/product\/chrysler-town-country-closed-cabriolet-woddy-design-1946\/\" class=\"woocommerce-LoopProduct-link\"><img loading=\"lazy\" decoding=\"async\" width=\"1200\" height=\"900\" src=\"https:\/\/autoshow.at\/wp-content\/uploads\/2026\/02\/abc-playtoy-chrysler-town-country-autoshow-lagernd-1-43-1.jpg\" class=\"woo-entry-image-main\" alt=\"Chrysler Town &#038; Country closed Cabriolet \u201cWODDY DESIGN\u201d, 1946\" itemprop=\"image\" srcset=\"https:\/\/autoshow.at\/wp-content\/uploads\/2026\/02\/abc-playtoy-chrysler-town-country-autoshow-lagernd-1-43-1.jpg 1200w, https:\/\/autoshow.at\/wp-content\/uploads\/2026\/02\/abc-playtoy-chrysler-town-country-autoshow-lagernd-1-43-1-300x225.jpg 300w, https:\/\/autoshow.at\/wp-content\/uploads\/2026\/02\/abc-playtoy-chrysler-town-country-autoshow-lagernd-1-43-1-1024x768.jpg 1024w, https:\/\/autoshow.at\/wp-content\/uploads\/2026\/02\/abc-playtoy-chrysler-town-country-autoshow-lagernd-1-43-1-768x576.jpg 768w, https:\/\/autoshow.at\/wp-content\/uploads\/2026\/02\/abc-playtoy-chrysler-town-country-autoshow-lagernd-1-43-1-16x12.jpg 16w, https:\/\/autoshow.at\/wp-content\/uploads\/2026\/02\/abc-playtoy-chrysler-town-country-autoshow-lagernd-1-43-1-64x48.jpg 64w\" sizes=\"(max-width: 1200px) 100vw, 1200px\" \/><img loading=\"lazy\" decoding=\"async\" width=\"1200\" height=\"900\" src=\"https:\/\/autoshow.at\/wp-content\/uploads\/2026\/02\/abc-playtoy-chrysler-town-country-autoshow-lagernd-1-43-2.jpg\" class=\"woo-entry-image-secondary\" alt=\"Chrysler Town &#038; Country closed Cabriolet \u201cWODDY DESIGN\u201d, 1946\" itemprop=\"image\" srcset=\"https:\/\/autoshow.at\/wp-content\/uploads\/2026\/02\/abc-playtoy-chrysler-town-country-autoshow-lagernd-1-43-2.jpg 1200w, https:\/\/autoshow.at\/wp-content\/uploads\/2026\/02\/abc-playtoy-chrysler-town-country-autoshow-lagernd-1-43-2-300x225.jpg 300w, https:\/\/autoshow.at\/wp-content\/uploads\/2026\/02\/abc-playtoy-chrysler-town-country-autoshow-lagernd-1-43-2-1024x768.jpg 1024w, https:\/\/autoshow.at\/wp-content\/uploads\/2026\/02\/abc-playtoy-chrysler-town-country-autoshow-lagernd-1-43-2-768x576.jpg 768w, https:\/\/autoshow.at\/wp-content\/uploads\/2026\/02\/abc-playtoy-chrysler-town-country-autoshow-lagernd-1-43-2-16x12.jpg 16w, https:\/\/autoshow.at\/wp-content\/uploads\/2026\/02\/abc-playtoy-chrysler-town-country-autoshow-lagernd-1-43-2-64x48.jpg 64w\" sizes=\"(max-width: 1200px) 100vw, 1200px\" \/><\/a><a href=\"#\" id=\"product_id_104965\" class=\"owp-quick-view\" data-product_id=\"104965\" aria-label=\"Quickly preview product Chrysler Town & Country closed Cabriolet \u201cWODDY DESIGN\u201d, 1946\"><i class=\"icon-eye\" aria-hidden=\"true\" role=\"img\"><\/i> Quick View<\/a>\t<\/div><!-- .woo-entry-image-swap -->\n\n<\/li><li class=\"category\"><a href=\"https:\/\/autoshow.at\/en\/product-category\/abc-brianza-143\/\" rel=\"tag\">ABC Brianza 1:43<\/a><\/li><li class=\"title\"><h2><a href=\"https:\/\/autoshow.at\/en\/product\/chrysler-town-country-closed-cabriolet-woddy-design-1946\/\">Chrysler Town &#038; Country closed Cabriolet \u201cWODDY DESIGN\u201d, 1946<\/a><\/h2><\/li><li class=\"price-wrap\">\n\t<span class=\"price\"><span class=\"woocommerce-Price-amount amount\"><bdi>95,00&nbsp;<span class=\"woocommerce-Price-currencySymbol\">&euro;<\/span><\/bdi><\/span><\/span>\n<\/li><li class=\"wc-gzd\">\n\n\n\t<p class=\"wc-gzd-additional-info shipping-costs-info\">plus <a href=\"https:\/\/autoshow.at\/en\/versandarten\/\" target=\"_blank\">shipping<\/a><\/p>\n\n\n<\/li><li class=\"rating\"><\/li><li class=\"btn-wrap clr\"><a class=\"button\" href=\"https:\/\/autoshow.at\/en\/product\/chrysler-town-country-closed-cabriolet-woddy-design-1946\/\" data-no-translation=\"\" data-trp-gettext=\"\">Show product<\/a>\t<span id=\"woocommerce_loop_add_to_cart_link_describedby_104965\" class=\"screen-reader-text\">\n\t\t\t<\/span>\n<\/li><\/ul><\/div><!-- .product-inner .clr --><\/li>\n<li class=\"entry has-media has-product-nav col span_1_of_3 owp-content-center owp-thumbs-layout-horizontal owp-btn-normal owp-tabs-layout-horizontal product type-product post-104966 status-publish first outofstock product_cat-amr-le-phoenix-143 has-post-thumbnail purchasable product-type-simple\">\n\t<div class=\"product-inner clr\">\n\t<div class=\"woo-entry-image-swap woo-entry-image clr\">\n\t\t<a href=\"https:\/\/autoshow.at\/en\/product\/ferrari-275-gtb-1965-rot-red\/\" class=\"woocommerce-LoopProduct-link\"><img loading=\"lazy\" decoding=\"async\" width=\"1200\" height=\"900\" src=\"https:\/\/autoshow.at\/wp-content\/uploads\/2026\/02\/amr-ferrari-275gtb-red-autoshow-lagernd-1-43-1.jpg\" class=\"woo-entry-image-main\" alt=\"Ferrari 275 GTB, 1965, rot \/ red\" itemprop=\"image\" srcset=\"https:\/\/autoshow.at\/wp-content\/uploads\/2026\/02\/amr-ferrari-275gtb-red-autoshow-lagernd-1-43-1.jpg 1200w, https:\/\/autoshow.at\/wp-content\/uploads\/2026\/02\/amr-ferrari-275gtb-red-autoshow-lagernd-1-43-1-300x225.jpg 300w, https:\/\/autoshow.at\/wp-content\/uploads\/2026\/02\/amr-ferrari-275gtb-red-autoshow-lagernd-1-43-1-1024x768.jpg 1024w, https:\/\/autoshow.at\/wp-content\/uploads\/2026\/02\/amr-ferrari-275gtb-red-autoshow-lagernd-1-43-1-768x576.jpg 768w, https:\/\/autoshow.at\/wp-content\/uploads\/2026\/02\/amr-ferrari-275gtb-red-autoshow-lagernd-1-43-1-16x12.jpg 16w, https:\/\/autoshow.at\/wp-content\/uploads\/2026\/02\/amr-ferrari-275gtb-red-autoshow-lagernd-1-43-1-64x48.jpg 64w\" sizes=\"(max-width: 1200px) 100vw, 1200px\" \/><img loading=\"lazy\" decoding=\"async\" width=\"1200\" height=\"900\" src=\"https:\/\/autoshow.at\/wp-content\/uploads\/2026\/02\/amr-ferrari-275gtb-red-autoshow-lagernd-1-43-2.jpg\" class=\"woo-entry-image-secondary\" alt=\"Ferrari 275 GTB, 1965, rot \/ red\" itemprop=\"image\" srcset=\"https:\/\/autoshow.at\/wp-content\/uploads\/2026\/02\/amr-ferrari-275gtb-red-autoshow-lagernd-1-43-2.jpg 1200w, https:\/\/autoshow.at\/wp-content\/uploads\/2026\/02\/amr-ferrari-275gtb-red-autoshow-lagernd-1-43-2-300x225.jpg 300w, https:\/\/autoshow.at\/wp-content\/uploads\/2026\/02\/amr-ferrari-275gtb-red-autoshow-lagernd-1-43-2-1024x768.jpg 1024w, https:\/\/autoshow.at\/wp-content\/uploads\/2026\/02\/amr-ferrari-275gtb-red-autoshow-lagernd-1-43-2-768x576.jpg 768w, https:\/\/autoshow.at\/wp-content\/uploads\/2026\/02\/amr-ferrari-275gtb-red-autoshow-lagernd-1-43-2-16x12.jpg 16w, https:\/\/autoshow.at\/wp-content\/uploads\/2026\/02\/amr-ferrari-275gtb-red-autoshow-lagernd-1-43-2-64x48.jpg 64w\" sizes=\"(max-width: 1200px) 100vw, 1200px\" \/><\/a><a href=\"#\" id=\"product_id_104966\" class=\"owp-quick-view\" data-product_id=\"104966\" aria-label=\"Quickly preview product Ferrari 275 GTB, 1965, rot \/ red\"><i class=\"icon-eye\" aria-hidden=\"true\" role=\"img\"><\/i> Quick View<\/a>\t<\/div><!-- .woo-entry-image-swap -->\n\n\n\n\n\n\n\t<p class=\"wc-gzd-additional-info wc-gzd-additional-info-loop shipping-costs-info\">plus <a href=\"https:\/\/autoshow.at\/en\/versandarten\/\" target=\"_blank\">shipping<\/a><\/p>\n\n\n<ul class=\"woo-entry-inner clr\"><li class=\"image-wrap\">\t\t\t\t<div class=\"outofstock-badge\">\n\t\t\t\t\tOut of Stock\t\t\t\t<\/div><!-- .product-entry-out-of-stock-badge -->\n\t\t\t\t\n\t<div class=\"woo-entry-image-swap woo-entry-image clr\">\n\t\t<a href=\"https:\/\/autoshow.at\/en\/product\/ferrari-275-gtb-1965-rot-red\/\" class=\"woocommerce-LoopProduct-link\"><img loading=\"lazy\" decoding=\"async\" width=\"1200\" height=\"900\" src=\"https:\/\/autoshow.at\/wp-content\/uploads\/2026\/02\/amr-ferrari-275gtb-red-autoshow-lagernd-1-43-1.jpg\" class=\"woo-entry-image-main\" alt=\"Ferrari 275 GTB, 1965, rot \/ red\" itemprop=\"image\" srcset=\"https:\/\/autoshow.at\/wp-content\/uploads\/2026\/02\/amr-ferrari-275gtb-red-autoshow-lagernd-1-43-1.jpg 1200w, https:\/\/autoshow.at\/wp-content\/uploads\/2026\/02\/amr-ferrari-275gtb-red-autoshow-lagernd-1-43-1-300x225.jpg 300w, https:\/\/autoshow.at\/wp-content\/uploads\/2026\/02\/amr-ferrari-275gtb-red-autoshow-lagernd-1-43-1-1024x768.jpg 1024w, https:\/\/autoshow.at\/wp-content\/uploads\/2026\/02\/amr-ferrari-275gtb-red-autoshow-lagernd-1-43-1-768x576.jpg 768w, https:\/\/autoshow.at\/wp-content\/uploads\/2026\/02\/amr-ferrari-275gtb-red-autoshow-lagernd-1-43-1-16x12.jpg 16w, https:\/\/autoshow.at\/wp-content\/uploads\/2026\/02\/amr-ferrari-275gtb-red-autoshow-lagernd-1-43-1-64x48.jpg 64w\" sizes=\"(max-width: 1200px) 100vw, 1200px\" \/><img loading=\"lazy\" decoding=\"async\" width=\"1200\" height=\"900\" src=\"https:\/\/autoshow.at\/wp-content\/uploads\/2026\/02\/amr-ferrari-275gtb-red-autoshow-lagernd-1-43-2.jpg\" class=\"woo-entry-image-secondary\" alt=\"Ferrari 275 GTB, 1965, rot \/ red\" itemprop=\"image\" srcset=\"https:\/\/autoshow.at\/wp-content\/uploads\/2026\/02\/amr-ferrari-275gtb-red-autoshow-lagernd-1-43-2.jpg 1200w, https:\/\/autoshow.at\/wp-content\/uploads\/2026\/02\/amr-ferrari-275gtb-red-autoshow-lagernd-1-43-2-300x225.jpg 300w, https:\/\/autoshow.at\/wp-content\/uploads\/2026\/02\/amr-ferrari-275gtb-red-autoshow-lagernd-1-43-2-1024x768.jpg 1024w, https:\/\/autoshow.at\/wp-content\/uploads\/2026\/02\/amr-ferrari-275gtb-red-autoshow-lagernd-1-43-2-768x576.jpg 768w, https:\/\/autoshow.at\/wp-content\/uploads\/2026\/02\/amr-ferrari-275gtb-red-autoshow-lagernd-1-43-2-16x12.jpg 16w, https:\/\/autoshow.at\/wp-content\/uploads\/2026\/02\/amr-ferrari-275gtb-red-autoshow-lagernd-1-43-2-64x48.jpg 64w\" sizes=\"(max-width: 1200px) 100vw, 1200px\" \/><\/a><a href=\"#\" id=\"product_id_104966\" class=\"owp-quick-view\" data-product_id=\"104966\" aria-label=\"Quickly preview product Ferrari 275 GTB, 1965, rot \/ red\"><i class=\"icon-eye\" aria-hidden=\"true\" role=\"img\"><\/i> Quick View<\/a>\t<\/div><!-- .woo-entry-image-swap -->\n\n<\/li><li class=\"category\"><a href=\"https:\/\/autoshow.at\/en\/product-category\/amr-le-phoenix-143\/\" rel=\"tag\">AMR \/ Le PHOENIX 1:43<\/a><\/li><li class=\"title\"><h2><a href=\"https:\/\/autoshow.at\/en\/product\/ferrari-275-gtb-1965-rot-red\/\">Ferrari 275 GTB, 1965, rot \/ red<\/a><\/h2><\/li><li class=\"price-wrap\">\n\t<span class=\"price\"><span class=\"woocommerce-Price-amount amount\"><bdi>159,00&nbsp;<span class=\"woocommerce-Price-currencySymbol\">&euro;<\/span><\/bdi><\/span><\/span>\n<\/li><li class=\"wc-gzd\">\n\n\n\t<p class=\"wc-gzd-additional-info shipping-costs-info\">plus <a href=\"https:\/\/autoshow.at\/en\/versandarten\/\" target=\"_blank\">shipping<\/a><\/p>\n\n\n<\/li><li class=\"rating\"><\/li><li class=\"btn-wrap clr\"><a class=\"button\" href=\"https:\/\/autoshow.at\/en\/product\/ferrari-275-gtb-1965-rot-red\/\" data-no-translation=\"\" data-trp-gettext=\"\">Show product<\/a>\t<span id=\"woocommerce_loop_add_to_cart_link_describedby_104966\" class=\"screen-reader-text\">\n\t\t\t<\/span>\n<\/li><\/ul><\/div><!-- .product-inner .clr --><\/li>\n<li class=\"entry has-media has-product-nav col span_1_of_3 owp-content-center owp-thumbs-layout-horizontal owp-btn-normal owp-tabs-layout-horizontal product type-product post-104967 status-publish instock product_cat-amr-le-phoenix-143 has-post-thumbnail purchasable product-type-simple\">\n\t<div class=\"product-inner clr\">\n\t<div class=\"woo-entry-image-swap woo-entry-image clr\">\n\t\t<a href=\"https:\/\/autoshow.at\/en\/product\/ferrari-testarossa-1984-weiss-white\/\" class=\"woocommerce-LoopProduct-link\"><img loading=\"lazy\" decoding=\"async\" width=\"1200\" height=\"900\" src=\"https:\/\/autoshow.at\/wp-content\/uploads\/2026\/02\/amr-ferrari-testarossa-autoshow-lagernd-1-43-1.jpg\" class=\"woo-entry-image-main\" alt=\"Ferrari Testarossa, 1984, wei\u00df \/ white\" itemprop=\"image\" srcset=\"https:\/\/autoshow.at\/wp-content\/uploads\/2026\/02\/amr-ferrari-testarossa-autoshow-lagernd-1-43-1.jpg 1200w, https:\/\/autoshow.at\/wp-content\/uploads\/2026\/02\/amr-ferrari-testarossa-autoshow-lagernd-1-43-1-300x225.jpg 300w, https:\/\/autoshow.at\/wp-content\/uploads\/2026\/02\/amr-ferrari-testarossa-autoshow-lagernd-1-43-1-1024x768.jpg 1024w, https:\/\/autoshow.at\/wp-content\/uploads\/2026\/02\/amr-ferrari-testarossa-autoshow-lagernd-1-43-1-768x576.jpg 768w, https:\/\/autoshow.at\/wp-content\/uploads\/2026\/02\/amr-ferrari-testarossa-autoshow-lagernd-1-43-1-16x12.jpg 16w, https:\/\/autoshow.at\/wp-content\/uploads\/2026\/02\/amr-ferrari-testarossa-autoshow-lagernd-1-43-1-64x48.jpg 64w\" sizes=\"(max-width: 1200px) 100vw, 1200px\" \/><img loading=\"lazy\" decoding=\"async\" width=\"1200\" height=\"900\" src=\"https:\/\/autoshow.at\/wp-content\/uploads\/2026\/02\/amr-ferrari-testarossa-autoshow-lagernd-1-43-2.jpg\" class=\"woo-entry-image-secondary\" alt=\"Ferrari Testarossa, 1984, wei\u00df \/ white\" itemprop=\"image\" srcset=\"https:\/\/autoshow.at\/wp-content\/uploads\/2026\/02\/amr-ferrari-testarossa-autoshow-lagernd-1-43-2.jpg 1200w, https:\/\/autoshow.at\/wp-content\/uploads\/2026\/02\/amr-ferrari-testarossa-autoshow-lagernd-1-43-2-300x225.jpg 300w, https:\/\/autoshow.at\/wp-content\/uploads\/2026\/02\/amr-ferrari-testarossa-autoshow-lagernd-1-43-2-1024x768.jpg 1024w, https:\/\/autoshow.at\/wp-content\/uploads\/2026\/02\/amr-ferrari-testarossa-autoshow-lagernd-1-43-2-768x576.jpg 768w, https:\/\/autoshow.at\/wp-content\/uploads\/2026\/02\/amr-ferrari-testarossa-autoshow-lagernd-1-43-2-16x12.jpg 16w, https:\/\/autoshow.at\/wp-content\/uploads\/2026\/02\/amr-ferrari-testarossa-autoshow-lagernd-1-43-2-64x48.jpg 64w\" sizes=\"(max-width: 1200px) 100vw, 1200px\" \/><\/a><a href=\"#\" id=\"product_id_104967\" class=\"owp-quick-view\" data-product_id=\"104967\" aria-label=\"Quickly preview product Ferrari Testarossa, 1984, wei\u00df \/ white\"><i class=\"icon-eye\" aria-hidden=\"true\" role=\"img\"><\/i> Quick View<\/a>\t<\/div><!-- .woo-entry-image-swap -->\n\n\n\n\n\n\n\t<p class=\"wc-gzd-additional-info wc-gzd-additional-info-loop shipping-costs-info\">plus <a href=\"https:\/\/autoshow.at\/en\/versandarten\/\" target=\"_blank\">shipping<\/a><\/p>\n\n\n<ul class=\"woo-entry-inner clr\"><li class=\"image-wrap\">\n\t<div class=\"woo-entry-image-swap woo-entry-image clr\">\n\t\t<a href=\"https:\/\/autoshow.at\/en\/product\/ferrari-testarossa-1984-weiss-white\/\" class=\"woocommerce-LoopProduct-link\"><img loading=\"lazy\" decoding=\"async\" width=\"1200\" height=\"900\" src=\"https:\/\/autoshow.at\/wp-content\/uploads\/2026\/02\/amr-ferrari-testarossa-autoshow-lagernd-1-43-1.jpg\" class=\"woo-entry-image-main\" alt=\"Ferrari Testarossa, 1984, wei\u00df \/ white\" itemprop=\"image\" srcset=\"https:\/\/autoshow.at\/wp-content\/uploads\/2026\/02\/amr-ferrari-testarossa-autoshow-lagernd-1-43-1.jpg 1200w, https:\/\/autoshow.at\/wp-content\/uploads\/2026\/02\/amr-ferrari-testarossa-autoshow-lagernd-1-43-1-300x225.jpg 300w, https:\/\/autoshow.at\/wp-content\/uploads\/2026\/02\/amr-ferrari-testarossa-autoshow-lagernd-1-43-1-1024x768.jpg 1024w, https:\/\/autoshow.at\/wp-content\/uploads\/2026\/02\/amr-ferrari-testarossa-autoshow-lagernd-1-43-1-768x576.jpg 768w, https:\/\/autoshow.at\/wp-content\/uploads\/2026\/02\/amr-ferrari-testarossa-autoshow-lagernd-1-43-1-16x12.jpg 16w, https:\/\/autoshow.at\/wp-content\/uploads\/2026\/02\/amr-ferrari-testarossa-autoshow-lagernd-1-43-1-64x48.jpg 64w\" sizes=\"(max-width: 1200px) 100vw, 1200px\" \/><img loading=\"lazy\" decoding=\"async\" width=\"1200\" height=\"900\" src=\"https:\/\/autoshow.at\/wp-content\/uploads\/2026\/02\/amr-ferrari-testarossa-autoshow-lagernd-1-43-2.jpg\" class=\"woo-entry-image-secondary\" alt=\"Ferrari Testarossa, 1984, wei\u00df \/ white\" itemprop=\"image\" srcset=\"https:\/\/autoshow.at\/wp-content\/uploads\/2026\/02\/amr-ferrari-testarossa-autoshow-lagernd-1-43-2.jpg 1200w, https:\/\/autoshow.at\/wp-content\/uploads\/2026\/02\/amr-ferrari-testarossa-autoshow-lagernd-1-43-2-300x225.jpg 300w, https:\/\/autoshow.at\/wp-content\/uploads\/2026\/02\/amr-ferrari-testarossa-autoshow-lagernd-1-43-2-1024x768.jpg 1024w, https:\/\/autoshow.at\/wp-content\/uploads\/2026\/02\/amr-ferrari-testarossa-autoshow-lagernd-1-43-2-768x576.jpg 768w, https:\/\/autoshow.at\/wp-content\/uploads\/2026\/02\/amr-ferrari-testarossa-autoshow-lagernd-1-43-2-16x12.jpg 16w, https:\/\/autoshow.at\/wp-content\/uploads\/2026\/02\/amr-ferrari-testarossa-autoshow-lagernd-1-43-2-64x48.jpg 64w\" sizes=\"(max-width: 1200px) 100vw, 1200px\" \/><\/a><a href=\"#\" id=\"product_id_104967\" class=\"owp-quick-view\" data-product_id=\"104967\" aria-label=\"Quickly preview product Ferrari Testarossa, 1984, wei\u00df \/ white\"><i class=\"icon-eye\" aria-hidden=\"true\" role=\"img\"><\/i> Quick View<\/a>\t<\/div><!-- .woo-entry-image-swap -->\n\n<\/li><li class=\"category\"><a href=\"https:\/\/autoshow.at\/en\/product-category\/amr-le-phoenix-143\/\" rel=\"tag\">AMR \/ Le PHOENIX 1:43<\/a><\/li><li class=\"title\"><h2><a href=\"https:\/\/autoshow.at\/en\/product\/ferrari-testarossa-1984-weiss-white\/\">Ferrari Testarossa, 1984, wei\u00df \/ white<\/a><\/h2><\/li><li class=\"price-wrap\">\n\t<span class=\"price\"><span class=\"woocommerce-Price-amount amount\"><bdi>169,00&nbsp;<span class=\"woocommerce-Price-currencySymbol\">&euro;<\/span><\/bdi><\/span><\/span>\n<\/li><li class=\"wc-gzd\">\n\n\n\t<p class=\"wc-gzd-additional-info shipping-costs-info\">plus <a href=\"https:\/\/autoshow.at\/en\/versandarten\/\" target=\"_blank\">shipping<\/a><\/p>\n\n\n<\/li><li class=\"rating\"><\/li><li class=\"btn-wrap clr\"><a class=\"button\" href=\"https:\/\/autoshow.at\/en\/product\/ferrari-testarossa-1984-weiss-white\/\" data-no-translation=\"\" data-trp-gettext=\"\">Show product<\/a>\t<span id=\"woocommerce_loop_add_to_cart_link_describedby_104967\" class=\"screen-reader-text\">\n\t\t\t<\/span>\n<\/li><\/ul><\/div><!-- .product-inner .clr --><\/li>\n<li class=\"entry has-media has-product-nav col span_1_of_3 owp-content-center owp-thumbs-layout-horizontal owp-btn-normal owp-tabs-layout-horizontal product type-product post-105323 status-publish last instock product_cat-alezan-143 has-post-thumbnail purchasable product-type-simple\">\n\t<div class=\"product-inner clr\">\n\t<div class=\"woo-entry-image-swap woo-entry-image clr\">\n\t\t<a href=\"https:\/\/autoshow.at\/en\/product\/detomaso-pantera-200-1992-rare-wide-version-with-big-rear-wing-superb-dark-metallic-paintwork-in-alcantara-design-vitrine\/\" class=\"woocommerce-LoopProduct-link\"><img loading=\"lazy\" decoding=\"async\" width=\"1200\" height=\"900\" src=\"https:\/\/autoshow.at\/wp-content\/uploads\/2026\/03\/alezan-detomaso-pantera-autoshow-lagernd-1-43-1.jpg\" class=\"woo-entry-image-main\" alt=\"DeTomaso Pantera 200, 1992, rare wide version with big rear wing, superb dark metallic paintwork &#8211; in Alcantara Design Vitrine\" itemprop=\"image\" srcset=\"https:\/\/autoshow.at\/wp-content\/uploads\/2026\/03\/alezan-detomaso-pantera-autoshow-lagernd-1-43-1.jpg 1200w, https:\/\/autoshow.at\/wp-content\/uploads\/2026\/03\/alezan-detomaso-pantera-autoshow-lagernd-1-43-1-300x225.jpg 300w, https:\/\/autoshow.at\/wp-content\/uploads\/2026\/03\/alezan-detomaso-pantera-autoshow-lagernd-1-43-1-1024x768.jpg 1024w, https:\/\/autoshow.at\/wp-content\/uploads\/2026\/03\/alezan-detomaso-pantera-autoshow-lagernd-1-43-1-768x576.jpg 768w, https:\/\/autoshow.at\/wp-content\/uploads\/2026\/03\/alezan-detomaso-pantera-autoshow-lagernd-1-43-1-16x12.jpg 16w, https:\/\/autoshow.at\/wp-content\/uploads\/2026\/03\/alezan-detomaso-pantera-autoshow-lagernd-1-43-1-64x48.jpg 64w\" sizes=\"(max-width: 1200px) 100vw, 1200px\" \/><img loading=\"lazy\" decoding=\"async\" width=\"1200\" height=\"900\" src=\"https:\/\/autoshow.at\/wp-content\/uploads\/2026\/03\/alezan-detomaso-pantera-autoshow-lagernd-1-43-2.jpg\" class=\"woo-entry-image-secondary\" alt=\"DeTomaso Pantera 200, 1992, rare wide version with big rear wing, superb dark metallic paintwork &#8211; in Alcantara Design Vitrine\" itemprop=\"image\" srcset=\"https:\/\/autoshow.at\/wp-content\/uploads\/2026\/03\/alezan-detomaso-pantera-autoshow-lagernd-1-43-2.jpg 1200w, https:\/\/autoshow.at\/wp-content\/uploads\/2026\/03\/alezan-detomaso-pantera-autoshow-lagernd-1-43-2-300x225.jpg 300w, https:\/\/autoshow.at\/wp-content\/uploads\/2026\/03\/alezan-detomaso-pantera-autoshow-lagernd-1-43-2-1024x768.jpg 1024w, https:\/\/autoshow.at\/wp-content\/uploads\/2026\/03\/alezan-detomaso-pantera-autoshow-lagernd-1-43-2-768x576.jpg 768w, https:\/\/autoshow.at\/wp-content\/uploads\/2026\/03\/alezan-detomaso-pantera-autoshow-lagernd-1-43-2-16x12.jpg 16w, https:\/\/autoshow.at\/wp-content\/uploads\/2026\/03\/alezan-detomaso-pantera-autoshow-lagernd-1-43-2-64x48.jpg 64w\" sizes=\"(max-width: 1200px) 100vw, 1200px\" \/><\/a><a href=\"#\" id=\"product_id_105323\" class=\"owp-quick-view\" data-product_id=\"105323\" aria-label=\"Quickly preview product DeTomaso Pantera 200, 1992, rare wide version with big rear wing, superb dark metallic paintwork - in Alcantara Design Vitrine\"><i class=\"icon-eye\" aria-hidden=\"true\" role=\"img\"><\/i> Quick View<\/a>\t<\/div><!-- .woo-entry-image-swap -->\n\n\n\n\n\n\n\t<p class=\"wc-gzd-additional-info wc-gzd-additional-info-loop shipping-costs-info\">plus <a href=\"https:\/\/autoshow.at\/en\/versandarten\/\" target=\"_blank\">shipping<\/a><\/p>\n\n\n<ul class=\"woo-entry-inner clr\"><li class=\"image-wrap\">\n\t<div class=\"woo-entry-image-swap woo-entry-image clr\">\n\t\t<a href=\"https:\/\/autoshow.at\/en\/product\/detomaso-pantera-200-1992-rare-wide-version-with-big-rear-wing-superb-dark-metallic-paintwork-in-alcantara-design-vitrine\/\" class=\"woocommerce-LoopProduct-link\"><img loading=\"lazy\" decoding=\"async\" width=\"1200\" height=\"900\" src=\"https:\/\/autoshow.at\/wp-content\/uploads\/2026\/03\/alezan-detomaso-pantera-autoshow-lagernd-1-43-1.jpg\" class=\"woo-entry-image-main\" alt=\"DeTomaso Pantera 200, 1992, rare wide version with big rear wing, superb dark metallic paintwork &#8211; in Alcantara Design Vitrine\" itemprop=\"image\" srcset=\"https:\/\/autoshow.at\/wp-content\/uploads\/2026\/03\/alezan-detomaso-pantera-autoshow-lagernd-1-43-1.jpg 1200w, https:\/\/autoshow.at\/wp-content\/uploads\/2026\/03\/alezan-detomaso-pantera-autoshow-lagernd-1-43-1-300x225.jpg 300w, https:\/\/autoshow.at\/wp-content\/uploads\/2026\/03\/alezan-detomaso-pantera-autoshow-lagernd-1-43-1-1024x768.jpg 1024w, https:\/\/autoshow.at\/wp-content\/uploads\/2026\/03\/alezan-detomaso-pantera-autoshow-lagernd-1-43-1-768x576.jpg 768w, https:\/\/autoshow.at\/wp-content\/uploads\/2026\/03\/alezan-detomaso-pantera-autoshow-lagernd-1-43-1-16x12.jpg 16w, https:\/\/autoshow.at\/wp-content\/uploads\/2026\/03\/alezan-detomaso-pantera-autoshow-lagernd-1-43-1-64x48.jpg 64w\" sizes=\"(max-width: 1200px) 100vw, 1200px\" \/><img loading=\"lazy\" decoding=\"async\" width=\"1200\" height=\"900\" src=\"https:\/\/autoshow.at\/wp-content\/uploads\/2026\/03\/alezan-detomaso-pantera-autoshow-lagernd-1-43-2.jpg\" class=\"woo-entry-image-secondary\" alt=\"DeTomaso Pantera 200, 1992, rare wide version with big rear wing, superb dark metallic paintwork &#8211; in Alcantara Design Vitrine\" itemprop=\"image\" srcset=\"https:\/\/autoshow.at\/wp-content\/uploads\/2026\/03\/alezan-detomaso-pantera-autoshow-lagernd-1-43-2.jpg 1200w, https:\/\/autoshow.at\/wp-content\/uploads\/2026\/03\/alezan-detomaso-pantera-autoshow-lagernd-1-43-2-300x225.jpg 300w, https:\/\/autoshow.at\/wp-content\/uploads\/2026\/03\/alezan-detomaso-pantera-autoshow-lagernd-1-43-2-1024x768.jpg 1024w, https:\/\/autoshow.at\/wp-content\/uploads\/2026\/03\/alezan-detomaso-pantera-autoshow-lagernd-1-43-2-768x576.jpg 768w, https:\/\/autoshow.at\/wp-content\/uploads\/2026\/03\/alezan-detomaso-pantera-autoshow-lagernd-1-43-2-16x12.jpg 16w, https:\/\/autoshow.at\/wp-content\/uploads\/2026\/03\/alezan-detomaso-pantera-autoshow-lagernd-1-43-2-64x48.jpg 64w\" sizes=\"(max-width: 1200px) 100vw, 1200px\" \/><\/a><a href=\"#\" id=\"product_id_105323\" class=\"owp-quick-view\" data-product_id=\"105323\" aria-label=\"Quickly preview product DeTomaso Pantera 200, 1992, rare wide version with big rear wing, superb dark metallic paintwork - in Alcantara Design Vitrine\"><i class=\"icon-eye\" aria-hidden=\"true\" role=\"img\"><\/i> Quick View<\/a>\t<\/div><!-- .woo-entry-image-swap -->\n\n<\/li><li class=\"category\"><a href=\"https:\/\/autoshow.at\/en\/product-category\/alezan-143\/\" rel=\"tag\">ALEZAN 1:43<\/a><\/li><li class=\"title\"><h2><a href=\"https:\/\/autoshow.at\/en\/product\/detomaso-pantera-200-1992-rare-wide-version-with-big-rear-wing-superb-dark-metallic-paintwork-in-alcantara-design-vitrine\/\">DeTomaso Pantera 200, 1992, rare wide version with big rear wing, superb dark metallic paintwork &#8211; in Alcantara Design Vitrine<\/a><\/h2><\/li><li class=\"price-wrap\">\n\t<span class=\"price\"><span class=\"woocommerce-Price-amount amount\"><bdi>79,00&nbsp;<span class=\"woocommerce-Price-currencySymbol\">&euro;<\/span><\/bdi><\/span><\/span>\n<\/li><li class=\"wc-gzd\">\n\n\n\t<p class=\"wc-gzd-additional-info shipping-costs-info\">plus <a href=\"https:\/\/autoshow.at\/en\/versandarten\/\" target=\"_blank\">shipping<\/a><\/p>\n\n\n<\/li><li class=\"rating\"><\/li><li class=\"btn-wrap clr\"><a class=\"button\" href=\"https:\/\/autoshow.at\/en\/product\/detomaso-pantera-200-1992-rare-wide-version-with-big-rear-wing-superb-dark-metallic-paintwork-in-alcantara-design-vitrine\/\" data-no-translation=\"\" data-trp-gettext=\"\">Show product<\/a>\t<span id=\"woocommerce_loop_add_to_cart_link_describedby_105323\" class=\"screen-reader-text\">\n\t\t\t<\/span>\n<\/li><\/ul><\/div><!-- .product-inner .clr --><\/li>\n<li class=\"entry has-media has-product-nav col span_1_of_3 owp-content-center owp-thumbs-layout-horizontal owp-btn-normal owp-tabs-layout-horizontal product type-product post-102974 status-publish first instock product_cat-amr-le-phoenix-143 has-post-thumbnail purchasable product-type-simple\">\n\t<div class=\"product-inner clr\">\n\t<div class=\"woo-entry-image-swap woo-entry-image clr\">\n\t\t<a href=\"https:\/\/autoshow.at\/en\/product\/ferrari-250-gt-22-coupe-pininfarina-1958-dunkelblau-dark-blue\/\" class=\"woocommerce-LoopProduct-link\"><img loading=\"lazy\" decoding=\"async\" width=\"1200\" height=\"900\" src=\"https:\/\/autoshow.at\/wp-content\/uploads\/2024\/08\/amr-ferrari-250gt-pinin-d-blue-autoshow-lagernd-1-43-1.jpg\" class=\"woo-entry-image-main\" alt=\"Ferrari 250 GT 2+2 Coup\u00e9 Pininfarina, 1958, dunkelblau \/ dark blue\" itemprop=\"image\" srcset=\"https:\/\/autoshow.at\/wp-content\/uploads\/2024\/08\/amr-ferrari-250gt-pinin-d-blue-autoshow-lagernd-1-43-1.jpg 1200w, https:\/\/autoshow.at\/wp-content\/uploads\/2024\/08\/amr-ferrari-250gt-pinin-d-blue-autoshow-lagernd-1-43-1-300x225.jpg 300w, https:\/\/autoshow.at\/wp-content\/uploads\/2024\/08\/amr-ferrari-250gt-pinin-d-blue-autoshow-lagernd-1-43-1-1024x768.jpg 1024w, https:\/\/autoshow.at\/wp-content\/uploads\/2024\/08\/amr-ferrari-250gt-pinin-d-blue-autoshow-lagernd-1-43-1-768x576.jpg 768w, https:\/\/autoshow.at\/wp-content\/uploads\/2024\/08\/amr-ferrari-250gt-pinin-d-blue-autoshow-lagernd-1-43-1-16x12.jpg 16w, https:\/\/autoshow.at\/wp-content\/uploads\/2024\/08\/amr-ferrari-250gt-pinin-d-blue-autoshow-lagernd-1-43-1-64x48.jpg 64w\" sizes=\"(max-width: 1200px) 100vw, 1200px\" \/><img loading=\"lazy\" decoding=\"async\" width=\"1200\" height=\"900\" src=\"https:\/\/autoshow.at\/wp-content\/uploads\/2024\/08\/amr-ferrari-250gt-pinin-d-blue-autoshow-lagernd-1-43-2.jpg\" class=\"woo-entry-image-secondary\" alt=\"Ferrari 250 GT 2+2 Coup\u00e9 Pininfarina, 1958, dunkelblau \/ dark blue\" itemprop=\"image\" srcset=\"https:\/\/autoshow.at\/wp-content\/uploads\/2024\/08\/amr-ferrari-250gt-pinin-d-blue-autoshow-lagernd-1-43-2.jpg 1200w, https:\/\/autoshow.at\/wp-content\/uploads\/2024\/08\/amr-ferrari-250gt-pinin-d-blue-autoshow-lagernd-1-43-2-300x225.jpg 300w, https:\/\/autoshow.at\/wp-content\/uploads\/2024\/08\/amr-ferrari-250gt-pinin-d-blue-autoshow-lagernd-1-43-2-1024x768.jpg 1024w, https:\/\/autoshow.at\/wp-content\/uploads\/2024\/08\/amr-ferrari-250gt-pinin-d-blue-autoshow-lagernd-1-43-2-768x576.jpg 768w, https:\/\/autoshow.at\/wp-content\/uploads\/2024\/08\/amr-ferrari-250gt-pinin-d-blue-autoshow-lagernd-1-43-2-16x12.jpg 16w, https:\/\/autoshow.at\/wp-content\/uploads\/2024\/08\/amr-ferrari-250gt-pinin-d-blue-autoshow-lagernd-1-43-2-64x48.jpg 64w\" sizes=\"(max-width: 1200px) 100vw, 1200px\" \/><\/a><a href=\"#\" id=\"product_id_102974\" class=\"owp-quick-view\" data-product_id=\"102974\" aria-label=\"Quickly preview product Ferrari 250 GT 2+2 Coup\u00e9 Pininfarina, 1958, dunkelblau \/ dark blue\"><i class=\"icon-eye\" aria-hidden=\"true\" role=\"img\"><\/i> Quick View<\/a>\t<\/div><!-- .woo-entry-image-swap -->\n\n\n\n\n\n\n\t<p class=\"wc-gzd-additional-info wc-gzd-additional-info-loop shipping-costs-info\">plus <a href=\"https:\/\/autoshow.at\/en\/versandarten\/\" target=\"_blank\">shipping<\/a><\/p>\n\n\n<ul class=\"woo-entry-inner clr\"><li class=\"image-wrap\">\n\t<div class=\"woo-entry-image-swap woo-entry-image clr\">\n\t\t<a href=\"https:\/\/autoshow.at\/en\/product\/ferrari-250-gt-22-coupe-pininfarina-1958-dunkelblau-dark-blue\/\" class=\"woocommerce-LoopProduct-link\"><img loading=\"lazy\" decoding=\"async\" width=\"1200\" height=\"900\" src=\"https:\/\/autoshow.at\/wp-content\/uploads\/2024\/08\/amr-ferrari-250gt-pinin-d-blue-autoshow-lagernd-1-43-1.jpg\" class=\"woo-entry-image-main\" alt=\"Ferrari 250 GT 2+2 Coup\u00e9 Pininfarina, 1958, dunkelblau \/ dark blue\" itemprop=\"image\" srcset=\"https:\/\/autoshow.at\/wp-content\/uploads\/2024\/08\/amr-ferrari-250gt-pinin-d-blue-autoshow-lagernd-1-43-1.jpg 1200w, https:\/\/autoshow.at\/wp-content\/uploads\/2024\/08\/amr-ferrari-250gt-pinin-d-blue-autoshow-lagernd-1-43-1-300x225.jpg 300w, https:\/\/autoshow.at\/wp-content\/uploads\/2024\/08\/amr-ferrari-250gt-pinin-d-blue-autoshow-lagernd-1-43-1-1024x768.jpg 1024w, https:\/\/autoshow.at\/wp-content\/uploads\/2024\/08\/amr-ferrari-250gt-pinin-d-blue-autoshow-lagernd-1-43-1-768x576.jpg 768w, https:\/\/autoshow.at\/wp-content\/uploads\/2024\/08\/amr-ferrari-250gt-pinin-d-blue-autoshow-lagernd-1-43-1-16x12.jpg 16w, https:\/\/autoshow.at\/wp-content\/uploads\/2024\/08\/amr-ferrari-250gt-pinin-d-blue-autoshow-lagernd-1-43-1-64x48.jpg 64w\" sizes=\"(max-width: 1200px) 100vw, 1200px\" \/><img loading=\"lazy\" decoding=\"async\" width=\"1200\" height=\"900\" src=\"https:\/\/autoshow.at\/wp-content\/uploads\/2024\/08\/amr-ferrari-250gt-pinin-d-blue-autoshow-lagernd-1-43-2.jpg\" class=\"woo-entry-image-secondary\" alt=\"Ferrari 250 GT 2+2 Coup\u00e9 Pininfarina, 1958, dunkelblau \/ dark blue\" itemprop=\"image\" srcset=\"https:\/\/autoshow.at\/wp-content\/uploads\/2024\/08\/amr-ferrari-250gt-pinin-d-blue-autoshow-lagernd-1-43-2.jpg 1200w, https:\/\/autoshow.at\/wp-content\/uploads\/2024\/08\/amr-ferrari-250gt-pinin-d-blue-autoshow-lagernd-1-43-2-300x225.jpg 300w, https:\/\/autoshow.at\/wp-content\/uploads\/2024\/08\/amr-ferrari-250gt-pinin-d-blue-autoshow-lagernd-1-43-2-1024x768.jpg 1024w, https:\/\/autoshow.at\/wp-content\/uploads\/2024\/08\/amr-ferrari-250gt-pinin-d-blue-autoshow-lagernd-1-43-2-768x576.jpg 768w, https:\/\/autoshow.at\/wp-content\/uploads\/2024\/08\/amr-ferrari-250gt-pinin-d-blue-autoshow-lagernd-1-43-2-16x12.jpg 16w, https:\/\/autoshow.at\/wp-content\/uploads\/2024\/08\/amr-ferrari-250gt-pinin-d-blue-autoshow-lagernd-1-43-2-64x48.jpg 64w\" sizes=\"(max-width: 1200px) 100vw, 1200px\" \/><\/a><a href=\"#\" id=\"product_id_102974\" class=\"owp-quick-view\" data-product_id=\"102974\" aria-label=\"Quickly preview product Ferrari 250 GT 2+2 Coup\u00e9 Pininfarina, 1958, dunkelblau \/ dark blue\"><i class=\"icon-eye\" aria-hidden=\"true\" role=\"img\"><\/i> Quick View<\/a>\t<\/div><!-- .woo-entry-image-swap -->\n\n<\/li><li class=\"category\"><a href=\"https:\/\/autoshow.at\/en\/product-category\/amr-le-phoenix-143\/\" rel=\"tag\">AMR \/ Le PHOENIX 1:43<\/a><\/li><li class=\"title\"><h2><a href=\"https:\/\/autoshow.at\/en\/product\/ferrari-250-gt-22-coupe-pininfarina-1958-dunkelblau-dark-blue\/\">Ferrari 250 GT 2+2 Coup\u00e9 Pininfarina, 1958, dunkelblau \/ dark blue<\/a><\/h2><\/li><li class=\"price-wrap\">\n\t<span class=\"price\"><span class=\"woocommerce-Price-amount amount\"><bdi>119,00&nbsp;<span class=\"woocommerce-Price-currencySymbol\">&euro;<\/span><\/bdi><\/span><\/span>\n<\/li><li class=\"wc-gzd\">\n\n\n\t<p class=\"wc-gzd-additional-info shipping-costs-info\">plus <a href=\"https:\/\/autoshow.at\/en\/versandarten\/\" target=\"_blank\">shipping<\/a><\/p>\n\n\n<\/li><li class=\"rating\"><\/li><li class=\"btn-wrap clr\"><a class=\"button\" href=\"https:\/\/autoshow.at\/en\/product\/ferrari-250-gt-22-coupe-pininfarina-1958-dunkelblau-dark-blue\/\" data-no-translation=\"\" data-trp-gettext=\"\">Show product<\/a>\t<span id=\"woocommerce_loop_add_to_cart_link_describedby_102974\" class=\"screen-reader-text\">\n\t\t\t<\/span>\n<\/li><\/ul><\/div><!-- .product-inner .clr --><\/li>\n<li class=\"entry has-media has-product-nav col span_1_of_3 owp-content-center owp-thumbs-layout-horizontal owp-btn-normal owp-tabs-layout-horizontal product type-product post-102975 status-publish instock product_cat-amr-le-phoenix-143 has-post-thumbnail purchasable product-type-simple\">\n\t<div class=\"product-inner clr\">\n\t<div class=\"woo-entry-image-swap woo-entry-image clr\">\n\t\t<a href=\"https:\/\/autoshow.at\/en\/product\/ferrari-250-gt-lwb-1-tour-de-france-1959-gendebien-bianchi-163\/\" class=\"woocommerce-LoopProduct-link\"><img loading=\"lazy\" decoding=\"async\" width=\"1200\" height=\"900\" src=\"https:\/\/autoshow.at\/wp-content\/uploads\/2024\/08\/amr-ferrari-250tdf-163-autoshow-lagernd-1-43-1.jpg\" class=\"woo-entry-image-main\" alt=\"Ferrari 250 GT LWB, 1\u00b0 Tour de France 1959, Gendebien \/ Bianchi, # 163\" itemprop=\"image\" srcset=\"https:\/\/autoshow.at\/wp-content\/uploads\/2024\/08\/amr-ferrari-250tdf-163-autoshow-lagernd-1-43-1.jpg 1200w, https:\/\/autoshow.at\/wp-content\/uploads\/2024\/08\/amr-ferrari-250tdf-163-autoshow-lagernd-1-43-1-300x225.jpg 300w, https:\/\/autoshow.at\/wp-content\/uploads\/2024\/08\/amr-ferrari-250tdf-163-autoshow-lagernd-1-43-1-1024x768.jpg 1024w, https:\/\/autoshow.at\/wp-content\/uploads\/2024\/08\/amr-ferrari-250tdf-163-autoshow-lagernd-1-43-1-768x576.jpg 768w, https:\/\/autoshow.at\/wp-content\/uploads\/2024\/08\/amr-ferrari-250tdf-163-autoshow-lagernd-1-43-1-16x12.jpg 16w, https:\/\/autoshow.at\/wp-content\/uploads\/2024\/08\/amr-ferrari-250tdf-163-autoshow-lagernd-1-43-1-64x48.jpg 64w\" sizes=\"(max-width: 1200px) 100vw, 1200px\" \/><img loading=\"lazy\" decoding=\"async\" width=\"1200\" height=\"900\" src=\"https:\/\/autoshow.at\/wp-content\/uploads\/2024\/08\/amr-ferrari-250tdf-163-autoshow-lagernd-1-43-2.jpg\" class=\"woo-entry-image-secondary\" alt=\"Ferrari 250 GT LWB, 1\u00b0 Tour de France 1959, Gendebien \/ Bianchi, # 163\" itemprop=\"image\" srcset=\"https:\/\/autoshow.at\/wp-content\/uploads\/2024\/08\/amr-ferrari-250tdf-163-autoshow-lagernd-1-43-2.jpg 1200w, https:\/\/autoshow.at\/wp-content\/uploads\/2024\/08\/amr-ferrari-250tdf-163-autoshow-lagernd-1-43-2-300x225.jpg 300w, https:\/\/autoshow.at\/wp-content\/uploads\/2024\/08\/amr-ferrari-250tdf-163-autoshow-lagernd-1-43-2-1024x768.jpg 1024w, https:\/\/autoshow.at\/wp-content\/uploads\/2024\/08\/amr-ferrari-250tdf-163-autoshow-lagernd-1-43-2-768x576.jpg 768w, https:\/\/autoshow.at\/wp-content\/uploads\/2024\/08\/amr-ferrari-250tdf-163-autoshow-lagernd-1-43-2-16x12.jpg 16w, https:\/\/autoshow.at\/wp-content\/uploads\/2024\/08\/amr-ferrari-250tdf-163-autoshow-lagernd-1-43-2-64x48.jpg 64w\" sizes=\"(max-width: 1200px) 100vw, 1200px\" \/><\/a><a href=\"#\" id=\"product_id_102975\" class=\"owp-quick-view\" data-product_id=\"102975\" aria-label=\"Quickly preview product Ferrari 250 GT LWB, 1\u00b0 Tour de France 1959, Gendebien \/ Bianchi, # 163\"><i class=\"icon-eye\" aria-hidden=\"true\" role=\"img\"><\/i> Quick View<\/a>\t<\/div><!-- .woo-entry-image-swap -->\n\n\n\n\n\n\n\t<p class=\"wc-gzd-additional-info wc-gzd-additional-info-loop shipping-costs-info\">plus <a href=\"https:\/\/autoshow.at\/en\/versandarten\/\" target=\"_blank\">shipping<\/a><\/p>\n\n\n<ul class=\"woo-entry-inner clr\"><li class=\"image-wrap\">\n\t<div class=\"woo-entry-image-swap woo-entry-image clr\">\n\t\t<a href=\"https:\/\/autoshow.at\/en\/product\/ferrari-250-gt-lwb-1-tour-de-france-1959-gendebien-bianchi-163\/\" class=\"woocommerce-LoopProduct-link\"><img loading=\"lazy\" decoding=\"async\" width=\"1200\" height=\"900\" src=\"https:\/\/autoshow.at\/wp-content\/uploads\/2024\/08\/amr-ferrari-250tdf-163-autoshow-lagernd-1-43-1.jpg\" class=\"woo-entry-image-main\" alt=\"Ferrari 250 GT LWB, 1\u00b0 Tour de France 1959, Gendebien \/ Bianchi, # 163\" itemprop=\"image\" srcset=\"https:\/\/autoshow.at\/wp-content\/uploads\/2024\/08\/amr-ferrari-250tdf-163-autoshow-lagernd-1-43-1.jpg 1200w, https:\/\/autoshow.at\/wp-content\/uploads\/2024\/08\/amr-ferrari-250tdf-163-autoshow-lagernd-1-43-1-300x225.jpg 300w, https:\/\/autoshow.at\/wp-content\/uploads\/2024\/08\/amr-ferrari-250tdf-163-autoshow-lagernd-1-43-1-1024x768.jpg 1024w, https:\/\/autoshow.at\/wp-content\/uploads\/2024\/08\/amr-ferrari-250tdf-163-autoshow-lagernd-1-43-1-768x576.jpg 768w, https:\/\/autoshow.at\/wp-content\/uploads\/2024\/08\/amr-ferrari-250tdf-163-autoshow-lagernd-1-43-1-16x12.jpg 16w, https:\/\/autoshow.at\/wp-content\/uploads\/2024\/08\/amr-ferrari-250tdf-163-autoshow-lagernd-1-43-1-64x48.jpg 64w\" sizes=\"(max-width: 1200px) 100vw, 1200px\" \/><img loading=\"lazy\" decoding=\"async\" width=\"1200\" height=\"900\" src=\"https:\/\/autoshow.at\/wp-content\/uploads\/2024\/08\/amr-ferrari-250tdf-163-autoshow-lagernd-1-43-2.jpg\" class=\"woo-entry-image-secondary\" alt=\"Ferrari 250 GT LWB, 1\u00b0 Tour de France 1959, Gendebien \/ Bianchi, # 163\" itemprop=\"image\" srcset=\"https:\/\/autoshow.at\/wp-content\/uploads\/2024\/08\/amr-ferrari-250tdf-163-autoshow-lagernd-1-43-2.jpg 1200w, https:\/\/autoshow.at\/wp-content\/uploads\/2024\/08\/amr-ferrari-250tdf-163-autoshow-lagernd-1-43-2-300x225.jpg 300w, https:\/\/autoshow.at\/wp-content\/uploads\/2024\/08\/amr-ferrari-250tdf-163-autoshow-lagernd-1-43-2-1024x768.jpg 1024w, https:\/\/autoshow.at\/wp-content\/uploads\/2024\/08\/amr-ferrari-250tdf-163-autoshow-lagernd-1-43-2-768x576.jpg 768w, https:\/\/autoshow.at\/wp-content\/uploads\/2024\/08\/amr-ferrari-250tdf-163-autoshow-lagernd-1-43-2-16x12.jpg 16w, https:\/\/autoshow.at\/wp-content\/uploads\/2024\/08\/amr-ferrari-250tdf-163-autoshow-lagernd-1-43-2-64x48.jpg 64w\" sizes=\"(max-width: 1200px) 100vw, 1200px\" \/><\/a><a href=\"#\" id=\"product_id_102975\" class=\"owp-quick-view\" data-product_id=\"102975\" aria-label=\"Quickly preview product Ferrari 250 GT LWB, 1\u00b0 Tour de France 1959, Gendebien \/ Bianchi, # 163\"><i class=\"icon-eye\" aria-hidden=\"true\" role=\"img\"><\/i> Quick View<\/a>\t<\/div><!-- .woo-entry-image-swap -->\n\n<\/li><li class=\"category\"><a href=\"https:\/\/autoshow.at\/en\/product-category\/amr-le-phoenix-143\/\" rel=\"tag\">AMR \/ Le PHOENIX 1:43<\/a><\/li><li class=\"title\"><h2><a href=\"https:\/\/autoshow.at\/en\/product\/ferrari-250-gt-lwb-1-tour-de-france-1959-gendebien-bianchi-163\/\">Ferrari 250 GT LWB, 1\u00b0 Tour de France 1959, Gendebien \/ Bianchi, # 163<\/a><\/h2><\/li><li class=\"price-wrap\">\n\t<span class=\"price\"><span class=\"woocommerce-Price-amount amount\"><bdi>195,00&nbsp;<span class=\"woocommerce-Price-currencySymbol\">&euro;<\/span><\/bdi><\/span><\/span>\n<\/li><li class=\"wc-gzd\">\n\n\n\t<p class=\"wc-gzd-additional-info shipping-costs-info\">plus <a href=\"https:\/\/autoshow.at\/en\/versandarten\/\" target=\"_blank\">shipping<\/a><\/p>\n\n\n<\/li><li class=\"rating\"><\/li><li class=\"btn-wrap clr\"><a class=\"button\" href=\"https:\/\/autoshow.at\/en\/product\/ferrari-250-gt-lwb-1-tour-de-france-1959-gendebien-bianchi-163\/\" data-no-translation=\"\" data-trp-gettext=\"\">Show product<\/a>\t<span id=\"woocommerce_loop_add_to_cart_link_describedby_102975\" class=\"screen-reader-text\">\n\t\t\t<\/span>\n<\/li><\/ul><\/div><!-- .product-inner .clr --><\/li>\n<li class=\"entry has-media has-product-nav col span_1_of_3 owp-content-center owp-thumbs-layout-horizontal owp-btn-normal owp-tabs-layout-horizontal product type-product post-102978 status-publish last instock product_cat-amr-le-phoenix-143 has-post-thumbnail purchasable product-type-simple\">\n\t<div class=\"product-inner clr\">\n\t<div class=\"woo-entry-image-swap woo-entry-image clr\">\n\t\t<a href=\"https:\/\/autoshow.at\/en\/product\/ferrari-250-gto-team-pierre-noblet-2-le-mans-1962-noblet-guichet-19\/\" class=\"woocommerce-LoopProduct-link\"><img loading=\"lazy\" decoding=\"async\" width=\"1200\" height=\"900\" src=\"https:\/\/autoshow.at\/wp-content\/uploads\/2024\/04\/amr-ferrari-250gto-19-autoshow-lagernd-1-43-1.jpg\" class=\"woo-entry-image-main\" alt=\"Ferrari 250 GTO &#8222;Team Pierre Noblet&#8220;, 2\u00b0 Le Mans 1962, Noblet \/ Guichet, # 19\" itemprop=\"image\" srcset=\"https:\/\/autoshow.at\/wp-content\/uploads\/2024\/04\/amr-ferrari-250gto-19-autoshow-lagernd-1-43-1.jpg 1200w, https:\/\/autoshow.at\/wp-content\/uploads\/2024\/04\/amr-ferrari-250gto-19-autoshow-lagernd-1-43-1-300x225.jpg 300w, https:\/\/autoshow.at\/wp-content\/uploads\/2024\/04\/amr-ferrari-250gto-19-autoshow-lagernd-1-43-1-1024x768.jpg 1024w, https:\/\/autoshow.at\/wp-content\/uploads\/2024\/04\/amr-ferrari-250gto-19-autoshow-lagernd-1-43-1-768x576.jpg 768w, https:\/\/autoshow.at\/wp-content\/uploads\/2024\/04\/amr-ferrari-250gto-19-autoshow-lagernd-1-43-1-16x12.jpg 16w, https:\/\/autoshow.at\/wp-content\/uploads\/2024\/04\/amr-ferrari-250gto-19-autoshow-lagernd-1-43-1-64x48.jpg 64w\" sizes=\"(max-width: 1200px) 100vw, 1200px\" \/><img loading=\"lazy\" decoding=\"async\" width=\"1200\" height=\"900\" src=\"https:\/\/autoshow.at\/wp-content\/uploads\/2024\/04\/amr-ferrari-250gto-19-autoshow-lagernd-1-43-2.jpg\" class=\"woo-entry-image-secondary\" alt=\"Ferrari 250 GTO &#8222;Team Pierre Noblet&#8220;, 2\u00b0 Le Mans 1962, Noblet \/ Guichet, # 19\" itemprop=\"image\" srcset=\"https:\/\/autoshow.at\/wp-content\/uploads\/2024\/04\/amr-ferrari-250gto-19-autoshow-lagernd-1-43-2.jpg 1200w, https:\/\/autoshow.at\/wp-content\/uploads\/2024\/04\/amr-ferrari-250gto-19-autoshow-lagernd-1-43-2-300x225.jpg 300w, https:\/\/autoshow.at\/wp-content\/uploads\/2024\/04\/amr-ferrari-250gto-19-autoshow-lagernd-1-43-2-1024x768.jpg 1024w, https:\/\/autoshow.at\/wp-content\/uploads\/2024\/04\/amr-ferrari-250gto-19-autoshow-lagernd-1-43-2-768x576.jpg 768w, https:\/\/autoshow.at\/wp-content\/uploads\/2024\/04\/amr-ferrari-250gto-19-autoshow-lagernd-1-43-2-16x12.jpg 16w, https:\/\/autoshow.at\/wp-content\/uploads\/2024\/04\/amr-ferrari-250gto-19-autoshow-lagernd-1-43-2-64x48.jpg 64w\" sizes=\"(max-width: 1200px) 100vw, 1200px\" \/><\/a><a href=\"#\" id=\"product_id_102978\" class=\"owp-quick-view\" data-product_id=\"102978\" aria-label=\"Quickly preview product Ferrari 250 GTO \"team pierre noblet\", 2\u00b0 le mans 1962, noblet><i class=\"icon-eye\" aria-hidden=\"true\" role=\"img\"><\/i> Quick View<\/a>\t<\/div><!-- .woo-entry-image-swap -->\n\n\n\n\n\n\n\t<p class=\"wc-gzd-additional-info wc-gzd-additional-info-loop shipping-costs-info\">plus <a href=\"https:\/\/autoshow.at\/en\/versandarten\/\" target=\"_blank\">shipping<\/a><\/p>\n\n\n<ul class=\"woo-entry-inner clr\"><li class=\"image-wrap\">\n\t<div class=\"woo-entry-image-swap woo-entry-image clr\">\n\t\t<a href=\"https:\/\/autoshow.at\/en\/product\/ferrari-250-gto-team-pierre-noblet-2-le-mans-1962-noblet-guichet-19\/\" class=\"woocommerce-LoopProduct-link\"><img loading=\"lazy\" decoding=\"async\" width=\"1200\" height=\"900\" src=\"https:\/\/autoshow.at\/wp-content\/uploads\/2024\/04\/amr-ferrari-250gto-19-autoshow-lagernd-1-43-1.jpg\" class=\"woo-entry-image-main\" alt=\"Ferrari 250 GTO &#8222;Team Pierre Noblet&#8220;, 2\u00b0 Le Mans 1962, Noblet \/ Guichet, # 19\" itemprop=\"image\" srcset=\"https:\/\/autoshow.at\/wp-content\/uploads\/2024\/04\/amr-ferrari-250gto-19-autoshow-lagernd-1-43-1.jpg 1200w, https:\/\/autoshow.at\/wp-content\/uploads\/2024\/04\/amr-ferrari-250gto-19-autoshow-lagernd-1-43-1-300x225.jpg 300w, https:\/\/autoshow.at\/wp-content\/uploads\/2024\/04\/amr-ferrari-250gto-19-autoshow-lagernd-1-43-1-1024x768.jpg 1024w, https:\/\/autoshow.at\/wp-content\/uploads\/2024\/04\/amr-ferrari-250gto-19-autoshow-lagernd-1-43-1-768x576.jpg 768w, https:\/\/autoshow.at\/wp-content\/uploads\/2024\/04\/amr-ferrari-250gto-19-autoshow-lagernd-1-43-1-16x12.jpg 16w, https:\/\/autoshow.at\/wp-content\/uploads\/2024\/04\/amr-ferrari-250gto-19-autoshow-lagernd-1-43-1-64x48.jpg 64w\" sizes=\"(max-width: 1200px) 100vw, 1200px\" \/><img loading=\"lazy\" decoding=\"async\" width=\"1200\" height=\"900\" src=\"https:\/\/autoshow.at\/wp-content\/uploads\/2024\/04\/amr-ferrari-250gto-19-autoshow-lagernd-1-43-2.jpg\" class=\"woo-entry-image-secondary\" alt=\"Ferrari 250 GTO &#8222;Team Pierre Noblet&#8220;, 2\u00b0 Le Mans 1962, Noblet \/ Guichet, # 19\" itemprop=\"image\" srcset=\"https:\/\/autoshow.at\/wp-content\/uploads\/2024\/04\/amr-ferrari-250gto-19-autoshow-lagernd-1-43-2.jpg 1200w, https:\/\/autoshow.at\/wp-content\/uploads\/2024\/04\/amr-ferrari-250gto-19-autoshow-lagernd-1-43-2-300x225.jpg 300w, https:\/\/autoshow.at\/wp-content\/uploads\/2024\/04\/amr-ferrari-250gto-19-autoshow-lagernd-1-43-2-1024x768.jpg 1024w, https:\/\/autoshow.at\/wp-content\/uploads\/2024\/04\/amr-ferrari-250gto-19-autoshow-lagernd-1-43-2-768x576.jpg 768w, https:\/\/autoshow.at\/wp-content\/uploads\/2024\/04\/amr-ferrari-250gto-19-autoshow-lagernd-1-43-2-16x12.jpg 16w, https:\/\/autoshow.at\/wp-content\/uploads\/2024\/04\/amr-ferrari-250gto-19-autoshow-lagernd-1-43-2-64x48.jpg 64w\" sizes=\"(max-width: 1200px) 100vw, 1200px\" \/><\/a><a href=\"#\" id=\"product_id_102978\" class=\"owp-quick-view\" data-product_id=\"102978\" aria-label=\"Quickly preview product Ferrari 250 GTO \"team pierre noblet\", 2\u00b0 le mans 1962, noblet><i class=\"icon-eye\" aria-hidden=\"true\" role=\"img\"><\/i> Quick View<\/a>\t<\/div><!-- .woo-entry-image-swap -->\n\n<\/li><li class=\"category\"><a href=\"https:\/\/autoshow.at\/en\/product-category\/amr-le-phoenix-143\/\" rel=\"tag\">AMR \/ Le PHOENIX 1:43<\/a><\/li><li class=\"title\"><h2><a href=\"https:\/\/autoshow.at\/en\/product\/ferrari-250-gto-team-pierre-noblet-2-le-mans-1962-noblet-guichet-19\/\">Ferrari 250 GTO &#8222;Team Pierre Noblet&#8220;, 2\u00b0 Le Mans 1962, Noblet \/ Guichet, # 19<\/a><\/h2><\/li><li class=\"price-wrap\">\n\t<span class=\"price\"><span class=\"woocommerce-Price-amount amount\"><bdi>195,00&nbsp;<span class=\"woocommerce-Price-currencySymbol\">&euro;<\/span><\/bdi><\/span><\/span>\n<\/li><li class=\"wc-gzd\">\n\n\n\t<p class=\"wc-gzd-additional-info shipping-costs-info\">plus <a href=\"https:\/\/autoshow.at\/en\/versandarten\/\" target=\"_blank\">shipping<\/a><\/p>\n\n\n<\/li><li class=\"rating\"><\/li><li class=\"btn-wrap clr\"><a class=\"button\" href=\"https:\/\/autoshow.at\/en\/product\/ferrari-250-gto-team-pierre-noblet-2-le-mans-1962-noblet-guichet-19\/\" data-no-translation=\"\" data-trp-gettext=\"\">Show product<\/a>\t<span id=\"woocommerce_loop_add_to_cart_link_describedby_102978\" class=\"screen-reader-text\">\n\t\t\t<\/span>\n<\/li><\/ul><\/div><!-- .product-inner .clr --><\/li>\n<li class=\"entry has-media has-product-nav col span_1_of_3 owp-content-center owp-thumbs-layout-horizontal owp-btn-normal owp-tabs-layout-horizontal product type-product post-102979 status-publish first instock product_cat-amr-le-phoenix-143 has-post-thumbnail purchasable product-type-simple\">\n\t<div class=\"product-inner clr\">\n\t<div class=\"woo-entry-image-swap woo-entry-image clr\">\n\t\t<a href=\"https:\/\/autoshow.at\/en\/product\/ferrari-250-gto-chassis-3767gt-tour-de-france-1962-piper-margulies-153\/\" class=\"woocommerce-LoopProduct-link\"><img loading=\"lazy\" decoding=\"async\" width=\"1200\" height=\"900\" src=\"https:\/\/autoshow.at\/wp-content\/uploads\/2024\/04\/amr-ferrari-250gto-153-autoshow-lagernd-1-43-1.jpg\" class=\"woo-entry-image-main\" alt=\"Ferrari 250 GTO, chassis 3767GT, Tour de France 1962, Piper \/ Margulies, # 153\" itemprop=\"image\" srcset=\"https:\/\/autoshow.at\/wp-content\/uploads\/2024\/04\/amr-ferrari-250gto-153-autoshow-lagernd-1-43-1.jpg 1200w, https:\/\/autoshow.at\/wp-content\/uploads\/2024\/04\/amr-ferrari-250gto-153-autoshow-lagernd-1-43-1-300x225.jpg 300w, https:\/\/autoshow.at\/wp-content\/uploads\/2024\/04\/amr-ferrari-250gto-153-autoshow-lagernd-1-43-1-1024x768.jpg 1024w, https:\/\/autoshow.at\/wp-content\/uploads\/2024\/04\/amr-ferrari-250gto-153-autoshow-lagernd-1-43-1-768x576.jpg 768w, https:\/\/autoshow.at\/wp-content\/uploads\/2024\/04\/amr-ferrari-250gto-153-autoshow-lagernd-1-43-1-16x12.jpg 16w, https:\/\/autoshow.at\/wp-content\/uploads\/2024\/04\/amr-ferrari-250gto-153-autoshow-lagernd-1-43-1-64x48.jpg 64w\" sizes=\"(max-width: 1200px) 100vw, 1200px\" \/><img loading=\"lazy\" decoding=\"async\" width=\"1200\" height=\"900\" src=\"https:\/\/autoshow.at\/wp-content\/uploads\/2024\/04\/amr-ferrari-250gto-153-autoshow-lagernd-1-43-2.jpg\" class=\"woo-entry-image-secondary\" alt=\"Ferrari 250 GTO, chassis 3767GT, Tour de France 1962, Piper \/ Margulies, # 153\" itemprop=\"image\" srcset=\"https:\/\/autoshow.at\/wp-content\/uploads\/2024\/04\/amr-ferrari-250gto-153-autoshow-lagernd-1-43-2.jpg 1200w, https:\/\/autoshow.at\/wp-content\/uploads\/2024\/04\/amr-ferrari-250gto-153-autoshow-lagernd-1-43-2-300x225.jpg 300w, https:\/\/autoshow.at\/wp-content\/uploads\/2024\/04\/amr-ferrari-250gto-153-autoshow-lagernd-1-43-2-1024x768.jpg 1024w, https:\/\/autoshow.at\/wp-content\/uploads\/2024\/04\/amr-ferrari-250gto-153-autoshow-lagernd-1-43-2-768x576.jpg 768w, https:\/\/autoshow.at\/wp-content\/uploads\/2024\/04\/amr-ferrari-250gto-153-autoshow-lagernd-1-43-2-16x12.jpg 16w, https:\/\/autoshow.at\/wp-content\/uploads\/2024\/04\/amr-ferrari-250gto-153-autoshow-lagernd-1-43-2-64x48.jpg 64w\" sizes=\"(max-width: 1200px) 100vw, 1200px\" \/><\/a><a href=\"#\" id=\"product_id_102979\" class=\"owp-quick-view\" data-product_id=\"102979\" aria-label=\"Quickly preview product Ferrari 250 GTO, chassis 3767GT, Tour de France 1962, Piper \/ Margulies, # 153\"><i class=\"icon-eye\" aria-hidden=\"true\" role=\"img\"><\/i> Quick View<\/a>\t<\/div><!-- .woo-entry-image-swap -->\n\n\n\n\n\n\n\t<p class=\"wc-gzd-additional-info wc-gzd-additional-info-loop shipping-costs-info\">plus <a href=\"https:\/\/autoshow.at\/en\/versandarten\/\" target=\"_blank\">shipping<\/a><\/p>\n\n\n<ul class=\"woo-entry-inner clr\"><li class=\"image-wrap\">\n\t<div class=\"woo-entry-image-swap woo-entry-image clr\">\n\t\t<a href=\"https:\/\/autoshow.at\/en\/product\/ferrari-250-gto-chassis-3767gt-tour-de-france-1962-piper-margulies-153\/\" class=\"woocommerce-LoopProduct-link\"><img loading=\"lazy\" decoding=\"async\" width=\"1200\" height=\"900\" src=\"https:\/\/autoshow.at\/wp-content\/uploads\/2024\/04\/amr-ferrari-250gto-153-autoshow-lagernd-1-43-1.jpg\" class=\"woo-entry-image-main\" alt=\"Ferrari 250 GTO, chassis 3767GT, Tour de France 1962, Piper \/ Margulies, # 153\" itemprop=\"image\" srcset=\"https:\/\/autoshow.at\/wp-content\/uploads\/2024\/04\/amr-ferrari-250gto-153-autoshow-lagernd-1-43-1.jpg 1200w, https:\/\/autoshow.at\/wp-content\/uploads\/2024\/04\/amr-ferrari-250gto-153-autoshow-lagernd-1-43-1-300x225.jpg 300w, https:\/\/autoshow.at\/wp-content\/uploads\/2024\/04\/amr-ferrari-250gto-153-autoshow-lagernd-1-43-1-1024x768.jpg 1024w, https:\/\/autoshow.at\/wp-content\/uploads\/2024\/04\/amr-ferrari-250gto-153-autoshow-lagernd-1-43-1-768x576.jpg 768w, https:\/\/autoshow.at\/wp-content\/uploads\/2024\/04\/amr-ferrari-250gto-153-autoshow-lagernd-1-43-1-16x12.jpg 16w, https:\/\/autoshow.at\/wp-content\/uploads\/2024\/04\/amr-ferrari-250gto-153-autoshow-lagernd-1-43-1-64x48.jpg 64w\" sizes=\"(max-width: 1200px) 100vw, 1200px\" \/><img loading=\"lazy\" decoding=\"async\" width=\"1200\" height=\"900\" src=\"https:\/\/autoshow.at\/wp-content\/uploads\/2024\/04\/amr-ferrari-250gto-153-autoshow-lagernd-1-43-2.jpg\" class=\"woo-entry-image-secondary\" alt=\"Ferrari 250 GTO, chassis 3767GT, Tour de France 1962, Piper \/ Margulies, # 153\" itemprop=\"image\" srcset=\"https:\/\/autoshow.at\/wp-content\/uploads\/2024\/04\/amr-ferrari-250gto-153-autoshow-lagernd-1-43-2.jpg 1200w, https:\/\/autoshow.at\/wp-content\/uploads\/2024\/04\/amr-ferrari-250gto-153-autoshow-lagernd-1-43-2-300x225.jpg 300w, https:\/\/autoshow.at\/wp-content\/uploads\/2024\/04\/amr-ferrari-250gto-153-autoshow-lagernd-1-43-2-1024x768.jpg 1024w, https:\/\/autoshow.at\/wp-content\/uploads\/2024\/04\/amr-ferrari-250gto-153-autoshow-lagernd-1-43-2-768x576.jpg 768w, https:\/\/autoshow.at\/wp-content\/uploads\/2024\/04\/amr-ferrari-250gto-153-autoshow-lagernd-1-43-2-16x12.jpg 16w, https:\/\/autoshow.at\/wp-content\/uploads\/2024\/04\/amr-ferrari-250gto-153-autoshow-lagernd-1-43-2-64x48.jpg 64w\" sizes=\"(max-width: 1200px) 100vw, 1200px\" \/><\/a><a href=\"#\" id=\"product_id_102979\" class=\"owp-quick-view\" data-product_id=\"102979\" aria-label=\"Quickly preview product Ferrari 250 GTO, chassis 3767GT, Tour de France 1962, Piper \/ Margulies, # 153\"><i class=\"icon-eye\" aria-hidden=\"true\" role=\"img\"><\/i> Quick View<\/a>\t<\/div><!-- .woo-entry-image-swap -->\n\n<\/li><li class=\"category\"><a href=\"https:\/\/autoshow.at\/en\/product-category\/amr-le-phoenix-143\/\" rel=\"tag\">AMR \/ Le PHOENIX 1:43<\/a><\/li><li class=\"title\"><h2><a href=\"https:\/\/autoshow.at\/en\/product\/ferrari-250-gto-chassis-3767gt-tour-de-france-1962-piper-margulies-153\/\">Ferrari 250 GTO, chassis 3767GT, Tour de France 1962, Piper \/ Margulies, # 153<\/a><\/h2><\/li><li class=\"price-wrap\">\n\t<span class=\"price\"><span class=\"woocommerce-Price-amount amount\"><bdi>195,00&nbsp;<span class=\"woocommerce-Price-currencySymbol\">&euro;<\/span><\/bdi><\/span><\/span>\n<\/li><li class=\"wc-gzd\">\n\n\n\t<p class=\"wc-gzd-additional-info shipping-costs-info\">plus <a href=\"https:\/\/autoshow.at\/en\/versandarten\/\" target=\"_blank\">shipping<\/a><\/p>\n\n\n<\/li><li class=\"rating\"><\/li><li class=\"btn-wrap clr\"><a class=\"button\" href=\"https:\/\/autoshow.at\/en\/product\/ferrari-250-gto-chassis-3767gt-tour-de-france-1962-piper-margulies-153\/\" data-no-translation=\"\" data-trp-gettext=\"\">Show product<\/a>\t<span id=\"woocommerce_loop_add_to_cart_link_describedby_102979\" class=\"screen-reader-text\">\n\t\t\t<\/span>\n<\/li><\/ul><\/div><!-- .product-inner .clr --><\/li>\n<li class=\"entry has-media has-product-nav col span_1_of_3 owp-content-center owp-thumbs-layout-horizontal owp-btn-normal owp-tabs-layout-horizontal product type-product post-102981 status-publish instock product_cat-amr-le-phoenix-143 has-post-thumbnail purchasable product-type-simple\">\n\t<div class=\"product-inner clr\">\n\t<div class=\"woo-entry-image-swap woo-entry-image clr\">\n\t\t<a href=\"https:\/\/autoshow.at\/en\/product\/ferrari-250-gto-1-sieger-winner-tour-de-france-1964-bianchi-berger-172\/\" class=\"woocommerce-LoopProduct-link\"><img loading=\"lazy\" decoding=\"async\" width=\"1200\" height=\"900\" src=\"https:\/\/autoshow.at\/wp-content\/uploads\/2024\/04\/amr-ferrari-250gto-172-autoshow-lagernd-1-43-1.jpg\" class=\"woo-entry-image-main\" alt=\"Ferrari 250 GTO, 1\u00b0 Sieger \/ winner Tour de France 1964, Bianchi \/ Berger, # 172\" itemprop=\"image\" srcset=\"https:\/\/autoshow.at\/wp-content\/uploads\/2024\/04\/amr-ferrari-250gto-172-autoshow-lagernd-1-43-1.jpg 1200w, https:\/\/autoshow.at\/wp-content\/uploads\/2024\/04\/amr-ferrari-250gto-172-autoshow-lagernd-1-43-1-300x225.jpg 300w, https:\/\/autoshow.at\/wp-content\/uploads\/2024\/04\/amr-ferrari-250gto-172-autoshow-lagernd-1-43-1-1024x768.jpg 1024w, https:\/\/autoshow.at\/wp-content\/uploads\/2024\/04\/amr-ferrari-250gto-172-autoshow-lagernd-1-43-1-768x576.jpg 768w, https:\/\/autoshow.at\/wp-content\/uploads\/2024\/04\/amr-ferrari-250gto-172-autoshow-lagernd-1-43-1-16x12.jpg 16w, https:\/\/autoshow.at\/wp-content\/uploads\/2024\/04\/amr-ferrari-250gto-172-autoshow-lagernd-1-43-1-64x48.jpg 64w\" sizes=\"(max-width: 1200px) 100vw, 1200px\" \/><img loading=\"lazy\" decoding=\"async\" width=\"1200\" height=\"900\" src=\"https:\/\/autoshow.at\/wp-content\/uploads\/2024\/04\/amr-ferrari-250gto-172-autoshow-lagernd-1-43-2.jpg\" class=\"woo-entry-image-secondary\" alt=\"Ferrari 250 GTO, 1\u00b0 Sieger \/ winner Tour de France 1964, Bianchi \/ Berger, # 172\" itemprop=\"image\" srcset=\"https:\/\/autoshow.at\/wp-content\/uploads\/2024\/04\/amr-ferrari-250gto-172-autoshow-lagernd-1-43-2.jpg 1200w, https:\/\/autoshow.at\/wp-content\/uploads\/2024\/04\/amr-ferrari-250gto-172-autoshow-lagernd-1-43-2-300x225.jpg 300w, https:\/\/autoshow.at\/wp-content\/uploads\/2024\/04\/amr-ferrari-250gto-172-autoshow-lagernd-1-43-2-1024x768.jpg 1024w, https:\/\/autoshow.at\/wp-content\/uploads\/2024\/04\/amr-ferrari-250gto-172-autoshow-lagernd-1-43-2-768x576.jpg 768w, https:\/\/autoshow.at\/wp-content\/uploads\/2024\/04\/amr-ferrari-250gto-172-autoshow-lagernd-1-43-2-16x12.jpg 16w, https:\/\/autoshow.at\/wp-content\/uploads\/2024\/04\/amr-ferrari-250gto-172-autoshow-lagernd-1-43-2-64x48.jpg 64w\" sizes=\"(max-width: 1200px) 100vw, 1200px\" \/><\/a><a href=\"#\" id=\"product_id_102981\" class=\"owp-quick-view\" data-product_id=\"102981\" aria-label=\"Quickly preview product Ferrari 250 GTO, 1\u00b0 Sieger \/ winner Tour de France 1964, Bianchi \/ Berger, # 172\"><i class=\"icon-eye\" aria-hidden=\"true\" role=\"img\"><\/i> Quick View<\/a>\t<\/div><!-- .woo-entry-image-swap -->\n\n\n\n\n\n\n\t<p class=\"wc-gzd-additional-info wc-gzd-additional-info-loop shipping-costs-info\">plus <a href=\"https:\/\/autoshow.at\/en\/versandarten\/\" target=\"_blank\">shipping<\/a><\/p>\n\n\n<ul class=\"woo-entry-inner clr\"><li class=\"image-wrap\">\n\t<div class=\"woo-entry-image-swap woo-entry-image clr\">\n\t\t<a href=\"https:\/\/autoshow.at\/en\/product\/ferrari-250-gto-1-sieger-winner-tour-de-france-1964-bianchi-berger-172\/\" class=\"woocommerce-LoopProduct-link\"><img loading=\"lazy\" decoding=\"async\" width=\"1200\" height=\"900\" src=\"https:\/\/autoshow.at\/wp-content\/uploads\/2024\/04\/amr-ferrari-250gto-172-autoshow-lagernd-1-43-1.jpg\" class=\"woo-entry-image-main\" alt=\"Ferrari 250 GTO, 1\u00b0 Sieger \/ winner Tour de France 1964, Bianchi \/ Berger, # 172\" itemprop=\"image\" srcset=\"https:\/\/autoshow.at\/wp-content\/uploads\/2024\/04\/amr-ferrari-250gto-172-autoshow-lagernd-1-43-1.jpg 1200w, https:\/\/autoshow.at\/wp-content\/uploads\/2024\/04\/amr-ferrari-250gto-172-autoshow-lagernd-1-43-1-300x225.jpg 300w, https:\/\/autoshow.at\/wp-content\/uploads\/2024\/04\/amr-ferrari-250gto-172-autoshow-lagernd-1-43-1-1024x768.jpg 1024w, https:\/\/autoshow.at\/wp-content\/uploads\/2024\/04\/amr-ferrari-250gto-172-autoshow-lagernd-1-43-1-768x576.jpg 768w, https:\/\/autoshow.at\/wp-content\/uploads\/2024\/04\/amr-ferrari-250gto-172-autoshow-lagernd-1-43-1-16x12.jpg 16w, https:\/\/autoshow.at\/wp-content\/uploads\/2024\/04\/amr-ferrari-250gto-172-autoshow-lagernd-1-43-1-64x48.jpg 64w\" sizes=\"(max-width: 1200px) 100vw, 1200px\" \/><img loading=\"lazy\" decoding=\"async\" width=\"1200\" height=\"900\" src=\"https:\/\/autoshow.at\/wp-content\/uploads\/2024\/04\/amr-ferrari-250gto-172-autoshow-lagernd-1-43-2.jpg\" class=\"woo-entry-image-secondary\" alt=\"Ferrari 250 GTO, 1\u00b0 Sieger \/ winner Tour de France 1964, Bianchi \/ Berger, # 172\" itemprop=\"image\" srcset=\"https:\/\/autoshow.at\/wp-content\/uploads\/2024\/04\/amr-ferrari-250gto-172-autoshow-lagernd-1-43-2.jpg 1200w, https:\/\/autoshow.at\/wp-content\/uploads\/2024\/04\/amr-ferrari-250gto-172-autoshow-lagernd-1-43-2-300x225.jpg 300w, https:\/\/autoshow.at\/wp-content\/uploads\/2024\/04\/amr-ferrari-250gto-172-autoshow-lagernd-1-43-2-1024x768.jpg 1024w, https:\/\/autoshow.at\/wp-content\/uploads\/2024\/04\/amr-ferrari-250gto-172-autoshow-lagernd-1-43-2-768x576.jpg 768w, https:\/\/autoshow.at\/wp-content\/uploads\/2024\/04\/amr-ferrari-250gto-172-autoshow-lagernd-1-43-2-16x12.jpg 16w, https:\/\/autoshow.at\/wp-content\/uploads\/2024\/04\/amr-ferrari-250gto-172-autoshow-lagernd-1-43-2-64x48.jpg 64w\" sizes=\"(max-width: 1200px) 100vw, 1200px\" \/><\/a><a href=\"#\" id=\"product_id_102981\" class=\"owp-quick-view\" data-product_id=\"102981\" aria-label=\"Quickly preview product Ferrari 250 GTO, 1\u00b0 Sieger \/ winner Tour de France 1964, Bianchi \/ Berger, # 172\"><i class=\"icon-eye\" aria-hidden=\"true\" role=\"img\"><\/i> Quick View<\/a>\t<\/div><!-- .woo-entry-image-swap -->\n\n<\/li><li class=\"category\"><a href=\"https:\/\/autoshow.at\/en\/product-category\/amr-le-phoenix-143\/\" rel=\"tag\">AMR \/ Le PHOENIX 1:43<\/a><\/li><li class=\"title\"><h2><a href=\"https:\/\/autoshow.at\/en\/product\/ferrari-250-gto-1-sieger-winner-tour-de-france-1964-bianchi-berger-172\/\">Ferrari 250 GTO, 1\u00b0 Sieger \/ winner Tour de France 1964, Bianchi \/ Berger, # 172<\/a><\/h2><\/li><li class=\"price-wrap\">\n\t<span class=\"price\"><span class=\"woocommerce-Price-amount amount\"><bdi>195,00&nbsp;<span class=\"woocommerce-Price-currencySymbol\">&euro;<\/span><\/bdi><\/span><\/span>\n<\/li><li class=\"wc-gzd\">\n\n\n\t<p class=\"wc-gzd-additional-info shipping-costs-info\">plus <a href=\"https:\/\/autoshow.at\/en\/versandarten\/\" target=\"_blank\">shipping<\/a><\/p>\n\n\n<\/li><li class=\"rating\"><\/li><li class=\"btn-wrap clr\"><a class=\"button\" href=\"https:\/\/autoshow.at\/en\/product\/ferrari-250-gto-1-sieger-winner-tour-de-france-1964-bianchi-berger-172\/\" data-no-translation=\"\" data-trp-gettext=\"\">Show product<\/a>\t<span id=\"woocommerce_loop_add_to_cart_link_describedby_102981\" class=\"screen-reader-text\">\n\t\t\t<\/span>\n<\/li><\/ul><\/div><!-- .product-inner .clr --><\/li>\n<li class=\"entry has-media has-product-nav col span_1_of_3 owp-content-center owp-thumbs-layout-horizontal owp-btn-normal owp-tabs-layout-horizontal product type-product post-102987 status-publish last instock product_cat-amr-le-phoenix-143 has-post-thumbnail purchasable product-type-simple\">\n\t<div class=\"product-inner clr\">\n\t<div class=\"woo-entry-image-swap woo-entry-image clr\">\n\t\t<a href=\"https:\/\/autoshow.at\/en\/product\/mercedes-300-sl-1954-1957-hand-polished-metal-amr-model-for-danhausen-germany\/\" class=\"woocommerce-LoopProduct-link\"><img loading=\"lazy\" decoding=\"async\" width=\"1200\" height=\"900\" src=\"https:\/\/autoshow.at\/wp-content\/uploads\/2024\/05\/amr-mercedes-300sl-autoshow-lagernd-1-43-1.jpg\" class=\"woo-entry-image-main\" alt=\"Mercedes 300 SL, 1954-1957, hand polished metal AMR model for Danhausen, Germany\" itemprop=\"image\" srcset=\"https:\/\/autoshow.at\/wp-content\/uploads\/2024\/05\/amr-mercedes-300sl-autoshow-lagernd-1-43-1.jpg 1200w, https:\/\/autoshow.at\/wp-content\/uploads\/2024\/05\/amr-mercedes-300sl-autoshow-lagernd-1-43-1-300x225.jpg 300w, https:\/\/autoshow.at\/wp-content\/uploads\/2024\/05\/amr-mercedes-300sl-autoshow-lagernd-1-43-1-1024x768.jpg 1024w, https:\/\/autoshow.at\/wp-content\/uploads\/2024\/05\/amr-mercedes-300sl-autoshow-lagernd-1-43-1-768x576.jpg 768w, https:\/\/autoshow.at\/wp-content\/uploads\/2024\/05\/amr-mercedes-300sl-autoshow-lagernd-1-43-1-16x12.jpg 16w, https:\/\/autoshow.at\/wp-content\/uploads\/2024\/05\/amr-mercedes-300sl-autoshow-lagernd-1-43-1-64x48.jpg 64w\" sizes=\"(max-width: 1200px) 100vw, 1200px\" \/><img loading=\"lazy\" decoding=\"async\" width=\"1200\" height=\"900\" src=\"https:\/\/autoshow.at\/wp-content\/uploads\/2024\/05\/amr-mercedes-300sl-autoshow-lagernd-1-43-2.jpg\" class=\"woo-entry-image-secondary\" alt=\"Mercedes 300 SL, 1954-1957, hand polished metal AMR model for Danhausen, Germany\" itemprop=\"image\" srcset=\"https:\/\/autoshow.at\/wp-content\/uploads\/2024\/05\/amr-mercedes-300sl-autoshow-lagernd-1-43-2.jpg 1200w, https:\/\/autoshow.at\/wp-content\/uploads\/2024\/05\/amr-mercedes-300sl-autoshow-lagernd-1-43-2-300x225.jpg 300w, https:\/\/autoshow.at\/wp-content\/uploads\/2024\/05\/amr-mercedes-300sl-autoshow-lagernd-1-43-2-1024x768.jpg 1024w, https:\/\/autoshow.at\/wp-content\/uploads\/2024\/05\/amr-mercedes-300sl-autoshow-lagernd-1-43-2-768x576.jpg 768w, https:\/\/autoshow.at\/wp-content\/uploads\/2024\/05\/amr-mercedes-300sl-autoshow-lagernd-1-43-2-16x12.jpg 16w, https:\/\/autoshow.at\/wp-content\/uploads\/2024\/05\/amr-mercedes-300sl-autoshow-lagernd-1-43-2-64x48.jpg 64w\" sizes=\"(max-width: 1200px) 100vw, 1200px\" \/><\/a><a href=\"#\" id=\"product_id_102987\" class=\"owp-quick-view\" data-product_id=\"102987\" aria-label=\"Quickly preview product Mercedes 300 SL, 1954-1957, hand polished metal AMR model for Danhausen, Germany\"><i class=\"icon-eye\" aria-hidden=\"true\" role=\"img\"><\/i> Quick View<\/a>\t<\/div><!-- .woo-entry-image-swap -->\n\n\n\n\n\n\n\t<p class=\"wc-gzd-additional-info wc-gzd-additional-info-loop shipping-costs-info\">plus <a href=\"https:\/\/autoshow.at\/en\/versandarten\/\" target=\"_blank\">shipping<\/a><\/p>\n\n\n<ul class=\"woo-entry-inner clr\"><li class=\"image-wrap\">\n\t<div class=\"woo-entry-image-swap woo-entry-image clr\">\n\t\t<a href=\"https:\/\/autoshow.at\/en\/product\/mercedes-300-sl-1954-1957-hand-polished-metal-amr-model-for-danhausen-germany\/\" class=\"woocommerce-LoopProduct-link\"><img loading=\"lazy\" decoding=\"async\" width=\"1200\" height=\"900\" src=\"https:\/\/autoshow.at\/wp-content\/uploads\/2024\/05\/amr-mercedes-300sl-autoshow-lagernd-1-43-1.jpg\" class=\"woo-entry-image-main\" alt=\"Mercedes 300 SL, 1954-1957, hand polished metal AMR model for Danhausen, Germany\" itemprop=\"image\" srcset=\"https:\/\/autoshow.at\/wp-content\/uploads\/2024\/05\/amr-mercedes-300sl-autoshow-lagernd-1-43-1.jpg 1200w, https:\/\/autoshow.at\/wp-content\/uploads\/2024\/05\/amr-mercedes-300sl-autoshow-lagernd-1-43-1-300x225.jpg 300w, https:\/\/autoshow.at\/wp-content\/uploads\/2024\/05\/amr-mercedes-300sl-autoshow-lagernd-1-43-1-1024x768.jpg 1024w, https:\/\/autoshow.at\/wp-content\/uploads\/2024\/05\/amr-mercedes-300sl-autoshow-lagernd-1-43-1-768x576.jpg 768w, https:\/\/autoshow.at\/wp-content\/uploads\/2024\/05\/amr-mercedes-300sl-autoshow-lagernd-1-43-1-16x12.jpg 16w, https:\/\/autoshow.at\/wp-content\/uploads\/2024\/05\/amr-mercedes-300sl-autoshow-lagernd-1-43-1-64x48.jpg 64w\" sizes=\"(max-width: 1200px) 100vw, 1200px\" \/><img loading=\"lazy\" decoding=\"async\" width=\"1200\" height=\"900\" src=\"https:\/\/autoshow.at\/wp-content\/uploads\/2024\/05\/amr-mercedes-300sl-autoshow-lagernd-1-43-2.jpg\" class=\"woo-entry-image-secondary\" alt=\"Mercedes 300 SL, 1954-1957, hand polished metal AMR model for Danhausen, Germany\" itemprop=\"image\" srcset=\"https:\/\/autoshow.at\/wp-content\/uploads\/2024\/05\/amr-mercedes-300sl-autoshow-lagernd-1-43-2.jpg 1200w, https:\/\/autoshow.at\/wp-content\/uploads\/2024\/05\/amr-mercedes-300sl-autoshow-lagernd-1-43-2-300x225.jpg 300w, https:\/\/autoshow.at\/wp-content\/uploads\/2024\/05\/amr-mercedes-300sl-autoshow-lagernd-1-43-2-1024x768.jpg 1024w, https:\/\/autoshow.at\/wp-content\/uploads\/2024\/05\/amr-mercedes-300sl-autoshow-lagernd-1-43-2-768x576.jpg 768w, https:\/\/autoshow.at\/wp-content\/uploads\/2024\/05\/amr-mercedes-300sl-autoshow-lagernd-1-43-2-16x12.jpg 16w, https:\/\/autoshow.at\/wp-content\/uploads\/2024\/05\/amr-mercedes-300sl-autoshow-lagernd-1-43-2-64x48.jpg 64w\" sizes=\"(max-width: 1200px) 100vw, 1200px\" \/><\/a><a href=\"#\" id=\"product_id_102987\" class=\"owp-quick-view\" data-product_id=\"102987\" aria-label=\"Quickly preview product Mercedes 300 SL, 1954-1957, hand polished metal AMR model for Danhausen, Germany\"><i class=\"icon-eye\" aria-hidden=\"true\" role=\"img\"><\/i> Quick View<\/a>\t<\/div><!-- .woo-entry-image-swap -->\n\n<\/li><li class=\"category\"><a href=\"https:\/\/autoshow.at\/en\/product-category\/amr-le-phoenix-143\/\" rel=\"tag\">AMR \/ Le PHOENIX 1:43<\/a><\/li><li class=\"title\"><h2><a href=\"https:\/\/autoshow.at\/en\/product\/mercedes-300-sl-1954-1957-hand-polished-metal-amr-model-for-danhausen-germany\/\">Mercedes 300 SL, 1954-1957, hand polished metal AMR model for Danhausen, Germany<\/a><\/h2><\/li><li class=\"price-wrap\">\n\t<span class=\"price\"><span class=\"woocommerce-Price-amount amount\"><bdi>69,00&nbsp;<span class=\"woocommerce-Price-currencySymbol\">&euro;<\/span><\/bdi><\/span><\/span>\n<\/li><li class=\"wc-gzd\">\n\n\n\t<p class=\"wc-gzd-additional-info shipping-costs-info\">plus <a href=\"https:\/\/autoshow.at\/en\/versandarten\/\" target=\"_blank\">shipping<\/a><\/p>\n\n\n<\/li><li class=\"rating\"><\/li><li class=\"btn-wrap clr\"><a class=\"button\" href=\"https:\/\/autoshow.at\/en\/product\/mercedes-300-sl-1954-1957-hand-polished-metal-amr-model-for-danhausen-germany\/\" data-no-translation=\"\" data-trp-gettext=\"\">Show product<\/a>\t<span id=\"woocommerce_loop_add_to_cart_link_describedby_102987\" class=\"screen-reader-text\">\n\t\t\t<\/span>\n<\/li><\/ul><\/div><!-- .product-inner .clr --><\/li>\n<li class=\"entry has-media has-product-nav col span_1_of_3 owp-content-center owp-thumbs-layout-horizontal owp-btn-normal owp-tabs-layout-horizontal has-no-thumbnails product type-product post-103016 status-publish first instock product_cat-arena-143 has-post-thumbnail purchasable product-type-simple\">\n\t<div class=\"product-inner clr\">\n\t<div class=\"woo-entry-image clr\">\n\t\t<a href=\"https:\/\/autoshow.at\/en\/product\/ferrari-246-dino-6h-watkins-glen-1973-bienvenue-87\/\" class=\"woocommerce-LoopProduct-link\"><img loading=\"lazy\" decoding=\"async\" width=\"300\" height=\"200\" src=\"https:\/\/autoshow.at\/wp-content\/uploads\/2022\/06\/arena-1116A-autoshow-lagernd-1-43-300x200.jpg\" class=\"woo-entry-image-main\" alt=\"Ferrari 246 Dino, 6H Watkins Glen 1973, Bienvenue, # 87\" itemprop=\"image\" srcset=\"https:\/\/autoshow.at\/wp-content\/uploads\/2022\/06\/arena-1116A-autoshow-lagernd-1-43-300x200.jpg 300w, https:\/\/autoshow.at\/wp-content\/uploads\/2022\/06\/arena-1116A-autoshow-lagernd-1-43-1024x684.jpg 1024w, https:\/\/autoshow.at\/wp-content\/uploads\/2022\/06\/arena-1116A-autoshow-lagernd-1-43-768x513.jpg 768w, https:\/\/autoshow.at\/wp-content\/uploads\/2022\/06\/arena-1116A-autoshow-lagernd-1-43.jpg 1172w\" sizes=\"(max-width: 300px) 100vw, 300px\" \/><\/a><a href=\"#\" id=\"product_id_103016\" class=\"owp-quick-view\" data-product_id=\"103016\" aria-label=\"Quickly preview product Ferrari 246 Dino, 6H Watkins Glen 1973, Bienvenue, # 87\"><i class=\"icon-eye\" aria-hidden=\"true\" role=\"img\"><\/i> Quick View<\/a>\t<\/div><!-- .woo-entry-image -->\n\n\n\n\n\n\n\t<p class=\"wc-gzd-additional-info wc-gzd-additional-info-loop shipping-costs-info\">plus <a href=\"https:\/\/autoshow.at\/en\/versandarten\/\" target=\"_blank\">shipping<\/a><\/p>\n\n\n<ul class=\"woo-entry-inner clr\"><li class=\"image-wrap\">\n\t<div class=\"woo-entry-image clr\">\n\t\t<a href=\"https:\/\/autoshow.at\/en\/product\/ferrari-246-dino-6h-watkins-glen-1973-bienvenue-87\/\" class=\"woocommerce-LoopProduct-link\"><img loading=\"lazy\" decoding=\"async\" width=\"300\" height=\"200\" src=\"https:\/\/autoshow.at\/wp-content\/uploads\/2022\/06\/arena-1116A-autoshow-lagernd-1-43-300x200.jpg\" class=\"woo-entry-image-main\" alt=\"Ferrari 246 Dino, 6H Watkins Glen 1973, Bienvenue, # 87\" itemprop=\"image\" srcset=\"https:\/\/autoshow.at\/wp-content\/uploads\/2022\/06\/arena-1116A-autoshow-lagernd-1-43-300x200.jpg 300w, https:\/\/autoshow.at\/wp-content\/uploads\/2022\/06\/arena-1116A-autoshow-lagernd-1-43-1024x684.jpg 1024w, https:\/\/autoshow.at\/wp-content\/uploads\/2022\/06\/arena-1116A-autoshow-lagernd-1-43-768x513.jpg 768w, https:\/\/autoshow.at\/wp-content\/uploads\/2022\/06\/arena-1116A-autoshow-lagernd-1-43.jpg 1172w\" sizes=\"(max-width: 300px) 100vw, 300px\" \/><\/a><a href=\"#\" id=\"product_id_103016\" class=\"owp-quick-view\" data-product_id=\"103016\" aria-label=\"Quickly preview product Ferrari 246 Dino, 6H Watkins Glen 1973, Bienvenue, # 87\"><i class=\"icon-eye\" aria-hidden=\"true\" role=\"img\"><\/i> Quick View<\/a>\t<\/div><!-- .woo-entry-image -->\n\n<\/li><li class=\"category\"><a href=\"https:\/\/autoshow.at\/en\/product-category\/arena-143\/\" rel=\"tag\">ARENA 1:43<\/a><\/li><li class=\"title\"><h2><a href=\"https:\/\/autoshow.at\/en\/product\/ferrari-246-dino-6h-watkins-glen-1973-bienvenue-87\/\">Ferrari 246 Dino, 6H Watkins Glen 1973, Bienvenue, # 87<\/a><\/h2><\/li><li class=\"price-wrap\">\n\t<span class=\"price\"><span class=\"woocommerce-Price-amount amount\"><bdi>239,00&nbsp;<span class=\"woocommerce-Price-currencySymbol\">&euro;<\/span><\/bdi><\/span><\/span>\n<\/li><li class=\"wc-gzd\">\n\n\n\t<p class=\"wc-gzd-additional-info shipping-costs-info\">plus <a href=\"https:\/\/autoshow.at\/en\/versandarten\/\" target=\"_blank\">shipping<\/a><\/p>\n\n\n<\/li><li class=\"rating\"><\/li><li class=\"btn-wrap clr\"><a class=\"button\" href=\"https:\/\/autoshow.at\/en\/product\/ferrari-246-dino-6h-watkins-glen-1973-bienvenue-87\/\" data-no-translation=\"\" data-trp-gettext=\"\">Show product<\/a>\t<span id=\"woocommerce_loop_add_to_cart_link_describedby_103016\" class=\"screen-reader-text\">\n\t\t\t<\/span>\n<\/li><\/ul><\/div><!-- .product-inner .clr --><\/li>\n<li class=\"entry has-media has-product-nav col span_1_of_3 owp-content-center owp-thumbs-layout-horizontal owp-btn-normal owp-tabs-layout-horizontal has-no-thumbnails product type-product post-103017 status-publish instock product_cat-arena-143 has-post-thumbnail purchasable product-type-simple\">\n\t<div class=\"product-inner clr\">\n\t<div class=\"woo-entry-image clr\">\n\t\t<a href=\"https:\/\/autoshow.at\/en\/product\/ferrari-246-dino-500km-road-atlanta-1973-bulcher-baldwin-5\/\" class=\"woocommerce-LoopProduct-link\"><img loading=\"lazy\" decoding=\"async\" width=\"300\" height=\"200\" src=\"https:\/\/autoshow.at\/wp-content\/uploads\/2022\/06\/arena-1116B-autoshow-lagernd-1-43-300x200.jpg\" class=\"woo-entry-image-main\" alt=\"Ferrari 246 Dino, 500km Road Atlanta 1973, Bulcher \/ Baldwin, # 5\" itemprop=\"image\" srcset=\"https:\/\/autoshow.at\/wp-content\/uploads\/2022\/06\/arena-1116B-autoshow-lagernd-1-43-300x200.jpg 300w, https:\/\/autoshow.at\/wp-content\/uploads\/2022\/06\/arena-1116B-autoshow-lagernd-1-43-1024x684.jpg 1024w, https:\/\/autoshow.at\/wp-content\/uploads\/2022\/06\/arena-1116B-autoshow-lagernd-1-43-768x513.jpg 768w, https:\/\/autoshow.at\/wp-content\/uploads\/2022\/06\/arena-1116B-autoshow-lagernd-1-43.jpg 1172w\" sizes=\"(max-width: 300px) 100vw, 300px\" \/><\/a><a href=\"#\" id=\"product_id_103017\" class=\"owp-quick-view\" data-product_id=\"103017\" aria-label=\"Quickly preview product Ferrari 246 Dino, 500km Road Atlanta 1973, Bulcher \/ Baldwin, # 5\"><i class=\"icon-eye\" aria-hidden=\"true\" role=\"img\"><\/i> Quick View<\/a>\t<\/div><!-- .woo-entry-image -->\n\n\n\n\n\n\n\t<p class=\"wc-gzd-additional-info wc-gzd-additional-info-loop shipping-costs-info\">plus <a href=\"https:\/\/autoshow.at\/en\/versandarten\/\" target=\"_blank\">shipping<\/a><\/p>\n\n\n<ul class=\"woo-entry-inner clr\"><li class=\"image-wrap\">\n\t<div class=\"woo-entry-image clr\">\n\t\t<a href=\"https:\/\/autoshow.at\/en\/product\/ferrari-246-dino-500km-road-atlanta-1973-bulcher-baldwin-5\/\" class=\"woocommerce-LoopProduct-link\"><img loading=\"lazy\" decoding=\"async\" width=\"300\" height=\"200\" src=\"https:\/\/autoshow.at\/wp-content\/uploads\/2022\/06\/arena-1116B-autoshow-lagernd-1-43-300x200.jpg\" class=\"woo-entry-image-main\" alt=\"Ferrari 246 Dino, 500km Road Atlanta 1973, Bulcher \/ Baldwin, # 5\" itemprop=\"image\" srcset=\"https:\/\/autoshow.at\/wp-content\/uploads\/2022\/06\/arena-1116B-autoshow-lagernd-1-43-300x200.jpg 300w, https:\/\/autoshow.at\/wp-content\/uploads\/2022\/06\/arena-1116B-autoshow-lagernd-1-43-1024x684.jpg 1024w, https:\/\/autoshow.at\/wp-content\/uploads\/2022\/06\/arena-1116B-autoshow-lagernd-1-43-768x513.jpg 768w, https:\/\/autoshow.at\/wp-content\/uploads\/2022\/06\/arena-1116B-autoshow-lagernd-1-43.jpg 1172w\" sizes=\"(max-width: 300px) 100vw, 300px\" \/><\/a><a href=\"#\" id=\"product_id_103017\" class=\"owp-quick-view\" data-product_id=\"103017\" aria-label=\"Quickly preview product Ferrari 246 Dino, 500km Road Atlanta 1973, Bulcher \/ Baldwin, # 5\"><i class=\"icon-eye\" aria-hidden=\"true\" role=\"img\"><\/i> Quick View<\/a>\t<\/div><!-- .woo-entry-image -->\n\n<\/li><li class=\"category\"><a href=\"https:\/\/autoshow.at\/en\/product-category\/arena-143\/\" rel=\"tag\">ARENA 1:43<\/a><\/li><li class=\"title\"><h2><a href=\"https:\/\/autoshow.at\/en\/product\/ferrari-246-dino-500km-road-atlanta-1973-bulcher-baldwin-5\/\">Ferrari 246 Dino, 500km Road Atlanta 1973, Bulcher \/ Baldwin, # 5<\/a><\/h2><\/li><li class=\"price-wrap\">\n\t<span class=\"price\"><span class=\"woocommerce-Price-amount amount\"><bdi>239,00&nbsp;<span class=\"woocommerce-Price-currencySymbol\">&euro;<\/span><\/bdi><\/span><\/span>\n<\/li><li class=\"wc-gzd\">\n\n\n\t<p class=\"wc-gzd-additional-info shipping-costs-info\">plus <a href=\"https:\/\/autoshow.at\/en\/versandarten\/\" target=\"_blank\">shipping<\/a><\/p>\n\n\n<\/li><li class=\"rating\"><\/li><li class=\"btn-wrap clr\"><a class=\"button\" href=\"https:\/\/autoshow.at\/en\/product\/ferrari-246-dino-500km-road-atlanta-1973-bulcher-baldwin-5\/\" data-no-translation=\"\" data-trp-gettext=\"\">Show product<\/a>\t<span id=\"woocommerce_loop_add_to_cart_link_describedby_103017\" class=\"screen-reader-text\">\n\t\t\t<\/span>\n<\/li><\/ul><\/div><!-- .product-inner .clr --><\/li>\n<li class=\"entry has-media has-product-nav col span_1_of_3 owp-content-center owp-thumbs-layout-horizontal owp-btn-normal owp-tabs-layout-horizontal has-no-thumbnails product type-product post-105124 status-publish last instock product_cat-arena-143 has-post-thumbnail purchasable product-type-simple\">\n\t<div class=\"product-inner clr\">\n\t<div class=\"woo-entry-image clr\">\n\t\t<a href=\"https:\/\/autoshow.at\/en\/product\/ferrari-246gt-dino-set-of-3-cars-12h-sebring-1969-38-6h-test-watkins-glen-1972-24-24h-le-mans-1972-46\/\" class=\"woocommerce-LoopProduct-link\"><img loading=\"lazy\" decoding=\"async\" width=\"1200\" height=\"863\" src=\"https:\/\/autoshow.at\/wp-content\/uploads\/2026\/02\/arena-set-ferrari-dino-autoshow-lagernd-1-43.jpg\" class=\"woo-entry-image-main\" alt=\"Ferrari 246GT Dino: Set of 3 cars: 12H Sebring 1969, # 38, 6H Test Watkins Glen 1972, # 24, 24H Le Mans 1972, # 46\" itemprop=\"image\" srcset=\"https:\/\/autoshow.at\/wp-content\/uploads\/2026\/02\/arena-set-ferrari-dino-autoshow-lagernd-1-43.jpg 1200w, https:\/\/autoshow.at\/wp-content\/uploads\/2026\/02\/arena-set-ferrari-dino-autoshow-lagernd-1-43-300x216.jpg 300w, https:\/\/autoshow.at\/wp-content\/uploads\/2026\/02\/arena-set-ferrari-dino-autoshow-lagernd-1-43-1024x736.jpg 1024w, https:\/\/autoshow.at\/wp-content\/uploads\/2026\/02\/arena-set-ferrari-dino-autoshow-lagernd-1-43-768x552.jpg 768w, https:\/\/autoshow.at\/wp-content\/uploads\/2026\/02\/arena-set-ferrari-dino-autoshow-lagernd-1-43-18x12.jpg 18w, https:\/\/autoshow.at\/wp-content\/uploads\/2026\/02\/arena-set-ferrari-dino-autoshow-lagernd-1-43-64x46.jpg 64w\" sizes=\"(max-width: 1200px) 100vw, 1200px\" \/><\/a><a href=\"#\" id=\"product_id_105124\" class=\"owp-quick-view\" data-product_id=\"105124\" aria-label=\"Quickly preview product Ferrari 246GT Dino: Set of 3 cars: 12H Sebring 1969, # 38, 6H Test Watkins Glen 1972, # 24, 24H Le Mans 1972, # 46\"><i class=\"icon-eye\" aria-hidden=\"true\" role=\"img\"><\/i> Quick View<\/a>\t<\/div><!-- .woo-entry-image -->\n\n\n\n\n\n\n\t<p class=\"wc-gzd-additional-info wc-gzd-additional-info-loop shipping-costs-info\">plus <a href=\"https:\/\/autoshow.at\/en\/versandarten\/\" target=\"_blank\">shipping<\/a><\/p>\n\n\n<ul class=\"woo-entry-inner clr\"><li class=\"image-wrap\">\n\t<div class=\"woo-entry-image clr\">\n\t\t<a href=\"https:\/\/autoshow.at\/en\/product\/ferrari-246gt-dino-set-of-3-cars-12h-sebring-1969-38-6h-test-watkins-glen-1972-24-24h-le-mans-1972-46\/\" class=\"woocommerce-LoopProduct-link\"><img loading=\"lazy\" decoding=\"async\" width=\"1200\" height=\"863\" src=\"https:\/\/autoshow.at\/wp-content\/uploads\/2026\/02\/arena-set-ferrari-dino-autoshow-lagernd-1-43.jpg\" class=\"woo-entry-image-main\" alt=\"Ferrari 246GT Dino: Set of 3 cars: 12H Sebring 1969, # 38, 6H Test Watkins Glen 1972, # 24, 24H Le Mans 1972, # 46\" itemprop=\"image\" srcset=\"https:\/\/autoshow.at\/wp-content\/uploads\/2026\/02\/arena-set-ferrari-dino-autoshow-lagernd-1-43.jpg 1200w, https:\/\/autoshow.at\/wp-content\/uploads\/2026\/02\/arena-set-ferrari-dino-autoshow-lagernd-1-43-300x216.jpg 300w, https:\/\/autoshow.at\/wp-content\/uploads\/2026\/02\/arena-set-ferrari-dino-autoshow-lagernd-1-43-1024x736.jpg 1024w, https:\/\/autoshow.at\/wp-content\/uploads\/2026\/02\/arena-set-ferrari-dino-autoshow-lagernd-1-43-768x552.jpg 768w, https:\/\/autoshow.at\/wp-content\/uploads\/2026\/02\/arena-set-ferrari-dino-autoshow-lagernd-1-43-18x12.jpg 18w, https:\/\/autoshow.at\/wp-content\/uploads\/2026\/02\/arena-set-ferrari-dino-autoshow-lagernd-1-43-64x46.jpg 64w\" sizes=\"(max-width: 1200px) 100vw, 1200px\" \/><\/a><a href=\"#\" id=\"product_id_105124\" class=\"owp-quick-view\" data-product_id=\"105124\" aria-label=\"Quickly preview product Ferrari 246GT Dino: Set of 3 cars: 12H Sebring 1969, # 38, 6H Test Watkins Glen 1972, # 24, 24H Le Mans 1972, # 46\"><i class=\"icon-eye\" aria-hidden=\"true\" role=\"img\"><\/i> Quick View<\/a>\t<\/div><!-- .woo-entry-image -->\n\n<\/li><li class=\"category\"><a href=\"https:\/\/autoshow.at\/en\/product-category\/arena-143\/\" rel=\"tag\">ARENA 1:43<\/a><\/li><li class=\"title\"><h2><a href=\"https:\/\/autoshow.at\/en\/product\/ferrari-246gt-dino-set-of-3-cars-12h-sebring-1969-38-6h-test-watkins-glen-1972-24-24h-le-mans-1972-46\/\">Ferrari 246GT Dino: Set of 3 cars: 12H Sebring 1969, # 38, 6H Test Watkins Glen 1972, # 24, 24H Le Mans 1972, # 46<\/a><\/h2><\/li><li class=\"price-wrap\">\n\t<span class=\"price\"><span class=\"woocommerce-Price-amount amount\"><bdi>699,00&nbsp;<span class=\"woocommerce-Price-currencySymbol\">&euro;<\/span><\/bdi><\/span><\/span>\n<\/li><li class=\"wc-gzd\">\n\n\n\t<p class=\"wc-gzd-additional-info shipping-costs-info\">plus <a href=\"https:\/\/autoshow.at\/en\/versandarten\/\" target=\"_blank\">shipping<\/a><\/p>\n\n\n<\/li><li class=\"rating\"><\/li><li class=\"btn-wrap clr\"><a class=\"button\" href=\"https:\/\/autoshow.at\/en\/product\/ferrari-246gt-dino-set-of-3-cars-12h-sebring-1969-38-6h-test-watkins-glen-1972-24-24h-le-mans-1972-46\/\" data-no-translation=\"\" data-trp-gettext=\"\">Show product<\/a>\t<span id=\"woocommerce_loop_add_to_cart_link_describedby_105124\" class=\"screen-reader-text\">\n\t\t\t<\/span>\n<\/li><\/ul><\/div><!-- .product-inner .clr --><\/li>\n<li class=\"entry has-media has-product-nav col span_1_of_3 owp-content-center owp-thumbs-layout-horizontal owp-btn-normal owp-tabs-layout-horizontal has-no-thumbnails product type-product post-105125 status-publish first instock product_cat-arena-143 has-post-thumbnail purchasable product-type-simple\">\n\t<div class=\"product-inner clr\">\n\t<div class=\"woo-entry-image clr\">\n\t\t<a href=\"https:\/\/autoshow.at\/en\/product\/ferrari-512bb-bellancauto-set-of-all-3-cars-1000km-monza-1980-test-version-79-2-race-versions-31-79\/\" class=\"woocommerce-LoopProduct-link\"><img loading=\"lazy\" decoding=\"async\" width=\"796\" height=\"540\" src=\"https:\/\/autoshow.at\/wp-content\/uploads\/2026\/02\/arena-set-ferrari-512bb-1000km-monza-1980-autoshow-lagernd-1-43.jpg\" class=\"woo-entry-image-main\" alt=\"Ferrari 512BB &#8222;Bellancauto&#8220;: Set of all 3 cars 1000km Monza 1980, Test Version # 79 + 2 race Versions, # 31, # 79\" itemprop=\"image\" srcset=\"https:\/\/autoshow.at\/wp-content\/uploads\/2026\/02\/arena-set-ferrari-512bb-1000km-monza-1980-autoshow-lagernd-1-43.jpg 796w, https:\/\/autoshow.at\/wp-content\/uploads\/2026\/02\/arena-set-ferrari-512bb-1000km-monza-1980-autoshow-lagernd-1-43-300x204.jpg 300w, https:\/\/autoshow.at\/wp-content\/uploads\/2026\/02\/arena-set-ferrari-512bb-1000km-monza-1980-autoshow-lagernd-1-43-768x521.jpg 768w, https:\/\/autoshow.at\/wp-content\/uploads\/2026\/02\/arena-set-ferrari-512bb-1000km-monza-1980-autoshow-lagernd-1-43-18x12.jpg 18w, https:\/\/autoshow.at\/wp-content\/uploads\/2026\/02\/arena-set-ferrari-512bb-1000km-monza-1980-autoshow-lagernd-1-43-64x43.jpg 64w\" sizes=\"(max-width: 796px) 100vw, 796px\" \/><\/a><a href=\"#\" id=\"product_id_105125\" class=\"owp-quick-view\" data-product_id=\"105125\" aria-label=\"Quickly preview product Ferrari 512BB \"bellancauto\": set of all 3 cars 1000km monza 1980, test version # 79 + 2 race versions, 31, 79\"><i class=\"icon-eye\" aria-hidden=\"true\" role=\"img\"><\/i> Quick View<\/a>\t<\/div><!-- .woo-entry-image -->\n\n\n\n\n\n\n\t<p class=\"wc-gzd-additional-info wc-gzd-additional-info-loop shipping-costs-info\">plus <a href=\"https:\/\/autoshow.at\/en\/versandarten\/\" target=\"_blank\">shipping<\/a><\/p>\n\n\n<ul class=\"woo-entry-inner clr\"><li class=\"image-wrap\">\n\t<div class=\"woo-entry-image clr\">\n\t\t<a href=\"https:\/\/autoshow.at\/en\/product\/ferrari-512bb-bellancauto-set-of-all-3-cars-1000km-monza-1980-test-version-79-2-race-versions-31-79\/\" class=\"woocommerce-LoopProduct-link\"><img loading=\"lazy\" decoding=\"async\" width=\"796\" height=\"540\" src=\"https:\/\/autoshow.at\/wp-content\/uploads\/2026\/02\/arena-set-ferrari-512bb-1000km-monza-1980-autoshow-lagernd-1-43.jpg\" class=\"woo-entry-image-main\" alt=\"Ferrari 512BB &#8222;Bellancauto&#8220;: Set of all 3 cars 1000km Monza 1980, Test Version # 79 + 2 race Versions, # 31, # 79\" itemprop=\"image\" srcset=\"https:\/\/autoshow.at\/wp-content\/uploads\/2026\/02\/arena-set-ferrari-512bb-1000km-monza-1980-autoshow-lagernd-1-43.jpg 796w, https:\/\/autoshow.at\/wp-content\/uploads\/2026\/02\/arena-set-ferrari-512bb-1000km-monza-1980-autoshow-lagernd-1-43-300x204.jpg 300w, https:\/\/autoshow.at\/wp-content\/uploads\/2026\/02\/arena-set-ferrari-512bb-1000km-monza-1980-autoshow-lagernd-1-43-768x521.jpg 768w, https:\/\/autoshow.at\/wp-content\/uploads\/2026\/02\/arena-set-ferrari-512bb-1000km-monza-1980-autoshow-lagernd-1-43-18x12.jpg 18w, https:\/\/autoshow.at\/wp-content\/uploads\/2026\/02\/arena-set-ferrari-512bb-1000km-monza-1980-autoshow-lagernd-1-43-64x43.jpg 64w\" sizes=\"(max-width: 796px) 100vw, 796px\" \/><\/a><a href=\"#\" id=\"product_id_105125\" class=\"owp-quick-view\" data-product_id=\"105125\" aria-label=\"Quickly preview product Ferrari 512BB \"bellancauto\": set of all 3 cars 1000km monza 1980, test version # 79 + 2 race versions, 31, 79\"><i class=\"icon-eye\" aria-hidden=\"true\" role=\"img\"><\/i> Quick View<\/a>\t<\/div><!-- .woo-entry-image -->\n\n<\/li><li class=\"category\"><a href=\"https:\/\/autoshow.at\/en\/product-category\/arena-143\/\" rel=\"tag\">ARENA 1:43<\/a><\/li><li class=\"title\"><h2><a href=\"https:\/\/autoshow.at\/en\/product\/ferrari-512bb-bellancauto-set-of-all-3-cars-1000km-monza-1980-test-version-79-2-race-versions-31-79\/\">Ferrari 512BB &#8222;Bellancauto&#8220;: Set of all 3 cars 1000km Monza 1980, Test Version # 79 + 2 race Versions, # 31, # 79<\/a><\/h2><\/li><li class=\"price-wrap\">\n\t<span class=\"price\"><span class=\"woocommerce-Price-amount amount\"><bdi>699,00&nbsp;<span class=\"woocommerce-Price-currencySymbol\">&euro;<\/span><\/bdi><\/span><\/span>\n<\/li><li class=\"wc-gzd\">\n\n\n\t<p class=\"wc-gzd-additional-info shipping-costs-info\">plus <a href=\"https:\/\/autoshow.at\/en\/versandarten\/\" target=\"_blank\">shipping<\/a><\/p>\n\n\n<\/li><li class=\"rating\"><\/li><li class=\"btn-wrap clr\"><a class=\"button\" href=\"https:\/\/autoshow.at\/en\/product\/ferrari-512bb-bellancauto-set-of-all-3-cars-1000km-monza-1980-test-version-79-2-race-versions-31-79\/\" data-no-translation=\"\" data-trp-gettext=\"\">Show product<\/a>\t<span id=\"woocommerce_loop_add_to_cart_link_describedby_105125\" class=\"screen-reader-text\">\n\t\t\t<\/span>\n<\/li><\/ul><\/div><!-- .product-inner .clr --><\/li>\n<li class=\"entry has-media has-product-nav col span_1_of_3 owp-content-center owp-thumbs-layout-horizontal owp-btn-normal owp-tabs-layout-horizontal has-no-thumbnails product type-product post-105126 status-publish instock product_cat-arena-143 has-post-thumbnail purchasable product-type-simple\">\n\t<div class=\"product-inner clr\">\n\t<div class=\"woo-entry-image clr\">\n\t\t<a href=\"https:\/\/autoshow.at\/en\/product\/ferrari-512bb-european-university-team-pozzi-set-of-all-3-cars-24h-le-mans-1980-75-76-77\/\" class=\"woocommerce-LoopProduct-link\"><img loading=\"lazy\" decoding=\"async\" width=\"875\" height=\"572\" src=\"https:\/\/autoshow.at\/wp-content\/uploads\/2026\/02\/arena-set-ferrari-512bb-le-mans-1980-autoshow-lagernd-1-43.jpg\" class=\"woo-entry-image-main\" alt=\"Ferrari 512BB &#8222;European University \/ Team Pozzi&#8220;: Set of all 3 cars: 24H Le Mans 1980, # 75, # 76, # 77\" itemprop=\"image\" srcset=\"https:\/\/autoshow.at\/wp-content\/uploads\/2026\/02\/arena-set-ferrari-512bb-le-mans-1980-autoshow-lagernd-1-43.jpg 875w, https:\/\/autoshow.at\/wp-content\/uploads\/2026\/02\/arena-set-ferrari-512bb-le-mans-1980-autoshow-lagernd-1-43-300x196.jpg 300w, https:\/\/autoshow.at\/wp-content\/uploads\/2026\/02\/arena-set-ferrari-512bb-le-mans-1980-autoshow-lagernd-1-43-768x502.jpg 768w, https:\/\/autoshow.at\/wp-content\/uploads\/2026\/02\/arena-set-ferrari-512bb-le-mans-1980-autoshow-lagernd-1-43-18x12.jpg 18w, https:\/\/autoshow.at\/wp-content\/uploads\/2026\/02\/arena-set-ferrari-512bb-le-mans-1980-autoshow-lagernd-1-43-64x42.jpg 64w\" sizes=\"(max-width: 875px) 100vw, 875px\" \/><\/a><a href=\"#\" id=\"product_id_105126\" class=\"owp-quick-view\" data-product_id=\"105126\" aria-label=\"Quickly preview product Ferrari 512BB \"european university><i class=\"icon-eye\" aria-hidden=\"true\" role=\"img\"><\/i> Quick View<\/a>\t<\/div><!-- .woo-entry-image -->\n\n\n\n\n\n\n\t<p class=\"wc-gzd-additional-info wc-gzd-additional-info-loop shipping-costs-info\">plus <a href=\"https:\/\/autoshow.at\/en\/versandarten\/\" target=\"_blank\">shipping<\/a><\/p>\n\n\n<ul class=\"woo-entry-inner clr\"><li class=\"image-wrap\">\n\t<div class=\"woo-entry-image clr\">\n\t\t<a href=\"https:\/\/autoshow.at\/en\/product\/ferrari-512bb-european-university-team-pozzi-set-of-all-3-cars-24h-le-mans-1980-75-76-77\/\" class=\"woocommerce-LoopProduct-link\"><img loading=\"lazy\" decoding=\"async\" width=\"875\" height=\"572\" src=\"https:\/\/autoshow.at\/wp-content\/uploads\/2026\/02\/arena-set-ferrari-512bb-le-mans-1980-autoshow-lagernd-1-43.jpg\" class=\"woo-entry-image-main\" alt=\"Ferrari 512BB &#8222;European University \/ Team Pozzi&#8220;: Set of all 3 cars: 24H Le Mans 1980, # 75, # 76, # 77\" itemprop=\"image\" srcset=\"https:\/\/autoshow.at\/wp-content\/uploads\/2026\/02\/arena-set-ferrari-512bb-le-mans-1980-autoshow-lagernd-1-43.jpg 875w, https:\/\/autoshow.at\/wp-content\/uploads\/2026\/02\/arena-set-ferrari-512bb-le-mans-1980-autoshow-lagernd-1-43-300x196.jpg 300w, https:\/\/autoshow.at\/wp-content\/uploads\/2026\/02\/arena-set-ferrari-512bb-le-mans-1980-autoshow-lagernd-1-43-768x502.jpg 768w, https:\/\/autoshow.at\/wp-content\/uploads\/2026\/02\/arena-set-ferrari-512bb-le-mans-1980-autoshow-lagernd-1-43-18x12.jpg 18w, https:\/\/autoshow.at\/wp-content\/uploads\/2026\/02\/arena-set-ferrari-512bb-le-mans-1980-autoshow-lagernd-1-43-64x42.jpg 64w\" sizes=\"(max-width: 875px) 100vw, 875px\" \/><\/a><a href=\"#\" id=\"product_id_105126\" class=\"owp-quick-view\" data-product_id=\"105126\" aria-label=\"Quickly preview product Ferrari 512BB \"european university><i class=\"icon-eye\" aria-hidden=\"true\" role=\"img\"><\/i> Quick View<\/a>\t<\/div><!-- .woo-entry-image -->\n\n<\/li><li class=\"category\"><a href=\"https:\/\/autoshow.at\/en\/product-category\/arena-143\/\" rel=\"tag\">ARENA 1:43<\/a><\/li><li class=\"title\"><h2><a href=\"https:\/\/autoshow.at\/en\/product\/ferrari-512bb-european-university-team-pozzi-set-of-all-3-cars-24h-le-mans-1980-75-76-77\/\">Ferrari 512BB &#8222;European University \/ Team Pozzi&#8220;: Set of all 3 cars: 24H Le Mans 1980, # 75, # 76, # 77<\/a><\/h2><\/li><li class=\"price-wrap\">\n\t<span class=\"price\"><span class=\"woocommerce-Price-amount amount\"><bdi>699,00&nbsp;<span class=\"woocommerce-Price-currencySymbol\">&euro;<\/span><\/bdi><\/span><\/span>\n<\/li><li class=\"wc-gzd\">\n\n\n\t<p class=\"wc-gzd-additional-info shipping-costs-info\">plus <a href=\"https:\/\/autoshow.at\/en\/versandarten\/\" target=\"_blank\">shipping<\/a><\/p>\n\n\n<\/li><li class=\"rating\"><\/li><li class=\"btn-wrap clr\"><a class=\"button\" href=\"https:\/\/autoshow.at\/en\/product\/ferrari-512bb-european-university-team-pozzi-set-of-all-3-cars-24h-le-mans-1980-75-76-77\/\" data-no-translation=\"\" data-trp-gettext=\"\">Show product<\/a>\t<span id=\"woocommerce_loop_add_to_cart_link_describedby_105126\" class=\"screen-reader-text\">\n\t\t\t<\/span>\n<\/li><\/ul><\/div><!-- .product-inner .clr --><\/li>\n<li class=\"entry has-media has-product-nav col span_1_of_3 owp-content-center owp-thumbs-layout-horizontal owp-btn-normal owp-tabs-layout-horizontal has-no-thumbnails product type-product post-105127 status-publish last instock product_cat-arena-143 has-post-thumbnail purchasable product-type-simple\">\n\t<div class=\"product-inner clr\">\n\t<div class=\"woo-entry-image clr\">\n\t\t<a href=\"https:\/\/autoshow.at\/en\/product\/ferrari-365gtb-4-daytona-nart-set-of-all-4-cars-24h-daytona-1973-20-21-22-23\/\" class=\"woocommerce-LoopProduct-link\"><img loading=\"lazy\" decoding=\"async\" width=\"1200\" height=\"862\" src=\"https:\/\/autoshow.at\/wp-content\/uploads\/2026\/02\/arena-set-ferrari-365gtb4-daytona-1973-autoshow-lagernd-1-43.jpg\" class=\"woo-entry-image-main\" alt=\"Ferrari 365GTB\/4 Daytona &#8222;NART&#8220;: Set of all 4 cars 24H Daytona 1973, # 20, # 21, # 22, # 23\" itemprop=\"image\" srcset=\"https:\/\/autoshow.at\/wp-content\/uploads\/2026\/02\/arena-set-ferrari-365gtb4-daytona-1973-autoshow-lagernd-1-43.jpg 1200w, https:\/\/autoshow.at\/wp-content\/uploads\/2026\/02\/arena-set-ferrari-365gtb4-daytona-1973-autoshow-lagernd-1-43-300x216.jpg 300w, https:\/\/autoshow.at\/wp-content\/uploads\/2026\/02\/arena-set-ferrari-365gtb4-daytona-1973-autoshow-lagernd-1-43-1024x736.jpg 1024w, https:\/\/autoshow.at\/wp-content\/uploads\/2026\/02\/arena-set-ferrari-365gtb4-daytona-1973-autoshow-lagernd-1-43-768x552.jpg 768w, https:\/\/autoshow.at\/wp-content\/uploads\/2026\/02\/arena-set-ferrari-365gtb4-daytona-1973-autoshow-lagernd-1-43-18x12.jpg 18w, https:\/\/autoshow.at\/wp-content\/uploads\/2026\/02\/arena-set-ferrari-365gtb4-daytona-1973-autoshow-lagernd-1-43-64x46.jpg 64w\" sizes=\"(max-width: 1200px) 100vw, 1200px\" \/><\/a><a href=\"#\" id=\"product_id_105127\" class=\"owp-quick-view\" data-product_id=\"105127\" aria-label=\"Quickly preview product Ferrari 365GTB\/4 Daytona \"nart\": set of all 4 cars 24h daytona 1973, # 20, 21, 22, 23\"><i class=\"icon-eye\" aria-hidden=\"true\" role=\"img\"><\/i> Quick View<\/a>\t<\/div><!-- .woo-entry-image -->\n\n\n\n\n\n\n\t<p class=\"wc-gzd-additional-info wc-gzd-additional-info-loop shipping-costs-info\">plus <a href=\"https:\/\/autoshow.at\/en\/versandarten\/\" target=\"_blank\">shipping<\/a><\/p>\n\n\n<ul class=\"woo-entry-inner clr\"><li class=\"image-wrap\">\n\t<div class=\"woo-entry-image clr\">\n\t\t<a href=\"https:\/\/autoshow.at\/en\/product\/ferrari-365gtb-4-daytona-nart-set-of-all-4-cars-24h-daytona-1973-20-21-22-23\/\" class=\"woocommerce-LoopProduct-link\"><img loading=\"lazy\" decoding=\"async\" width=\"1200\" height=\"862\" src=\"https:\/\/autoshow.at\/wp-content\/uploads\/2026\/02\/arena-set-ferrari-365gtb4-daytona-1973-autoshow-lagernd-1-43.jpg\" class=\"woo-entry-image-main\" alt=\"Ferrari 365GTB\/4 Daytona &#8222;NART&#8220;: Set of all 4 cars 24H Daytona 1973, # 20, # 21, # 22, # 23\" itemprop=\"image\" srcset=\"https:\/\/autoshow.at\/wp-content\/uploads\/2026\/02\/arena-set-ferrari-365gtb4-daytona-1973-autoshow-lagernd-1-43.jpg 1200w, https:\/\/autoshow.at\/wp-content\/uploads\/2026\/02\/arena-set-ferrari-365gtb4-daytona-1973-autoshow-lagernd-1-43-300x216.jpg 300w, https:\/\/autoshow.at\/wp-content\/uploads\/2026\/02\/arena-set-ferrari-365gtb4-daytona-1973-autoshow-lagernd-1-43-1024x736.jpg 1024w, https:\/\/autoshow.at\/wp-content\/uploads\/2026\/02\/arena-set-ferrari-365gtb4-daytona-1973-autoshow-lagernd-1-43-768x552.jpg 768w, https:\/\/autoshow.at\/wp-content\/uploads\/2026\/02\/arena-set-ferrari-365gtb4-daytona-1973-autoshow-lagernd-1-43-18x12.jpg 18w, https:\/\/autoshow.at\/wp-content\/uploads\/2026\/02\/arena-set-ferrari-365gtb4-daytona-1973-autoshow-lagernd-1-43-64x46.jpg 64w\" sizes=\"(max-width: 1200px) 100vw, 1200px\" \/><\/a><a href=\"#\" id=\"product_id_105127\" class=\"owp-quick-view\" data-product_id=\"105127\" aria-label=\"Quickly preview product Ferrari 365GTB\/4 Daytona \"nart\": set of all 4 cars 24h daytona 1973, # 20, 21, 22, 23\"><i class=\"icon-eye\" aria-hidden=\"true\" role=\"img\"><\/i> Quick View<\/a>\t<\/div><!-- .woo-entry-image -->\n\n<\/li><li class=\"category\"><a href=\"https:\/\/autoshow.at\/en\/product-category\/arena-143\/\" rel=\"tag\">ARENA 1:43<\/a><\/li><li class=\"title\"><h2><a href=\"https:\/\/autoshow.at\/en\/product\/ferrari-365gtb-4-daytona-nart-set-of-all-4-cars-24h-daytona-1973-20-21-22-23\/\">Ferrari 365GTB\/4 Daytona &#8222;NART&#8220;: Set of all 4 cars 24H Daytona 1973, # 20, # 21, # 22, # 23<\/a><\/h2><\/li><li class=\"price-wrap\">\n\t<span class=\"price\"><span class=\"woocommerce-Price-amount amount\"><bdi>949,00&nbsp;<span class=\"woocommerce-Price-currencySymbol\">&euro;<\/span><\/bdi><\/span><\/span>\n<\/li><li class=\"wc-gzd\">\n\n\n\t<p class=\"wc-gzd-additional-info shipping-costs-info\">plus <a href=\"https:\/\/autoshow.at\/en\/versandarten\/\" target=\"_blank\">shipping<\/a><\/p>\n\n\n<\/li><li class=\"rating\"><\/li><li class=\"btn-wrap clr\"><a class=\"button\" href=\"https:\/\/autoshow.at\/en\/product\/ferrari-365gtb-4-daytona-nart-set-of-all-4-cars-24h-daytona-1973-20-21-22-23\/\" data-no-translation=\"\" data-trp-gettext=\"\">Show product<\/a>\t<span id=\"woocommerce_loop_add_to_cart_link_describedby_105127\" class=\"screen-reader-text\">\n\t\t\t<\/span>\n<\/li><\/ul><\/div><!-- .product-inner .clr --><\/li>\n<li class=\"entry has-media has-product-nav col span_1_of_3 owp-content-center owp-thumbs-layout-horizontal owp-btn-normal owp-tabs-layout-horizontal has-no-thumbnails product type-product post-105128 status-publish first instock product_cat-arena-143 has-post-thumbnail purchasable product-type-simple\">\n\t<div class=\"product-inner clr\">\n\t<div class=\"woo-entry-image clr\">\n\t\t<a href=\"https:\/\/autoshow.at\/en\/product\/ferrari-365gtb-4-daytona-nart-set-of-all-4-cars-24h-le-mans-1973-6-36-37-38\/\" class=\"woocommerce-LoopProduct-link\"><img loading=\"lazy\" decoding=\"async\" width=\"1200\" height=\"852\" src=\"https:\/\/autoshow.at\/wp-content\/uploads\/2026\/02\/arena-set-ferrari-365gtb4-daytona-le-mans-1973-autoshow-lagernd-1-43.jpg\" class=\"woo-entry-image-main\" alt=\"Ferrari 365GTB\/4 Daytona &#8222;NART&#8220;: Set of all 4 cars 24H Le Mans 1973, # 6, # 36, # 37, # 38\" itemprop=\"image\" srcset=\"https:\/\/autoshow.at\/wp-content\/uploads\/2026\/02\/arena-set-ferrari-365gtb4-daytona-le-mans-1973-autoshow-lagernd-1-43.jpg 1200w, https:\/\/autoshow.at\/wp-content\/uploads\/2026\/02\/arena-set-ferrari-365gtb4-daytona-le-mans-1973-autoshow-lagernd-1-43-300x213.jpg 300w, https:\/\/autoshow.at\/wp-content\/uploads\/2026\/02\/arena-set-ferrari-365gtb4-daytona-le-mans-1973-autoshow-lagernd-1-43-1024x727.jpg 1024w, https:\/\/autoshow.at\/wp-content\/uploads\/2026\/02\/arena-set-ferrari-365gtb4-daytona-le-mans-1973-autoshow-lagernd-1-43-768x545.jpg 768w, https:\/\/autoshow.at\/wp-content\/uploads\/2026\/02\/arena-set-ferrari-365gtb4-daytona-le-mans-1973-autoshow-lagernd-1-43-18x12.jpg 18w, https:\/\/autoshow.at\/wp-content\/uploads\/2026\/02\/arena-set-ferrari-365gtb4-daytona-le-mans-1973-autoshow-lagernd-1-43-64x45.jpg 64w\" sizes=\"(max-width: 1200px) 100vw, 1200px\" \/><\/a><a href=\"#\" id=\"product_id_105128\" class=\"owp-quick-view\" data-product_id=\"105128\" aria-label=\"Quickly preview product Ferrari 365GTB\/4 Daytona \"nart\": set of all 4 cars 24h le mans 1973, # 6, 36, 37, 38\"><i class=\"icon-eye\" aria-hidden=\"true\" role=\"img\"><\/i> Quick View<\/a>\t<\/div><!-- .woo-entry-image -->\n\n\n\n\n\n\n\t<p class=\"wc-gzd-additional-info wc-gzd-additional-info-loop shipping-costs-info\">plus <a href=\"https:\/\/autoshow.at\/en\/versandarten\/\" target=\"_blank\">shipping<\/a><\/p>\n\n\n<ul class=\"woo-entry-inner clr\"><li class=\"image-wrap\">\n\t<div class=\"woo-entry-image clr\">\n\t\t<a href=\"https:\/\/autoshow.at\/en\/product\/ferrari-365gtb-4-daytona-nart-set-of-all-4-cars-24h-le-mans-1973-6-36-37-38\/\" class=\"woocommerce-LoopProduct-link\"><img loading=\"lazy\" decoding=\"async\" width=\"1200\" height=\"852\" src=\"https:\/\/autoshow.at\/wp-content\/uploads\/2026\/02\/arena-set-ferrari-365gtb4-daytona-le-mans-1973-autoshow-lagernd-1-43.jpg\" class=\"woo-entry-image-main\" alt=\"Ferrari 365GTB\/4 Daytona &#8222;NART&#8220;: Set of all 4 cars 24H Le Mans 1973, # 6, # 36, # 37, # 38\" itemprop=\"image\" srcset=\"https:\/\/autoshow.at\/wp-content\/uploads\/2026\/02\/arena-set-ferrari-365gtb4-daytona-le-mans-1973-autoshow-lagernd-1-43.jpg 1200w, https:\/\/autoshow.at\/wp-content\/uploads\/2026\/02\/arena-set-ferrari-365gtb4-daytona-le-mans-1973-autoshow-lagernd-1-43-300x213.jpg 300w, https:\/\/autoshow.at\/wp-content\/uploads\/2026\/02\/arena-set-ferrari-365gtb4-daytona-le-mans-1973-autoshow-lagernd-1-43-1024x727.jpg 1024w, https:\/\/autoshow.at\/wp-content\/uploads\/2026\/02\/arena-set-ferrari-365gtb4-daytona-le-mans-1973-autoshow-lagernd-1-43-768x545.jpg 768w, https:\/\/autoshow.at\/wp-content\/uploads\/2026\/02\/arena-set-ferrari-365gtb4-daytona-le-mans-1973-autoshow-lagernd-1-43-18x12.jpg 18w, https:\/\/autoshow.at\/wp-content\/uploads\/2026\/02\/arena-set-ferrari-365gtb4-daytona-le-mans-1973-autoshow-lagernd-1-43-64x45.jpg 64w\" sizes=\"(max-width: 1200px) 100vw, 1200px\" \/><\/a><a href=\"#\" id=\"product_id_105128\" class=\"owp-quick-view\" data-product_id=\"105128\" aria-label=\"Quickly preview product Ferrari 365GTB\/4 Daytona \"nart\": set of all 4 cars 24h le mans 1973, # 6, 36, 37, 38\"><i class=\"icon-eye\" aria-hidden=\"true\" role=\"img\"><\/i> Quick View<\/a>\t<\/div><!-- .woo-entry-image -->\n\n<\/li><li class=\"category\"><a href=\"https:\/\/autoshow.at\/en\/product-category\/arena-143\/\" rel=\"tag\">ARENA 1:43<\/a><\/li><li class=\"title\"><h2><a href=\"https:\/\/autoshow.at\/en\/product\/ferrari-365gtb-4-daytona-nart-set-of-all-4-cars-24h-le-mans-1973-6-36-37-38\/\">Ferrari 365GTB\/4 Daytona &#8222;NART&#8220;: Set of all 4 cars 24H Le Mans 1973, # 6, # 36, # 37, # 38<\/a><\/h2><\/li><li class=\"price-wrap\">\n\t<span class=\"price\"><span class=\"woocommerce-Price-amount amount\"><bdi>949,00&nbsp;<span class=\"woocommerce-Price-currencySymbol\">&euro;<\/span><\/bdi><\/span><\/span>\n<\/li><li class=\"wc-gzd\">\n\n\n\t<p class=\"wc-gzd-additional-info shipping-costs-info\">plus <a href=\"https:\/\/autoshow.at\/en\/versandarten\/\" target=\"_blank\">shipping<\/a><\/p>\n\n\n<\/li><li class=\"rating\"><\/li><li class=\"btn-wrap clr\"><a class=\"button\" href=\"https:\/\/autoshow.at\/en\/product\/ferrari-365gtb-4-daytona-nart-set-of-all-4-cars-24h-le-mans-1973-6-36-37-38\/\" data-no-translation=\"\" data-trp-gettext=\"\">Show product<\/a>\t<span id=\"woocommerce_loop_add_to_cart_link_describedby_105128\" class=\"screen-reader-text\">\n\t\t\t<\/span>\n<\/li><\/ul><\/div><!-- .product-inner .clr --><\/li>\n<li class=\"entry has-media has-product-nav col span_1_of_3 owp-content-center owp-thumbs-layout-horizontal owp-btn-normal owp-tabs-layout-horizontal has-no-thumbnails product type-product post-105129 status-publish instock product_cat-arena-143 has-post-thumbnail purchasable product-type-simple\">\n\t<div class=\"product-inner clr\">\n\t<div class=\"woo-entry-image clr\">\n\t\t<a href=\"https:\/\/autoshow.at\/en\/product\/ferrari-365gtb-4-daytona-nart-set-of-all-3-cars-24h-le-mans-1972-38-57-74\/\" class=\"woocommerce-LoopProduct-link\"><img loading=\"lazy\" decoding=\"async\" width=\"732\" height=\"425\" src=\"https:\/\/autoshow.at\/wp-content\/uploads\/2026\/02\/arena-set-ferrari-365gtb4-daytona-le-mans-1972-autoshow-lagernd-1-43.jpg\" class=\"woo-entry-image-main\" alt=\"Ferrari 365GTB\/4 Daytona &#8222;NART&#8220;: Set of all 3 cars: 24H Le Mans 1972, # 38, # 57, # 74\" itemprop=\"image\" srcset=\"https:\/\/autoshow.at\/wp-content\/uploads\/2026\/02\/arena-set-ferrari-365gtb4-daytona-le-mans-1972-autoshow-lagernd-1-43.jpg 732w, https:\/\/autoshow.at\/wp-content\/uploads\/2026\/02\/arena-set-ferrari-365gtb4-daytona-le-mans-1972-autoshow-lagernd-1-43-300x174.jpg 300w, https:\/\/autoshow.at\/wp-content\/uploads\/2026\/02\/arena-set-ferrari-365gtb4-daytona-le-mans-1972-autoshow-lagernd-1-43-18x10.jpg 18w, https:\/\/autoshow.at\/wp-content\/uploads\/2026\/02\/arena-set-ferrari-365gtb4-daytona-le-mans-1972-autoshow-lagernd-1-43-64x37.jpg 64w\" sizes=\"(max-width: 732px) 100vw, 732px\" \/><\/a><a href=\"#\" id=\"product_id_105129\" class=\"owp-quick-view\" data-product_id=\"105129\" aria-label=\"Quickly preview product Ferrari 365GTB\/4 Daytona \"nart\": set of all 3 cars: 24h le mans 1972, # 38, 57, 74\"><i class=\"icon-eye\" aria-hidden=\"true\" role=\"img\"><\/i> Quick View<\/a>\t<\/div><!-- .woo-entry-image -->\n\n\n\n\n\n\n\t<p class=\"wc-gzd-additional-info wc-gzd-additional-info-loop shipping-costs-info\">plus <a href=\"https:\/\/autoshow.at\/en\/versandarten\/\" target=\"_blank\">shipping<\/a><\/p>\n\n\n<ul class=\"woo-entry-inner clr\"><li class=\"image-wrap\">\n\t<div class=\"woo-entry-image clr\">\n\t\t<a href=\"https:\/\/autoshow.at\/en\/product\/ferrari-365gtb-4-daytona-nart-set-of-all-3-cars-24h-le-mans-1972-38-57-74\/\" class=\"woocommerce-LoopProduct-link\"><img loading=\"lazy\" decoding=\"async\" width=\"732\" height=\"425\" src=\"https:\/\/autoshow.at\/wp-content\/uploads\/2026\/02\/arena-set-ferrari-365gtb4-daytona-le-mans-1972-autoshow-lagernd-1-43.jpg\" class=\"woo-entry-image-main\" alt=\"Ferrari 365GTB\/4 Daytona &#8222;NART&#8220;: Set of all 3 cars: 24H Le Mans 1972, # 38, # 57, # 74\" itemprop=\"image\" srcset=\"https:\/\/autoshow.at\/wp-content\/uploads\/2026\/02\/arena-set-ferrari-365gtb4-daytona-le-mans-1972-autoshow-lagernd-1-43.jpg 732w, https:\/\/autoshow.at\/wp-content\/uploads\/2026\/02\/arena-set-ferrari-365gtb4-daytona-le-mans-1972-autoshow-lagernd-1-43-300x174.jpg 300w, https:\/\/autoshow.at\/wp-content\/uploads\/2026\/02\/arena-set-ferrari-365gtb4-daytona-le-mans-1972-autoshow-lagernd-1-43-18x10.jpg 18w, https:\/\/autoshow.at\/wp-content\/uploads\/2026\/02\/arena-set-ferrari-365gtb4-daytona-le-mans-1972-autoshow-lagernd-1-43-64x37.jpg 64w\" sizes=\"(max-width: 732px) 100vw, 732px\" \/><\/a><a href=\"#\" id=\"product_id_105129\" class=\"owp-quick-view\" data-product_id=\"105129\" aria-label=\"Quickly preview product Ferrari 365GTB\/4 Daytona \"nart\": set of all 3 cars: 24h le mans 1972, # 38, 57, 74\"><i class=\"icon-eye\" aria-hidden=\"true\" role=\"img\"><\/i> Quick View<\/a>\t<\/div><!-- .woo-entry-image -->\n\n<\/li><li class=\"category\"><a href=\"https:\/\/autoshow.at\/en\/product-category\/arena-143\/\" rel=\"tag\">ARENA 1:43<\/a><\/li><li class=\"title\"><h2><a href=\"https:\/\/autoshow.at\/en\/product\/ferrari-365gtb-4-daytona-nart-set-of-all-3-cars-24h-le-mans-1972-38-57-74\/\">Ferrari 365GTB\/4 Daytona &#8222;NART&#8220;: Set of all 3 cars: 24H Le Mans 1972, # 38, # 57, # 74<\/a><\/h2><\/li><li class=\"price-wrap\">\n\t<span class=\"price\"><span class=\"woocommerce-Price-amount amount\"><bdi>699,00&nbsp;<span class=\"woocommerce-Price-currencySymbol\">&euro;<\/span><\/bdi><\/span><\/span>\n<\/li><li class=\"wc-gzd\">\n\n\n\t<p class=\"wc-gzd-additional-info shipping-costs-info\">plus <a href=\"https:\/\/autoshow.at\/en\/versandarten\/\" target=\"_blank\">shipping<\/a><\/p>\n\n\n<\/li><li class=\"rating\"><\/li><li class=\"btn-wrap clr\"><a class=\"button\" href=\"https:\/\/autoshow.at\/en\/product\/ferrari-365gtb-4-daytona-nart-set-of-all-3-cars-24h-le-mans-1972-38-57-74\/\" data-no-translation=\"\" data-trp-gettext=\"\">Show product<\/a>\t<span id=\"woocommerce_loop_add_to_cart_link_describedby_105129\" class=\"screen-reader-text\">\n\t\t\t<\/span>\n<\/li><\/ul><\/div><!-- .product-inner .clr --><\/li>\n<li class=\"entry has-media has-product-nav col span_1_of_3 owp-content-center owp-thumbs-layout-horizontal owp-btn-normal owp-tabs-layout-horizontal has-no-thumbnails product type-product post-105130 status-publish last instock product_cat-arena-143 has-post-thumbnail purchasable product-type-simple\">\n\t<div class=\"product-inner clr\">\n\t<div class=\"woo-entry-image clr\">\n\t\t<a href=\"https:\/\/autoshow.at\/en\/product\/ferrari-365gtb-4-daytona-ramsey-racing-modena-sport-cars-set-of-all-3-cars-24h-daytona-1977-64-65-66\/\" class=\"woocommerce-LoopProduct-link\"><img loading=\"lazy\" decoding=\"async\" width=\"792\" height=\"432\" src=\"https:\/\/autoshow.at\/wp-content\/uploads\/2026\/02\/arena-set-ferrari-365gtb4-daytona-1977-autoshow-lagernd-1-43.jpg\" class=\"woo-entry-image-main\" alt=\"Ferrari 365GTB\/4 Daytona &#8222;Ramsey Racing Modena Sport Cars&#8220;: Set of all 3 cars 24H Daytona 1977, # 64, # 65, # 66\" itemprop=\"image\" srcset=\"https:\/\/autoshow.at\/wp-content\/uploads\/2026\/02\/arena-set-ferrari-365gtb4-daytona-1977-autoshow-lagernd-1-43.jpg 792w, https:\/\/autoshow.at\/wp-content\/uploads\/2026\/02\/arena-set-ferrari-365gtb4-daytona-1977-autoshow-lagernd-1-43-300x164.jpg 300w, https:\/\/autoshow.at\/wp-content\/uploads\/2026\/02\/arena-set-ferrari-365gtb4-daytona-1977-autoshow-lagernd-1-43-768x419.jpg 768w, https:\/\/autoshow.at\/wp-content\/uploads\/2026\/02\/arena-set-ferrari-365gtb4-daytona-1977-autoshow-lagernd-1-43-18x10.jpg 18w, https:\/\/autoshow.at\/wp-content\/uploads\/2026\/02\/arena-set-ferrari-365gtb4-daytona-1977-autoshow-lagernd-1-43-64x35.jpg 64w\" sizes=\"(max-width: 792px) 100vw, 792px\" \/><\/a><a href=\"#\" id=\"product_id_105130\" class=\"owp-quick-view\" data-product_id=\"105130\" aria-label=\"Quickly preview product Ferrari 365GTB\/4 Daytona \"ramsey racing modena sport cars\": set of all 3 cars 24h daytona 1977, # 64, 65, 66\"><i class=\"icon-eye\" aria-hidden=\"true\" role=\"img\"><\/i> Quick View<\/a>\t<\/div><!-- .woo-entry-image -->\n\n\n\n\n\n\n\t<p class=\"wc-gzd-additional-info wc-gzd-additional-info-loop shipping-costs-info\">plus <a href=\"https:\/\/autoshow.at\/en\/versandarten\/\" target=\"_blank\">shipping<\/a><\/p>\n\n\n<ul class=\"woo-entry-inner clr\"><li class=\"image-wrap\">\n\t<div class=\"woo-entry-image clr\">\n\t\t<a href=\"https:\/\/autoshow.at\/en\/product\/ferrari-365gtb-4-daytona-ramsey-racing-modena-sport-cars-set-of-all-3-cars-24h-daytona-1977-64-65-66\/\" class=\"woocommerce-LoopProduct-link\"><img loading=\"lazy\" decoding=\"async\" width=\"792\" height=\"432\" src=\"https:\/\/autoshow.at\/wp-content\/uploads\/2026\/02\/arena-set-ferrari-365gtb4-daytona-1977-autoshow-lagernd-1-43.jpg\" class=\"woo-entry-image-main\" alt=\"Ferrari 365GTB\/4 Daytona &#8222;Ramsey Racing Modena Sport Cars&#8220;: Set of all 3 cars 24H Daytona 1977, # 64, # 65, # 66\" itemprop=\"image\" srcset=\"https:\/\/autoshow.at\/wp-content\/uploads\/2026\/02\/arena-set-ferrari-365gtb4-daytona-1977-autoshow-lagernd-1-43.jpg 792w, https:\/\/autoshow.at\/wp-content\/uploads\/2026\/02\/arena-set-ferrari-365gtb4-daytona-1977-autoshow-lagernd-1-43-300x164.jpg 300w, https:\/\/autoshow.at\/wp-content\/uploads\/2026\/02\/arena-set-ferrari-365gtb4-daytona-1977-autoshow-lagernd-1-43-768x419.jpg 768w, https:\/\/autoshow.at\/wp-content\/uploads\/2026\/02\/arena-set-ferrari-365gtb4-daytona-1977-autoshow-lagernd-1-43-18x10.jpg 18w, https:\/\/autoshow.at\/wp-content\/uploads\/2026\/02\/arena-set-ferrari-365gtb4-daytona-1977-autoshow-lagernd-1-43-64x35.jpg 64w\" sizes=\"(max-width: 792px) 100vw, 792px\" \/><\/a><a href=\"#\" id=\"product_id_105130\" class=\"owp-quick-view\" data-product_id=\"105130\" aria-label=\"Quickly preview product Ferrari 365GTB\/4 Daytona \"ramsey racing modena sport cars\": set of all 3 cars 24h daytona 1977, # 64, 65, 66\"><i class=\"icon-eye\" aria-hidden=\"true\" role=\"img\"><\/i> Quick View<\/a>\t<\/div><!-- .woo-entry-image -->\n\n<\/li><li class=\"category\"><a href=\"https:\/\/autoshow.at\/en\/product-category\/arena-143\/\" rel=\"tag\">ARENA 1:43<\/a><\/li><li class=\"title\"><h2><a href=\"https:\/\/autoshow.at\/en\/product\/ferrari-365gtb-4-daytona-ramsey-racing-modena-sport-cars-set-of-all-3-cars-24h-daytona-1977-64-65-66\/\">Ferrari 365GTB\/4 Daytona &#8222;Ramsey Racing Modena Sport Cars&#8220;: Set of all 3 cars 24H Daytona 1977, # 64, # 65, # 66<\/a><\/h2><\/li><li class=\"price-wrap\">\n\t<span class=\"price\"><span class=\"woocommerce-Price-amount amount\"><bdi>699,00&nbsp;<span class=\"woocommerce-Price-currencySymbol\">&euro;<\/span><\/bdi><\/span><\/span>\n<\/li><li class=\"wc-gzd\">\n\n\n\t<p class=\"wc-gzd-additional-info shipping-costs-info\">plus <a href=\"https:\/\/autoshow.at\/en\/versandarten\/\" target=\"_blank\">shipping<\/a><\/p>\n\n\n<\/li><li class=\"rating\"><\/li><li class=\"btn-wrap clr\"><a class=\"button\" href=\"https:\/\/autoshow.at\/en\/product\/ferrari-365gtb-4-daytona-ramsey-racing-modena-sport-cars-set-of-all-3-cars-24h-daytona-1977-64-65-66\/\" data-no-translation=\"\" data-trp-gettext=\"\">Show product<\/a>\t<span id=\"woocommerce_loop_add_to_cart_link_describedby_105130\" class=\"screen-reader-text\">\n\t\t\t<\/span>\n<\/li><\/ul><\/div><!-- .product-inner .clr --><\/li>\n<li class=\"entry has-media has-product-nav col span_1_of_3 owp-content-center owp-thumbs-layout-horizontal owp-btn-normal owp-tabs-layout-horizontal has-no-thumbnails product type-product post-105131 status-publish first instock product_cat-arena-143 has-post-thumbnail purchasable product-type-simple\">\n\t<div class=\"product-inner clr\">\n\t<div class=\"woo-entry-image clr\">\n\t\t<a href=\"https:\/\/autoshow.at\/en\/product\/ferrari-500trc-rally-jolly-hotels-from-this-event-the-giro-ditalia-developed-starrabba-158\/\" class=\"woocommerce-LoopProduct-link\"><img loading=\"lazy\" decoding=\"async\" width=\"1164\" height=\"777\" src=\"https:\/\/autoshow.at\/wp-content\/uploads\/2026\/02\/arena-ars153-ferrari-500trc-autoshow-lagernd-1-43.jpg\" class=\"woo-entry-image-main\" alt=\"Ferrari 500TRC, Rally Jolly Hotels (from this event, the Giro d&#8217;Italia developed), Starrabba, # 158\" itemprop=\"image\" srcset=\"https:\/\/autoshow.at\/wp-content\/uploads\/2026\/02\/arena-ars153-ferrari-500trc-autoshow-lagernd-1-43.jpg 1164w, https:\/\/autoshow.at\/wp-content\/uploads\/2026\/02\/arena-ars153-ferrari-500trc-autoshow-lagernd-1-43-300x200.jpg 300w, https:\/\/autoshow.at\/wp-content\/uploads\/2026\/02\/arena-ars153-ferrari-500trc-autoshow-lagernd-1-43-1024x684.jpg 1024w, https:\/\/autoshow.at\/wp-content\/uploads\/2026\/02\/arena-ars153-ferrari-500trc-autoshow-lagernd-1-43-768x513.jpg 768w, https:\/\/autoshow.at\/wp-content\/uploads\/2026\/02\/arena-ars153-ferrari-500trc-autoshow-lagernd-1-43-18x12.jpg 18w, https:\/\/autoshow.at\/wp-content\/uploads\/2026\/02\/arena-ars153-ferrari-500trc-autoshow-lagernd-1-43-64x43.jpg 64w\" sizes=\"(max-width: 1164px) 100vw, 1164px\" \/><\/a><a href=\"#\" id=\"product_id_105131\" class=\"owp-quick-view\" data-product_id=\"105131\" aria-label=\"Quickly preview product Ferrari 500TRC, Rally Jolly Hotels (from this event, the Giro d'Italia developed), Starrabba, # 158\"><i class=\"icon-eye\" aria-hidden=\"true\" role=\"img\"><\/i> Quick View<\/a>\t<\/div><!-- .woo-entry-image -->\n\n\n\n\n\n\n\t<p class=\"wc-gzd-additional-info wc-gzd-additional-info-loop shipping-costs-info\">plus <a href=\"https:\/\/autoshow.at\/en\/versandarten\/\" target=\"_blank\">shipping<\/a><\/p>\n\n\n<ul class=\"woo-entry-inner clr\"><li class=\"image-wrap\">\n\t<div class=\"woo-entry-image clr\">\n\t\t<a href=\"https:\/\/autoshow.at\/en\/product\/ferrari-500trc-rally-jolly-hotels-from-this-event-the-giro-ditalia-developed-starrabba-158\/\" class=\"woocommerce-LoopProduct-link\"><img loading=\"lazy\" decoding=\"async\" width=\"1164\" height=\"777\" src=\"https:\/\/autoshow.at\/wp-content\/uploads\/2026\/02\/arena-ars153-ferrari-500trc-autoshow-lagernd-1-43.jpg\" class=\"woo-entry-image-main\" alt=\"Ferrari 500TRC, Rally Jolly Hotels (from this event, the Giro d&#8217;Italia developed), Starrabba, # 158\" itemprop=\"image\" srcset=\"https:\/\/autoshow.at\/wp-content\/uploads\/2026\/02\/arena-ars153-ferrari-500trc-autoshow-lagernd-1-43.jpg 1164w, https:\/\/autoshow.at\/wp-content\/uploads\/2026\/02\/arena-ars153-ferrari-500trc-autoshow-lagernd-1-43-300x200.jpg 300w, https:\/\/autoshow.at\/wp-content\/uploads\/2026\/02\/arena-ars153-ferrari-500trc-autoshow-lagernd-1-43-1024x684.jpg 1024w, https:\/\/autoshow.at\/wp-content\/uploads\/2026\/02\/arena-ars153-ferrari-500trc-autoshow-lagernd-1-43-768x513.jpg 768w, https:\/\/autoshow.at\/wp-content\/uploads\/2026\/02\/arena-ars153-ferrari-500trc-autoshow-lagernd-1-43-18x12.jpg 18w, https:\/\/autoshow.at\/wp-content\/uploads\/2026\/02\/arena-ars153-ferrari-500trc-autoshow-lagernd-1-43-64x43.jpg 64w\" sizes=\"(max-width: 1164px) 100vw, 1164px\" \/><\/a><a href=\"#\" id=\"product_id_105131\" class=\"owp-quick-view\" data-product_id=\"105131\" aria-label=\"Quickly preview product Ferrari 500TRC, Rally Jolly Hotels (from this event, the Giro d'Italia developed), Starrabba, # 158\"><i class=\"icon-eye\" aria-hidden=\"true\" role=\"img\"><\/i> Quick View<\/a>\t<\/div><!-- .woo-entry-image -->\n\n<\/li><li class=\"category\"><a href=\"https:\/\/autoshow.at\/en\/product-category\/arena-143\/\" rel=\"tag\">ARENA 1:43<\/a><\/li><li class=\"title\"><h2><a href=\"https:\/\/autoshow.at\/en\/product\/ferrari-500trc-rally-jolly-hotels-from-this-event-the-giro-ditalia-developed-starrabba-158\/\">Ferrari 500TRC, Rally Jolly Hotels (from this event, the Giro d&#8217;Italia developed), Starrabba, # 158<\/a><\/h2><\/li><li class=\"price-wrap\">\n\t<span class=\"price\"><span class=\"woocommerce-Price-amount amount\"><bdi>239,00&nbsp;<span class=\"woocommerce-Price-currencySymbol\">&euro;<\/span><\/bdi><\/span><\/span>\n<\/li><li class=\"wc-gzd\">\n\n\n\t<p class=\"wc-gzd-additional-info shipping-costs-info\">plus <a href=\"https:\/\/autoshow.at\/en\/versandarten\/\" target=\"_blank\">shipping<\/a><\/p>\n\n\n<\/li><li class=\"rating\"><\/li><li class=\"btn-wrap clr\"><a class=\"button\" href=\"https:\/\/autoshow.at\/en\/product\/ferrari-500trc-rally-jolly-hotels-from-this-event-the-giro-ditalia-developed-starrabba-158\/\" data-no-translation=\"\" data-trp-gettext=\"\">Show product<\/a>\t<span id=\"woocommerce_loop_add_to_cart_link_describedby_105131\" class=\"screen-reader-text\">\n\t\t\t<\/span>\n<\/li><\/ul><\/div><!-- .product-inner .clr --><\/li>\n<li class=\"entry has-media has-product-nav col span_1_of_3 owp-content-center owp-thumbs-layout-horizontal owp-btn-normal owp-tabs-layout-horizontal has-no-thumbnails product type-product post-105132 status-publish instock product_cat-arena-143 has-post-thumbnail purchasable product-type-simple\">\n\t<div class=\"product-inner clr\">\n\t<div class=\"woo-entry-image clr\">\n\t\t<a href=\"https:\/\/autoshow.at\/en\/product\/ferrari-500trc-press-presentation-version-of-rally-jolly-hotels-car-rot-ohne-startnummer-red-without-race-decals\/\" class=\"woocommerce-LoopProduct-link\"><img loading=\"lazy\" decoding=\"async\" width=\"1164\" height=\"777\" src=\"https:\/\/autoshow.at\/wp-content\/uploads\/2026\/02\/arena-ars153-ferrari-500trc-autoshow-lagernd-1-43.jpg\" class=\"woo-entry-image-main\" alt=\"Ferrari 500TRC, press presentation version of Rally Jolly Hotels car, rot ohne Startnummer \/ red without race decals\" itemprop=\"image\" srcset=\"https:\/\/autoshow.at\/wp-content\/uploads\/2026\/02\/arena-ars153-ferrari-500trc-autoshow-lagernd-1-43.jpg 1164w, https:\/\/autoshow.at\/wp-content\/uploads\/2026\/02\/arena-ars153-ferrari-500trc-autoshow-lagernd-1-43-300x200.jpg 300w, https:\/\/autoshow.at\/wp-content\/uploads\/2026\/02\/arena-ars153-ferrari-500trc-autoshow-lagernd-1-43-1024x684.jpg 1024w, https:\/\/autoshow.at\/wp-content\/uploads\/2026\/02\/arena-ars153-ferrari-500trc-autoshow-lagernd-1-43-768x513.jpg 768w, https:\/\/autoshow.at\/wp-content\/uploads\/2026\/02\/arena-ars153-ferrari-500trc-autoshow-lagernd-1-43-18x12.jpg 18w, https:\/\/autoshow.at\/wp-content\/uploads\/2026\/02\/arena-ars153-ferrari-500trc-autoshow-lagernd-1-43-64x43.jpg 64w\" sizes=\"(max-width: 1164px) 100vw, 1164px\" \/><\/a><a href=\"#\" id=\"product_id_105132\" class=\"owp-quick-view\" data-product_id=\"105132\" aria-label=\"Quickly preview product Ferrari 500TRC, press presentation version of Rally Jolly Hotels car, rot ohne Startnummer \/ red without race decals\"><i class=\"icon-eye\" aria-hidden=\"true\" role=\"img\"><\/i> Quick View<\/a>\t<\/div><!-- .woo-entry-image -->\n\n\n\n\n\n\n\t<p class=\"wc-gzd-additional-info wc-gzd-additional-info-loop shipping-costs-info\">plus <a href=\"https:\/\/autoshow.at\/en\/versandarten\/\" target=\"_blank\">shipping<\/a><\/p>\n\n\n<ul class=\"woo-entry-inner clr\"><li class=\"image-wrap\">\n\t<div class=\"woo-entry-image clr\">\n\t\t<a href=\"https:\/\/autoshow.at\/en\/product\/ferrari-500trc-press-presentation-version-of-rally-jolly-hotels-car-rot-ohne-startnummer-red-without-race-decals\/\" class=\"woocommerce-LoopProduct-link\"><img loading=\"lazy\" decoding=\"async\" width=\"1164\" height=\"777\" src=\"https:\/\/autoshow.at\/wp-content\/uploads\/2026\/02\/arena-ars153-ferrari-500trc-autoshow-lagernd-1-43.jpg\" class=\"woo-entry-image-main\" alt=\"Ferrari 500TRC, press presentation version of Rally Jolly Hotels car, rot ohne Startnummer \/ red without race decals\" itemprop=\"image\" srcset=\"https:\/\/autoshow.at\/wp-content\/uploads\/2026\/02\/arena-ars153-ferrari-500trc-autoshow-lagernd-1-43.jpg 1164w, https:\/\/autoshow.at\/wp-content\/uploads\/2026\/02\/arena-ars153-ferrari-500trc-autoshow-lagernd-1-43-300x200.jpg 300w, https:\/\/autoshow.at\/wp-content\/uploads\/2026\/02\/arena-ars153-ferrari-500trc-autoshow-lagernd-1-43-1024x684.jpg 1024w, https:\/\/autoshow.at\/wp-content\/uploads\/2026\/02\/arena-ars153-ferrari-500trc-autoshow-lagernd-1-43-768x513.jpg 768w, https:\/\/autoshow.at\/wp-content\/uploads\/2026\/02\/arena-ars153-ferrari-500trc-autoshow-lagernd-1-43-18x12.jpg 18w, https:\/\/autoshow.at\/wp-content\/uploads\/2026\/02\/arena-ars153-ferrari-500trc-autoshow-lagernd-1-43-64x43.jpg 64w\" sizes=\"(max-width: 1164px) 100vw, 1164px\" \/><\/a><a href=\"#\" id=\"product_id_105132\" class=\"owp-quick-view\" data-product_id=\"105132\" aria-label=\"Quickly preview product Ferrari 500TRC, press presentation version of Rally Jolly Hotels car, rot ohne Startnummer \/ red without race decals\"><i class=\"icon-eye\" aria-hidden=\"true\" role=\"img\"><\/i> Quick View<\/a>\t<\/div><!-- .woo-entry-image -->\n\n<\/li><li class=\"category\"><a href=\"https:\/\/autoshow.at\/en\/product-category\/arena-143\/\" rel=\"tag\">ARENA 1:43<\/a><\/li><li class=\"title\"><h2><a href=\"https:\/\/autoshow.at\/en\/product\/ferrari-500trc-press-presentation-version-of-rally-jolly-hotels-car-rot-ohne-startnummer-red-without-race-decals\/\">Ferrari 500TRC, press presentation version of Rally Jolly Hotels car, rot ohne Startnummer \/ red without race decals<\/a><\/h2><\/li><li class=\"price-wrap\">\n\t<span class=\"price\"><span class=\"woocommerce-Price-amount amount\"><bdi>239,00&nbsp;<span class=\"woocommerce-Price-currencySymbol\">&euro;<\/span><\/bdi><\/span><\/span>\n<\/li><li class=\"wc-gzd\">\n\n\n\t<p class=\"wc-gzd-additional-info shipping-costs-info\">plus <a href=\"https:\/\/autoshow.at\/en\/versandarten\/\" target=\"_blank\">shipping<\/a><\/p>\n\n\n<\/li><li class=\"rating\"><\/li><li class=\"btn-wrap clr\"><a class=\"button\" href=\"https:\/\/autoshow.at\/en\/product\/ferrari-500trc-press-presentation-version-of-rally-jolly-hotels-car-rot-ohne-startnummer-red-without-race-decals\/\" data-no-translation=\"\" data-trp-gettext=\"\">Show product<\/a>\t<span id=\"woocommerce_loop_add_to_cart_link_describedby_105132\" class=\"screen-reader-text\">\n\t\t\t<\/span>\n<\/li><\/ul><\/div><!-- .product-inner .clr --><\/li>\n<li class=\"entry has-media has-product-nav col span_1_of_3 owp-content-center owp-thumbs-layout-horizontal owp-btn-normal owp-tabs-layout-horizontal product type-product post-105326 status-publish last instock product_cat-amr-le-phoenix-143 has-post-thumbnail purchasable product-type-simple\">\n\t<div class=\"product-inner clr\">\n\t<div class=\"woo-entry-image-swap woo-entry-image clr\">\n\t\t<a href=\"https:\/\/autoshow.at\/en\/product\/ferrari-250-gto-20-1000-km-nuerburgring-1964-ramminger-schander-76-zu-oeffnende-motorhaube-mit-12-zylinder-opening-front-with-12-cylinder-in-alcantara-design-vitrine\/\" class=\"woocommerce-LoopProduct-link\"><img loading=\"lazy\" decoding=\"async\" width=\"1200\" height=\"900\" src=\"https:\/\/autoshow.at\/wp-content\/uploads\/2026\/03\/amr-ferrari-250-gto-nuerb-76-autoshow-lagernd-1-43-1.jpg\" class=\"woo-entry-image-main\" alt=\"Ferrari 250 GTO, 20\u00b0 1000 km N\u00fcrburgring 1964, Ramminger \/ Schander, # 76 &#8211; ZU \u00d6FFNENDE Motorhaube mit 12 Zylinder ! OPENING front with 12 cylinder ! &#8211; in Alcantara Design Vitrine\" itemprop=\"image\" srcset=\"https:\/\/autoshow.at\/wp-content\/uploads\/2026\/03\/amr-ferrari-250-gto-nuerb-76-autoshow-lagernd-1-43-1.jpg 1200w, https:\/\/autoshow.at\/wp-content\/uploads\/2026\/03\/amr-ferrari-250-gto-nuerb-76-autoshow-lagernd-1-43-1-300x225.jpg 300w, https:\/\/autoshow.at\/wp-content\/uploads\/2026\/03\/amr-ferrari-250-gto-nuerb-76-autoshow-lagernd-1-43-1-1024x768.jpg 1024w, https:\/\/autoshow.at\/wp-content\/uploads\/2026\/03\/amr-ferrari-250-gto-nuerb-76-autoshow-lagernd-1-43-1-768x576.jpg 768w, https:\/\/autoshow.at\/wp-content\/uploads\/2026\/03\/amr-ferrari-250-gto-nuerb-76-autoshow-lagernd-1-43-1-16x12.jpg 16w, https:\/\/autoshow.at\/wp-content\/uploads\/2026\/03\/amr-ferrari-250-gto-nuerb-76-autoshow-lagernd-1-43-1-64x48.jpg 64w\" sizes=\"(max-width: 1200px) 100vw, 1200px\" \/><img loading=\"lazy\" decoding=\"async\" width=\"1200\" height=\"900\" src=\"https:\/\/autoshow.at\/wp-content\/uploads\/2026\/03\/amr-ferrari-250-gto-nuerb-76-autoshow-lagernd-1-43-2.jpg\" class=\"woo-entry-image-secondary\" alt=\"Ferrari 250 GTO, 20\u00b0 1000 km N\u00fcrburgring 1964, Ramminger \/ Schander, # 76 &#8211; ZU \u00d6FFNENDE Motorhaube mit 12 Zylinder ! OPENING front with 12 cylinder ! &#8211; in Alcantara Design Vitrine\" itemprop=\"image\" srcset=\"https:\/\/autoshow.at\/wp-content\/uploads\/2026\/03\/amr-ferrari-250-gto-nuerb-76-autoshow-lagernd-1-43-2.jpg 1200w, https:\/\/autoshow.at\/wp-content\/uploads\/2026\/03\/amr-ferrari-250-gto-nuerb-76-autoshow-lagernd-1-43-2-300x225.jpg 300w, https:\/\/autoshow.at\/wp-content\/uploads\/2026\/03\/amr-ferrari-250-gto-nuerb-76-autoshow-lagernd-1-43-2-1024x768.jpg 1024w, https:\/\/autoshow.at\/wp-content\/uploads\/2026\/03\/amr-ferrari-250-gto-nuerb-76-autoshow-lagernd-1-43-2-768x576.jpg 768w, https:\/\/autoshow.at\/wp-content\/uploads\/2026\/03\/amr-ferrari-250-gto-nuerb-76-autoshow-lagernd-1-43-2-16x12.jpg 16w, https:\/\/autoshow.at\/wp-content\/uploads\/2026\/03\/amr-ferrari-250-gto-nuerb-76-autoshow-lagernd-1-43-2-64x48.jpg 64w\" sizes=\"(max-width: 1200px) 100vw, 1200px\" \/><\/a><a href=\"#\" id=\"product_id_105326\" class=\"owp-quick-view\" data-product_id=\"105326\" aria-label=\"Quickly preview product Ferrari 250 GTO, 20\u00b0 1000 km N\u00fcrburgring 1964, Ramminger \/ Schander, # 76 - ZU \u00d6FFNENDE Motorhaube mit 12 Zylinder ! OPENING front with 12 cylinder ! - in Alcantara Design Vitrine\"><i class=\"icon-eye\" aria-hidden=\"true\" role=\"img\"><\/i> Quick View<\/a>\t<\/div><!-- .woo-entry-image-swap -->\n\n\n\n\n\n\n\t<p class=\"wc-gzd-additional-info wc-gzd-additional-info-loop shipping-costs-info\">plus <a href=\"https:\/\/autoshow.at\/en\/versandarten\/\" target=\"_blank\">shipping<\/a><\/p>\n\n\n<ul class=\"woo-entry-inner clr\"><li class=\"image-wrap\">\n\t<div class=\"woo-entry-image-swap woo-entry-image clr\">\n\t\t<a href=\"https:\/\/autoshow.at\/en\/product\/ferrari-250-gto-20-1000-km-nuerburgring-1964-ramminger-schander-76-zu-oeffnende-motorhaube-mit-12-zylinder-opening-front-with-12-cylinder-in-alcantara-design-vitrine\/\" class=\"woocommerce-LoopProduct-link\"><img loading=\"lazy\" decoding=\"async\" width=\"1200\" height=\"900\" src=\"https:\/\/autoshow.at\/wp-content\/uploads\/2026\/03\/amr-ferrari-250-gto-nuerb-76-autoshow-lagernd-1-43-1.jpg\" class=\"woo-entry-image-main\" alt=\"Ferrari 250 GTO, 20\u00b0 1000 km N\u00fcrburgring 1964, Ramminger \/ Schander, # 76 &#8211; ZU \u00d6FFNENDE Motorhaube mit 12 Zylinder ! OPENING front with 12 cylinder ! &#8211; in Alcantara Design Vitrine\" itemprop=\"image\" srcset=\"https:\/\/autoshow.at\/wp-content\/uploads\/2026\/03\/amr-ferrari-250-gto-nuerb-76-autoshow-lagernd-1-43-1.jpg 1200w, https:\/\/autoshow.at\/wp-content\/uploads\/2026\/03\/amr-ferrari-250-gto-nuerb-76-autoshow-lagernd-1-43-1-300x225.jpg 300w, https:\/\/autoshow.at\/wp-content\/uploads\/2026\/03\/amr-ferrari-250-gto-nuerb-76-autoshow-lagernd-1-43-1-1024x768.jpg 1024w, https:\/\/autoshow.at\/wp-content\/uploads\/2026\/03\/amr-ferrari-250-gto-nuerb-76-autoshow-lagernd-1-43-1-768x576.jpg 768w, https:\/\/autoshow.at\/wp-content\/uploads\/2026\/03\/amr-ferrari-250-gto-nuerb-76-autoshow-lagernd-1-43-1-16x12.jpg 16w, https:\/\/autoshow.at\/wp-content\/uploads\/2026\/03\/amr-ferrari-250-gto-nuerb-76-autoshow-lagernd-1-43-1-64x48.jpg 64w\" sizes=\"(max-width: 1200px) 100vw, 1200px\" \/><img loading=\"lazy\" decoding=\"async\" width=\"1200\" height=\"900\" src=\"https:\/\/autoshow.at\/wp-content\/uploads\/2026\/03\/amr-ferrari-250-gto-nuerb-76-autoshow-lagernd-1-43-2.jpg\" class=\"woo-entry-image-secondary\" alt=\"Ferrari 250 GTO, 20\u00b0 1000 km N\u00fcrburgring 1964, Ramminger \/ Schander, # 76 &#8211; ZU \u00d6FFNENDE Motorhaube mit 12 Zylinder ! OPENING front with 12 cylinder ! &#8211; in Alcantara Design Vitrine\" itemprop=\"image\" srcset=\"https:\/\/autoshow.at\/wp-content\/uploads\/2026\/03\/amr-ferrari-250-gto-nuerb-76-autoshow-lagernd-1-43-2.jpg 1200w, https:\/\/autoshow.at\/wp-content\/uploads\/2026\/03\/amr-ferrari-250-gto-nuerb-76-autoshow-lagernd-1-43-2-300x225.jpg 300w, https:\/\/autoshow.at\/wp-content\/uploads\/2026\/03\/amr-ferrari-250-gto-nuerb-76-autoshow-lagernd-1-43-2-1024x768.jpg 1024w, https:\/\/autoshow.at\/wp-content\/uploads\/2026\/03\/amr-ferrari-250-gto-nuerb-76-autoshow-lagernd-1-43-2-768x576.jpg 768w, https:\/\/autoshow.at\/wp-content\/uploads\/2026\/03\/amr-ferrari-250-gto-nuerb-76-autoshow-lagernd-1-43-2-16x12.jpg 16w, https:\/\/autoshow.at\/wp-content\/uploads\/2026\/03\/amr-ferrari-250-gto-nuerb-76-autoshow-lagernd-1-43-2-64x48.jpg 64w\" sizes=\"(max-width: 1200px) 100vw, 1200px\" \/><\/a><a href=\"#\" id=\"product_id_105326\" class=\"owp-quick-view\" data-product_id=\"105326\" aria-label=\"Quickly preview product Ferrari 250 GTO, 20\u00b0 1000 km N\u00fcrburgring 1964, Ramminger \/ Schander, # 76 - ZU \u00d6FFNENDE Motorhaube mit 12 Zylinder ! OPENING front with 12 cylinder ! - in Alcantara Design Vitrine\"><i class=\"icon-eye\" aria-hidden=\"true\" role=\"img\"><\/i> Quick View<\/a>\t<\/div><!-- .woo-entry-image-swap -->\n\n<\/li><li class=\"category\"><a href=\"https:\/\/autoshow.at\/en\/product-category\/amr-le-phoenix-143\/\" rel=\"tag\">AMR \/ Le PHOENIX 1:43<\/a><\/li><li class=\"title\"><h2><a href=\"https:\/\/autoshow.at\/en\/product\/ferrari-250-gto-20-1000-km-nuerburgring-1964-ramminger-schander-76-zu-oeffnende-motorhaube-mit-12-zylinder-opening-front-with-12-cylinder-in-alcantara-design-vitrine\/\">Ferrari 250 GTO, 20\u00b0 1000 km N\u00fcrburgring 1964, Ramminger \/ Schander, # 76 &#8211; ZU \u00d6FFNENDE Motorhaube mit 12 Zylinder ! OPENING front with 12 cylinder ! &#8211; in Alcantara Design Vitrine<\/a><\/h2><\/li><li class=\"price-wrap\">\n\t<span class=\"price\"><span class=\"woocommerce-Price-amount amount\"><bdi>349,00&nbsp;<span class=\"woocommerce-Price-currencySymbol\">&euro;<\/span><\/bdi><\/span><\/span>\n<\/li><li class=\"wc-gzd\">\n\n\n\t<p class=\"wc-gzd-additional-info shipping-costs-info\">plus <a href=\"https:\/\/autoshow.at\/en\/versandarten\/\" target=\"_blank\">shipping<\/a><\/p>\n\n\n<\/li><li class=\"rating\"><\/li><li class=\"btn-wrap clr\"><a class=\"button\" href=\"https:\/\/autoshow.at\/en\/product\/ferrari-250-gto-20-1000-km-nuerburgring-1964-ramminger-schander-76-zu-oeffnende-motorhaube-mit-12-zylinder-opening-front-with-12-cylinder-in-alcantara-design-vitrine\/\" data-no-translation=\"\" data-trp-gettext=\"\">Show product<\/a>\t<span id=\"woocommerce_loop_add_to_cart_link_describedby_105326\" class=\"screen-reader-text\">\n\t\t\t<\/span>\n<\/li><\/ul><\/div><!-- .product-inner .clr --><\/li>\n<li class=\"entry has-media has-product-nav col span_1_of_3 owp-content-center owp-thumbs-layout-horizontal owp-btn-normal owp-tabs-layout-horizontal has-no-thumbnails product type-product post-105327 status-publish first instock product_cat-arena-143 has-post-thumbnail purchasable product-type-simple\">\n\t<div class=\"product-inner clr\">\n\t<div class=\"woo-entry-image clr\">\n\t\t<a href=\"https:\/\/autoshow.at\/en\/product\/ferrari-340-ghia-coupe-ferrari-usa-iii-carrera-panamericana-1952-mcafee-17\/\" class=\"woocommerce-LoopProduct-link\"><img loading=\"lazy\" decoding=\"async\" width=\"1200\" height=\"801\" src=\"https:\/\/autoshow.at\/wp-content\/uploads\/2026\/02\/arena-1428-ferrari-340-ghia-panam-1952-autoshow-lagernd-1-43.jpg\" class=\"woo-entry-image-main\" alt=\"Ferrari 340 Ghia Coup\u00e9 &#8222;Ferrari USA&#8220;, III Carrera Panamericana 1952, McAfee, # 17\" itemprop=\"image\" srcset=\"https:\/\/autoshow.at\/wp-content\/uploads\/2026\/02\/arena-1428-ferrari-340-ghia-panam-1952-autoshow-lagernd-1-43.jpg 1200w, https:\/\/autoshow.at\/wp-content\/uploads\/2026\/02\/arena-1428-ferrari-340-ghia-panam-1952-autoshow-lagernd-1-43-300x200.jpg 300w, https:\/\/autoshow.at\/wp-content\/uploads\/2026\/02\/arena-1428-ferrari-340-ghia-panam-1952-autoshow-lagernd-1-43-1024x684.jpg 1024w, https:\/\/autoshow.at\/wp-content\/uploads\/2026\/02\/arena-1428-ferrari-340-ghia-panam-1952-autoshow-lagernd-1-43-768x513.jpg 768w, https:\/\/autoshow.at\/wp-content\/uploads\/2026\/02\/arena-1428-ferrari-340-ghia-panam-1952-autoshow-lagernd-1-43-18x12.jpg 18w, https:\/\/autoshow.at\/wp-content\/uploads\/2026\/02\/arena-1428-ferrari-340-ghia-panam-1952-autoshow-lagernd-1-43-64x43.jpg 64w\" sizes=\"(max-width: 1200px) 100vw, 1200px\" \/><\/a><a href=\"#\" id=\"product_id_105327\" class=\"owp-quick-view\" data-product_id=\"105327\" aria-label=\"Quickly preview product Ferrari 340 Ghia Coup\u00e9 \"ferrari usa\", iii carrera panamericana 1952, mcafee, # 17\"><i class=\"icon-eye\" aria-hidden=\"true\" role=\"img\"><\/i> Quick View<\/a>\t<\/div><!-- .woo-entry-image -->\n\n\n\n\n\n\n\t<p class=\"wc-gzd-additional-info wc-gzd-additional-info-loop shipping-costs-info\">plus <a href=\"https:\/\/autoshow.at\/en\/versandarten\/\" target=\"_blank\">shipping<\/a><\/p>\n\n\n<ul class=\"woo-entry-inner clr\"><li class=\"image-wrap\">\n\t<div class=\"woo-entry-image clr\">\n\t\t<a href=\"https:\/\/autoshow.at\/en\/product\/ferrari-340-ghia-coupe-ferrari-usa-iii-carrera-panamericana-1952-mcafee-17\/\" class=\"woocommerce-LoopProduct-link\"><img loading=\"lazy\" decoding=\"async\" width=\"1200\" height=\"801\" src=\"https:\/\/autoshow.at\/wp-content\/uploads\/2026\/02\/arena-1428-ferrari-340-ghia-panam-1952-autoshow-lagernd-1-43.jpg\" class=\"woo-entry-image-main\" alt=\"Ferrari 340 Ghia Coup\u00e9 &#8222;Ferrari USA&#8220;, III Carrera Panamericana 1952, McAfee, # 17\" itemprop=\"image\" srcset=\"https:\/\/autoshow.at\/wp-content\/uploads\/2026\/02\/arena-1428-ferrari-340-ghia-panam-1952-autoshow-lagernd-1-43.jpg 1200w, https:\/\/autoshow.at\/wp-content\/uploads\/2026\/02\/arena-1428-ferrari-340-ghia-panam-1952-autoshow-lagernd-1-43-300x200.jpg 300w, https:\/\/autoshow.at\/wp-content\/uploads\/2026\/02\/arena-1428-ferrari-340-ghia-panam-1952-autoshow-lagernd-1-43-1024x684.jpg 1024w, https:\/\/autoshow.at\/wp-content\/uploads\/2026\/02\/arena-1428-ferrari-340-ghia-panam-1952-autoshow-lagernd-1-43-768x513.jpg 768w, https:\/\/autoshow.at\/wp-content\/uploads\/2026\/02\/arena-1428-ferrari-340-ghia-panam-1952-autoshow-lagernd-1-43-18x12.jpg 18w, https:\/\/autoshow.at\/wp-content\/uploads\/2026\/02\/arena-1428-ferrari-340-ghia-panam-1952-autoshow-lagernd-1-43-64x43.jpg 64w\" sizes=\"(max-width: 1200px) 100vw, 1200px\" \/><\/a><a href=\"#\" id=\"product_id_105327\" class=\"owp-quick-view\" data-product_id=\"105327\" aria-label=\"Quickly preview product Ferrari 340 Ghia Coup\u00e9 \"ferrari usa\", iii carrera panamericana 1952, mcafee, # 17\"><i class=\"icon-eye\" aria-hidden=\"true\" role=\"img\"><\/i> Quick View<\/a>\t<\/div><!-- .woo-entry-image -->\n\n<\/li><li class=\"category\"><a href=\"https:\/\/autoshow.at\/en\/product-category\/arena-143\/\" rel=\"tag\">ARENA 1:43<\/a><\/li><li class=\"title\"><h2><a href=\"https:\/\/autoshow.at\/en\/product\/ferrari-340-ghia-coupe-ferrari-usa-iii-carrera-panamericana-1952-mcafee-17\/\">Ferrari 340 Ghia Coup\u00e9 &#8222;Ferrari USA&#8220;, III Carrera Panamericana 1952, McAfee, # 17<\/a><\/h2><\/li><li class=\"price-wrap\">\n\t<span class=\"price\"><span class=\"woocommerce-Price-amount amount\"><bdi>249,00&nbsp;<span class=\"woocommerce-Price-currencySymbol\">&euro;<\/span><\/bdi><\/span><\/span>\n<\/li><li class=\"wc-gzd\">\n\n\n\t<p class=\"wc-gzd-additional-info shipping-costs-info\">plus <a href=\"https:\/\/autoshow.at\/en\/versandarten\/\" target=\"_blank\">shipping<\/a><\/p>\n\n\n<\/li><li class=\"rating\"><\/li><li class=\"btn-wrap clr\"><a class=\"button\" href=\"https:\/\/autoshow.at\/en\/product\/ferrari-340-ghia-coupe-ferrari-usa-iii-carrera-panamericana-1952-mcafee-17\/\" data-no-translation=\"\" data-trp-gettext=\"\">Show product<\/a>\t<span id=\"woocommerce_loop_add_to_cart_link_describedby_105327\" class=\"screen-reader-text\">\n\t\t\t<\/span>\n<\/li><\/ul><\/div><!-- .product-inner .clr --><\/li>\n<li class=\"entry has-media has-product-nav col span_1_of_3 owp-content-center owp-thumbs-layout-horizontal owp-btn-normal owp-tabs-layout-horizontal has-no-thumbnails product type-product post-105328 status-publish instock product_cat-arena-143 has-post-thumbnail purchasable product-type-simple\">\n\t<div class=\"product-inner clr\">\n\t<div class=\"woo-entry-image clr\">\n\t\t<a href=\"https:\/\/autoshow.at\/en\/product\/ferrari-250-gt-1-2-3-11-iv-carrera-panamericana-1953-echevarria-villegas-5\/\" class=\"woocommerce-LoopProduct-link\"><img loading=\"lazy\" decoding=\"async\" width=\"812\" height=\"492\" src=\"https:\/\/autoshow.at\/wp-content\/uploads\/2026\/02\/arena-1429-ferrari-250-panam-1953-autoshow-lagernd-1-43.jpg\" class=\"woo-entry-image-main\" alt=\"Ferrari 250 GT &#8222;1.2.3&#8220;, 11\u00b0 IV Carrera Panamericana 1953, Echevarria \/ Villegas, # 5\" itemprop=\"image\" srcset=\"https:\/\/autoshow.at\/wp-content\/uploads\/2026\/02\/arena-1429-ferrari-250-panam-1953-autoshow-lagernd-1-43.jpg 812w, https:\/\/autoshow.at\/wp-content\/uploads\/2026\/02\/arena-1429-ferrari-250-panam-1953-autoshow-lagernd-1-43-300x182.jpg 300w, https:\/\/autoshow.at\/wp-content\/uploads\/2026\/02\/arena-1429-ferrari-250-panam-1953-autoshow-lagernd-1-43-768x465.jpg 768w, https:\/\/autoshow.at\/wp-content\/uploads\/2026\/02\/arena-1429-ferrari-250-panam-1953-autoshow-lagernd-1-43-18x12.jpg 18w, https:\/\/autoshow.at\/wp-content\/uploads\/2026\/02\/arena-1429-ferrari-250-panam-1953-autoshow-lagernd-1-43-64x39.jpg 64w\" sizes=\"(max-width: 812px) 100vw, 812px\" \/><\/a><a href=\"#\" id=\"product_id_105328\" class=\"owp-quick-view\" data-product_id=\"105328\" aria-label=\"Quickly preview product Ferrari 250 GT \"1.2.3\", 11\u00b0 iv carrera panamericana 1953, echevarria><i class=\"icon-eye\" aria-hidden=\"true\" role=\"img\"><\/i> Quick View<\/a>\t<\/div><!-- .woo-entry-image -->\n\n\n\n\n\n\n\t<p class=\"wc-gzd-additional-info wc-gzd-additional-info-loop shipping-costs-info\">plus <a href=\"https:\/\/autoshow.at\/en\/versandarten\/\" target=\"_blank\">shipping<\/a><\/p>\n\n\n<ul class=\"woo-entry-inner clr\"><li class=\"image-wrap\">\n\t<div class=\"woo-entry-image clr\">\n\t\t<a href=\"https:\/\/autoshow.at\/en\/product\/ferrari-250-gt-1-2-3-11-iv-carrera-panamericana-1953-echevarria-villegas-5\/\" class=\"woocommerce-LoopProduct-link\"><img loading=\"lazy\" decoding=\"async\" width=\"812\" height=\"492\" src=\"https:\/\/autoshow.at\/wp-content\/uploads\/2026\/02\/arena-1429-ferrari-250-panam-1953-autoshow-lagernd-1-43.jpg\" class=\"woo-entry-image-main\" alt=\"Ferrari 250 GT &#8222;1.2.3&#8220;, 11\u00b0 IV Carrera Panamericana 1953, Echevarria \/ Villegas, # 5\" itemprop=\"image\" srcset=\"https:\/\/autoshow.at\/wp-content\/uploads\/2026\/02\/arena-1429-ferrari-250-panam-1953-autoshow-lagernd-1-43.jpg 812w, https:\/\/autoshow.at\/wp-content\/uploads\/2026\/02\/arena-1429-ferrari-250-panam-1953-autoshow-lagernd-1-43-300x182.jpg 300w, https:\/\/autoshow.at\/wp-content\/uploads\/2026\/02\/arena-1429-ferrari-250-panam-1953-autoshow-lagernd-1-43-768x465.jpg 768w, https:\/\/autoshow.at\/wp-content\/uploads\/2026\/02\/arena-1429-ferrari-250-panam-1953-autoshow-lagernd-1-43-18x12.jpg 18w, https:\/\/autoshow.at\/wp-content\/uploads\/2026\/02\/arena-1429-ferrari-250-panam-1953-autoshow-lagernd-1-43-64x39.jpg 64w\" sizes=\"(max-width: 812px) 100vw, 812px\" \/><\/a><a href=\"#\" id=\"product_id_105328\" class=\"owp-quick-view\" data-product_id=\"105328\" aria-label=\"Quickly preview product Ferrari 250 GT \"1.2.3\", 11\u00b0 iv carrera panamericana 1953, echevarria><i class=\"icon-eye\" aria-hidden=\"true\" role=\"img\"><\/i> Quick View<\/a>\t<\/div><!-- .woo-entry-image -->\n\n<\/li><li class=\"category\"><a href=\"https:\/\/autoshow.at\/en\/product-category\/arena-143\/\" rel=\"tag\">ARENA 1:43<\/a><\/li><li class=\"title\"><h2><a href=\"https:\/\/autoshow.at\/en\/product\/ferrari-250-gt-1-2-3-11-iv-carrera-panamericana-1953-echevarria-villegas-5\/\">Ferrari 250 GT &#8222;1.2.3&#8220;, 11\u00b0 IV Carrera Panamericana 1953, Echevarria \/ Villegas, # 5<\/a><\/h2><\/li><li class=\"price-wrap\">\n\t<span class=\"price\"><span class=\"woocommerce-Price-amount amount\"><bdi>239,00&nbsp;<span class=\"woocommerce-Price-currencySymbol\">&euro;<\/span><\/bdi><\/span><\/span>\n<\/li><li class=\"wc-gzd\">\n\n\n\t<p class=\"wc-gzd-additional-info shipping-costs-info\">plus <a href=\"https:\/\/autoshow.at\/en\/versandarten\/\" target=\"_blank\">shipping<\/a><\/p>\n\n\n<\/li><li class=\"rating\"><\/li><li class=\"btn-wrap clr\"><a class=\"button\" href=\"https:\/\/autoshow.at\/en\/product\/ferrari-250-gt-1-2-3-11-iv-carrera-panamericana-1953-echevarria-villegas-5\/\" data-no-translation=\"\" data-trp-gettext=\"\">Show product<\/a>\t<span id=\"woocommerce_loop_add_to_cart_link_describedby_105328\" class=\"screen-reader-text\">\n\t\t\t<\/span>\n<\/li><\/ul><\/div><!-- .product-inner .clr --><\/li>\n<li class=\"entry has-media has-product-nav col span_1_of_3 owp-content-center owp-thumbs-layout-horizontal owp-btn-normal owp-tabs-layout-horizontal has-no-thumbnails product type-product post-102997 status-publish last instock product_cat-arena-143 has-post-thumbnail purchasable product-type-simple\">\n\t<div class=\"product-inner clr\">\n\t<div class=\"woo-entry-image clr\">\n\t\t<a href=\"https:\/\/autoshow.at\/en\/product\/ferrari-308-gtb-3-rally-oriental-1983-cuccirelli-muttini-4\/\" class=\"woocommerce-LoopProduct-link\"><img loading=\"lazy\" decoding=\"async\" width=\"1200\" height=\"801\" src=\"https:\/\/autoshow.at\/wp-content\/uploads\/2022\/11\/arena-1198-autoshow-lagernd-1-43.jpg\" class=\"woo-entry-image-main\" alt=\"Ferrari 308 GTB, 3\u00b0 Rally Oriental 1983, Cuccirelli \/ Muttini, # 4\" itemprop=\"image\" srcset=\"https:\/\/autoshow.at\/wp-content\/uploads\/2022\/11\/arena-1198-autoshow-lagernd-1-43.jpg 1200w, https:\/\/autoshow.at\/wp-content\/uploads\/2022\/11\/arena-1198-autoshow-lagernd-1-43-300x200.jpg 300w, https:\/\/autoshow.at\/wp-content\/uploads\/2022\/11\/arena-1198-autoshow-lagernd-1-43-1024x684.jpg 1024w, https:\/\/autoshow.at\/wp-content\/uploads\/2022\/11\/arena-1198-autoshow-lagernd-1-43-768x513.jpg 768w, https:\/\/autoshow.at\/wp-content\/uploads\/2022\/11\/arena-1198-autoshow-lagernd-1-43-18x12.jpg 18w, https:\/\/autoshow.at\/wp-content\/uploads\/2022\/11\/arena-1198-autoshow-lagernd-1-43-64x43.jpg 64w\" sizes=\"(max-width: 1200px) 100vw, 1200px\" \/><\/a><a href=\"#\" id=\"product_id_102997\" class=\"owp-quick-view\" data-product_id=\"102997\" aria-label=\"Quickly preview product Ferrari 308 GTB, 3\u00b0 Rally Oriental 1983, Cuccirelli \/ Muttini, # 4\"><i class=\"icon-eye\" aria-hidden=\"true\" role=\"img\"><\/i> Quick View<\/a>\t<\/div><!-- .woo-entry-image -->\n\n\n\n\n\n\n\t<p class=\"wc-gzd-additional-info wc-gzd-additional-info-loop shipping-costs-info\">plus <a href=\"https:\/\/autoshow.at\/en\/versandarten\/\" target=\"_blank\">shipping<\/a><\/p>\n\n\n<ul class=\"woo-entry-inner clr\"><li class=\"image-wrap\">\n\t<div class=\"woo-entry-image clr\">\n\t\t<a href=\"https:\/\/autoshow.at\/en\/product\/ferrari-308-gtb-3-rally-oriental-1983-cuccirelli-muttini-4\/\" class=\"woocommerce-LoopProduct-link\"><img loading=\"lazy\" decoding=\"async\" width=\"1200\" height=\"801\" src=\"https:\/\/autoshow.at\/wp-content\/uploads\/2022\/11\/arena-1198-autoshow-lagernd-1-43.jpg\" class=\"woo-entry-image-main\" alt=\"Ferrari 308 GTB, 3\u00b0 Rally Oriental 1983, Cuccirelli \/ Muttini, # 4\" itemprop=\"image\" srcset=\"https:\/\/autoshow.at\/wp-content\/uploads\/2022\/11\/arena-1198-autoshow-lagernd-1-43.jpg 1200w, https:\/\/autoshow.at\/wp-content\/uploads\/2022\/11\/arena-1198-autoshow-lagernd-1-43-300x200.jpg 300w, https:\/\/autoshow.at\/wp-content\/uploads\/2022\/11\/arena-1198-autoshow-lagernd-1-43-1024x684.jpg 1024w, https:\/\/autoshow.at\/wp-content\/uploads\/2022\/11\/arena-1198-autoshow-lagernd-1-43-768x513.jpg 768w, https:\/\/autoshow.at\/wp-content\/uploads\/2022\/11\/arena-1198-autoshow-lagernd-1-43-18x12.jpg 18w, https:\/\/autoshow.at\/wp-content\/uploads\/2022\/11\/arena-1198-autoshow-lagernd-1-43-64x43.jpg 64w\" sizes=\"(max-width: 1200px) 100vw, 1200px\" \/><\/a><a href=\"#\" id=\"product_id_102997\" class=\"owp-quick-view\" data-product_id=\"102997\" aria-label=\"Quickly preview product Ferrari 308 GTB, 3\u00b0 Rally Oriental 1983, Cuccirelli \/ Muttini, # 4\"><i class=\"icon-eye\" aria-hidden=\"true\" role=\"img\"><\/i> Quick View<\/a>\t<\/div><!-- .woo-entry-image -->\n\n<\/li><li class=\"category\"><a href=\"https:\/\/autoshow.at\/en\/product-category\/arena-143\/\" rel=\"tag\">ARENA 1:43<\/a><\/li><li class=\"title\"><h2><a href=\"https:\/\/autoshow.at\/en\/product\/ferrari-308-gtb-3-rally-oriental-1983-cuccirelli-muttini-4\/\">Ferrari 308 GTB, 3\u00b0 Rally Oriental 1983, Cuccirelli \/ Muttini, # 4<\/a><\/h2><\/li><li class=\"price-wrap\">\n\t<span class=\"price\"><span class=\"woocommerce-Price-amount amount\"><bdi>239,00&nbsp;<span class=\"woocommerce-Price-currencySymbol\">&euro;<\/span><\/bdi><\/span><\/span>\n<\/li><li class=\"wc-gzd\">\n\n\n\t<p class=\"wc-gzd-additional-info shipping-costs-info\">plus <a href=\"https:\/\/autoshow.at\/en\/versandarten\/\" target=\"_blank\">shipping<\/a><\/p>\n\n\n<\/li><li class=\"rating\"><\/li><li class=\"btn-wrap clr\"><a class=\"button\" href=\"https:\/\/autoshow.at\/en\/product\/ferrari-308-gtb-3-rally-oriental-1983-cuccirelli-muttini-4\/\" data-no-translation=\"\" data-trp-gettext=\"\">Show product<\/a>\t<span id=\"woocommerce_loop_add_to_cart_link_describedby_102997\" class=\"screen-reader-text\">\n\t\t\t<\/span>\n<\/li><\/ul><\/div><!-- .product-inner .clr --><\/li>\n<li class=\"entry has-media has-product-nav col span_1_of_3 owp-content-center owp-thumbs-layout-horizontal owp-btn-normal owp-tabs-layout-horizontal has-no-thumbnails product type-product post-102998 status-publish first instock product_cat-arena-143 has-post-thumbnail purchasable product-type-simple\">\n\t<div class=\"product-inner clr\">\n\t<div class=\"woo-entry-image clr\">\n\t\t<a href=\"https:\/\/autoshow.at\/en\/product\/ferrari-308-gtb-3-trabucchi-100-000-busseni-ciocca-11\/\" class=\"woocommerce-LoopProduct-link\"><img loading=\"lazy\" decoding=\"async\" width=\"1200\" height=\"801\" src=\"https:\/\/autoshow.at\/wp-content\/uploads\/2022\/11\/arena-1197-autoshow-lagernd-1-43.jpg\" class=\"woo-entry-image-main\" alt=\"Ferrari 308 GTB, 3\u00b0 Trabucchi 100.000, Busseni \/ Ciocca, # 11\" itemprop=\"image\" srcset=\"https:\/\/autoshow.at\/wp-content\/uploads\/2022\/11\/arena-1197-autoshow-lagernd-1-43.jpg 1200w, https:\/\/autoshow.at\/wp-content\/uploads\/2022\/11\/arena-1197-autoshow-lagernd-1-43-300x200.jpg 300w, https:\/\/autoshow.at\/wp-content\/uploads\/2022\/11\/arena-1197-autoshow-lagernd-1-43-1024x684.jpg 1024w, https:\/\/autoshow.at\/wp-content\/uploads\/2022\/11\/arena-1197-autoshow-lagernd-1-43-768x513.jpg 768w, https:\/\/autoshow.at\/wp-content\/uploads\/2022\/11\/arena-1197-autoshow-lagernd-1-43-18x12.jpg 18w, https:\/\/autoshow.at\/wp-content\/uploads\/2022\/11\/arena-1197-autoshow-lagernd-1-43-64x43.jpg 64w\" sizes=\"(max-width: 1200px) 100vw, 1200px\" \/><\/a><a href=\"#\" id=\"product_id_102998\" class=\"owp-quick-view\" data-product_id=\"102998\" aria-label=\"Quickly preview product Ferrari 308 GTB, 3\u00b0 Trabucchi 100.000, Busseni \/ Ciocca, # 11\"><i class=\"icon-eye\" aria-hidden=\"true\" role=\"img\"><\/i> Quick View<\/a>\t<\/div><!-- .woo-entry-image -->\n\n\n\n\n\n\n\t<p class=\"wc-gzd-additional-info wc-gzd-additional-info-loop shipping-costs-info\">plus <a href=\"https:\/\/autoshow.at\/en\/versandarten\/\" target=\"_blank\">shipping<\/a><\/p>\n\n\n<ul class=\"woo-entry-inner clr\"><li class=\"image-wrap\">\n\t<div class=\"woo-entry-image clr\">\n\t\t<a href=\"https:\/\/autoshow.at\/en\/product\/ferrari-308-gtb-3-trabucchi-100-000-busseni-ciocca-11\/\" class=\"woocommerce-LoopProduct-link\"><img loading=\"lazy\" decoding=\"async\" width=\"1200\" height=\"801\" src=\"https:\/\/autoshow.at\/wp-content\/uploads\/2022\/11\/arena-1197-autoshow-lagernd-1-43.jpg\" class=\"woo-entry-image-main\" alt=\"Ferrari 308 GTB, 3\u00b0 Trabucchi 100.000, Busseni \/ Ciocca, # 11\" itemprop=\"image\" srcset=\"https:\/\/autoshow.at\/wp-content\/uploads\/2022\/11\/arena-1197-autoshow-lagernd-1-43.jpg 1200w, https:\/\/autoshow.at\/wp-content\/uploads\/2022\/11\/arena-1197-autoshow-lagernd-1-43-300x200.jpg 300w, https:\/\/autoshow.at\/wp-content\/uploads\/2022\/11\/arena-1197-autoshow-lagernd-1-43-1024x684.jpg 1024w, https:\/\/autoshow.at\/wp-content\/uploads\/2022\/11\/arena-1197-autoshow-lagernd-1-43-768x513.jpg 768w, https:\/\/autoshow.at\/wp-content\/uploads\/2022\/11\/arena-1197-autoshow-lagernd-1-43-18x12.jpg 18w, https:\/\/autoshow.at\/wp-content\/uploads\/2022\/11\/arena-1197-autoshow-lagernd-1-43-64x43.jpg 64w\" sizes=\"(max-width: 1200px) 100vw, 1200px\" \/><\/a><a href=\"#\" id=\"product_id_102998\" class=\"owp-quick-view\" data-product_id=\"102998\" aria-label=\"Quickly preview product Ferrari 308 GTB, 3\u00b0 Trabucchi 100.000, Busseni \/ Ciocca, # 11\"><i class=\"icon-eye\" aria-hidden=\"true\" role=\"img\"><\/i> Quick View<\/a>\t<\/div><!-- .woo-entry-image -->\n\n<\/li><li class=\"category\"><a href=\"https:\/\/autoshow.at\/en\/product-category\/arena-143\/\" rel=\"tag\">ARENA 1:43<\/a><\/li><li class=\"title\"><h2><a href=\"https:\/\/autoshow.at\/en\/product\/ferrari-308-gtb-3-trabucchi-100-000-busseni-ciocca-11\/\">Ferrari 308 GTB, 3\u00b0 Trabucchi 100.000, Busseni \/ Ciocca, # 11<\/a><\/h2><\/li><li class=\"price-wrap\">\n\t<span class=\"price\"><span class=\"woocommerce-Price-amount amount\"><bdi>239,00&nbsp;<span class=\"woocommerce-Price-currencySymbol\">&euro;<\/span><\/bdi><\/span><\/span>\n<\/li><li class=\"wc-gzd\">\n\n\n\t<p class=\"wc-gzd-additional-info shipping-costs-info\">plus <a href=\"https:\/\/autoshow.at\/en\/versandarten\/\" target=\"_blank\">shipping<\/a><\/p>\n\n\n<\/li><li class=\"rating\"><\/li><li class=\"btn-wrap clr\"><a class=\"button\" href=\"https:\/\/autoshow.at\/en\/product\/ferrari-308-gtb-3-trabucchi-100-000-busseni-ciocca-11\/\" data-no-translation=\"\" data-trp-gettext=\"\">Show product<\/a>\t<span id=\"woocommerce_loop_add_to_cart_link_describedby_102998\" class=\"screen-reader-text\">\n\t\t\t<\/span>\n<\/li><\/ul><\/div><!-- .product-inner .clr --><\/li>\n<li class=\"entry has-media has-product-nav col span_1_of_3 owp-content-center owp-thumbs-layout-horizontal owp-btn-normal owp-tabs-layout-horizontal has-no-thumbnails product type-product post-102999 status-publish instock product_cat-arena-143 has-post-thumbnail purchasable product-type-simple\">\n\t<div class=\"product-inner clr\">\n\t<div class=\"woo-entry-image clr\">\n\t\t<a href=\"https:\/\/autoshow.at\/en\/product\/ferrari-308-gtb-2-rally-vale-daosta-1982-busseni-ciocca-5\/\" class=\"woocommerce-LoopProduct-link\"><img loading=\"lazy\" decoding=\"async\" width=\"1200\" height=\"801\" src=\"https:\/\/autoshow.at\/wp-content\/uploads\/2022\/11\/arena-1196-autoshow-lagernd-1-43.jpg\" class=\"woo-entry-image-main\" alt=\"Ferrari 308 GTB, 2\u00b0 Rally Vale d&#8217;Aosta 1982, Busseni \/ Ciocca, # 5\" itemprop=\"image\" srcset=\"https:\/\/autoshow.at\/wp-content\/uploads\/2022\/11\/arena-1196-autoshow-lagernd-1-43.jpg 1200w, https:\/\/autoshow.at\/wp-content\/uploads\/2022\/11\/arena-1196-autoshow-lagernd-1-43-300x200.jpg 300w, https:\/\/autoshow.at\/wp-content\/uploads\/2022\/11\/arena-1196-autoshow-lagernd-1-43-1024x684.jpg 1024w, https:\/\/autoshow.at\/wp-content\/uploads\/2022\/11\/arena-1196-autoshow-lagernd-1-43-768x513.jpg 768w, https:\/\/autoshow.at\/wp-content\/uploads\/2022\/11\/arena-1196-autoshow-lagernd-1-43-18x12.jpg 18w, https:\/\/autoshow.at\/wp-content\/uploads\/2022\/11\/arena-1196-autoshow-lagernd-1-43-64x43.jpg 64w\" sizes=\"(max-width: 1200px) 100vw, 1200px\" \/><\/a><a href=\"#\" id=\"product_id_102999\" class=\"owp-quick-view\" data-product_id=\"102999\" aria-label=\"Quickly preview product Ferrari 308 GTB, 2\u00b0 Rally Vale d'Aosta 1982, Busseni \/ Ciocca, # 5\"><i class=\"icon-eye\" aria-hidden=\"true\" role=\"img\"><\/i> Quick View<\/a>\t<\/div><!-- .woo-entry-image -->\n\n\n\n\n\n\n\t<p class=\"wc-gzd-additional-info wc-gzd-additional-info-loop shipping-costs-info\">plus <a href=\"https:\/\/autoshow.at\/en\/versandarten\/\" target=\"_blank\">shipping<\/a><\/p>\n\n\n<ul class=\"woo-entry-inner clr\"><li class=\"image-wrap\">\n\t<div class=\"woo-entry-image clr\">\n\t\t<a href=\"https:\/\/autoshow.at\/en\/product\/ferrari-308-gtb-2-rally-vale-daosta-1982-busseni-ciocca-5\/\" class=\"woocommerce-LoopProduct-link\"><img loading=\"lazy\" decoding=\"async\" width=\"1200\" height=\"801\" src=\"https:\/\/autoshow.at\/wp-content\/uploads\/2022\/11\/arena-1196-autoshow-lagernd-1-43.jpg\" class=\"woo-entry-image-main\" alt=\"Ferrari 308 GTB, 2\u00b0 Rally Vale d&#8217;Aosta 1982, Busseni \/ Ciocca, # 5\" itemprop=\"image\" srcset=\"https:\/\/autoshow.at\/wp-content\/uploads\/2022\/11\/arena-1196-autoshow-lagernd-1-43.jpg 1200w, https:\/\/autoshow.at\/wp-content\/uploads\/2022\/11\/arena-1196-autoshow-lagernd-1-43-300x200.jpg 300w, https:\/\/autoshow.at\/wp-content\/uploads\/2022\/11\/arena-1196-autoshow-lagernd-1-43-1024x684.jpg 1024w, https:\/\/autoshow.at\/wp-content\/uploads\/2022\/11\/arena-1196-autoshow-lagernd-1-43-768x513.jpg 768w, https:\/\/autoshow.at\/wp-content\/uploads\/2022\/11\/arena-1196-autoshow-lagernd-1-43-18x12.jpg 18w, https:\/\/autoshow.at\/wp-content\/uploads\/2022\/11\/arena-1196-autoshow-lagernd-1-43-64x43.jpg 64w\" sizes=\"(max-width: 1200px) 100vw, 1200px\" \/><\/a><a href=\"#\" id=\"product_id_102999\" class=\"owp-quick-view\" data-product_id=\"102999\" aria-label=\"Quickly preview product Ferrari 308 GTB, 2\u00b0 Rally Vale d'Aosta 1982, Busseni \/ Ciocca, # 5\"><i class=\"icon-eye\" aria-hidden=\"true\" role=\"img\"><\/i> Quick View<\/a>\t<\/div><!-- .woo-entry-image -->\n\n<\/li><li class=\"category\"><a href=\"https:\/\/autoshow.at\/en\/product-category\/arena-143\/\" rel=\"tag\">ARENA 1:43<\/a><\/li><li class=\"title\"><h2><a href=\"https:\/\/autoshow.at\/en\/product\/ferrari-308-gtb-2-rally-vale-daosta-1982-busseni-ciocca-5\/\">Ferrari 308 GTB, 2\u00b0 Rally Vale d&#8217;Aosta 1982, Busseni \/ Ciocca, # 5<\/a><\/h2><\/li><li class=\"price-wrap\">\n\t<span class=\"price\"><span class=\"woocommerce-Price-amount amount\"><bdi>239,00&nbsp;<span class=\"woocommerce-Price-currencySymbol\">&euro;<\/span><\/bdi><\/span><\/span>\n<\/li><li class=\"wc-gzd\">\n\n\n\t<p class=\"wc-gzd-additional-info shipping-costs-info\">plus <a href=\"https:\/\/autoshow.at\/en\/versandarten\/\" target=\"_blank\">shipping<\/a><\/p>\n\n\n<\/li><li class=\"rating\"><\/li><li class=\"btn-wrap clr\"><a class=\"button\" href=\"https:\/\/autoshow.at\/en\/product\/ferrari-308-gtb-2-rally-vale-daosta-1982-busseni-ciocca-5\/\" data-no-translation=\"\" data-trp-gettext=\"\">Show product<\/a>\t<span id=\"woocommerce_loop_add_to_cart_link_describedby_102999\" class=\"screen-reader-text\">\n\t\t\t<\/span>\n<\/li><\/ul><\/div><!-- .product-inner .clr --><\/li>\n<li class=\"entry has-media has-product-nav col span_1_of_3 owp-content-center owp-thumbs-layout-horizontal owp-btn-normal owp-tabs-layout-horizontal has-no-thumbnails product type-product post-103000 status-publish last instock product_cat-arena-143 has-post-thumbnail purchasable product-type-simple\">\n\t<div class=\"product-inner clr\">\n\t<div class=\"woo-entry-image clr\">\n\t\t<a href=\"https:\/\/autoshow.at\/en\/product\/ferrari-308-gtb-rally-elba-1979-pinto-penariol-5\/\" class=\"woocommerce-LoopProduct-link\"><img loading=\"lazy\" decoding=\"async\" width=\"1200\" height=\"801\" src=\"https:\/\/autoshow.at\/wp-content\/uploads\/2022\/11\/arena-1195-autoshow-lagernd-1-43.jpg\" class=\"woo-entry-image-main\" alt=\"Ferrari 308 GTB, Rally Elba 1979, Pinto \/ Penariol, # 5\" itemprop=\"image\" srcset=\"https:\/\/autoshow.at\/wp-content\/uploads\/2022\/11\/arena-1195-autoshow-lagernd-1-43.jpg 1200w, https:\/\/autoshow.at\/wp-content\/uploads\/2022\/11\/arena-1195-autoshow-lagernd-1-43-300x200.jpg 300w, https:\/\/autoshow.at\/wp-content\/uploads\/2022\/11\/arena-1195-autoshow-lagernd-1-43-1024x684.jpg 1024w, https:\/\/autoshow.at\/wp-content\/uploads\/2022\/11\/arena-1195-autoshow-lagernd-1-43-768x513.jpg 768w, https:\/\/autoshow.at\/wp-content\/uploads\/2022\/11\/arena-1195-autoshow-lagernd-1-43-18x12.jpg 18w, https:\/\/autoshow.at\/wp-content\/uploads\/2022\/11\/arena-1195-autoshow-lagernd-1-43-64x43.jpg 64w\" sizes=\"(max-width: 1200px) 100vw, 1200px\" \/><\/a><a href=\"#\" id=\"product_id_103000\" class=\"owp-quick-view\" data-product_id=\"103000\" aria-label=\"Quickly preview product Ferrari 308 GTB, Rally Elba 1979, Pinto \/ Penariol, # 5\"><i class=\"icon-eye\" aria-hidden=\"true\" role=\"img\"><\/i> Quick View<\/a>\t<\/div><!-- .woo-entry-image -->\n\n\n\n\n\n\n\t<p class=\"wc-gzd-additional-info wc-gzd-additional-info-loop shipping-costs-info\">plus <a href=\"https:\/\/autoshow.at\/en\/versandarten\/\" target=\"_blank\">shipping<\/a><\/p>\n\n\n<ul class=\"woo-entry-inner clr\"><li class=\"image-wrap\">\n\t<div class=\"woo-entry-image clr\">\n\t\t<a href=\"https:\/\/autoshow.at\/en\/product\/ferrari-308-gtb-rally-elba-1979-pinto-penariol-5\/\" class=\"woocommerce-LoopProduct-link\"><img loading=\"lazy\" decoding=\"async\" width=\"1200\" height=\"801\" src=\"https:\/\/autoshow.at\/wp-content\/uploads\/2022\/11\/arena-1195-autoshow-lagernd-1-43.jpg\" class=\"woo-entry-image-main\" alt=\"Ferrari 308 GTB, Rally Elba 1979, Pinto \/ Penariol, # 5\" itemprop=\"image\" srcset=\"https:\/\/autoshow.at\/wp-content\/uploads\/2022\/11\/arena-1195-autoshow-lagernd-1-43.jpg 1200w, https:\/\/autoshow.at\/wp-content\/uploads\/2022\/11\/arena-1195-autoshow-lagernd-1-43-300x200.jpg 300w, https:\/\/autoshow.at\/wp-content\/uploads\/2022\/11\/arena-1195-autoshow-lagernd-1-43-1024x684.jpg 1024w, https:\/\/autoshow.at\/wp-content\/uploads\/2022\/11\/arena-1195-autoshow-lagernd-1-43-768x513.jpg 768w, https:\/\/autoshow.at\/wp-content\/uploads\/2022\/11\/arena-1195-autoshow-lagernd-1-43-18x12.jpg 18w, https:\/\/autoshow.at\/wp-content\/uploads\/2022\/11\/arena-1195-autoshow-lagernd-1-43-64x43.jpg 64w\" sizes=\"(max-width: 1200px) 100vw, 1200px\" \/><\/a><a href=\"#\" id=\"product_id_103000\" class=\"owp-quick-view\" data-product_id=\"103000\" aria-label=\"Quickly preview product Ferrari 308 GTB, Rally Elba 1979, Pinto \/ Penariol, # 5\"><i class=\"icon-eye\" aria-hidden=\"true\" role=\"img\"><\/i> Quick View<\/a>\t<\/div><!-- .woo-entry-image -->\n\n<\/li><li class=\"category\"><a href=\"https:\/\/autoshow.at\/en\/product-category\/arena-143\/\" rel=\"tag\">ARENA 1:43<\/a><\/li><li class=\"title\"><h2><a href=\"https:\/\/autoshow.at\/en\/product\/ferrari-308-gtb-rally-elba-1979-pinto-penariol-5\/\">Ferrari 308 GTB, Rally Elba 1979, Pinto \/ Penariol, # 5<\/a><\/h2><\/li><li class=\"price-wrap\">\n\t<span class=\"price\"><span class=\"woocommerce-Price-amount amount\"><bdi>239,00&nbsp;<span class=\"woocommerce-Price-currencySymbol\">&euro;<\/span><\/bdi><\/span><\/span>\n<\/li><li class=\"wc-gzd\">\n\n\n\t<p class=\"wc-gzd-additional-info shipping-costs-info\">plus <a href=\"https:\/\/autoshow.at\/en\/versandarten\/\" target=\"_blank\">shipping<\/a><\/p>\n\n\n<\/li><li class=\"rating\"><\/li><li class=\"btn-wrap clr\"><a class=\"button\" href=\"https:\/\/autoshow.at\/en\/product\/ferrari-308-gtb-rally-elba-1979-pinto-penariol-5\/\" data-no-translation=\"\" data-trp-gettext=\"\">Show product<\/a>\t<span id=\"woocommerce_loop_add_to_cart_link_describedby_103000\" class=\"screen-reader-text\">\n\t\t\t<\/span>\n<\/li><\/ul><\/div><!-- .product-inner .clr --><\/li>\n<li class=\"entry has-media has-product-nav col span_1_of_3 owp-content-center owp-thumbs-layout-horizontal owp-btn-normal owp-tabs-layout-horizontal has-no-thumbnails product type-product post-103001 status-publish first instock product_cat-arena-143 has-post-thumbnail purchasable product-type-simple\">\n\t<div class=\"product-inner clr\">\n\t<div class=\"woo-entry-image clr\">\n\t\t<a href=\"https:\/\/autoshow.at\/en\/product\/ferrari-308-gtb-by-michelotto-3-rally-monza-1978-pinto-penariol-2\/\" class=\"woocommerce-LoopProduct-link\"><img loading=\"lazy\" decoding=\"async\" width=\"1200\" height=\"801\" src=\"https:\/\/autoshow.at\/wp-content\/uploads\/2022\/11\/arena-1194-autoshow-lagernd-1-43.jpg\" class=\"woo-entry-image-main\" alt=\"Ferrari 308 GTB by Michelotto, 3\u00b0 Rally Monza 1978, Pinto \/ Penariol, # 2\" itemprop=\"image\" srcset=\"https:\/\/autoshow.at\/wp-content\/uploads\/2022\/11\/arena-1194-autoshow-lagernd-1-43.jpg 1200w, https:\/\/autoshow.at\/wp-content\/uploads\/2022\/11\/arena-1194-autoshow-lagernd-1-43-300x200.jpg 300w, https:\/\/autoshow.at\/wp-content\/uploads\/2022\/11\/arena-1194-autoshow-lagernd-1-43-1024x684.jpg 1024w, https:\/\/autoshow.at\/wp-content\/uploads\/2022\/11\/arena-1194-autoshow-lagernd-1-43-768x513.jpg 768w, https:\/\/autoshow.at\/wp-content\/uploads\/2022\/11\/arena-1194-autoshow-lagernd-1-43-18x12.jpg 18w, https:\/\/autoshow.at\/wp-content\/uploads\/2022\/11\/arena-1194-autoshow-lagernd-1-43-64x43.jpg 64w\" sizes=\"(max-width: 1200px) 100vw, 1200px\" \/><\/a><a href=\"#\" id=\"product_id_103001\" class=\"owp-quick-view\" data-product_id=\"103001\" aria-label=\"Quickly preview product Ferrari 308 GTB by Michelotto, 3\u00b0 Rally Monza 1978, Pinto \/ Penariol, # 2\"><i class=\"icon-eye\" aria-hidden=\"true\" role=\"img\"><\/i> Quick View<\/a>\t<\/div><!-- .woo-entry-image -->\n\n\n\n\n\n\n\t<p class=\"wc-gzd-additional-info wc-gzd-additional-info-loop shipping-costs-info\">plus <a href=\"https:\/\/autoshow.at\/en\/versandarten\/\" target=\"_blank\">shipping<\/a><\/p>\n\n\n<ul class=\"woo-entry-inner clr\"><li class=\"image-wrap\">\n\t<div class=\"woo-entry-image clr\">\n\t\t<a href=\"https:\/\/autoshow.at\/en\/product\/ferrari-308-gtb-by-michelotto-3-rally-monza-1978-pinto-penariol-2\/\" class=\"woocommerce-LoopProduct-link\"><img loading=\"lazy\" decoding=\"async\" width=\"1200\" height=\"801\" src=\"https:\/\/autoshow.at\/wp-content\/uploads\/2022\/11\/arena-1194-autoshow-lagernd-1-43.jpg\" class=\"woo-entry-image-main\" alt=\"Ferrari 308 GTB by Michelotto, 3\u00b0 Rally Monza 1978, Pinto \/ Penariol, # 2\" itemprop=\"image\" srcset=\"https:\/\/autoshow.at\/wp-content\/uploads\/2022\/11\/arena-1194-autoshow-lagernd-1-43.jpg 1200w, https:\/\/autoshow.at\/wp-content\/uploads\/2022\/11\/arena-1194-autoshow-lagernd-1-43-300x200.jpg 300w, https:\/\/autoshow.at\/wp-content\/uploads\/2022\/11\/arena-1194-autoshow-lagernd-1-43-1024x684.jpg 1024w, https:\/\/autoshow.at\/wp-content\/uploads\/2022\/11\/arena-1194-autoshow-lagernd-1-43-768x513.jpg 768w, https:\/\/autoshow.at\/wp-content\/uploads\/2022\/11\/arena-1194-autoshow-lagernd-1-43-18x12.jpg 18w, https:\/\/autoshow.at\/wp-content\/uploads\/2022\/11\/arena-1194-autoshow-lagernd-1-43-64x43.jpg 64w\" sizes=\"(max-width: 1200px) 100vw, 1200px\" \/><\/a><a href=\"#\" id=\"product_id_103001\" class=\"owp-quick-view\" data-product_id=\"103001\" aria-label=\"Quickly preview product Ferrari 308 GTB by Michelotto, 3\u00b0 Rally Monza 1978, Pinto \/ Penariol, # 2\"><i class=\"icon-eye\" aria-hidden=\"true\" role=\"img\"><\/i> Quick View<\/a>\t<\/div><!-- .woo-entry-image -->\n\n<\/li><li class=\"category\"><a href=\"https:\/\/autoshow.at\/en\/product-category\/arena-143\/\" rel=\"tag\">ARENA 1:43<\/a><\/li><li class=\"title\"><h2><a href=\"https:\/\/autoshow.at\/en\/product\/ferrari-308-gtb-by-michelotto-3-rally-monza-1978-pinto-penariol-2\/\">Ferrari 308 GTB by Michelotto, 3\u00b0 Rally Monza 1978, Pinto \/ Penariol, # 2<\/a><\/h2><\/li><li class=\"price-wrap\">\n\t<span class=\"price\"><span class=\"woocommerce-Price-amount amount\"><bdi>239,00&nbsp;<span class=\"woocommerce-Price-currencySymbol\">&euro;<\/span><\/bdi><\/span><\/span>\n<\/li><li class=\"wc-gzd\">\n\n\n\t<p class=\"wc-gzd-additional-info shipping-costs-info\">plus <a href=\"https:\/\/autoshow.at\/en\/versandarten\/\" target=\"_blank\">shipping<\/a><\/p>\n\n\n<\/li><li class=\"rating\"><\/li><li class=\"btn-wrap clr\"><a class=\"button\" href=\"https:\/\/autoshow.at\/en\/product\/ferrari-308-gtb-by-michelotto-3-rally-monza-1978-pinto-penariol-2\/\" data-no-translation=\"\" data-trp-gettext=\"\">Show product<\/a>\t<span id=\"woocommerce_loop_add_to_cart_link_describedby_103001\" class=\"screen-reader-text\">\n\t\t\t<\/span>\n<\/li><\/ul><\/div><!-- .product-inner .clr --><\/li>\n<li class=\"entry has-media has-product-nav col span_1_of_3 owp-content-center owp-thumbs-layout-horizontal owp-btn-normal owp-tabs-layout-horizontal has-no-thumbnails product type-product post-103002 status-publish instock product_cat-arena-143 has-post-thumbnail purchasable product-type-simple\">\n\t<div class=\"product-inner clr\">\n\t<div class=\"woo-entry-image clr\">\n\t\t<a href=\"https:\/\/autoshow.at\/en\/product\/ferrari-308-gt4-24h-ypres-1982-jackson-harris-21\/\" class=\"woocommerce-LoopProduct-link\"><img loading=\"lazy\" decoding=\"async\" width=\"1200\" height=\"801\" src=\"https:\/\/autoshow.at\/wp-content\/uploads\/2022\/11\/arena-1193-autoshow-lagernd-1-43.jpg\" class=\"woo-entry-image-main\" alt=\"Ferrari 308 GT4, 24H Ypres 1982, Jackson \/ Harris, # 21\" itemprop=\"image\" srcset=\"https:\/\/autoshow.at\/wp-content\/uploads\/2022\/11\/arena-1193-autoshow-lagernd-1-43.jpg 1200w, https:\/\/autoshow.at\/wp-content\/uploads\/2022\/11\/arena-1193-autoshow-lagernd-1-43-300x200.jpg 300w, https:\/\/autoshow.at\/wp-content\/uploads\/2022\/11\/arena-1193-autoshow-lagernd-1-43-1024x684.jpg 1024w, https:\/\/autoshow.at\/wp-content\/uploads\/2022\/11\/arena-1193-autoshow-lagernd-1-43-768x513.jpg 768w, https:\/\/autoshow.at\/wp-content\/uploads\/2022\/11\/arena-1193-autoshow-lagernd-1-43-18x12.jpg 18w, https:\/\/autoshow.at\/wp-content\/uploads\/2022\/11\/arena-1193-autoshow-lagernd-1-43-64x43.jpg 64w\" sizes=\"(max-width: 1200px) 100vw, 1200px\" \/><\/a><a href=\"#\" id=\"product_id_103002\" class=\"owp-quick-view\" data-product_id=\"103002\" aria-label=\"Quickly preview product Ferrari 308 GT4, 24H Ypres 1982, Jackson \/ Harris, # 21\"><i class=\"icon-eye\" aria-hidden=\"true\" role=\"img\"><\/i> Quick View<\/a>\t<\/div><!-- .woo-entry-image -->\n\n\n\n\n\n\n\t<p class=\"wc-gzd-additional-info wc-gzd-additional-info-loop shipping-costs-info\">plus <a href=\"https:\/\/autoshow.at\/en\/versandarten\/\" target=\"_blank\">shipping<\/a><\/p>\n\n\n<ul class=\"woo-entry-inner clr\"><li class=\"image-wrap\">\n\t<div class=\"woo-entry-image clr\">\n\t\t<a href=\"https:\/\/autoshow.at\/en\/product\/ferrari-308-gt4-24h-ypres-1982-jackson-harris-21\/\" class=\"woocommerce-LoopProduct-link\"><img loading=\"lazy\" decoding=\"async\" width=\"1200\" height=\"801\" src=\"https:\/\/autoshow.at\/wp-content\/uploads\/2022\/11\/arena-1193-autoshow-lagernd-1-43.jpg\" class=\"woo-entry-image-main\" alt=\"Ferrari 308 GT4, 24H Ypres 1982, Jackson \/ Harris, # 21\" itemprop=\"image\" srcset=\"https:\/\/autoshow.at\/wp-content\/uploads\/2022\/11\/arena-1193-autoshow-lagernd-1-43.jpg 1200w, https:\/\/autoshow.at\/wp-content\/uploads\/2022\/11\/arena-1193-autoshow-lagernd-1-43-300x200.jpg 300w, https:\/\/autoshow.at\/wp-content\/uploads\/2022\/11\/arena-1193-autoshow-lagernd-1-43-1024x684.jpg 1024w, https:\/\/autoshow.at\/wp-content\/uploads\/2022\/11\/arena-1193-autoshow-lagernd-1-43-768x513.jpg 768w, https:\/\/autoshow.at\/wp-content\/uploads\/2022\/11\/arena-1193-autoshow-lagernd-1-43-18x12.jpg 18w, https:\/\/autoshow.at\/wp-content\/uploads\/2022\/11\/arena-1193-autoshow-lagernd-1-43-64x43.jpg 64w\" sizes=\"(max-width: 1200px) 100vw, 1200px\" \/><\/a><a href=\"#\" id=\"product_id_103002\" class=\"owp-quick-view\" data-product_id=\"103002\" aria-label=\"Quickly preview product Ferrari 308 GT4, 24H Ypres 1982, Jackson \/ Harris, # 21\"><i class=\"icon-eye\" aria-hidden=\"true\" role=\"img\"><\/i> Quick View<\/a>\t<\/div><!-- .woo-entry-image -->\n\n<\/li><li class=\"category\"><a href=\"https:\/\/autoshow.at\/en\/product-category\/arena-143\/\" rel=\"tag\">ARENA 1:43<\/a><\/li><li class=\"title\"><h2><a href=\"https:\/\/autoshow.at\/en\/product\/ferrari-308-gt4-24h-ypres-1982-jackson-harris-21\/\">Ferrari 308 GT4, 24H Ypres 1982, Jackson \/ Harris, # 21<\/a><\/h2><\/li><li class=\"price-wrap\">\n\t<span class=\"price\"><span class=\"woocommerce-Price-amount amount\"><bdi>239,00&nbsp;<span class=\"woocommerce-Price-currencySymbol\">&euro;<\/span><\/bdi><\/span><\/span>\n<\/li><li class=\"wc-gzd\">\n\n\n\t<p class=\"wc-gzd-additional-info shipping-costs-info\">plus <a href=\"https:\/\/autoshow.at\/en\/versandarten\/\" target=\"_blank\">shipping<\/a><\/p>\n\n\n<\/li><li class=\"rating\"><\/li><li class=\"btn-wrap clr\"><a class=\"button\" href=\"https:\/\/autoshow.at\/en\/product\/ferrari-308-gt4-24h-ypres-1982-jackson-harris-21\/\" data-no-translation=\"\" data-trp-gettext=\"\">Show product<\/a>\t<span id=\"woocommerce_loop_add_to_cart_link_describedby_103002\" class=\"screen-reader-text\">\n\t\t\t<\/span>\n<\/li><\/ul><\/div><!-- .product-inner .clr --><\/li>\n<li class=\"entry has-media has-product-nav col span_1_of_3 owp-content-center owp-thumbs-layout-horizontal owp-btn-normal owp-tabs-layout-horizontal has-no-thumbnails product type-product post-103018 status-publish last instock product_cat-arena-143 has-post-thumbnail purchasable product-type-simple\">\n\t<div class=\"product-inner clr\">\n\t<div class=\"woo-entry-image clr\">\n\t\t<a href=\"https:\/\/autoshow.at\/en\/product\/ferrari-308-gtb-group-4-press-presentation-version-1\/\" class=\"woocommerce-LoopProduct-link\"><img loading=\"lazy\" decoding=\"async\" width=\"300\" height=\"200\" src=\"https:\/\/autoshow.at\/wp-content\/uploads\/2022\/06\/arena-1106-1-autoshow-lagernd-1-43-300x200.jpg\" class=\"woo-entry-image-main\" alt=\"Ferrari 308 GTB, Group 4, Press Presentation Version, # 1\" itemprop=\"image\" srcset=\"https:\/\/autoshow.at\/wp-content\/uploads\/2022\/06\/arena-1106-1-autoshow-lagernd-1-43-300x200.jpg 300w, https:\/\/autoshow.at\/wp-content\/uploads\/2022\/06\/arena-1106-1-autoshow-lagernd-1-43-1024x684.jpg 1024w, https:\/\/autoshow.at\/wp-content\/uploads\/2022\/06\/arena-1106-1-autoshow-lagernd-1-43-768x513.jpg 768w, https:\/\/autoshow.at\/wp-content\/uploads\/2022\/06\/arena-1106-1-autoshow-lagernd-1-43.jpg 1172w\" sizes=\"(max-width: 300px) 100vw, 300px\" \/><\/a><a href=\"#\" id=\"product_id_103018\" class=\"owp-quick-view\" data-product_id=\"103018\" aria-label=\"Quickly preview product Ferrari 308 GTB, Group 4, Press Presentation Version, # 1\"><i class=\"icon-eye\" aria-hidden=\"true\" role=\"img\"><\/i> Quick View<\/a>\t<\/div><!-- .woo-entry-image -->\n\n\n\n\n\n\n\t<p class=\"wc-gzd-additional-info wc-gzd-additional-info-loop shipping-costs-info\">plus <a href=\"https:\/\/autoshow.at\/en\/versandarten\/\" target=\"_blank\">shipping<\/a><\/p>\n\n\n<ul class=\"woo-entry-inner clr\"><li class=\"image-wrap\">\n\t<div class=\"woo-entry-image clr\">\n\t\t<a href=\"https:\/\/autoshow.at\/en\/product\/ferrari-308-gtb-group-4-press-presentation-version-1\/\" class=\"woocommerce-LoopProduct-link\"><img loading=\"lazy\" decoding=\"async\" width=\"300\" height=\"200\" src=\"https:\/\/autoshow.at\/wp-content\/uploads\/2022\/06\/arena-1106-1-autoshow-lagernd-1-43-300x200.jpg\" class=\"woo-entry-image-main\" alt=\"Ferrari 308 GTB, Group 4, Press Presentation Version, # 1\" itemprop=\"image\" srcset=\"https:\/\/autoshow.at\/wp-content\/uploads\/2022\/06\/arena-1106-1-autoshow-lagernd-1-43-300x200.jpg 300w, https:\/\/autoshow.at\/wp-content\/uploads\/2022\/06\/arena-1106-1-autoshow-lagernd-1-43-1024x684.jpg 1024w, https:\/\/autoshow.at\/wp-content\/uploads\/2022\/06\/arena-1106-1-autoshow-lagernd-1-43-768x513.jpg 768w, https:\/\/autoshow.at\/wp-content\/uploads\/2022\/06\/arena-1106-1-autoshow-lagernd-1-43.jpg 1172w\" sizes=\"(max-width: 300px) 100vw, 300px\" \/><\/a><a href=\"#\" id=\"product_id_103018\" class=\"owp-quick-view\" data-product_id=\"103018\" aria-label=\"Quickly preview product Ferrari 308 GTB, Group 4, Press Presentation Version, # 1\"><i class=\"icon-eye\" aria-hidden=\"true\" role=\"img\"><\/i> Quick View<\/a>\t<\/div><!-- .woo-entry-image -->\n\n<\/li><li class=\"category\"><a href=\"https:\/\/autoshow.at\/en\/product-category\/arena-143\/\" rel=\"tag\">ARENA 1:43<\/a><\/li><li class=\"title\"><h2><a href=\"https:\/\/autoshow.at\/en\/product\/ferrari-308-gtb-group-4-press-presentation-version-1\/\">Ferrari 308 GTB, Group 4, Press Presentation Version, # 1<\/a><\/h2><\/li><li class=\"price-wrap\">\n\t<span class=\"price\"><span class=\"woocommerce-Price-amount amount\"><bdi>239,00&nbsp;<span class=\"woocommerce-Price-currencySymbol\">&euro;<\/span><\/bdi><\/span><\/span>\n<\/li><li class=\"wc-gzd\">\n\n\n\t<p class=\"wc-gzd-additional-info shipping-costs-info\">plus <a href=\"https:\/\/autoshow.at\/en\/versandarten\/\" target=\"_blank\">shipping<\/a><\/p>\n\n\n<\/li><li class=\"rating\"><\/li><li class=\"btn-wrap clr\"><a class=\"button\" href=\"https:\/\/autoshow.at\/en\/product\/ferrari-308-gtb-group-4-press-presentation-version-1\/\" data-no-translation=\"\" data-trp-gettext=\"\">Show product<\/a>\t<span id=\"woocommerce_loop_add_to_cart_link_describedby_103018\" class=\"screen-reader-text\">\n\t\t\t<\/span>\n<\/li><\/ul><\/div><!-- .product-inner .clr --><\/li>\n<li class=\"entry has-media has-product-nav col span_1_of_3 owp-content-center owp-thumbs-layout-horizontal owp-btn-normal owp-tabs-layout-horizontal has-no-thumbnails product type-product post-105133 status-publish first instock product_cat-arena-143 has-post-thumbnail purchasable product-type-simple\">\n\t<div class=\"product-inner clr\">\n\t<div class=\"woo-entry-image clr\">\n\t\t<a href=\"https:\/\/autoshow.at\/en\/product\/ferrari-308gtb-group-b-tour-de-france-1985-worswick-newman-14\/\" class=\"woocommerce-LoopProduct-link\"><img loading=\"lazy\" decoding=\"async\" width=\"1200\" height=\"801\" src=\"https:\/\/autoshow.at\/wp-content\/uploads\/2026\/02\/arena-1440-ferrari-308gtb-autoshow-lagernd-1-43.jpg\" class=\"woo-entry-image-main\" alt=\"Ferrari 308GTB Group B, Tour de France 1985, Worswick \/ Newman, # 14\" itemprop=\"image\" srcset=\"https:\/\/autoshow.at\/wp-content\/uploads\/2026\/02\/arena-1440-ferrari-308gtb-autoshow-lagernd-1-43.jpg 1200w, https:\/\/autoshow.at\/wp-content\/uploads\/2026\/02\/arena-1440-ferrari-308gtb-autoshow-lagernd-1-43-300x200.jpg 300w, https:\/\/autoshow.at\/wp-content\/uploads\/2026\/02\/arena-1440-ferrari-308gtb-autoshow-lagernd-1-43-1024x684.jpg 1024w, https:\/\/autoshow.at\/wp-content\/uploads\/2026\/02\/arena-1440-ferrari-308gtb-autoshow-lagernd-1-43-768x513.jpg 768w, https:\/\/autoshow.at\/wp-content\/uploads\/2026\/02\/arena-1440-ferrari-308gtb-autoshow-lagernd-1-43-18x12.jpg 18w, https:\/\/autoshow.at\/wp-content\/uploads\/2026\/02\/arena-1440-ferrari-308gtb-autoshow-lagernd-1-43-64x43.jpg 64w\" sizes=\"(max-width: 1200px) 100vw, 1200px\" \/><\/a><a href=\"#\" id=\"product_id_105133\" class=\"owp-quick-view\" data-product_id=\"105133\" aria-label=\"Quickly preview product Ferrari 308GTB Group B, Tour de France 1985, Worswick \/ Newman, # 14\"><i class=\"icon-eye\" aria-hidden=\"true\" role=\"img\"><\/i> Quick View<\/a>\t<\/div><!-- .woo-entry-image -->\n\n\n\n\n\n\n\t<p class=\"wc-gzd-additional-info wc-gzd-additional-info-loop shipping-costs-info\">plus <a href=\"https:\/\/autoshow.at\/en\/versandarten\/\" target=\"_blank\">shipping<\/a><\/p>\n\n\n<ul class=\"woo-entry-inner clr\"><li class=\"image-wrap\">\n\t<div class=\"woo-entry-image clr\">\n\t\t<a href=\"https:\/\/autoshow.at\/en\/product\/ferrari-308gtb-group-b-tour-de-france-1985-worswick-newman-14\/\" class=\"woocommerce-LoopProduct-link\"><img loading=\"lazy\" decoding=\"async\" width=\"1200\" height=\"801\" src=\"https:\/\/autoshow.at\/wp-content\/uploads\/2026\/02\/arena-1440-ferrari-308gtb-autoshow-lagernd-1-43.jpg\" class=\"woo-entry-image-main\" alt=\"Ferrari 308GTB Group B, Tour de France 1985, Worswick \/ Newman, # 14\" itemprop=\"image\" srcset=\"https:\/\/autoshow.at\/wp-content\/uploads\/2026\/02\/arena-1440-ferrari-308gtb-autoshow-lagernd-1-43.jpg 1200w, https:\/\/autoshow.at\/wp-content\/uploads\/2026\/02\/arena-1440-ferrari-308gtb-autoshow-lagernd-1-43-300x200.jpg 300w, https:\/\/autoshow.at\/wp-content\/uploads\/2026\/02\/arena-1440-ferrari-308gtb-autoshow-lagernd-1-43-1024x684.jpg 1024w, https:\/\/autoshow.at\/wp-content\/uploads\/2026\/02\/arena-1440-ferrari-308gtb-autoshow-lagernd-1-43-768x513.jpg 768w, https:\/\/autoshow.at\/wp-content\/uploads\/2026\/02\/arena-1440-ferrari-308gtb-autoshow-lagernd-1-43-18x12.jpg 18w, https:\/\/autoshow.at\/wp-content\/uploads\/2026\/02\/arena-1440-ferrari-308gtb-autoshow-lagernd-1-43-64x43.jpg 64w\" sizes=\"(max-width: 1200px) 100vw, 1200px\" \/><\/a><a href=\"#\" id=\"product_id_105133\" class=\"owp-quick-view\" data-product_id=\"105133\" aria-label=\"Quickly preview product Ferrari 308GTB Group B, Tour de France 1985, Worswick \/ Newman, # 14\"><i class=\"icon-eye\" aria-hidden=\"true\" role=\"img\"><\/i> Quick View<\/a>\t<\/div><!-- .woo-entry-image -->\n\n<\/li><li class=\"category\"><a href=\"https:\/\/autoshow.at\/en\/product-category\/arena-143\/\" rel=\"tag\">ARENA 1:43<\/a><\/li><li class=\"title\"><h2><a href=\"https:\/\/autoshow.at\/en\/product\/ferrari-308gtb-group-b-tour-de-france-1985-worswick-newman-14\/\">Ferrari 308GTB Group B, Tour de France 1985, Worswick \/ Newman, # 14<\/a><\/h2><\/li><li class=\"price-wrap\">\n\t<span class=\"price\"><span class=\"woocommerce-Price-amount amount\"><bdi>239,00&nbsp;<span class=\"woocommerce-Price-currencySymbol\">&euro;<\/span><\/bdi><\/span><\/span>\n<\/li><li class=\"wc-gzd\">\n\n\n\t<p class=\"wc-gzd-additional-info shipping-costs-info\">plus <a href=\"https:\/\/autoshow.at\/en\/versandarten\/\" target=\"_blank\">shipping<\/a><\/p>\n\n\n<\/li><li class=\"rating\"><\/li><li class=\"btn-wrap clr\"><a class=\"button\" href=\"https:\/\/autoshow.at\/en\/product\/ferrari-308gtb-group-b-tour-de-france-1985-worswick-newman-14\/\" data-no-translation=\"\" data-trp-gettext=\"\">Show product<\/a>\t<span id=\"woocommerce_loop_add_to_cart_link_describedby_105133\" class=\"screen-reader-text\">\n\t\t\t<\/span>\n<\/li><\/ul><\/div><!-- .product-inner .clr --><\/li>\n<li class=\"entry has-media has-product-nav col span_1_of_3 owp-content-center owp-thumbs-layout-horizontal owp-btn-normal owp-tabs-layout-horizontal has-no-thumbnails product type-product post-105134 status-publish instock product_cat-arena-143 has-post-thumbnail purchasable product-type-simple\">\n\t<div class=\"product-inner clr\">\n\t<div class=\"woo-entry-image clr\">\n\t\t<a href=\"https:\/\/autoshow.at\/en\/product\/ferrari-308gtb-group-4-tour-de-france-1983-panic-jacques-barberot-bouteloup-17\/\" class=\"woocommerce-LoopProduct-link\"><img loading=\"lazy\" decoding=\"async\" width=\"1200\" height=\"801\" src=\"https:\/\/autoshow.at\/wp-content\/uploads\/2026\/02\/arena-1439-ferrari-308gtb-autoshow-lagernd-1-43.jpg\" class=\"woo-entry-image-main\" alt=\"Ferrari 308GTB Group 4, Tour de France 1983, \u00abPanic\u00bb (Jacques Barberot) \/ Bouteloup, # 17\" itemprop=\"image\" srcset=\"https:\/\/autoshow.at\/wp-content\/uploads\/2026\/02\/arena-1439-ferrari-308gtb-autoshow-lagernd-1-43.jpg 1200w, https:\/\/autoshow.at\/wp-content\/uploads\/2026\/02\/arena-1439-ferrari-308gtb-autoshow-lagernd-1-43-300x200.jpg 300w, https:\/\/autoshow.at\/wp-content\/uploads\/2026\/02\/arena-1439-ferrari-308gtb-autoshow-lagernd-1-43-1024x684.jpg 1024w, https:\/\/autoshow.at\/wp-content\/uploads\/2026\/02\/arena-1439-ferrari-308gtb-autoshow-lagernd-1-43-768x513.jpg 768w, https:\/\/autoshow.at\/wp-content\/uploads\/2026\/02\/arena-1439-ferrari-308gtb-autoshow-lagernd-1-43-18x12.jpg 18w, https:\/\/autoshow.at\/wp-content\/uploads\/2026\/02\/arena-1439-ferrari-308gtb-autoshow-lagernd-1-43-64x43.jpg 64w\" sizes=\"(max-width: 1200px) 100vw, 1200px\" \/><\/a><a href=\"#\" id=\"product_id_105134\" class=\"owp-quick-view\" data-product_id=\"105134\" aria-label=\"Quickly preview product Ferrari 308GTB Group 4, Tour de France 1983, \u00abPanic\u00bb (Jacques Barberot) \/ Bouteloup, # 17\"><i class=\"icon-eye\" aria-hidden=\"true\" role=\"img\"><\/i> Quick View<\/a>\t<\/div><!-- .woo-entry-image -->\n\n\n\n\n\n\n\t<p class=\"wc-gzd-additional-info wc-gzd-additional-info-loop shipping-costs-info\">plus <a href=\"https:\/\/autoshow.at\/en\/versandarten\/\" target=\"_blank\">shipping<\/a><\/p>\n\n\n<ul class=\"woo-entry-inner clr\"><li class=\"image-wrap\">\n\t<div class=\"woo-entry-image clr\">\n\t\t<a href=\"https:\/\/autoshow.at\/en\/product\/ferrari-308gtb-group-4-tour-de-france-1983-panic-jacques-barberot-bouteloup-17\/\" class=\"woocommerce-LoopProduct-link\"><img loading=\"lazy\" decoding=\"async\" width=\"1200\" height=\"801\" src=\"https:\/\/autoshow.at\/wp-content\/uploads\/2026\/02\/arena-1439-ferrari-308gtb-autoshow-lagernd-1-43.jpg\" class=\"woo-entry-image-main\" alt=\"Ferrari 308GTB Group 4, Tour de France 1983, \u00abPanic\u00bb (Jacques Barberot) \/ Bouteloup, # 17\" itemprop=\"image\" srcset=\"https:\/\/autoshow.at\/wp-content\/uploads\/2026\/02\/arena-1439-ferrari-308gtb-autoshow-lagernd-1-43.jpg 1200w, https:\/\/autoshow.at\/wp-content\/uploads\/2026\/02\/arena-1439-ferrari-308gtb-autoshow-lagernd-1-43-300x200.jpg 300w, https:\/\/autoshow.at\/wp-content\/uploads\/2026\/02\/arena-1439-ferrari-308gtb-autoshow-lagernd-1-43-1024x684.jpg 1024w, https:\/\/autoshow.at\/wp-content\/uploads\/2026\/02\/arena-1439-ferrari-308gtb-autoshow-lagernd-1-43-768x513.jpg 768w, https:\/\/autoshow.at\/wp-content\/uploads\/2026\/02\/arena-1439-ferrari-308gtb-autoshow-lagernd-1-43-18x12.jpg 18w, https:\/\/autoshow.at\/wp-content\/uploads\/2026\/02\/arena-1439-ferrari-308gtb-autoshow-lagernd-1-43-64x43.jpg 64w\" sizes=\"(max-width: 1200px) 100vw, 1200px\" \/><\/a><a href=\"#\" id=\"product_id_105134\" class=\"owp-quick-view\" data-product_id=\"105134\" aria-label=\"Quickly preview product Ferrari 308GTB Group 4, Tour de France 1983, \u00abPanic\u00bb (Jacques Barberot) \/ Bouteloup, # 17\"><i class=\"icon-eye\" aria-hidden=\"true\" role=\"img\"><\/i> Quick View<\/a>\t<\/div><!-- .woo-entry-image -->\n\n<\/li><li class=\"category\"><a href=\"https:\/\/autoshow.at\/en\/product-category\/arena-143\/\" rel=\"tag\">ARENA 1:43<\/a><\/li><li class=\"title\"><h2><a href=\"https:\/\/autoshow.at\/en\/product\/ferrari-308gtb-group-4-tour-de-france-1983-panic-jacques-barberot-bouteloup-17\/\">Ferrari 308GTB Group 4, Tour de France 1983, \u00abPanic\u00bb (Jacques Barberot) \/ Bouteloup, # 17<\/a><\/h2><\/li><li class=\"price-wrap\">\n\t<span class=\"price\"><span class=\"woocommerce-Price-amount amount\"><bdi>239,00&nbsp;<span class=\"woocommerce-Price-currencySymbol\">&euro;<\/span><\/bdi><\/span><\/span>\n<\/li><li class=\"wc-gzd\">\n\n\n\t<p class=\"wc-gzd-additional-info shipping-costs-info\">plus <a href=\"https:\/\/autoshow.at\/en\/versandarten\/\" target=\"_blank\">shipping<\/a><\/p>\n\n\n<\/li><li class=\"rating\"><\/li><li class=\"btn-wrap clr\"><a class=\"button\" href=\"https:\/\/autoshow.at\/en\/product\/ferrari-308gtb-group-4-tour-de-france-1983-panic-jacques-barberot-bouteloup-17\/\" data-no-translation=\"\" data-trp-gettext=\"\">Show product<\/a>\t<span id=\"woocommerce_loop_add_to_cart_link_describedby_105134\" class=\"screen-reader-text\">\n\t\t\t<\/span>\n<\/li><\/ul><\/div><!-- .product-inner .clr --><\/li>\n<li class=\"entry has-media has-product-nav col span_1_of_3 owp-content-center owp-thumbs-layout-horizontal owp-btn-normal owp-tabs-layout-horizontal has-no-thumbnails product type-product post-105135 status-publish last instock product_cat-arena-143 has-post-thumbnail purchasable product-type-simple\">\n\t<div class=\"product-inner clr\">\n\t<div class=\"woo-entry-image clr\">\n\t\t<a href=\"https:\/\/autoshow.at\/en\/product\/ferrari-308gt4-team-gauthier-assistance-vehicle-tour-de-france-1983\/\" class=\"woocommerce-LoopProduct-link\"><img loading=\"lazy\" decoding=\"async\" width=\"1200\" height=\"801\" src=\"https:\/\/autoshow.at\/wp-content\/uploads\/2026\/02\/arena-1438-ferrari-308gt4-autoshow-lagernd-1-43.jpg\" class=\"woo-entry-image-main\" alt=\"Ferrari 308GT4 &#8222;Team Gauthier&#8220; assistance vehicle, Tour de France, 1983\" itemprop=\"image\" srcset=\"https:\/\/autoshow.at\/wp-content\/uploads\/2026\/02\/arena-1438-ferrari-308gt4-autoshow-lagernd-1-43.jpg 1200w, https:\/\/autoshow.at\/wp-content\/uploads\/2026\/02\/arena-1438-ferrari-308gt4-autoshow-lagernd-1-43-300x200.jpg 300w, https:\/\/autoshow.at\/wp-content\/uploads\/2026\/02\/arena-1438-ferrari-308gt4-autoshow-lagernd-1-43-1024x684.jpg 1024w, https:\/\/autoshow.at\/wp-content\/uploads\/2026\/02\/arena-1438-ferrari-308gt4-autoshow-lagernd-1-43-768x513.jpg 768w, https:\/\/autoshow.at\/wp-content\/uploads\/2026\/02\/arena-1438-ferrari-308gt4-autoshow-lagernd-1-43-18x12.jpg 18w, https:\/\/autoshow.at\/wp-content\/uploads\/2026\/02\/arena-1438-ferrari-308gt4-autoshow-lagernd-1-43-64x43.jpg 64w\" sizes=\"(max-width: 1200px) 100vw, 1200px\" \/><\/a><a href=\"#\" id=\"product_id_105135\" class=\"owp-quick-view\" data-product_id=\"105135\" aria-label=\"Quickly preview product Ferrari 308GT4 \"team gauthier\" assistance vehicle, tour de france, 1983\"><i class=\"icon-eye\" aria-hidden=\"true\" role=\"img\"><\/i> Quick View<\/a>\t<\/div><!-- .woo-entry-image -->\n\n\n\n\n\n\n\t<p class=\"wc-gzd-additional-info wc-gzd-additional-info-loop shipping-costs-info\">plus <a href=\"https:\/\/autoshow.at\/en\/versandarten\/\" target=\"_blank\">shipping<\/a><\/p>\n\n\n<ul class=\"woo-entry-inner clr\"><li class=\"image-wrap\">\n\t<div class=\"woo-entry-image clr\">\n\t\t<a href=\"https:\/\/autoshow.at\/en\/product\/ferrari-308gt4-team-gauthier-assistance-vehicle-tour-de-france-1983\/\" class=\"woocommerce-LoopProduct-link\"><img loading=\"lazy\" decoding=\"async\" width=\"1200\" height=\"801\" src=\"https:\/\/autoshow.at\/wp-content\/uploads\/2026\/02\/arena-1438-ferrari-308gt4-autoshow-lagernd-1-43.jpg\" class=\"woo-entry-image-main\" alt=\"Ferrari 308GT4 &#8222;Team Gauthier&#8220; assistance vehicle, Tour de France, 1983\" itemprop=\"image\" srcset=\"https:\/\/autoshow.at\/wp-content\/uploads\/2026\/02\/arena-1438-ferrari-308gt4-autoshow-lagernd-1-43.jpg 1200w, https:\/\/autoshow.at\/wp-content\/uploads\/2026\/02\/arena-1438-ferrari-308gt4-autoshow-lagernd-1-43-300x200.jpg 300w, https:\/\/autoshow.at\/wp-content\/uploads\/2026\/02\/arena-1438-ferrari-308gt4-autoshow-lagernd-1-43-1024x684.jpg 1024w, https:\/\/autoshow.at\/wp-content\/uploads\/2026\/02\/arena-1438-ferrari-308gt4-autoshow-lagernd-1-43-768x513.jpg 768w, https:\/\/autoshow.at\/wp-content\/uploads\/2026\/02\/arena-1438-ferrari-308gt4-autoshow-lagernd-1-43-18x12.jpg 18w, https:\/\/autoshow.at\/wp-content\/uploads\/2026\/02\/arena-1438-ferrari-308gt4-autoshow-lagernd-1-43-64x43.jpg 64w\" sizes=\"(max-width: 1200px) 100vw, 1200px\" \/><\/a><a href=\"#\" id=\"product_id_105135\" class=\"owp-quick-view\" data-product_id=\"105135\" aria-label=\"Quickly preview product Ferrari 308GT4 \"team gauthier\" assistance vehicle, tour de france, 1983\"><i class=\"icon-eye\" aria-hidden=\"true\" role=\"img\"><\/i> Quick View<\/a>\t<\/div><!-- .woo-entry-image -->\n\n<\/li><li class=\"category\"><a href=\"https:\/\/autoshow.at\/en\/product-category\/arena-143\/\" rel=\"tag\">ARENA 1:43<\/a><\/li><li class=\"title\"><h2><a href=\"https:\/\/autoshow.at\/en\/product\/ferrari-308gt4-team-gauthier-assistance-vehicle-tour-de-france-1983\/\">Ferrari 308GT4 &#8222;Team Gauthier&#8220; assistance vehicle, Tour de France, 1983<\/a><\/h2><\/li><li class=\"price-wrap\">\n\t<span class=\"price\"><span class=\"woocommerce-Price-amount amount\"><bdi>239,00&nbsp;<span class=\"woocommerce-Price-currencySymbol\">&euro;<\/span><\/bdi><\/span><\/span>\n<\/li><li class=\"wc-gzd\">\n\n\n\t<p class=\"wc-gzd-additional-info shipping-costs-info\">plus <a href=\"https:\/\/autoshow.at\/en\/versandarten\/\" target=\"_blank\">shipping<\/a><\/p>\n\n\n<\/li><li class=\"rating\"><\/li><li class=\"btn-wrap clr\"><a class=\"button\" href=\"https:\/\/autoshow.at\/en\/product\/ferrari-308gt4-team-gauthier-assistance-vehicle-tour-de-france-1983\/\" data-no-translation=\"\" data-trp-gettext=\"\">Show product<\/a>\t<span id=\"woocommerce_loop_add_to_cart_link_describedby_105135\" class=\"screen-reader-text\">\n\t\t\t<\/span>\n<\/li><\/ul><\/div><!-- .product-inner .clr --><\/li>\n<li class=\"entry has-media has-product-nav col span_1_of_3 owp-content-center owp-thumbs-layout-horizontal owp-btn-normal owp-tabs-layout-horizontal has-no-thumbnails product type-product post-105136 status-publish first instock product_cat-arena-143 has-post-thumbnail purchasable product-type-simple\">\n\t<div class=\"product-inner clr\">\n\t<div class=\"woo-entry-image clr\">\n\t\t<a href=\"https:\/\/autoshow.at\/en\/product\/ferrari-308gtb-red-valentino-group-b-rally-citta-del-santo-1986-pianezzola-peruzzi-12\/\" class=\"woocommerce-LoopProduct-link\"><img loading=\"lazy\" decoding=\"async\" width=\"1200\" height=\"801\" src=\"https:\/\/autoshow.at\/wp-content\/uploads\/2026\/02\/arena-1427-ferrari-308gtb-autoshow-lagernd-1-43.jpg\" class=\"woo-entry-image-main\" alt=\"Ferrari 308GTB &#8222;Red Valentino&#8220; Group B, Rally Citt\u00e0 del Santo 1986, Pianezzola \/ Peruzzi, # 12\" itemprop=\"image\" srcset=\"https:\/\/autoshow.at\/wp-content\/uploads\/2026\/02\/arena-1427-ferrari-308gtb-autoshow-lagernd-1-43.jpg 1200w, https:\/\/autoshow.at\/wp-content\/uploads\/2026\/02\/arena-1427-ferrari-308gtb-autoshow-lagernd-1-43-300x200.jpg 300w, https:\/\/autoshow.at\/wp-content\/uploads\/2026\/02\/arena-1427-ferrari-308gtb-autoshow-lagernd-1-43-1024x684.jpg 1024w, https:\/\/autoshow.at\/wp-content\/uploads\/2026\/02\/arena-1427-ferrari-308gtb-autoshow-lagernd-1-43-768x513.jpg 768w, https:\/\/autoshow.at\/wp-content\/uploads\/2026\/02\/arena-1427-ferrari-308gtb-autoshow-lagernd-1-43-18x12.jpg 18w, https:\/\/autoshow.at\/wp-content\/uploads\/2026\/02\/arena-1427-ferrari-308gtb-autoshow-lagernd-1-43-64x43.jpg 64w\" sizes=\"(max-width: 1200px) 100vw, 1200px\" \/><\/a><a href=\"#\" id=\"product_id_105136\" class=\"owp-quick-view\" data-product_id=\"105136\" aria-label=\"Quickly preview product Ferrari 308GTB \"red valentino\" group b, rally citt\u00e0 del santo 1986, pianezzola><i class=\"icon-eye\" aria-hidden=\"true\" role=\"img\"><\/i> Quick View<\/a>\t<\/div><!-- .woo-entry-image -->\n\n\n\n\n\n\n\t<p class=\"wc-gzd-additional-info wc-gzd-additional-info-loop shipping-costs-info\">plus <a href=\"https:\/\/autoshow.at\/en\/versandarten\/\" target=\"_blank\">shipping<\/a><\/p>\n\n\n<ul class=\"woo-entry-inner clr\"><li class=\"image-wrap\">\n\t<div class=\"woo-entry-image clr\">\n\t\t<a href=\"https:\/\/autoshow.at\/en\/product\/ferrari-308gtb-red-valentino-group-b-rally-citta-del-santo-1986-pianezzola-peruzzi-12\/\" class=\"woocommerce-LoopProduct-link\"><img loading=\"lazy\" decoding=\"async\" width=\"1200\" height=\"801\" src=\"https:\/\/autoshow.at\/wp-content\/uploads\/2026\/02\/arena-1427-ferrari-308gtb-autoshow-lagernd-1-43.jpg\" class=\"woo-entry-image-main\" alt=\"Ferrari 308GTB &#8222;Red Valentino&#8220; Group B, Rally Citt\u00e0 del Santo 1986, Pianezzola \/ Peruzzi, # 12\" itemprop=\"image\" srcset=\"https:\/\/autoshow.at\/wp-content\/uploads\/2026\/02\/arena-1427-ferrari-308gtb-autoshow-lagernd-1-43.jpg 1200w, https:\/\/autoshow.at\/wp-content\/uploads\/2026\/02\/arena-1427-ferrari-308gtb-autoshow-lagernd-1-43-300x200.jpg 300w, https:\/\/autoshow.at\/wp-content\/uploads\/2026\/02\/arena-1427-ferrari-308gtb-autoshow-lagernd-1-43-1024x684.jpg 1024w, https:\/\/autoshow.at\/wp-content\/uploads\/2026\/02\/arena-1427-ferrari-308gtb-autoshow-lagernd-1-43-768x513.jpg 768w, https:\/\/autoshow.at\/wp-content\/uploads\/2026\/02\/arena-1427-ferrari-308gtb-autoshow-lagernd-1-43-18x12.jpg 18w, https:\/\/autoshow.at\/wp-content\/uploads\/2026\/02\/arena-1427-ferrari-308gtb-autoshow-lagernd-1-43-64x43.jpg 64w\" sizes=\"(max-width: 1200px) 100vw, 1200px\" \/><\/a><a href=\"#\" id=\"product_id_105136\" class=\"owp-quick-view\" data-product_id=\"105136\" aria-label=\"Quickly preview product Ferrari 308GTB \"red valentino\" group b, rally citt\u00e0 del santo 1986, pianezzola><i class=\"icon-eye\" aria-hidden=\"true\" role=\"img\"><\/i> Quick View<\/a>\t<\/div><!-- .woo-entry-image -->\n\n<\/li><li class=\"category\"><a href=\"https:\/\/autoshow.at\/en\/product-category\/arena-143\/\" rel=\"tag\">ARENA 1:43<\/a><\/li><li class=\"title\"><h2><a href=\"https:\/\/autoshow.at\/en\/product\/ferrari-308gtb-red-valentino-group-b-rally-citta-del-santo-1986-pianezzola-peruzzi-12\/\">Ferrari 308GTB &#8222;Red Valentino&#8220; Group B, Rally Citt\u00e0 del Santo 1986, Pianezzola \/ Peruzzi, # 12<\/a><\/h2><\/li><li class=\"price-wrap\">\n\t<span class=\"price\"><span class=\"woocommerce-Price-amount amount\"><bdi>239,00&nbsp;<span class=\"woocommerce-Price-currencySymbol\">&euro;<\/span><\/bdi><\/span><\/span>\n<\/li><li class=\"wc-gzd\">\n\n\n\t<p class=\"wc-gzd-additional-info shipping-costs-info\">plus <a href=\"https:\/\/autoshow.at\/en\/versandarten\/\" target=\"_blank\">shipping<\/a><\/p>\n\n\n<\/li><li class=\"rating\"><\/li><li class=\"btn-wrap clr\"><a class=\"button\" href=\"https:\/\/autoshow.at\/en\/product\/ferrari-308gtb-red-valentino-group-b-rally-citta-del-santo-1986-pianezzola-peruzzi-12\/\" data-no-translation=\"\" data-trp-gettext=\"\">Show product<\/a>\t<span id=\"woocommerce_loop_add_to_cart_link_describedby_105136\" class=\"screen-reader-text\">\n\t\t\t<\/span>\n<\/li><\/ul><\/div><!-- .product-inner .clr --><\/li>\n<li class=\"entry has-media has-product-nav col span_1_of_3 owp-content-center owp-thumbs-layout-horizontal owp-btn-normal owp-tabs-layout-horizontal has-no-thumbnails product type-product post-105137 status-publish instock product_cat-arena-143 has-post-thumbnail purchasable product-type-simple\">\n\t<div class=\"product-inner clr\">\n\t<div class=\"woo-entry-image clr\">\n\t\t<a href=\"https:\/\/autoshow.at\/en\/product\/ferrari-308gtb-group-b-targa-florio-1983-fassina-radaelli-1\/\" class=\"woocommerce-LoopProduct-link\"><img loading=\"lazy\" decoding=\"async\" width=\"1200\" height=\"802\" src=\"https:\/\/autoshow.at\/wp-content\/uploads\/2026\/02\/arena-1426-ferrari-308gtb-autoshow-lagernd-1-43.jpg\" class=\"woo-entry-image-main\" alt=\"Ferrari 308GTB Group B, Targa Florio 1983, Fassina \/ Radaelli, # 1\" itemprop=\"image\" srcset=\"https:\/\/autoshow.at\/wp-content\/uploads\/2026\/02\/arena-1426-ferrari-308gtb-autoshow-lagernd-1-43.jpg 1200w, https:\/\/autoshow.at\/wp-content\/uploads\/2026\/02\/arena-1426-ferrari-308gtb-autoshow-lagernd-1-43-300x201.jpg 300w, https:\/\/autoshow.at\/wp-content\/uploads\/2026\/02\/arena-1426-ferrari-308gtb-autoshow-lagernd-1-43-1024x684.jpg 1024w, https:\/\/autoshow.at\/wp-content\/uploads\/2026\/02\/arena-1426-ferrari-308gtb-autoshow-lagernd-1-43-768x513.jpg 768w, https:\/\/autoshow.at\/wp-content\/uploads\/2026\/02\/arena-1426-ferrari-308gtb-autoshow-lagernd-1-43-18x12.jpg 18w, https:\/\/autoshow.at\/wp-content\/uploads\/2026\/02\/arena-1426-ferrari-308gtb-autoshow-lagernd-1-43-64x43.jpg 64w\" sizes=\"(max-width: 1200px) 100vw, 1200px\" \/><\/a><a href=\"#\" id=\"product_id_105137\" class=\"owp-quick-view\" data-product_id=\"105137\" aria-label=\"Quickly preview product Ferrari 308GTB Group B, Targa Florio 1983, Fassina \/ Radaelli, # 1\"><i class=\"icon-eye\" aria-hidden=\"true\" role=\"img\"><\/i> Quick View<\/a>\t<\/div><!-- .woo-entry-image -->\n\n\n\n\n\n\n\t<p class=\"wc-gzd-additional-info wc-gzd-additional-info-loop shipping-costs-info\">plus <a href=\"https:\/\/autoshow.at\/en\/versandarten\/\" target=\"_blank\">shipping<\/a><\/p>\n\n\n<ul class=\"woo-entry-inner clr\"><li class=\"image-wrap\">\n\t<div class=\"woo-entry-image clr\">\n\t\t<a href=\"https:\/\/autoshow.at\/en\/product\/ferrari-308gtb-group-b-targa-florio-1983-fassina-radaelli-1\/\" class=\"woocommerce-LoopProduct-link\"><img loading=\"lazy\" decoding=\"async\" width=\"1200\" height=\"802\" src=\"https:\/\/autoshow.at\/wp-content\/uploads\/2026\/02\/arena-1426-ferrari-308gtb-autoshow-lagernd-1-43.jpg\" class=\"woo-entry-image-main\" alt=\"Ferrari 308GTB Group B, Targa Florio 1983, Fassina \/ Radaelli, # 1\" itemprop=\"image\" srcset=\"https:\/\/autoshow.at\/wp-content\/uploads\/2026\/02\/arena-1426-ferrari-308gtb-autoshow-lagernd-1-43.jpg 1200w, https:\/\/autoshow.at\/wp-content\/uploads\/2026\/02\/arena-1426-ferrari-308gtb-autoshow-lagernd-1-43-300x201.jpg 300w, https:\/\/autoshow.at\/wp-content\/uploads\/2026\/02\/arena-1426-ferrari-308gtb-autoshow-lagernd-1-43-1024x684.jpg 1024w, https:\/\/autoshow.at\/wp-content\/uploads\/2026\/02\/arena-1426-ferrari-308gtb-autoshow-lagernd-1-43-768x513.jpg 768w, https:\/\/autoshow.at\/wp-content\/uploads\/2026\/02\/arena-1426-ferrari-308gtb-autoshow-lagernd-1-43-18x12.jpg 18w, https:\/\/autoshow.at\/wp-content\/uploads\/2026\/02\/arena-1426-ferrari-308gtb-autoshow-lagernd-1-43-64x43.jpg 64w\" sizes=\"(max-width: 1200px) 100vw, 1200px\" \/><\/a><a href=\"#\" id=\"product_id_105137\" class=\"owp-quick-view\" data-product_id=\"105137\" aria-label=\"Quickly preview product Ferrari 308GTB Group B, Targa Florio 1983, Fassina \/ Radaelli, # 1\"><i class=\"icon-eye\" aria-hidden=\"true\" role=\"img\"><\/i> Quick View<\/a>\t<\/div><!-- .woo-entry-image -->\n\n<\/li><li class=\"category\"><a href=\"https:\/\/autoshow.at\/en\/product-category\/arena-143\/\" rel=\"tag\">ARENA 1:43<\/a><\/li><li class=\"title\"><h2><a href=\"https:\/\/autoshow.at\/en\/product\/ferrari-308gtb-group-b-targa-florio-1983-fassina-radaelli-1\/\">Ferrari 308GTB Group B, Targa Florio 1983, Fassina \/ Radaelli, # 1<\/a><\/h2><\/li><li class=\"price-wrap\">\n\t<span class=\"price\"><span class=\"woocommerce-Price-amount amount\"><bdi>239,00&nbsp;<span class=\"woocommerce-Price-currencySymbol\">&euro;<\/span><\/bdi><\/span><\/span>\n<\/li><li class=\"wc-gzd\">\n\n\n\t<p class=\"wc-gzd-additional-info shipping-costs-info\">plus <a href=\"https:\/\/autoshow.at\/en\/versandarten\/\" target=\"_blank\">shipping<\/a><\/p>\n\n\n<\/li><li class=\"rating\"><\/li><li class=\"btn-wrap clr\"><a class=\"button\" href=\"https:\/\/autoshow.at\/en\/product\/ferrari-308gtb-group-b-targa-florio-1983-fassina-radaelli-1\/\" data-no-translation=\"\" data-trp-gettext=\"\">Show product<\/a>\t<span id=\"woocommerce_loop_add_to_cart_link_describedby_105137\" class=\"screen-reader-text\">\n\t\t\t<\/span>\n<\/li><\/ul><\/div><!-- .product-inner .clr --><\/li>\n<li class=\"entry has-media has-product-nav col span_1_of_3 owp-content-center owp-thumbs-layout-horizontal owp-btn-normal owp-tabs-layout-horizontal has-no-thumbnails product type-product post-105138 status-publish last instock product_cat-arena-143 has-post-thumbnail purchasable product-type-simple\">\n\t<div class=\"product-inner clr\">\n\t<div class=\"woo-entry-image clr\">\n\t\t<a href=\"https:\/\/autoshow.at\/en\/product\/ferrari-308gtb-group-b-rally-coppa-valtellina-1985-gussoni-schierini-15\/\" class=\"woocommerce-LoopProduct-link\"><img loading=\"lazy\" decoding=\"async\" width=\"1200\" height=\"801\" src=\"https:\/\/autoshow.at\/wp-content\/uploads\/2026\/02\/arena-1425-ferrari-308gtb-autoshow-lagernd-1-43.jpg\" class=\"woo-entry-image-main\" alt=\"Ferrari 308GTB Group B, Rally Coppa Valtellina 1985, Gussoni \/ Schierini, # 15\" itemprop=\"image\" srcset=\"https:\/\/autoshow.at\/wp-content\/uploads\/2026\/02\/arena-1425-ferrari-308gtb-autoshow-lagernd-1-43.jpg 1200w, https:\/\/autoshow.at\/wp-content\/uploads\/2026\/02\/arena-1425-ferrari-308gtb-autoshow-lagernd-1-43-300x200.jpg 300w, https:\/\/autoshow.at\/wp-content\/uploads\/2026\/02\/arena-1425-ferrari-308gtb-autoshow-lagernd-1-43-1024x684.jpg 1024w, https:\/\/autoshow.at\/wp-content\/uploads\/2026\/02\/arena-1425-ferrari-308gtb-autoshow-lagernd-1-43-768x513.jpg 768w, https:\/\/autoshow.at\/wp-content\/uploads\/2026\/02\/arena-1425-ferrari-308gtb-autoshow-lagernd-1-43-18x12.jpg 18w, https:\/\/autoshow.at\/wp-content\/uploads\/2026\/02\/arena-1425-ferrari-308gtb-autoshow-lagernd-1-43-64x43.jpg 64w\" sizes=\"(max-width: 1200px) 100vw, 1200px\" \/><\/a><a href=\"#\" id=\"product_id_105138\" class=\"owp-quick-view\" data-product_id=\"105138\" aria-label=\"Quickly preview product Ferrari 308GTB Group B, Rally Coppa Valtellina 1985, Gussoni \/ Schierini, # 15\"><i class=\"icon-eye\" aria-hidden=\"true\" role=\"img\"><\/i> Quick View<\/a>\t<\/div><!-- .woo-entry-image -->\n\n\n\n\n\n\n\t<p class=\"wc-gzd-additional-info wc-gzd-additional-info-loop shipping-costs-info\">plus <a href=\"https:\/\/autoshow.at\/en\/versandarten\/\" target=\"_blank\">shipping<\/a><\/p>\n\n\n<ul class=\"woo-entry-inner clr\"><li class=\"image-wrap\">\n\t<div class=\"woo-entry-image clr\">\n\t\t<a href=\"https:\/\/autoshow.at\/en\/product\/ferrari-308gtb-group-b-rally-coppa-valtellina-1985-gussoni-schierini-15\/\" class=\"woocommerce-LoopProduct-link\"><img loading=\"lazy\" decoding=\"async\" width=\"1200\" height=\"801\" src=\"https:\/\/autoshow.at\/wp-content\/uploads\/2026\/02\/arena-1425-ferrari-308gtb-autoshow-lagernd-1-43.jpg\" class=\"woo-entry-image-main\" alt=\"Ferrari 308GTB Group B, Rally Coppa Valtellina 1985, Gussoni \/ Schierini, # 15\" itemprop=\"image\" srcset=\"https:\/\/autoshow.at\/wp-content\/uploads\/2026\/02\/arena-1425-ferrari-308gtb-autoshow-lagernd-1-43.jpg 1200w, https:\/\/autoshow.at\/wp-content\/uploads\/2026\/02\/arena-1425-ferrari-308gtb-autoshow-lagernd-1-43-300x200.jpg 300w, https:\/\/autoshow.at\/wp-content\/uploads\/2026\/02\/arena-1425-ferrari-308gtb-autoshow-lagernd-1-43-1024x684.jpg 1024w, https:\/\/autoshow.at\/wp-content\/uploads\/2026\/02\/arena-1425-ferrari-308gtb-autoshow-lagernd-1-43-768x513.jpg 768w, https:\/\/autoshow.at\/wp-content\/uploads\/2026\/02\/arena-1425-ferrari-308gtb-autoshow-lagernd-1-43-18x12.jpg 18w, https:\/\/autoshow.at\/wp-content\/uploads\/2026\/02\/arena-1425-ferrari-308gtb-autoshow-lagernd-1-43-64x43.jpg 64w\" sizes=\"(max-width: 1200px) 100vw, 1200px\" \/><\/a><a href=\"#\" id=\"product_id_105138\" class=\"owp-quick-view\" data-product_id=\"105138\" aria-label=\"Quickly preview product Ferrari 308GTB Group B, Rally Coppa Valtellina 1985, Gussoni \/ Schierini, # 15\"><i class=\"icon-eye\" aria-hidden=\"true\" role=\"img\"><\/i> Quick View<\/a>\t<\/div><!-- .woo-entry-image -->\n\n<\/li><li class=\"category\"><a href=\"https:\/\/autoshow.at\/en\/product-category\/arena-143\/\" rel=\"tag\">ARENA 1:43<\/a><\/li><li class=\"title\"><h2><a href=\"https:\/\/autoshow.at\/en\/product\/ferrari-308gtb-group-b-rally-coppa-valtellina-1985-gussoni-schierini-15\/\">Ferrari 308GTB Group B, Rally Coppa Valtellina 1985, Gussoni \/ Schierini, # 15<\/a><\/h2><\/li><li class=\"price-wrap\">\n\t<span class=\"price\"><span class=\"woocommerce-Price-amount amount\"><bdi>239,00&nbsp;<span class=\"woocommerce-Price-currencySymbol\">&euro;<\/span><\/bdi><\/span><\/span>\n<\/li><li class=\"wc-gzd\">\n\n\n\t<p class=\"wc-gzd-additional-info shipping-costs-info\">plus <a href=\"https:\/\/autoshow.at\/en\/versandarten\/\" target=\"_blank\">shipping<\/a><\/p>\n\n\n<\/li><li class=\"rating\"><\/li><li class=\"btn-wrap clr\"><a class=\"button\" href=\"https:\/\/autoshow.at\/en\/product\/ferrari-308gtb-group-b-rally-coppa-valtellina-1985-gussoni-schierini-15\/\" data-no-translation=\"\" data-trp-gettext=\"\">Show product<\/a>\t<span id=\"woocommerce_loop_add_to_cart_link_describedby_105138\" class=\"screen-reader-text\">\n\t\t\t<\/span>\n<\/li><\/ul><\/div><!-- .product-inner .clr --><\/li>\n<li class=\"entry has-media has-product-nav col span_1_of_3 owp-content-center owp-thumbs-layout-horizontal owp-btn-normal owp-tabs-layout-horizontal has-no-thumbnails product type-product post-105139 status-publish first instock product_cat-arena-143 has-post-thumbnail purchasable product-type-simple\">\n\t<div class=\"product-inner clr\">\n\t<div class=\"woo-entry-image clr\">\n\t\t<a href=\"https:\/\/autoshow.at\/en\/product\/ferrari-308gtb-group-b-rally-piancavallo-1983-cavalli-amati-20\/\" class=\"woocommerce-LoopProduct-link\"><img loading=\"lazy\" decoding=\"async\" width=\"1200\" height=\"801\" src=\"https:\/\/autoshow.at\/wp-content\/uploads\/2026\/02\/arena-1424-ferrari-308gtb-autoshow-lagernd-1-43.jpg\" class=\"woo-entry-image-main\" alt=\"Ferrari 308GTB Group B, Rally Piancavallo 1983, Cavalli \/ Amati, # 20\" itemprop=\"image\" srcset=\"https:\/\/autoshow.at\/wp-content\/uploads\/2026\/02\/arena-1424-ferrari-308gtb-autoshow-lagernd-1-43.jpg 1200w, https:\/\/autoshow.at\/wp-content\/uploads\/2026\/02\/arena-1424-ferrari-308gtb-autoshow-lagernd-1-43-300x200.jpg 300w, https:\/\/autoshow.at\/wp-content\/uploads\/2026\/02\/arena-1424-ferrari-308gtb-autoshow-lagernd-1-43-1024x684.jpg 1024w, https:\/\/autoshow.at\/wp-content\/uploads\/2026\/02\/arena-1424-ferrari-308gtb-autoshow-lagernd-1-43-768x513.jpg 768w, https:\/\/autoshow.at\/wp-content\/uploads\/2026\/02\/arena-1424-ferrari-308gtb-autoshow-lagernd-1-43-18x12.jpg 18w, https:\/\/autoshow.at\/wp-content\/uploads\/2026\/02\/arena-1424-ferrari-308gtb-autoshow-lagernd-1-43-64x43.jpg 64w\" sizes=\"(max-width: 1200px) 100vw, 1200px\" \/><\/a><a href=\"#\" id=\"product_id_105139\" class=\"owp-quick-view\" data-product_id=\"105139\" aria-label=\"Quickly preview product Ferrari 308GTB Group B, Rally Piancavallo 1983, Cavalli \/ Amati, # 20\"><i class=\"icon-eye\" aria-hidden=\"true\" role=\"img\"><\/i> Quick View<\/a>\t<\/div><!-- .woo-entry-image -->\n\n\n\n\n\n\n\t<p class=\"wc-gzd-additional-info wc-gzd-additional-info-loop shipping-costs-info\">plus <a href=\"https:\/\/autoshow.at\/en\/versandarten\/\" target=\"_blank\">shipping<\/a><\/p>\n\n\n<ul class=\"woo-entry-inner clr\"><li class=\"image-wrap\">\n\t<div class=\"woo-entry-image clr\">\n\t\t<a href=\"https:\/\/autoshow.at\/en\/product\/ferrari-308gtb-group-b-rally-piancavallo-1983-cavalli-amati-20\/\" class=\"woocommerce-LoopProduct-link\"><img loading=\"lazy\" decoding=\"async\" width=\"1200\" height=\"801\" src=\"https:\/\/autoshow.at\/wp-content\/uploads\/2026\/02\/arena-1424-ferrari-308gtb-autoshow-lagernd-1-43.jpg\" class=\"woo-entry-image-main\" alt=\"Ferrari 308GTB Group B, Rally Piancavallo 1983, Cavalli \/ Amati, # 20\" itemprop=\"image\" srcset=\"https:\/\/autoshow.at\/wp-content\/uploads\/2026\/02\/arena-1424-ferrari-308gtb-autoshow-lagernd-1-43.jpg 1200w, https:\/\/autoshow.at\/wp-content\/uploads\/2026\/02\/arena-1424-ferrari-308gtb-autoshow-lagernd-1-43-300x200.jpg 300w, https:\/\/autoshow.at\/wp-content\/uploads\/2026\/02\/arena-1424-ferrari-308gtb-autoshow-lagernd-1-43-1024x684.jpg 1024w, https:\/\/autoshow.at\/wp-content\/uploads\/2026\/02\/arena-1424-ferrari-308gtb-autoshow-lagernd-1-43-768x513.jpg 768w, https:\/\/autoshow.at\/wp-content\/uploads\/2026\/02\/arena-1424-ferrari-308gtb-autoshow-lagernd-1-43-18x12.jpg 18w, https:\/\/autoshow.at\/wp-content\/uploads\/2026\/02\/arena-1424-ferrari-308gtb-autoshow-lagernd-1-43-64x43.jpg 64w\" sizes=\"(max-width: 1200px) 100vw, 1200px\" \/><\/a><a href=\"#\" id=\"product_id_105139\" class=\"owp-quick-view\" data-product_id=\"105139\" aria-label=\"Quickly preview product Ferrari 308GTB Group B, Rally Piancavallo 1983, Cavalli \/ Amati, # 20\"><i class=\"icon-eye\" aria-hidden=\"true\" role=\"img\"><\/i> Quick View<\/a>\t<\/div><!-- .woo-entry-image -->\n\n<\/li><li class=\"category\"><a href=\"https:\/\/autoshow.at\/en\/product-category\/arena-143\/\" rel=\"tag\">ARENA 1:43<\/a><\/li><li class=\"title\"><h2><a href=\"https:\/\/autoshow.at\/en\/product\/ferrari-308gtb-group-b-rally-piancavallo-1983-cavalli-amati-20\/\">Ferrari 308GTB Group B, Rally Piancavallo 1983, Cavalli \/ Amati, # 20<\/a><\/h2><\/li><li class=\"price-wrap\">\n\t<span class=\"price\"><span class=\"woocommerce-Price-amount amount\"><bdi>239,00&nbsp;<span class=\"woocommerce-Price-currencySymbol\">&euro;<\/span><\/bdi><\/span><\/span>\n<\/li><li class=\"wc-gzd\">\n\n\n\t<p class=\"wc-gzd-additional-info shipping-costs-info\">plus <a href=\"https:\/\/autoshow.at\/en\/versandarten\/\" target=\"_blank\">shipping<\/a><\/p>\n\n\n<\/li><li class=\"rating\"><\/li><li class=\"btn-wrap clr\"><a class=\"button\" href=\"https:\/\/autoshow.at\/en\/product\/ferrari-308gtb-group-b-rally-piancavallo-1983-cavalli-amati-20\/\" data-no-translation=\"\" data-trp-gettext=\"\">Show product<\/a>\t<span id=\"woocommerce_loop_add_to_cart_link_describedby_105139\" class=\"screen-reader-text\">\n\t\t\t<\/span>\n<\/li><\/ul><\/div><!-- .product-inner .clr --><\/li>\n<li class=\"entry has-media has-product-nav col span_1_of_3 owp-content-center owp-thumbs-layout-horizontal owp-btn-normal owp-tabs-layout-horizontal has-no-thumbnails product type-product post-105140 status-publish instock product_cat-arena-143 has-post-thumbnail purchasable product-type-simple\">\n\t<div class=\"product-inner clr\">\n\t<div class=\"woo-entry-image clr\">\n\t\t<a href=\"https:\/\/autoshow.at\/en\/product\/ferrari-308gtb-group-b-auto-becker-adac-deutschland-rally-1984-bohne-ahrens-8\/\" class=\"woocommerce-LoopProduct-link\"><img loading=\"lazy\" decoding=\"async\" width=\"1200\" height=\"801\" src=\"https:\/\/autoshow.at\/wp-content\/uploads\/2026\/02\/arena-1423-ferrari-308gtb-autoshow-lagernd-1-43.jpg\" class=\"woo-entry-image-main\" alt=\"Ferrari 308GTB Group B &#8222;Auto Becker&#8220;, ADAC Deutschland Rally 1984, Bohne \/ Ahrens, # 8\" itemprop=\"image\" srcset=\"https:\/\/autoshow.at\/wp-content\/uploads\/2026\/02\/arena-1423-ferrari-308gtb-autoshow-lagernd-1-43.jpg 1200w, https:\/\/autoshow.at\/wp-content\/uploads\/2026\/02\/arena-1423-ferrari-308gtb-autoshow-lagernd-1-43-300x200.jpg 300w, https:\/\/autoshow.at\/wp-content\/uploads\/2026\/02\/arena-1423-ferrari-308gtb-autoshow-lagernd-1-43-1024x684.jpg 1024w, https:\/\/autoshow.at\/wp-content\/uploads\/2026\/02\/arena-1423-ferrari-308gtb-autoshow-lagernd-1-43-768x513.jpg 768w, https:\/\/autoshow.at\/wp-content\/uploads\/2026\/02\/arena-1423-ferrari-308gtb-autoshow-lagernd-1-43-18x12.jpg 18w, https:\/\/autoshow.at\/wp-content\/uploads\/2026\/02\/arena-1423-ferrari-308gtb-autoshow-lagernd-1-43-64x43.jpg 64w\" sizes=\"(max-width: 1200px) 100vw, 1200px\" \/><\/a><a href=\"#\" id=\"product_id_105140\" class=\"owp-quick-view\" data-product_id=\"105140\" aria-label=\"Quickly preview product Ferrari 308GTB Group B \"auto becker\", adac deutschland rally 1984, bohne><i class=\"icon-eye\" aria-hidden=\"true\" role=\"img\"><\/i> Quick View<\/a>\t<\/div><!-- .woo-entry-image -->\n\n\n\n\n\n\n\t<p class=\"wc-gzd-additional-info wc-gzd-additional-info-loop shipping-costs-info\">plus <a href=\"https:\/\/autoshow.at\/en\/versandarten\/\" target=\"_blank\">shipping<\/a><\/p>\n\n\n<ul class=\"woo-entry-inner clr\"><li class=\"image-wrap\">\n\t<div class=\"woo-entry-image clr\">\n\t\t<a href=\"https:\/\/autoshow.at\/en\/product\/ferrari-308gtb-group-b-auto-becker-adac-deutschland-rally-1984-bohne-ahrens-8\/\" class=\"woocommerce-LoopProduct-link\"><img loading=\"lazy\" decoding=\"async\" width=\"1200\" height=\"801\" src=\"https:\/\/autoshow.at\/wp-content\/uploads\/2026\/02\/arena-1423-ferrari-308gtb-autoshow-lagernd-1-43.jpg\" class=\"woo-entry-image-main\" alt=\"Ferrari 308GTB Group B &#8222;Auto Becker&#8220;, ADAC Deutschland Rally 1984, Bohne \/ Ahrens, # 8\" itemprop=\"image\" srcset=\"https:\/\/autoshow.at\/wp-content\/uploads\/2026\/02\/arena-1423-ferrari-308gtb-autoshow-lagernd-1-43.jpg 1200w, https:\/\/autoshow.at\/wp-content\/uploads\/2026\/02\/arena-1423-ferrari-308gtb-autoshow-lagernd-1-43-300x200.jpg 300w, https:\/\/autoshow.at\/wp-content\/uploads\/2026\/02\/arena-1423-ferrari-308gtb-autoshow-lagernd-1-43-1024x684.jpg 1024w, https:\/\/autoshow.at\/wp-content\/uploads\/2026\/02\/arena-1423-ferrari-308gtb-autoshow-lagernd-1-43-768x513.jpg 768w, https:\/\/autoshow.at\/wp-content\/uploads\/2026\/02\/arena-1423-ferrari-308gtb-autoshow-lagernd-1-43-18x12.jpg 18w, https:\/\/autoshow.at\/wp-content\/uploads\/2026\/02\/arena-1423-ferrari-308gtb-autoshow-lagernd-1-43-64x43.jpg 64w\" sizes=\"(max-width: 1200px) 100vw, 1200px\" \/><\/a><a href=\"#\" id=\"product_id_105140\" class=\"owp-quick-view\" data-product_id=\"105140\" aria-label=\"Quickly preview product Ferrari 308GTB Group B \"auto becker\", adac deutschland rally 1984, bohne><i class=\"icon-eye\" aria-hidden=\"true\" role=\"img\"><\/i> Quick View<\/a>\t<\/div><!-- .woo-entry-image -->\n\n<\/li><li class=\"category\"><a href=\"https:\/\/autoshow.at\/en\/product-category\/arena-143\/\" rel=\"tag\">ARENA 1:43<\/a><\/li><li class=\"title\"><h2><a href=\"https:\/\/autoshow.at\/en\/product\/ferrari-308gtb-group-b-auto-becker-adac-deutschland-rally-1984-bohne-ahrens-8\/\">Ferrari 308GTB Group B &#8222;Auto Becker&#8220;, ADAC Deutschland Rally 1984, Bohne \/ Ahrens, # 8<\/a><\/h2><\/li><li class=\"price-wrap\">\n\t<span class=\"price\"><span class=\"woocommerce-Price-amount amount\"><bdi>239,00&nbsp;<span class=\"woocommerce-Price-currencySymbol\">&euro;<\/span><\/bdi><\/span><\/span>\n<\/li><li class=\"wc-gzd\">\n\n\n\t<p class=\"wc-gzd-additional-info shipping-costs-info\">plus <a href=\"https:\/\/autoshow.at\/en\/versandarten\/\" target=\"_blank\">shipping<\/a><\/p>\n\n\n<\/li><li class=\"rating\"><\/li><li class=\"btn-wrap clr\"><a class=\"button\" href=\"https:\/\/autoshow.at\/en\/product\/ferrari-308gtb-group-b-auto-becker-adac-deutschland-rally-1984-bohne-ahrens-8\/\" data-no-translation=\"\" data-trp-gettext=\"\">Show product<\/a>\t<span id=\"woocommerce_loop_add_to_cart_link_describedby_105140\" class=\"screen-reader-text\">\n\t\t\t<\/span>\n<\/li><\/ul><\/div><!-- .product-inner .clr --><\/li>\n<li class=\"entry has-media has-product-nav col span_1_of_3 owp-content-center owp-thumbs-layout-horizontal owp-btn-normal owp-tabs-layout-horizontal has-no-thumbnails product type-product post-105141 status-publish last instock product_cat-arena-143 has-post-thumbnail purchasable product-type-simple\">\n\t<div class=\"product-inner clr\">\n\t<div class=\"woo-entry-image clr\">\n\t\t<a href=\"https:\/\/autoshow.at\/en\/product\/ferrari-308gtb-prototype-by-michelotto-marlboro-baja-aragon-spain-1985-zanini-343\/\" class=\"woocommerce-LoopProduct-link\"><img loading=\"lazy\" decoding=\"async\" width=\"800\" height=\"534\" src=\"https:\/\/autoshow.at\/wp-content\/uploads\/2026\/02\/arena-1293-ferrari-308gtb-autoshow-lagernd-1-43.jpg\" class=\"woo-entry-image-main\" alt=\"Ferrari 308GTB Prototype by Michelotto &#8222;Marlboro&#8220;, Baja Aragon, Spain, 1985, Zanini, # 343\" itemprop=\"image\" srcset=\"https:\/\/autoshow.at\/wp-content\/uploads\/2026\/02\/arena-1293-ferrari-308gtb-autoshow-lagernd-1-43.jpg 800w, https:\/\/autoshow.at\/wp-content\/uploads\/2026\/02\/arena-1293-ferrari-308gtb-autoshow-lagernd-1-43-300x200.jpg 300w, https:\/\/autoshow.at\/wp-content\/uploads\/2026\/02\/arena-1293-ferrari-308gtb-autoshow-lagernd-1-43-768x513.jpg 768w, https:\/\/autoshow.at\/wp-content\/uploads\/2026\/02\/arena-1293-ferrari-308gtb-autoshow-lagernd-1-43-18x12.jpg 18w, https:\/\/autoshow.at\/wp-content\/uploads\/2026\/02\/arena-1293-ferrari-308gtb-autoshow-lagernd-1-43-64x43.jpg 64w\" sizes=\"(max-width: 800px) 100vw, 800px\" \/><\/a><a href=\"#\" id=\"product_id_105141\" class=\"owp-quick-view\" data-product_id=\"105141\" aria-label=\"Quickly preview product Ferrari 308GTB Prototype by Michelotto \"marlboro\", baja aragon, spain, 1985, zanini, # 343\"><i class=\"icon-eye\" aria-hidden=\"true\" role=\"img\"><\/i> Quick View<\/a>\t<\/div><!-- .woo-entry-image -->\n\n\n\n\n\n\n\t<p class=\"wc-gzd-additional-info wc-gzd-additional-info-loop shipping-costs-info\">plus <a href=\"https:\/\/autoshow.at\/en\/versandarten\/\" target=\"_blank\">shipping<\/a><\/p>\n\n\n<ul class=\"woo-entry-inner clr\"><li class=\"image-wrap\">\n\t<div class=\"woo-entry-image clr\">\n\t\t<a href=\"https:\/\/autoshow.at\/en\/product\/ferrari-308gtb-prototype-by-michelotto-marlboro-baja-aragon-spain-1985-zanini-343\/\" class=\"woocommerce-LoopProduct-link\"><img loading=\"lazy\" decoding=\"async\" width=\"800\" height=\"534\" src=\"https:\/\/autoshow.at\/wp-content\/uploads\/2026\/02\/arena-1293-ferrari-308gtb-autoshow-lagernd-1-43.jpg\" class=\"woo-entry-image-main\" alt=\"Ferrari 308GTB Prototype by Michelotto &#8222;Marlboro&#8220;, Baja Aragon, Spain, 1985, Zanini, # 343\" itemprop=\"image\" srcset=\"https:\/\/autoshow.at\/wp-content\/uploads\/2026\/02\/arena-1293-ferrari-308gtb-autoshow-lagernd-1-43.jpg 800w, https:\/\/autoshow.at\/wp-content\/uploads\/2026\/02\/arena-1293-ferrari-308gtb-autoshow-lagernd-1-43-300x200.jpg 300w, https:\/\/autoshow.at\/wp-content\/uploads\/2026\/02\/arena-1293-ferrari-308gtb-autoshow-lagernd-1-43-768x513.jpg 768w, https:\/\/autoshow.at\/wp-content\/uploads\/2026\/02\/arena-1293-ferrari-308gtb-autoshow-lagernd-1-43-18x12.jpg 18w, https:\/\/autoshow.at\/wp-content\/uploads\/2026\/02\/arena-1293-ferrari-308gtb-autoshow-lagernd-1-43-64x43.jpg 64w\" sizes=\"(max-width: 800px) 100vw, 800px\" \/><\/a><a href=\"#\" id=\"product_id_105141\" class=\"owp-quick-view\" data-product_id=\"105141\" aria-label=\"Quickly preview product Ferrari 308GTB Prototype by Michelotto \"marlboro\", baja aragon, spain, 1985, zanini, # 343\"><i class=\"icon-eye\" aria-hidden=\"true\" role=\"img\"><\/i> Quick View<\/a>\t<\/div><!-- .woo-entry-image -->\n\n<\/li><li class=\"category\"><a href=\"https:\/\/autoshow.at\/en\/product-category\/arena-143\/\" rel=\"tag\">ARENA 1:43<\/a><\/li><li class=\"title\"><h2><a href=\"https:\/\/autoshow.at\/en\/product\/ferrari-308gtb-prototype-by-michelotto-marlboro-baja-aragon-spain-1985-zanini-343\/\">Ferrari 308GTB Prototype by Michelotto &#8222;Marlboro&#8220;, Baja Aragon, Spain, 1985, Zanini, # 343<\/a><\/h2><\/li><li class=\"price-wrap\">\n\t<span class=\"price\"><span class=\"woocommerce-Price-amount amount\"><bdi>239,00&nbsp;<span class=\"woocommerce-Price-currencySymbol\">&euro;<\/span><\/bdi><\/span><\/span>\n<\/li><li class=\"wc-gzd\">\n\n\n\t<p class=\"wc-gzd-additional-info shipping-costs-info\">plus <a href=\"https:\/\/autoshow.at\/en\/versandarten\/\" target=\"_blank\">shipping<\/a><\/p>\n\n\n<\/li><li class=\"rating\"><\/li><li class=\"btn-wrap clr\"><a class=\"button\" href=\"https:\/\/autoshow.at\/en\/product\/ferrari-308gtb-prototype-by-michelotto-marlboro-baja-aragon-spain-1985-zanini-343\/\" data-no-translation=\"\" data-trp-gettext=\"\">Show product<\/a>\t<span id=\"woocommerce_loop_add_to_cart_link_describedby_105141\" class=\"screen-reader-text\">\n\t\t\t<\/span>\n<\/li><\/ul><\/div><!-- .product-inner .clr --><\/li>\n<li class=\"entry has-media has-product-nav col span_1_of_3 owp-content-center owp-thumbs-layout-horizontal owp-btn-normal owp-tabs-layout-horizontal has-no-thumbnails product type-product post-105142 status-publish first instock product_cat-arena-143 has-post-thumbnail purchasable product-type-simple\">\n\t<div class=\"product-inner clr\">\n\t<div class=\"woo-entry-image clr\">\n\t\t<a href=\"https:\/\/autoshow.at\/en\/product\/ferrari-308gtb-turbo-by-carma-exxon-12h-sebring-1995-finotto-melgrati-finger-80\/\" class=\"woocommerce-LoopProduct-link\"><img loading=\"lazy\" decoding=\"async\" width=\"800\" height=\"534\" src=\"https:\/\/autoshow.at\/wp-content\/uploads\/2026\/02\/arena-1251-ferrari-308gtb-autoshow-lagernd-1-43.jpg\" class=\"woo-entry-image-main\" alt=\"Ferrari 308GTB Turbo by Carma &#8222;Exxon&#8220;, 12H Sebring 1995, Finotto \/ Melgrati \/ Finger, # 80\" itemprop=\"image\" srcset=\"https:\/\/autoshow.at\/wp-content\/uploads\/2026\/02\/arena-1251-ferrari-308gtb-autoshow-lagernd-1-43.jpg 800w, https:\/\/autoshow.at\/wp-content\/uploads\/2026\/02\/arena-1251-ferrari-308gtb-autoshow-lagernd-1-43-300x200.jpg 300w, https:\/\/autoshow.at\/wp-content\/uploads\/2026\/02\/arena-1251-ferrari-308gtb-autoshow-lagernd-1-43-768x513.jpg 768w, https:\/\/autoshow.at\/wp-content\/uploads\/2026\/02\/arena-1251-ferrari-308gtb-autoshow-lagernd-1-43-18x12.jpg 18w, https:\/\/autoshow.at\/wp-content\/uploads\/2026\/02\/arena-1251-ferrari-308gtb-autoshow-lagernd-1-43-64x43.jpg 64w\" sizes=\"(max-width: 800px) 100vw, 800px\" \/><\/a><a href=\"#\" id=\"product_id_105142\" class=\"owp-quick-view\" data-product_id=\"105142\" aria-label=\"Quickly preview product Ferrari 308GTB Turbo by Carma \"exxon\", 12h sebring 1995, finotto><i class=\"icon-eye\" aria-hidden=\"true\" role=\"img\"><\/i> Quick View<\/a>\t<\/div><!-- .woo-entry-image -->\n\n\n\n\n\n\n\t<p class=\"wc-gzd-additional-info wc-gzd-additional-info-loop shipping-costs-info\">plus <a href=\"https:\/\/autoshow.at\/en\/versandarten\/\" target=\"_blank\">shipping<\/a><\/p>\n\n\n<ul class=\"woo-entry-inner clr\"><li class=\"image-wrap\">\n\t<div class=\"woo-entry-image clr\">\n\t\t<a href=\"https:\/\/autoshow.at\/en\/product\/ferrari-308gtb-turbo-by-carma-exxon-12h-sebring-1995-finotto-melgrati-finger-80\/\" class=\"woocommerce-LoopProduct-link\"><img loading=\"lazy\" decoding=\"async\" width=\"800\" height=\"534\" src=\"https:\/\/autoshow.at\/wp-content\/uploads\/2026\/02\/arena-1251-ferrari-308gtb-autoshow-lagernd-1-43.jpg\" class=\"woo-entry-image-main\" alt=\"Ferrari 308GTB Turbo by Carma &#8222;Exxon&#8220;, 12H Sebring 1995, Finotto \/ Melgrati \/ Finger, # 80\" itemprop=\"image\" srcset=\"https:\/\/autoshow.at\/wp-content\/uploads\/2026\/02\/arena-1251-ferrari-308gtb-autoshow-lagernd-1-43.jpg 800w, https:\/\/autoshow.at\/wp-content\/uploads\/2026\/02\/arena-1251-ferrari-308gtb-autoshow-lagernd-1-43-300x200.jpg 300w, https:\/\/autoshow.at\/wp-content\/uploads\/2026\/02\/arena-1251-ferrari-308gtb-autoshow-lagernd-1-43-768x513.jpg 768w, https:\/\/autoshow.at\/wp-content\/uploads\/2026\/02\/arena-1251-ferrari-308gtb-autoshow-lagernd-1-43-18x12.jpg 18w, https:\/\/autoshow.at\/wp-content\/uploads\/2026\/02\/arena-1251-ferrari-308gtb-autoshow-lagernd-1-43-64x43.jpg 64w\" sizes=\"(max-width: 800px) 100vw, 800px\" \/><\/a><a href=\"#\" id=\"product_id_105142\" class=\"owp-quick-view\" data-product_id=\"105142\" aria-label=\"Quickly preview product Ferrari 308GTB Turbo by Carma \"exxon\", 12h sebring 1995, finotto><i class=\"icon-eye\" aria-hidden=\"true\" role=\"img\"><\/i> Quick View<\/a>\t<\/div><!-- .woo-entry-image -->\n\n<\/li><li class=\"category\"><a href=\"https:\/\/autoshow.at\/en\/product-category\/arena-143\/\" rel=\"tag\">ARENA 1:43<\/a><\/li><li class=\"title\"><h2><a href=\"https:\/\/autoshow.at\/en\/product\/ferrari-308gtb-turbo-by-carma-exxon-12h-sebring-1995-finotto-melgrati-finger-80\/\">Ferrari 308GTB Turbo by Carma &#8222;Exxon&#8220;, 12H Sebring 1995, Finotto \/ Melgrati \/ Finger, # 80<\/a><\/h2><\/li><li class=\"price-wrap\">\n\t<span class=\"price\"><span class=\"woocommerce-Price-amount amount\"><bdi>239,00&nbsp;<span class=\"woocommerce-Price-currencySymbol\">&euro;<\/span><\/bdi><\/span><\/span>\n<\/li><li class=\"wc-gzd\">\n\n\n\t<p class=\"wc-gzd-additional-info shipping-costs-info\">plus <a href=\"https:\/\/autoshow.at\/en\/versandarten\/\" target=\"_blank\">shipping<\/a><\/p>\n\n\n<\/li><li class=\"rating\"><\/li><li class=\"btn-wrap clr\"><a class=\"button\" href=\"https:\/\/autoshow.at\/en\/product\/ferrari-308gtb-turbo-by-carma-exxon-12h-sebring-1995-finotto-melgrati-finger-80\/\" data-no-translation=\"\" data-trp-gettext=\"\">Show product<\/a>\t<span id=\"woocommerce_loop_add_to_cart_link_describedby_105142\" class=\"screen-reader-text\">\n\t\t\t<\/span>\n<\/li><\/ul><\/div><!-- .product-inner .clr --><\/li>\n<li class=\"entry has-media has-product-nav col span_1_of_3 owp-content-center owp-thumbs-layout-horizontal owp-btn-normal owp-tabs-layout-horizontal has-no-thumbnails product type-product post-105143 status-publish instock product_cat-arena-143 has-post-thumbnail purchasable product-type-simple\">\n\t<div class=\"product-inner clr\">\n\t<div class=\"woo-entry-image clr\">\n\t\t<a href=\"https:\/\/autoshow.at\/en\/product\/ferrari-308gtb-budweiser-scca-championship-1984-paul-newman-75\/\" class=\"woocommerce-LoopProduct-link\"><img loading=\"lazy\" decoding=\"async\" width=\"800\" height=\"534\" src=\"https:\/\/autoshow.at\/wp-content\/uploads\/2026\/02\/arena-1250-ferrari-308gtb-autoshow-lagernd-1-43.jpg\" class=\"woo-entry-image-main\" alt=\"Ferrari 308GTB &#8222;Budweiser&#8220;, SCCA Championship 1984. Paul Newman, # 75\" itemprop=\"image\" srcset=\"https:\/\/autoshow.at\/wp-content\/uploads\/2026\/02\/arena-1250-ferrari-308gtb-autoshow-lagernd-1-43.jpg 800w, https:\/\/autoshow.at\/wp-content\/uploads\/2026\/02\/arena-1250-ferrari-308gtb-autoshow-lagernd-1-43-300x200.jpg 300w, https:\/\/autoshow.at\/wp-content\/uploads\/2026\/02\/arena-1250-ferrari-308gtb-autoshow-lagernd-1-43-768x513.jpg 768w, https:\/\/autoshow.at\/wp-content\/uploads\/2026\/02\/arena-1250-ferrari-308gtb-autoshow-lagernd-1-43-18x12.jpg 18w, https:\/\/autoshow.at\/wp-content\/uploads\/2026\/02\/arena-1250-ferrari-308gtb-autoshow-lagernd-1-43-64x43.jpg 64w\" sizes=\"(max-width: 800px) 100vw, 800px\" \/><\/a><a href=\"#\" id=\"product_id_105143\" class=\"owp-quick-view\" data-product_id=\"105143\" aria-label=\"Quickly preview product Ferrari 308GTB \"budweiser\", scca championship 1984. paul newman, # 75\"><i class=\"icon-eye\" aria-hidden=\"true\" role=\"img\"><\/i> Quick View<\/a>\t<\/div><!-- .woo-entry-image -->\n\n\n\n\n\n\n\t<p class=\"wc-gzd-additional-info wc-gzd-additional-info-loop shipping-costs-info\">plus <a href=\"https:\/\/autoshow.at\/en\/versandarten\/\" target=\"_blank\">shipping<\/a><\/p>\n\n\n<ul class=\"woo-entry-inner clr\"><li class=\"image-wrap\">\n\t<div class=\"woo-entry-image clr\">\n\t\t<a href=\"https:\/\/autoshow.at\/en\/product\/ferrari-308gtb-budweiser-scca-championship-1984-paul-newman-75\/\" class=\"woocommerce-LoopProduct-link\"><img loading=\"lazy\" decoding=\"async\" width=\"800\" height=\"534\" src=\"https:\/\/autoshow.at\/wp-content\/uploads\/2026\/02\/arena-1250-ferrari-308gtb-autoshow-lagernd-1-43.jpg\" class=\"woo-entry-image-main\" alt=\"Ferrari 308GTB &#8222;Budweiser&#8220;, SCCA Championship 1984. Paul Newman, # 75\" itemprop=\"image\" srcset=\"https:\/\/autoshow.at\/wp-content\/uploads\/2026\/02\/arena-1250-ferrari-308gtb-autoshow-lagernd-1-43.jpg 800w, https:\/\/autoshow.at\/wp-content\/uploads\/2026\/02\/arena-1250-ferrari-308gtb-autoshow-lagernd-1-43-300x200.jpg 300w, https:\/\/autoshow.at\/wp-content\/uploads\/2026\/02\/arena-1250-ferrari-308gtb-autoshow-lagernd-1-43-768x513.jpg 768w, https:\/\/autoshow.at\/wp-content\/uploads\/2026\/02\/arena-1250-ferrari-308gtb-autoshow-lagernd-1-43-18x12.jpg 18w, https:\/\/autoshow.at\/wp-content\/uploads\/2026\/02\/arena-1250-ferrari-308gtb-autoshow-lagernd-1-43-64x43.jpg 64w\" sizes=\"(max-width: 800px) 100vw, 800px\" \/><\/a><a href=\"#\" id=\"product_id_105143\" class=\"owp-quick-view\" data-product_id=\"105143\" aria-label=\"Quickly preview product Ferrari 308GTB \"budweiser\", scca championship 1984. paul newman, # 75\"><i class=\"icon-eye\" aria-hidden=\"true\" role=\"img\"><\/i> Quick View<\/a>\t<\/div><!-- .woo-entry-image -->\n\n<\/li><li class=\"category\"><a href=\"https:\/\/autoshow.at\/en\/product-category\/arena-143\/\" rel=\"tag\">ARENA 1:43<\/a><\/li><li class=\"title\"><h2><a href=\"https:\/\/autoshow.at\/en\/product\/ferrari-308gtb-budweiser-scca-championship-1984-paul-newman-75\/\">Ferrari 308GTB &#8222;Budweiser&#8220;, SCCA Championship 1984. Paul Newman, # 75<\/a><\/h2><\/li><li class=\"price-wrap\">\n\t<span class=\"price\"><span class=\"woocommerce-Price-amount amount\"><bdi>239,00&nbsp;<span class=\"woocommerce-Price-currencySymbol\">&euro;<\/span><\/bdi><\/span><\/span>\n<\/li><li class=\"wc-gzd\">\n\n\n\t<p class=\"wc-gzd-additional-info shipping-costs-info\">plus <a href=\"https:\/\/autoshow.at\/en\/versandarten\/\" target=\"_blank\">shipping<\/a><\/p>\n\n\n<\/li><li class=\"rating\"><\/li><li class=\"btn-wrap clr\"><a class=\"button\" href=\"https:\/\/autoshow.at\/en\/product\/ferrari-308gtb-budweiser-scca-championship-1984-paul-newman-75\/\" data-no-translation=\"\" data-trp-gettext=\"\">Show product<\/a>\t<span id=\"woocommerce_loop_add_to_cart_link_describedby_105143\" class=\"screen-reader-text\">\n\t\t\t<\/span>\n<\/li><\/ul><\/div><!-- .product-inner .clr --><\/li>\n<li class=\"entry has-media has-product-nav col span_1_of_3 owp-content-center owp-thumbs-layout-horizontal owp-btn-normal owp-tabs-layout-horizontal has-no-thumbnails product type-product post-105144 status-publish last instock product_cat-arena-143 has-post-thumbnail purchasable product-type-simple\">\n\t<div class=\"product-inner clr\">\n\t<div class=\"woo-entry-image clr\">\n\t\t<a href=\"https:\/\/autoshow.at\/en\/product\/ferrari-308gtb-in-design-288gto-scca-championship-1985-38\/\" class=\"woocommerce-LoopProduct-link\"><img loading=\"lazy\" decoding=\"async\" width=\"800\" height=\"533\" src=\"https:\/\/autoshow.at\/wp-content\/uploads\/2026\/02\/arena-1249-ferrari-308gtb-autoshow-lagernd-1-43.jpg\" class=\"woo-entry-image-main\" alt=\"Ferrari 308GTB in design 288GTO ! SCCA Championship 1985, # 38\" itemprop=\"image\" srcset=\"https:\/\/autoshow.at\/wp-content\/uploads\/2026\/02\/arena-1249-ferrari-308gtb-autoshow-lagernd-1-43.jpg 800w, https:\/\/autoshow.at\/wp-content\/uploads\/2026\/02\/arena-1249-ferrari-308gtb-autoshow-lagernd-1-43-300x200.jpg 300w, https:\/\/autoshow.at\/wp-content\/uploads\/2026\/02\/arena-1249-ferrari-308gtb-autoshow-lagernd-1-43-768x512.jpg 768w, https:\/\/autoshow.at\/wp-content\/uploads\/2026\/02\/arena-1249-ferrari-308gtb-autoshow-lagernd-1-43-18x12.jpg 18w, https:\/\/autoshow.at\/wp-content\/uploads\/2026\/02\/arena-1249-ferrari-308gtb-autoshow-lagernd-1-43-64x43.jpg 64w\" sizes=\"(max-width: 800px) 100vw, 800px\" \/><\/a><a href=\"#\" id=\"product_id_105144\" class=\"owp-quick-view\" data-product_id=\"105144\" aria-label=\"Quickly preview product Ferrari 308GTB in design 288GTO ! SCCA Championship 1985, # 38\"><i class=\"icon-eye\" aria-hidden=\"true\" role=\"img\"><\/i> Quick View<\/a>\t<\/div><!-- .woo-entry-image -->\n\n\n\n\n\n\n\t<p class=\"wc-gzd-additional-info wc-gzd-additional-info-loop shipping-costs-info\">plus <a href=\"https:\/\/autoshow.at\/en\/versandarten\/\" target=\"_blank\">shipping<\/a><\/p>\n\n\n<ul class=\"woo-entry-inner clr\"><li class=\"image-wrap\">\n\t<div class=\"woo-entry-image clr\">\n\t\t<a href=\"https:\/\/autoshow.at\/en\/product\/ferrari-308gtb-in-design-288gto-scca-championship-1985-38\/\" class=\"woocommerce-LoopProduct-link\"><img loading=\"lazy\" decoding=\"async\" width=\"800\" height=\"533\" src=\"https:\/\/autoshow.at\/wp-content\/uploads\/2026\/02\/arena-1249-ferrari-308gtb-autoshow-lagernd-1-43.jpg\" class=\"woo-entry-image-main\" alt=\"Ferrari 308GTB in design 288GTO ! SCCA Championship 1985, # 38\" itemprop=\"image\" srcset=\"https:\/\/autoshow.at\/wp-content\/uploads\/2026\/02\/arena-1249-ferrari-308gtb-autoshow-lagernd-1-43.jpg 800w, https:\/\/autoshow.at\/wp-content\/uploads\/2026\/02\/arena-1249-ferrari-308gtb-autoshow-lagernd-1-43-300x200.jpg 300w, https:\/\/autoshow.at\/wp-content\/uploads\/2026\/02\/arena-1249-ferrari-308gtb-autoshow-lagernd-1-43-768x512.jpg 768w, https:\/\/autoshow.at\/wp-content\/uploads\/2026\/02\/arena-1249-ferrari-308gtb-autoshow-lagernd-1-43-18x12.jpg 18w, https:\/\/autoshow.at\/wp-content\/uploads\/2026\/02\/arena-1249-ferrari-308gtb-autoshow-lagernd-1-43-64x43.jpg 64w\" sizes=\"(max-width: 800px) 100vw, 800px\" \/><\/a><a href=\"#\" id=\"product_id_105144\" class=\"owp-quick-view\" data-product_id=\"105144\" aria-label=\"Quickly preview product Ferrari 308GTB in design 288GTO ! SCCA Championship 1985, # 38\"><i class=\"icon-eye\" aria-hidden=\"true\" role=\"img\"><\/i> Quick View<\/a>\t<\/div><!-- .woo-entry-image -->\n\n<\/li><li class=\"category\"><a href=\"https:\/\/autoshow.at\/en\/product-category\/arena-143\/\" rel=\"tag\">ARENA 1:43<\/a><\/li><li class=\"title\"><h2><a href=\"https:\/\/autoshow.at\/en\/product\/ferrari-308gtb-in-design-288gto-scca-championship-1985-38\/\">Ferrari 308GTB in design 288GTO ! SCCA Championship 1985, # 38<\/a><\/h2><\/li><li class=\"price-wrap\">\n\t<span class=\"price\"><span class=\"woocommerce-Price-amount amount\"><bdi>239,00&nbsp;<span class=\"woocommerce-Price-currencySymbol\">&euro;<\/span><\/bdi><\/span><\/span>\n<\/li><li class=\"wc-gzd\">\n\n\n\t<p class=\"wc-gzd-additional-info shipping-costs-info\">plus <a href=\"https:\/\/autoshow.at\/en\/versandarten\/\" target=\"_blank\">shipping<\/a><\/p>\n\n\n<\/li><li class=\"rating\"><\/li><li class=\"btn-wrap clr\"><a class=\"button\" href=\"https:\/\/autoshow.at\/en\/product\/ferrari-308gtb-in-design-288gto-scca-championship-1985-38\/\" data-no-translation=\"\" data-trp-gettext=\"\">Show product<\/a>\t<span id=\"woocommerce_loop_add_to_cart_link_describedby_105144\" class=\"screen-reader-text\">\n\t\t\t<\/span>\n<\/li><\/ul><\/div><!-- .product-inner .clr --><\/li>\n<li class=\"entry has-media has-product-nav col span_1_of_3 owp-content-center owp-thumbs-layout-horizontal owp-btn-normal owp-tabs-layout-horizontal has-no-thumbnails product type-product post-105145 status-publish first instock product_cat-arena-143 has-post-thumbnail purchasable product-type-simple\">\n\t<div class=\"product-inner clr\">\n\t<div class=\"woo-entry-image clr\">\n\t\t<a href=\"https:\/\/autoshow.at\/en\/product\/ferrari-308gtb-scyphers-ankor-racing-team-6h-riverside-1984-glick-scyphers-08\/\" class=\"woocommerce-LoopProduct-link\"><img loading=\"lazy\" decoding=\"async\" width=\"800\" height=\"534\" src=\"https:\/\/autoshow.at\/wp-content\/uploads\/2026\/02\/arena-1248-ferrari-308gtb-autoshow-lagernd-1-43.jpg\" class=\"woo-entry-image-main\" alt=\"Ferrari 308GTB &#8222;Scyphers Ankor Racing Team&#8220;, 6H Riverside 1984, Glick \/ Scyphers, # 08\" itemprop=\"image\" srcset=\"https:\/\/autoshow.at\/wp-content\/uploads\/2026\/02\/arena-1248-ferrari-308gtb-autoshow-lagernd-1-43.jpg 800w, https:\/\/autoshow.at\/wp-content\/uploads\/2026\/02\/arena-1248-ferrari-308gtb-autoshow-lagernd-1-43-300x200.jpg 300w, https:\/\/autoshow.at\/wp-content\/uploads\/2026\/02\/arena-1248-ferrari-308gtb-autoshow-lagernd-1-43-768x513.jpg 768w, https:\/\/autoshow.at\/wp-content\/uploads\/2026\/02\/arena-1248-ferrari-308gtb-autoshow-lagernd-1-43-18x12.jpg 18w, https:\/\/autoshow.at\/wp-content\/uploads\/2026\/02\/arena-1248-ferrari-308gtb-autoshow-lagernd-1-43-64x43.jpg 64w\" sizes=\"(max-width: 800px) 100vw, 800px\" \/><\/a><a href=\"#\" id=\"product_id_105145\" class=\"owp-quick-view\" data-product_id=\"105145\" aria-label=\"Quickly preview product Ferrari 308GTB \"scyphers ankor racing team\", 6h riverside 1984, glick><i class=\"icon-eye\" aria-hidden=\"true\" role=\"img\"><\/i> Quick View<\/a>\t<\/div><!-- .woo-entry-image -->\n\n\n\n\n\n\n\t<p class=\"wc-gzd-additional-info wc-gzd-additional-info-loop shipping-costs-info\">plus <a href=\"https:\/\/autoshow.at\/en\/versandarten\/\" target=\"_blank\">shipping<\/a><\/p>\n\n\n<ul class=\"woo-entry-inner clr\"><li class=\"image-wrap\">\n\t<div class=\"woo-entry-image clr\">\n\t\t<a href=\"https:\/\/autoshow.at\/en\/product\/ferrari-308gtb-scyphers-ankor-racing-team-6h-riverside-1984-glick-scyphers-08\/\" class=\"woocommerce-LoopProduct-link\"><img loading=\"lazy\" decoding=\"async\" width=\"800\" height=\"534\" src=\"https:\/\/autoshow.at\/wp-content\/uploads\/2026\/02\/arena-1248-ferrari-308gtb-autoshow-lagernd-1-43.jpg\" class=\"woo-entry-image-main\" alt=\"Ferrari 308GTB &#8222;Scyphers Ankor Racing Team&#8220;, 6H Riverside 1984, Glick \/ Scyphers, # 08\" itemprop=\"image\" srcset=\"https:\/\/autoshow.at\/wp-content\/uploads\/2026\/02\/arena-1248-ferrari-308gtb-autoshow-lagernd-1-43.jpg 800w, https:\/\/autoshow.at\/wp-content\/uploads\/2026\/02\/arena-1248-ferrari-308gtb-autoshow-lagernd-1-43-300x200.jpg 300w, https:\/\/autoshow.at\/wp-content\/uploads\/2026\/02\/arena-1248-ferrari-308gtb-autoshow-lagernd-1-43-768x513.jpg 768w, https:\/\/autoshow.at\/wp-content\/uploads\/2026\/02\/arena-1248-ferrari-308gtb-autoshow-lagernd-1-43-18x12.jpg 18w, https:\/\/autoshow.at\/wp-content\/uploads\/2026\/02\/arena-1248-ferrari-308gtb-autoshow-lagernd-1-43-64x43.jpg 64w\" sizes=\"(max-width: 800px) 100vw, 800px\" \/><\/a><a href=\"#\" id=\"product_id_105145\" class=\"owp-quick-view\" data-product_id=\"105145\" aria-label=\"Quickly preview product Ferrari 308GTB \"scyphers ankor racing team\", 6h riverside 1984, glick><i class=\"icon-eye\" aria-hidden=\"true\" role=\"img\"><\/i> Quick View<\/a>\t<\/div><!-- .woo-entry-image -->\n\n<\/li><li class=\"category\"><a href=\"https:\/\/autoshow.at\/en\/product-category\/arena-143\/\" rel=\"tag\">ARENA 1:43<\/a><\/li><li class=\"title\"><h2><a href=\"https:\/\/autoshow.at\/en\/product\/ferrari-308gtb-scyphers-ankor-racing-team-6h-riverside-1984-glick-scyphers-08\/\">Ferrari 308GTB &#8222;Scyphers Ankor Racing Team&#8220;, 6H Riverside 1984, Glick \/ Scyphers, # 08<\/a><\/h2><\/li><li class=\"price-wrap\">\n\t<span class=\"price\"><span class=\"woocommerce-Price-amount amount\"><bdi>239,00&nbsp;<span class=\"woocommerce-Price-currencySymbol\">&euro;<\/span><\/bdi><\/span><\/span>\n<\/li><li class=\"wc-gzd\">\n\n\n\t<p class=\"wc-gzd-additional-info shipping-costs-info\">plus <a href=\"https:\/\/autoshow.at\/en\/versandarten\/\" target=\"_blank\">shipping<\/a><\/p>\n\n\n<\/li><li class=\"rating\"><\/li><li class=\"btn-wrap clr\"><a class=\"button\" href=\"https:\/\/autoshow.at\/en\/product\/ferrari-308gtb-scyphers-ankor-racing-team-6h-riverside-1984-glick-scyphers-08\/\" data-no-translation=\"\" data-trp-gettext=\"\">Show product<\/a>\t<span id=\"woocommerce_loop_add_to_cart_link_describedby_105145\" class=\"screen-reader-text\">\n\t\t\t<\/span>\n<\/li><\/ul><\/div><!-- .product-inner .clr --><\/li>\n<li class=\"entry has-media has-product-nav col span_1_of_3 owp-content-center owp-thumbs-layout-horizontal owp-btn-normal owp-tabs-layout-horizontal has-no-thumbnails product type-product post-103019 status-publish instock product_cat-arena-143 has-post-thumbnail purchasable product-type-simple\">\n\t<div class=\"product-inner clr\">\n\t<div class=\"woo-entry-image clr\">\n\t\t<a href=\"https:\/\/autoshow.at\/en\/product\/ferrari-308-gtb-group-4-varoius-races-in-europe-maurice-dantinne-1970ies-99\/\" class=\"woocommerce-LoopProduct-link\"><img loading=\"lazy\" decoding=\"async\" width=\"300\" height=\"200\" src=\"https:\/\/autoshow.at\/wp-content\/uploads\/2022\/06\/arena-1106-37-autoshow-lagernd-1-43-300x200.jpg\" class=\"woo-entry-image-main\" alt=\"Ferrari 308 GTB, Group 4, varoius races in Europe, Maurice Dantinne, 1970ies, # 99\" itemprop=\"image\" srcset=\"https:\/\/autoshow.at\/wp-content\/uploads\/2022\/06\/arena-1106-37-autoshow-lagernd-1-43-300x200.jpg 300w, https:\/\/autoshow.at\/wp-content\/uploads\/2022\/06\/arena-1106-37-autoshow-lagernd-1-43-1024x683.jpg 1024w, https:\/\/autoshow.at\/wp-content\/uploads\/2022\/06\/arena-1106-37-autoshow-lagernd-1-43-768x512.jpg 768w, https:\/\/autoshow.at\/wp-content\/uploads\/2022\/06\/arena-1106-37-autoshow-lagernd-1-43-1536x1025.jpg 1536w, https:\/\/autoshow.at\/wp-content\/uploads\/2022\/06\/arena-1106-37-autoshow-lagernd-1-43-2048x1366.jpg 2048w\" sizes=\"(max-width: 300px) 100vw, 300px\" \/><\/a><a href=\"#\" id=\"product_id_103019\" class=\"owp-quick-view\" data-product_id=\"103019\" aria-label=\"Quickly preview product Ferrari 308 GTB, Group 4, varoius races in Europe, Maurice Dantinne, 1970ies, # 99\"><i class=\"icon-eye\" aria-hidden=\"true\" role=\"img\"><\/i> Quick View<\/a>\t<\/div><!-- .woo-entry-image -->\n\n\n\n\n\n\n\t<p class=\"wc-gzd-additional-info wc-gzd-additional-info-loop shipping-costs-info\">plus <a href=\"https:\/\/autoshow.at\/en\/versandarten\/\" target=\"_blank\">shipping<\/a><\/p>\n\n\n<ul class=\"woo-entry-inner clr\"><li class=\"image-wrap\">\n\t<div class=\"woo-entry-image clr\">\n\t\t<a href=\"https:\/\/autoshow.at\/en\/product\/ferrari-308-gtb-group-4-varoius-races-in-europe-maurice-dantinne-1970ies-99\/\" class=\"woocommerce-LoopProduct-link\"><img loading=\"lazy\" decoding=\"async\" width=\"300\" height=\"200\" src=\"https:\/\/autoshow.at\/wp-content\/uploads\/2022\/06\/arena-1106-37-autoshow-lagernd-1-43-300x200.jpg\" class=\"woo-entry-image-main\" alt=\"Ferrari 308 GTB, Group 4, varoius races in Europe, Maurice Dantinne, 1970ies, # 99\" itemprop=\"image\" srcset=\"https:\/\/autoshow.at\/wp-content\/uploads\/2022\/06\/arena-1106-37-autoshow-lagernd-1-43-300x200.jpg 300w, https:\/\/autoshow.at\/wp-content\/uploads\/2022\/06\/arena-1106-37-autoshow-lagernd-1-43-1024x683.jpg 1024w, https:\/\/autoshow.at\/wp-content\/uploads\/2022\/06\/arena-1106-37-autoshow-lagernd-1-43-768x512.jpg 768w, https:\/\/autoshow.at\/wp-content\/uploads\/2022\/06\/arena-1106-37-autoshow-lagernd-1-43-1536x1025.jpg 1536w, https:\/\/autoshow.at\/wp-content\/uploads\/2022\/06\/arena-1106-37-autoshow-lagernd-1-43-2048x1366.jpg 2048w\" sizes=\"(max-width: 300px) 100vw, 300px\" \/><\/a><a href=\"#\" id=\"product_id_103019\" class=\"owp-quick-view\" data-product_id=\"103019\" aria-label=\"Quickly preview product Ferrari 308 GTB, Group 4, varoius races in Europe, Maurice Dantinne, 1970ies, # 99\"><i class=\"icon-eye\" aria-hidden=\"true\" role=\"img\"><\/i> Quick View<\/a>\t<\/div><!-- .woo-entry-image -->\n\n<\/li><li class=\"category\"><a href=\"https:\/\/autoshow.at\/en\/product-category\/arena-143\/\" rel=\"tag\">ARENA 1:43<\/a><\/li><li class=\"title\"><h2><a href=\"https:\/\/autoshow.at\/en\/product\/ferrari-308-gtb-group-4-varoius-races-in-europe-maurice-dantinne-1970ies-99\/\">Ferrari 308 GTB, Group 4, varoius races in Europe, Maurice Dantinne, 1970ies, # 99<\/a><\/h2><\/li><li class=\"price-wrap\">\n\t<span class=\"price\"><span class=\"woocommerce-Price-amount amount\"><bdi>239,00&nbsp;<span class=\"woocommerce-Price-currencySymbol\">&euro;<\/span><\/bdi><\/span><\/span>\n<\/li><li class=\"wc-gzd\">\n\n\n\t<p class=\"wc-gzd-additional-info shipping-costs-info\">plus <a href=\"https:\/\/autoshow.at\/en\/versandarten\/\" target=\"_blank\">shipping<\/a><\/p>\n\n\n<\/li><li class=\"rating\"><\/li><li class=\"btn-wrap clr\"><a class=\"button\" href=\"https:\/\/autoshow.at\/en\/product\/ferrari-308-gtb-group-4-varoius-races-in-europe-maurice-dantinne-1970ies-99\/\" data-no-translation=\"\" data-trp-gettext=\"\">Show product<\/a>\t<span id=\"woocommerce_loop_add_to_cart_link_describedby_103019\" class=\"screen-reader-text\">\n\t\t\t<\/span>\n<\/li><\/ul><\/div><!-- .product-inner .clr --><\/li>\n<li class=\"entry has-media has-product-nav col span_1_of_3 owp-content-center owp-thumbs-layout-horizontal owp-btn-normal owp-tabs-layout-horizontal has-no-thumbnails product type-product post-103020 status-publish last instock product_cat-arena-143 has-post-thumbnail purchasable product-type-simple\">\n\t<div class=\"product-inner clr\">\n\t<div class=\"woo-entry-image clr\">\n\t\t<a href=\"https:\/\/autoshow.at\/en\/product\/ferrari-308-imsa-series-1990-huffacker-2\/\" class=\"woocommerce-LoopProduct-link\"><img loading=\"lazy\" decoding=\"async\" width=\"300\" height=\"200\" src=\"https:\/\/autoshow.at\/wp-content\/uploads\/2022\/06\/arena-1105-autoshow-lagernd-1-43-300x200.jpg\" class=\"woo-entry-image-main\" alt=\"Ferrari 308 IMSA Series 1990, Huffacker, # 2\" itemprop=\"image\" srcset=\"https:\/\/autoshow.at\/wp-content\/uploads\/2022\/06\/arena-1105-autoshow-lagernd-1-43-300x200.jpg 300w, https:\/\/autoshow.at\/wp-content\/uploads\/2022\/06\/arena-1105-autoshow-lagernd-1-43-1024x683.jpg 1024w, https:\/\/autoshow.at\/wp-content\/uploads\/2022\/06\/arena-1105-autoshow-lagernd-1-43-768x513.jpg 768w, https:\/\/autoshow.at\/wp-content\/uploads\/2022\/06\/arena-1105-autoshow-lagernd-1-43.jpg 1272w\" sizes=\"(max-width: 300px) 100vw, 300px\" \/><\/a><a href=\"#\" id=\"product_id_103020\" class=\"owp-quick-view\" data-product_id=\"103020\" aria-label=\"Quickly preview product Ferrari 308 IMSA Series 1990, Huffacker, # 2\"><i class=\"icon-eye\" aria-hidden=\"true\" role=\"img\"><\/i> Quick View<\/a>\t<\/div><!-- .woo-entry-image -->\n\n\n\n\n\n\n\t<p class=\"wc-gzd-additional-info wc-gzd-additional-info-loop shipping-costs-info\">plus <a href=\"https:\/\/autoshow.at\/en\/versandarten\/\" target=\"_blank\">shipping<\/a><\/p>\n\n\n<ul class=\"woo-entry-inner clr\"><li class=\"image-wrap\">\n\t<div class=\"woo-entry-image clr\">\n\t\t<a href=\"https:\/\/autoshow.at\/en\/product\/ferrari-308-imsa-series-1990-huffacker-2\/\" class=\"woocommerce-LoopProduct-link\"><img loading=\"lazy\" decoding=\"async\" width=\"300\" height=\"200\" src=\"https:\/\/autoshow.at\/wp-content\/uploads\/2022\/06\/arena-1105-autoshow-lagernd-1-43-300x200.jpg\" class=\"woo-entry-image-main\" alt=\"Ferrari 308 IMSA Series 1990, Huffacker, # 2\" itemprop=\"image\" srcset=\"https:\/\/autoshow.at\/wp-content\/uploads\/2022\/06\/arena-1105-autoshow-lagernd-1-43-300x200.jpg 300w, https:\/\/autoshow.at\/wp-content\/uploads\/2022\/06\/arena-1105-autoshow-lagernd-1-43-1024x683.jpg 1024w, https:\/\/autoshow.at\/wp-content\/uploads\/2022\/06\/arena-1105-autoshow-lagernd-1-43-768x513.jpg 768w, https:\/\/autoshow.at\/wp-content\/uploads\/2022\/06\/arena-1105-autoshow-lagernd-1-43.jpg 1272w\" sizes=\"(max-width: 300px) 100vw, 300px\" \/><\/a><a href=\"#\" id=\"product_id_103020\" class=\"owp-quick-view\" data-product_id=\"103020\" aria-label=\"Quickly preview product Ferrari 308 IMSA Series 1990, Huffacker, # 2\"><i class=\"icon-eye\" aria-hidden=\"true\" role=\"img\"><\/i> Quick View<\/a>\t<\/div><!-- .woo-entry-image -->\n\n<\/li><li class=\"category\"><a href=\"https:\/\/autoshow.at\/en\/product-category\/arena-143\/\" rel=\"tag\">ARENA 1:43<\/a><\/li><li class=\"title\"><h2><a href=\"https:\/\/autoshow.at\/en\/product\/ferrari-308-imsa-series-1990-huffacker-2\/\">Ferrari 308 IMSA Series 1990, Huffacker, # 2<\/a><\/h2><\/li><li class=\"price-wrap\">\n\t<span class=\"price\"><span class=\"woocommerce-Price-amount amount\"><bdi>239,00&nbsp;<span class=\"woocommerce-Price-currencySymbol\">&euro;<\/span><\/bdi><\/span><\/span>\n<\/li><li class=\"wc-gzd\">\n\n\n\t<p class=\"wc-gzd-additional-info shipping-costs-info\">plus <a href=\"https:\/\/autoshow.at\/en\/versandarten\/\" target=\"_blank\">shipping<\/a><\/p>\n\n\n<\/li><li class=\"rating\"><\/li><li class=\"btn-wrap clr\"><a class=\"button\" href=\"https:\/\/autoshow.at\/en\/product\/ferrari-308-imsa-series-1990-huffacker-2\/\" data-no-translation=\"\" data-trp-gettext=\"\">Show product<\/a>\t<span id=\"woocommerce_loop_add_to_cart_link_describedby_103020\" class=\"screen-reader-text\">\n\t\t\t<\/span>\n<\/li><\/ul><\/div><!-- .product-inner .clr --><\/li>\n<li class=\"entry has-media has-product-nav col span_1_of_3 owp-content-center owp-thumbs-layout-horizontal owp-btn-normal owp-tabs-layout-horizontal has-no-thumbnails product type-product post-103025 status-publish first instock product_cat-arena-143 has-post-thumbnail purchasable product-type-simple\">\n\t<div class=\"product-inner clr\">\n\t<div class=\"woo-entry-image clr\">\n\t\t<a href=\"https:\/\/autoshow.at\/en\/product\/ferrari-308-gtb-group-4-rally-varese-1983-cuccirelli-muttini-1\/\" class=\"woocommerce-LoopProduct-link\"><img loading=\"lazy\" decoding=\"async\" width=\"300\" height=\"197\" src=\"https:\/\/autoshow.at\/wp-content\/uploads\/2022\/06\/arena-602-autoshow-lagernd-1-43-300x197.jpg\" class=\"woo-entry-image-main\" alt=\"Ferrari 308 GTB Group 4, Rally Varese 1983, Cuccirelli-Muttini, # 1\" itemprop=\"image\" srcset=\"https:\/\/autoshow.at\/wp-content\/uploads\/2022\/06\/arena-602-autoshow-lagernd-1-43-300x197.jpg 300w, https:\/\/autoshow.at\/wp-content\/uploads\/2022\/06\/arena-602-autoshow-lagernd-1-43.jpg 442w\" sizes=\"(max-width: 300px) 100vw, 300px\" \/><\/a><a href=\"#\" id=\"product_id_103025\" class=\"owp-quick-view\" data-product_id=\"103025\" aria-label=\"Quickly preview product Ferrari 308 GTB Group 4, Rally Varese 1983, Cuccirelli-Muttini, # 1\"><i class=\"icon-eye\" aria-hidden=\"true\" role=\"img\"><\/i> Quick View<\/a>\t<\/div><!-- .woo-entry-image -->\n\n\n\n\n\n\n\t<p class=\"wc-gzd-additional-info wc-gzd-additional-info-loop shipping-costs-info\">plus <a href=\"https:\/\/autoshow.at\/en\/versandarten\/\" target=\"_blank\">shipping<\/a><\/p>\n\n\n<ul class=\"woo-entry-inner clr\"><li class=\"image-wrap\">\n\t<div class=\"woo-entry-image clr\">\n\t\t<a href=\"https:\/\/autoshow.at\/en\/product\/ferrari-308-gtb-group-4-rally-varese-1983-cuccirelli-muttini-1\/\" class=\"woocommerce-LoopProduct-link\"><img loading=\"lazy\" decoding=\"async\" width=\"300\" height=\"197\" src=\"https:\/\/autoshow.at\/wp-content\/uploads\/2022\/06\/arena-602-autoshow-lagernd-1-43-300x197.jpg\" class=\"woo-entry-image-main\" alt=\"Ferrari 308 GTB Group 4, Rally Varese 1983, Cuccirelli-Muttini, # 1\" itemprop=\"image\" srcset=\"https:\/\/autoshow.at\/wp-content\/uploads\/2022\/06\/arena-602-autoshow-lagernd-1-43-300x197.jpg 300w, https:\/\/autoshow.at\/wp-content\/uploads\/2022\/06\/arena-602-autoshow-lagernd-1-43.jpg 442w\" sizes=\"(max-width: 300px) 100vw, 300px\" \/><\/a><a href=\"#\" id=\"product_id_103025\" class=\"owp-quick-view\" data-product_id=\"103025\" aria-label=\"Quickly preview product Ferrari 308 GTB Group 4, Rally Varese 1983, Cuccirelli-Muttini, # 1\"><i class=\"icon-eye\" aria-hidden=\"true\" role=\"img\"><\/i> Quick View<\/a>\t<\/div><!-- .woo-entry-image -->\n\n<\/li><li class=\"category\"><a href=\"https:\/\/autoshow.at\/en\/product-category\/arena-143\/\" rel=\"tag\">ARENA 1:43<\/a><\/li><li class=\"title\"><h2><a href=\"https:\/\/autoshow.at\/en\/product\/ferrari-308-gtb-group-4-rally-varese-1983-cuccirelli-muttini-1\/\">Ferrari 308 GTB Group 4, Rally Varese 1983, Cuccirelli-Muttini, # 1<\/a><\/h2><\/li><li class=\"price-wrap\">\n\t<span class=\"price\"><span class=\"woocommerce-Price-amount amount\"><bdi>239,00&nbsp;<span class=\"woocommerce-Price-currencySymbol\">&euro;<\/span><\/bdi><\/span><\/span>\n<\/li><li class=\"wc-gzd\">\n\n\n\t<p class=\"wc-gzd-additional-info shipping-costs-info\">plus <a href=\"https:\/\/autoshow.at\/en\/versandarten\/\" target=\"_blank\">shipping<\/a><\/p>\n\n\n<\/li><li class=\"rating\"><\/li><li class=\"btn-wrap clr\"><a class=\"button\" href=\"https:\/\/autoshow.at\/en\/product\/ferrari-308-gtb-group-4-rally-varese-1983-cuccirelli-muttini-1\/\" data-no-translation=\"\" data-trp-gettext=\"\">Show product<\/a>\t<span id=\"woocommerce_loop_add_to_cart_link_describedby_103025\" class=\"screen-reader-text\">\n\t\t\t<\/span>\n<\/li><\/ul><\/div><!-- .product-inner .clr --><\/li>\n<li class=\"entry has-media has-product-nav col span_1_of_3 owp-content-center owp-thumbs-layout-horizontal owp-btn-normal owp-tabs-layout-horizontal has-no-thumbnails product type-product post-103026 status-publish instock product_cat-arena-143 has-post-thumbnail purchasable product-type-simple\">\n\t<div class=\"product-inner clr\">\n\t<div class=\"woo-entry-image clr\">\n\t\t<a href=\"https:\/\/autoshow.at\/en\/product\/ferrari-308-gtb-group-4-tour-de-france-1983-gauthier-gauthier-34\/\" class=\"woocommerce-LoopProduct-link\"><img loading=\"lazy\" decoding=\"async\" width=\"300\" height=\"199\" src=\"https:\/\/autoshow.at\/wp-content\/uploads\/2022\/06\/arena-601-autoshow-lagernd-1-43-300x199.jpg\" class=\"woo-entry-image-main\" alt=\"Ferrari 308 GTB Group 4, Tour de France 1983, Gauthier \/ Gauthier, # 34\" itemprop=\"image\" srcset=\"https:\/\/autoshow.at\/wp-content\/uploads\/2022\/06\/arena-601-autoshow-lagernd-1-43-300x199.jpg 300w, https:\/\/autoshow.at\/wp-content\/uploads\/2022\/06\/arena-601-autoshow-lagernd-1-43.jpg 438w\" sizes=\"(max-width: 300px) 100vw, 300px\" \/><\/a><a href=\"#\" id=\"product_id_103026\" class=\"owp-quick-view\" data-product_id=\"103026\" aria-label=\"Quickly preview product Ferrari 308 GTB Group 4, Tour de France 1983, Gauthier \/ Gauthier, # 34\"><i class=\"icon-eye\" aria-hidden=\"true\" role=\"img\"><\/i> Quick View<\/a>\t<\/div><!-- .woo-entry-image -->\n\n\n\n\n\n\n\t<p class=\"wc-gzd-additional-info wc-gzd-additional-info-loop shipping-costs-info\">plus <a href=\"https:\/\/autoshow.at\/en\/versandarten\/\" target=\"_blank\">shipping<\/a><\/p>\n\n\n<ul class=\"woo-entry-inner clr\"><li class=\"image-wrap\">\n\t<div class=\"woo-entry-image clr\">\n\t\t<a href=\"https:\/\/autoshow.at\/en\/product\/ferrari-308-gtb-group-4-tour-de-france-1983-gauthier-gauthier-34\/\" class=\"woocommerce-LoopProduct-link\"><img loading=\"lazy\" decoding=\"async\" width=\"300\" height=\"199\" src=\"https:\/\/autoshow.at\/wp-content\/uploads\/2022\/06\/arena-601-autoshow-lagernd-1-43-300x199.jpg\" class=\"woo-entry-image-main\" alt=\"Ferrari 308 GTB Group 4, Tour de France 1983, Gauthier \/ Gauthier, # 34\" itemprop=\"image\" srcset=\"https:\/\/autoshow.at\/wp-content\/uploads\/2022\/06\/arena-601-autoshow-lagernd-1-43-300x199.jpg 300w, https:\/\/autoshow.at\/wp-content\/uploads\/2022\/06\/arena-601-autoshow-lagernd-1-43.jpg 438w\" sizes=\"(max-width: 300px) 100vw, 300px\" \/><\/a><a href=\"#\" id=\"product_id_103026\" class=\"owp-quick-view\" data-product_id=\"103026\" aria-label=\"Quickly preview product Ferrari 308 GTB Group 4, Tour de France 1983, Gauthier \/ Gauthier, # 34\"><i class=\"icon-eye\" aria-hidden=\"true\" role=\"img\"><\/i> Quick View<\/a>\t<\/div><!-- .woo-entry-image -->\n\n<\/li><li class=\"category\"><a href=\"https:\/\/autoshow.at\/en\/product-category\/arena-143\/\" rel=\"tag\">ARENA 1:43<\/a><\/li><li class=\"title\"><h2><a href=\"https:\/\/autoshow.at\/en\/product\/ferrari-308-gtb-group-4-tour-de-france-1983-gauthier-gauthier-34\/\">Ferrari 308 GTB Group 4, Tour de France 1983, Gauthier \/ Gauthier, # 34<\/a><\/h2><\/li><li class=\"price-wrap\">\n\t<span class=\"price\"><span class=\"woocommerce-Price-amount amount\"><bdi>239,00&nbsp;<span class=\"woocommerce-Price-currencySymbol\">&euro;<\/span><\/bdi><\/span><\/span>\n<\/li><li class=\"wc-gzd\">\n\n\n\t<p class=\"wc-gzd-additional-info shipping-costs-info\">plus <a href=\"https:\/\/autoshow.at\/en\/versandarten\/\" target=\"_blank\">shipping<\/a><\/p>\n\n\n<\/li><li class=\"rating\"><\/li><li class=\"btn-wrap clr\"><a class=\"button\" href=\"https:\/\/autoshow.at\/en\/product\/ferrari-308-gtb-group-4-tour-de-france-1983-gauthier-gauthier-34\/\" data-no-translation=\"\" data-trp-gettext=\"\">Show product<\/a>\t<span id=\"woocommerce_loop_add_to_cart_link_describedby_103026\" class=\"screen-reader-text\">\n\t\t\t<\/span>\n<\/li><\/ul><\/div><!-- .product-inner .clr --><\/li>\n<li class=\"entry has-media has-product-nav col span_1_of_3 owp-content-center owp-thumbs-layout-horizontal owp-btn-normal owp-tabs-layout-horizontal has-no-thumbnails product type-product post-103027 status-publish last instock product_cat-arena-143 has-post-thumbnail purchasable product-type-simple\">\n\t<div class=\"product-inner clr\">\n\t<div class=\"woo-entry-image clr\">\n\t\t<a href=\"https:\/\/autoshow.at\/en\/product\/ferrari-308-gtb-group-4-rally-monte-carlo-1983-gauthier-gauthier-129\/\" class=\"woocommerce-LoopProduct-link\"><img loading=\"lazy\" decoding=\"async\" width=\"300\" height=\"190\" src=\"https:\/\/autoshow.at\/wp-content\/uploads\/2022\/06\/arena-600-autoshow-lagernd-1-43-300x190.jpg\" class=\"woo-entry-image-main\" alt=\"Ferrari 308 GTB Group 4, Rally Monte Carlo 1983, Gauthier \/ Gauthier, # 129\" itemprop=\"image\" srcset=\"https:\/\/autoshow.at\/wp-content\/uploads\/2022\/06\/arena-600-autoshow-lagernd-1-43-300x190.jpg 300w, https:\/\/autoshow.at\/wp-content\/uploads\/2022\/06\/arena-600-autoshow-lagernd-1-43.jpg 446w\" sizes=\"(max-width: 300px) 100vw, 300px\" \/><\/a><a href=\"#\" id=\"product_id_103027\" class=\"owp-quick-view\" data-product_id=\"103027\" aria-label=\"Quickly preview product Ferrari 308 GTB Group 4, Rally Monte Carlo 1983, Gauthier \/ Gauthier, # 129\"><i class=\"icon-eye\" aria-hidden=\"true\" role=\"img\"><\/i> Quick View<\/a>\t<\/div><!-- .woo-entry-image -->\n\n\n\n\n\n\n\t<p class=\"wc-gzd-additional-info wc-gzd-additional-info-loop shipping-costs-info\">plus <a href=\"https:\/\/autoshow.at\/en\/versandarten\/\" target=\"_blank\">shipping<\/a><\/p>\n\n\n<ul class=\"woo-entry-inner clr\"><li class=\"image-wrap\">\n\t<div class=\"woo-entry-image clr\">\n\t\t<a href=\"https:\/\/autoshow.at\/en\/product\/ferrari-308-gtb-group-4-rally-monte-carlo-1983-gauthier-gauthier-129\/\" class=\"woocommerce-LoopProduct-link\"><img loading=\"lazy\" decoding=\"async\" width=\"300\" height=\"190\" src=\"https:\/\/autoshow.at\/wp-content\/uploads\/2022\/06\/arena-600-autoshow-lagernd-1-43-300x190.jpg\" class=\"woo-entry-image-main\" alt=\"Ferrari 308 GTB Group 4, Rally Monte Carlo 1983, Gauthier \/ Gauthier, # 129\" itemprop=\"image\" srcset=\"https:\/\/autoshow.at\/wp-content\/uploads\/2022\/06\/arena-600-autoshow-lagernd-1-43-300x190.jpg 300w, https:\/\/autoshow.at\/wp-content\/uploads\/2022\/06\/arena-600-autoshow-lagernd-1-43.jpg 446w\" sizes=\"(max-width: 300px) 100vw, 300px\" \/><\/a><a href=\"#\" id=\"product_id_103027\" class=\"owp-quick-view\" data-product_id=\"103027\" aria-label=\"Quickly preview product Ferrari 308 GTB Group 4, Rally Monte Carlo 1983, Gauthier \/ Gauthier, # 129\"><i class=\"icon-eye\" aria-hidden=\"true\" role=\"img\"><\/i> Quick View<\/a>\t<\/div><!-- .woo-entry-image -->\n\n<\/li><li class=\"category\"><a href=\"https:\/\/autoshow.at\/en\/product-category\/arena-143\/\" rel=\"tag\">ARENA 1:43<\/a><\/li><li class=\"title\"><h2><a href=\"https:\/\/autoshow.at\/en\/product\/ferrari-308-gtb-group-4-rally-monte-carlo-1983-gauthier-gauthier-129\/\">Ferrari 308 GTB Group 4, Rally Monte Carlo 1983, Gauthier \/ Gauthier, # 129<\/a><\/h2><\/li><li class=\"price-wrap\">\n\t<span class=\"price\"><span class=\"woocommerce-Price-amount amount\"><bdi>239,00&nbsp;<span class=\"woocommerce-Price-currencySymbol\">&euro;<\/span><\/bdi><\/span><\/span>\n<\/li><li class=\"wc-gzd\">\n\n\n\t<p class=\"wc-gzd-additional-info shipping-costs-info\">plus <a href=\"https:\/\/autoshow.at\/en\/versandarten\/\" target=\"_blank\">shipping<\/a><\/p>\n\n\n<\/li><li class=\"rating\"><\/li><li class=\"btn-wrap clr\"><a class=\"button\" href=\"https:\/\/autoshow.at\/en\/product\/ferrari-308-gtb-group-4-rally-monte-carlo-1983-gauthier-gauthier-129\/\" data-no-translation=\"\" data-trp-gettext=\"\">Show product<\/a>\t<span id=\"woocommerce_loop_add_to_cart_link_describedby_103027\" class=\"screen-reader-text\">\n\t\t\t<\/span>\n<\/li><\/ul><\/div><!-- .product-inner .clr --><\/li>\n<li class=\"entry has-media has-product-nav col span_1_of_3 owp-content-center owp-thumbs-layout-horizontal owp-btn-normal owp-tabs-layout-horizontal has-no-thumbnails product type-product post-105146 status-publish first instock product_cat-arena-143 has-post-thumbnail purchasable product-type-simple\">\n\t<div class=\"product-inner clr\">\n\t<div class=\"woo-entry-image clr\">\n\t\t<a href=\"https:\/\/autoshow.at\/en\/product\/ferrari-308gtb-group-4-1-winner-mille-miglia-1983-busseni-ciocca-1\/\" class=\"woocommerce-LoopProduct-link\"><img loading=\"lazy\" decoding=\"async\" width=\"1200\" height=\"706\" src=\"https:\/\/autoshow.at\/wp-content\/uploads\/2026\/02\/arena-631-ferrari-308gtb-autoshow-lagernd-1-43.jpg\" class=\"woo-entry-image-main\" alt=\"Ferrari 308GTB Group 4, 1\u00b0 winner Mille Miglia 1983, Busseni \/ Ciocca , # 1\" itemprop=\"image\" srcset=\"https:\/\/autoshow.at\/wp-content\/uploads\/2026\/02\/arena-631-ferrari-308gtb-autoshow-lagernd-1-43.jpg 1200w, https:\/\/autoshow.at\/wp-content\/uploads\/2026\/02\/arena-631-ferrari-308gtb-autoshow-lagernd-1-43-300x177.jpg 300w, https:\/\/autoshow.at\/wp-content\/uploads\/2026\/02\/arena-631-ferrari-308gtb-autoshow-lagernd-1-43-1024x602.jpg 1024w, https:\/\/autoshow.at\/wp-content\/uploads\/2026\/02\/arena-631-ferrari-308gtb-autoshow-lagernd-1-43-768x452.jpg 768w, https:\/\/autoshow.at\/wp-content\/uploads\/2026\/02\/arena-631-ferrari-308gtb-autoshow-lagernd-1-43-18x12.jpg 18w, https:\/\/autoshow.at\/wp-content\/uploads\/2026\/02\/arena-631-ferrari-308gtb-autoshow-lagernd-1-43-64x38.jpg 64w\" sizes=\"(max-width: 1200px) 100vw, 1200px\" \/><\/a><a href=\"#\" id=\"product_id_105146\" class=\"owp-quick-view\" data-product_id=\"105146\" aria-label=\"Quickly preview product Ferrari 308GTB Group 4, 1\u00b0 winner Mille Miglia 1983, Busseni \/ Ciocca , # 1\"><i class=\"icon-eye\" aria-hidden=\"true\" role=\"img\"><\/i> Quick View<\/a>\t<\/div><!-- .woo-entry-image -->\n\n\n\n\n\n\n\t<p class=\"wc-gzd-additional-info wc-gzd-additional-info-loop shipping-costs-info\">plus <a href=\"https:\/\/autoshow.at\/en\/versandarten\/\" target=\"_blank\">shipping<\/a><\/p>\n\n\n<ul class=\"woo-entry-inner clr\"><li class=\"image-wrap\">\n\t<div class=\"woo-entry-image clr\">\n\t\t<a href=\"https:\/\/autoshow.at\/en\/product\/ferrari-308gtb-group-4-1-winner-mille-miglia-1983-busseni-ciocca-1\/\" class=\"woocommerce-LoopProduct-link\"><img loading=\"lazy\" decoding=\"async\" width=\"1200\" height=\"706\" src=\"https:\/\/autoshow.at\/wp-content\/uploads\/2026\/02\/arena-631-ferrari-308gtb-autoshow-lagernd-1-43.jpg\" class=\"woo-entry-image-main\" alt=\"Ferrari 308GTB Group 4, 1\u00b0 winner Mille Miglia 1983, Busseni \/ Ciocca , # 1\" itemprop=\"image\" srcset=\"https:\/\/autoshow.at\/wp-content\/uploads\/2026\/02\/arena-631-ferrari-308gtb-autoshow-lagernd-1-43.jpg 1200w, https:\/\/autoshow.at\/wp-content\/uploads\/2026\/02\/arena-631-ferrari-308gtb-autoshow-lagernd-1-43-300x177.jpg 300w, https:\/\/autoshow.at\/wp-content\/uploads\/2026\/02\/arena-631-ferrari-308gtb-autoshow-lagernd-1-43-1024x602.jpg 1024w, https:\/\/autoshow.at\/wp-content\/uploads\/2026\/02\/arena-631-ferrari-308gtb-autoshow-lagernd-1-43-768x452.jpg 768w, https:\/\/autoshow.at\/wp-content\/uploads\/2026\/02\/arena-631-ferrari-308gtb-autoshow-lagernd-1-43-18x12.jpg 18w, https:\/\/autoshow.at\/wp-content\/uploads\/2026\/02\/arena-631-ferrari-308gtb-autoshow-lagernd-1-43-64x38.jpg 64w\" sizes=\"(max-width: 1200px) 100vw, 1200px\" \/><\/a><a href=\"#\" id=\"product_id_105146\" class=\"owp-quick-view\" data-product_id=\"105146\" aria-label=\"Quickly preview product Ferrari 308GTB Group 4, 1\u00b0 winner Mille Miglia 1983, Busseni \/ Ciocca , # 1\"><i class=\"icon-eye\" aria-hidden=\"true\" role=\"img\"><\/i> Quick View<\/a>\t<\/div><!-- .woo-entry-image -->\n\n<\/li><li class=\"category\"><a href=\"https:\/\/autoshow.at\/en\/product-category\/arena-143\/\" rel=\"tag\">ARENA 1:43<\/a><\/li><li class=\"title\"><h2><a href=\"https:\/\/autoshow.at\/en\/product\/ferrari-308gtb-group-4-1-winner-mille-miglia-1983-busseni-ciocca-1\/\">Ferrari 308GTB Group 4, 1\u00b0 winner Mille Miglia 1983, Busseni \/ Ciocca , # 1<\/a><\/h2><\/li><li class=\"price-wrap\">\n\t<span class=\"price\"><span class=\"woocommerce-Price-amount amount\"><bdi>239,00&nbsp;<span class=\"woocommerce-Price-currencySymbol\">&euro;<\/span><\/bdi><\/span><\/span>\n<\/li><li class=\"wc-gzd\">\n\n\n\t<p class=\"wc-gzd-additional-info shipping-costs-info\">plus <a href=\"https:\/\/autoshow.at\/en\/versandarten\/\" target=\"_blank\">shipping<\/a><\/p>\n\n\n<\/li><li class=\"rating\"><\/li><li class=\"btn-wrap clr\"><a class=\"button\" href=\"https:\/\/autoshow.at\/en\/product\/ferrari-308gtb-group-4-1-winner-mille-miglia-1983-busseni-ciocca-1\/\" data-no-translation=\"\" data-trp-gettext=\"\">Show product<\/a>\t<span id=\"woocommerce_loop_add_to_cart_link_describedby_105146\" class=\"screen-reader-text\">\n\t\t\t<\/span>\n<\/li><\/ul><\/div><!-- .product-inner .clr --><\/li>\n<li class=\"entry has-media has-product-nav col span_1_of_3 owp-content-center owp-thumbs-layout-horizontal owp-btn-normal owp-tabs-layout-horizontal has-no-thumbnails product type-product post-105147 status-publish instock product_cat-arena-143 has-post-thumbnail purchasable product-type-simple\">\n\t<div class=\"product-inner clr\">\n\t<div class=\"woo-entry-image clr\">\n\t\t<a href=\"https:\/\/autoshow.at\/en\/product\/ferrari-365gtb-4-daytona-nart-chassis-14107-12h-sebring-1971-cluxton-grossman-24\/\" class=\"woocommerce-LoopProduct-link\"><img loading=\"lazy\" decoding=\"async\" width=\"1200\" height=\"801\" src=\"https:\/\/autoshow.at\/wp-content\/uploads\/2026\/02\/arena-1422-ferrari-365gtb4-daytona-autoshow-lagernd-1-43.jpg\" class=\"woo-entry-image-main\" alt=\"Ferrari 365GTB\/4 Daytona &#8222;NART&#8220;, chassis 14107, 12H Sebring 1971, Cluxton \/ Grossman, # 24\" itemprop=\"image\" srcset=\"https:\/\/autoshow.at\/wp-content\/uploads\/2026\/02\/arena-1422-ferrari-365gtb4-daytona-autoshow-lagernd-1-43.jpg 1200w, https:\/\/autoshow.at\/wp-content\/uploads\/2026\/02\/arena-1422-ferrari-365gtb4-daytona-autoshow-lagernd-1-43-300x200.jpg 300w, https:\/\/autoshow.at\/wp-content\/uploads\/2026\/02\/arena-1422-ferrari-365gtb4-daytona-autoshow-lagernd-1-43-1024x684.jpg 1024w, https:\/\/autoshow.at\/wp-content\/uploads\/2026\/02\/arena-1422-ferrari-365gtb4-daytona-autoshow-lagernd-1-43-768x513.jpg 768w, https:\/\/autoshow.at\/wp-content\/uploads\/2026\/02\/arena-1422-ferrari-365gtb4-daytona-autoshow-lagernd-1-43-18x12.jpg 18w, https:\/\/autoshow.at\/wp-content\/uploads\/2026\/02\/arena-1422-ferrari-365gtb4-daytona-autoshow-lagernd-1-43-64x43.jpg 64w\" sizes=\"(max-width: 1200px) 100vw, 1200px\" \/><\/a><a href=\"#\" id=\"product_id_105147\" class=\"owp-quick-view\" data-product_id=\"105147\" aria-label=\"Quickly preview product Ferrari 365GTB\/4 Daytona \"nart\", chassis 14107, 12h sebring 1971, cluxton><i class=\"icon-eye\" aria-hidden=\"true\" role=\"img\"><\/i> Quick View<\/a>\t<\/div><!-- .woo-entry-image -->\n\n\n\n\n\n\n\t<p class=\"wc-gzd-additional-info wc-gzd-additional-info-loop shipping-costs-info\">plus <a href=\"https:\/\/autoshow.at\/en\/versandarten\/\" target=\"_blank\">shipping<\/a><\/p>\n\n\n<ul class=\"woo-entry-inner clr\"><li class=\"image-wrap\">\n\t<div class=\"woo-entry-image clr\">\n\t\t<a href=\"https:\/\/autoshow.at\/en\/product\/ferrari-365gtb-4-daytona-nart-chassis-14107-12h-sebring-1971-cluxton-grossman-24\/\" class=\"woocommerce-LoopProduct-link\"><img loading=\"lazy\" decoding=\"async\" width=\"1200\" height=\"801\" src=\"https:\/\/autoshow.at\/wp-content\/uploads\/2026\/02\/arena-1422-ferrari-365gtb4-daytona-autoshow-lagernd-1-43.jpg\" class=\"woo-entry-image-main\" alt=\"Ferrari 365GTB\/4 Daytona &#8222;NART&#8220;, chassis 14107, 12H Sebring 1971, Cluxton \/ Grossman, # 24\" itemprop=\"image\" srcset=\"https:\/\/autoshow.at\/wp-content\/uploads\/2026\/02\/arena-1422-ferrari-365gtb4-daytona-autoshow-lagernd-1-43.jpg 1200w, https:\/\/autoshow.at\/wp-content\/uploads\/2026\/02\/arena-1422-ferrari-365gtb4-daytona-autoshow-lagernd-1-43-300x200.jpg 300w, https:\/\/autoshow.at\/wp-content\/uploads\/2026\/02\/arena-1422-ferrari-365gtb4-daytona-autoshow-lagernd-1-43-1024x684.jpg 1024w, https:\/\/autoshow.at\/wp-content\/uploads\/2026\/02\/arena-1422-ferrari-365gtb4-daytona-autoshow-lagernd-1-43-768x513.jpg 768w, https:\/\/autoshow.at\/wp-content\/uploads\/2026\/02\/arena-1422-ferrari-365gtb4-daytona-autoshow-lagernd-1-43-18x12.jpg 18w, https:\/\/autoshow.at\/wp-content\/uploads\/2026\/02\/arena-1422-ferrari-365gtb4-daytona-autoshow-lagernd-1-43-64x43.jpg 64w\" sizes=\"(max-width: 1200px) 100vw, 1200px\" \/><\/a><a href=\"#\" id=\"product_id_105147\" class=\"owp-quick-view\" data-product_id=\"105147\" aria-label=\"Quickly preview product Ferrari 365GTB\/4 Daytona \"nart\", chassis 14107, 12h sebring 1971, cluxton><i class=\"icon-eye\" aria-hidden=\"true\" role=\"img\"><\/i> Quick View<\/a>\t<\/div><!-- .woo-entry-image -->\n\n<\/li><li class=\"category\"><a href=\"https:\/\/autoshow.at\/en\/product-category\/arena-143\/\" rel=\"tag\">ARENA 1:43<\/a><\/li><li class=\"title\"><h2><a href=\"https:\/\/autoshow.at\/en\/product\/ferrari-365gtb-4-daytona-nart-chassis-14107-12h-sebring-1971-cluxton-grossman-24\/\">Ferrari 365GTB\/4 Daytona &#8222;NART&#8220;, chassis 14107, 12H Sebring 1971, Cluxton \/ Grossman, # 24<\/a><\/h2><\/li><li class=\"price-wrap\">\n\t<span class=\"price\"><span class=\"woocommerce-Price-amount amount\"><bdi>239,00&nbsp;<span class=\"woocommerce-Price-currencySymbol\">&euro;<\/span><\/bdi><\/span><\/span>\n<\/li><li class=\"wc-gzd\">\n\n\n\t<p class=\"wc-gzd-additional-info shipping-costs-info\">plus <a href=\"https:\/\/autoshow.at\/en\/versandarten\/\" target=\"_blank\">shipping<\/a><\/p>\n\n\n<\/li><li class=\"rating\"><\/li><li class=\"btn-wrap clr\"><a class=\"button\" href=\"https:\/\/autoshow.at\/en\/product\/ferrari-365gtb-4-daytona-nart-chassis-14107-12h-sebring-1971-cluxton-grossman-24\/\" data-no-translation=\"\" data-trp-gettext=\"\">Show product<\/a>\t<span id=\"woocommerce_loop_add_to_cart_link_describedby_105147\" class=\"screen-reader-text\">\n\t\t\t<\/span>\n<\/li><\/ul><\/div><!-- .product-inner .clr --><\/li>\n<li class=\"entry has-media has-product-nav col span_1_of_3 owp-content-center owp-thumbs-layout-horizontal owp-btn-normal owp-tabs-layout-horizontal has-no-thumbnails product type-product post-105148 status-publish last instock product_cat-arena-143 has-post-thumbnail purchasable product-type-simple\">\n\t<div class=\"product-inner clr\">\n\t<div class=\"woo-entry-image clr\">\n\t\t<a href=\"https:\/\/autoshow.at\/en\/product\/ferrari-365gtb-4-daytona-chassis-13367-24h-le-mans-1975-mignot-jones-gurdjian-48\/\" class=\"woocommerce-LoopProduct-link\"><img loading=\"lazy\" decoding=\"async\" width=\"1200\" height=\"801\" src=\"https:\/\/autoshow.at\/wp-content\/uploads\/2026\/02\/arena-1376-ferrari-365gtb4-daytona-autoshow-lagernd-1-43.jpg\" class=\"woo-entry-image-main\" alt=\"Ferrari 365GTB\/4 Daytona, chassis 13367, 24H Le Mans 1975, Mignot \/ Jones \/ Gurdjian, # 48\" itemprop=\"image\" srcset=\"https:\/\/autoshow.at\/wp-content\/uploads\/2026\/02\/arena-1376-ferrari-365gtb4-daytona-autoshow-lagernd-1-43.jpg 1200w, https:\/\/autoshow.at\/wp-content\/uploads\/2026\/02\/arena-1376-ferrari-365gtb4-daytona-autoshow-lagernd-1-43-300x200.jpg 300w, https:\/\/autoshow.at\/wp-content\/uploads\/2026\/02\/arena-1376-ferrari-365gtb4-daytona-autoshow-lagernd-1-43-1024x684.jpg 1024w, https:\/\/autoshow.at\/wp-content\/uploads\/2026\/02\/arena-1376-ferrari-365gtb4-daytona-autoshow-lagernd-1-43-768x513.jpg 768w, https:\/\/autoshow.at\/wp-content\/uploads\/2026\/02\/arena-1376-ferrari-365gtb4-daytona-autoshow-lagernd-1-43-18x12.jpg 18w, https:\/\/autoshow.at\/wp-content\/uploads\/2026\/02\/arena-1376-ferrari-365gtb4-daytona-autoshow-lagernd-1-43-64x43.jpg 64w\" sizes=\"(max-width: 1200px) 100vw, 1200px\" \/><\/a><a href=\"#\" id=\"product_id_105148\" class=\"owp-quick-view\" data-product_id=\"105148\" aria-label=\"Quickly preview product Ferrari 365GTB\/4 Daytona, chassis 13367, 24H Le Mans 1975, Mignot \/ Jones \/ Gurdjian, # 48\"><i class=\"icon-eye\" aria-hidden=\"true\" role=\"img\"><\/i> Quick View<\/a>\t<\/div><!-- .woo-entry-image -->\n\n\n\n\n\n\n\t<p class=\"wc-gzd-additional-info wc-gzd-additional-info-loop shipping-costs-info\">plus <a href=\"https:\/\/autoshow.at\/en\/versandarten\/\" target=\"_blank\">shipping<\/a><\/p>\n\n\n<ul class=\"woo-entry-inner clr\"><li class=\"image-wrap\">\n\t<div class=\"woo-entry-image clr\">\n\t\t<a href=\"https:\/\/autoshow.at\/en\/product\/ferrari-365gtb-4-daytona-chassis-13367-24h-le-mans-1975-mignot-jones-gurdjian-48\/\" class=\"woocommerce-LoopProduct-link\"><img loading=\"lazy\" decoding=\"async\" width=\"1200\" height=\"801\" src=\"https:\/\/autoshow.at\/wp-content\/uploads\/2026\/02\/arena-1376-ferrari-365gtb4-daytona-autoshow-lagernd-1-43.jpg\" class=\"woo-entry-image-main\" alt=\"Ferrari 365GTB\/4 Daytona, chassis 13367, 24H Le Mans 1975, Mignot \/ Jones \/ Gurdjian, # 48\" itemprop=\"image\" srcset=\"https:\/\/autoshow.at\/wp-content\/uploads\/2026\/02\/arena-1376-ferrari-365gtb4-daytona-autoshow-lagernd-1-43.jpg 1200w, https:\/\/autoshow.at\/wp-content\/uploads\/2026\/02\/arena-1376-ferrari-365gtb4-daytona-autoshow-lagernd-1-43-300x200.jpg 300w, https:\/\/autoshow.at\/wp-content\/uploads\/2026\/02\/arena-1376-ferrari-365gtb4-daytona-autoshow-lagernd-1-43-1024x684.jpg 1024w, https:\/\/autoshow.at\/wp-content\/uploads\/2026\/02\/arena-1376-ferrari-365gtb4-daytona-autoshow-lagernd-1-43-768x513.jpg 768w, https:\/\/autoshow.at\/wp-content\/uploads\/2026\/02\/arena-1376-ferrari-365gtb4-daytona-autoshow-lagernd-1-43-18x12.jpg 18w, https:\/\/autoshow.at\/wp-content\/uploads\/2026\/02\/arena-1376-ferrari-365gtb4-daytona-autoshow-lagernd-1-43-64x43.jpg 64w\" sizes=\"(max-width: 1200px) 100vw, 1200px\" \/><\/a><a href=\"#\" id=\"product_id_105148\" class=\"owp-quick-view\" data-product_id=\"105148\" aria-label=\"Quickly preview product Ferrari 365GTB\/4 Daytona, chassis 13367, 24H Le Mans 1975, Mignot \/ Jones \/ Gurdjian, # 48\"><i class=\"icon-eye\" aria-hidden=\"true\" role=\"img\"><\/i> Quick View<\/a>\t<\/div><!-- .woo-entry-image -->\n\n<\/li><li class=\"category\"><a href=\"https:\/\/autoshow.at\/en\/product-category\/arena-143\/\" rel=\"tag\">ARENA 1:43<\/a><\/li><li class=\"title\"><h2><a href=\"https:\/\/autoshow.at\/en\/product\/ferrari-365gtb-4-daytona-chassis-13367-24h-le-mans-1975-mignot-jones-gurdjian-48\/\">Ferrari 365GTB\/4 Daytona, chassis 13367, 24H Le Mans 1975, Mignot \/ Jones \/ Gurdjian, # 48<\/a><\/h2><\/li><li class=\"price-wrap\">\n\t<span class=\"price\"><span class=\"woocommerce-Price-amount amount\"><bdi>239,00&nbsp;<span class=\"woocommerce-Price-currencySymbol\">&euro;<\/span><\/bdi><\/span><\/span>\n<\/li><li class=\"wc-gzd\">\n\n\n\t<p class=\"wc-gzd-additional-info shipping-costs-info\">plus <a href=\"https:\/\/autoshow.at\/en\/versandarten\/\" target=\"_blank\">shipping<\/a><\/p>\n\n\n<\/li><li class=\"rating\"><\/li><li class=\"btn-wrap clr\"><a class=\"button\" href=\"https:\/\/autoshow.at\/en\/product\/ferrari-365gtb-4-daytona-chassis-13367-24h-le-mans-1975-mignot-jones-gurdjian-48\/\" data-no-translation=\"\" data-trp-gettext=\"\">Show product<\/a>\t<span id=\"woocommerce_loop_add_to_cart_link_describedby_105148\" class=\"screen-reader-text\">\n\t\t\t<\/span>\n<\/li><\/ul><\/div><!-- .product-inner .clr --><\/li>\n<li class=\"entry has-media has-product-nav col span_1_of_3 owp-content-center owp-thumbs-layout-horizontal owp-btn-normal owp-tabs-layout-horizontal has-no-thumbnails product type-product post-105149 status-publish first instock product_cat-arena-143 has-post-thumbnail purchasable product-type-simple\">\n\t<div class=\"product-inner clr\">\n\t<div class=\"woo-entry-image clr\">\n\t\t<a href=\"https:\/\/autoshow.at\/en\/product\/ferrari-365gtb-4-daytona-ecurie-francorchamps-chassis-16717-12h-le-mans-1975-de-fierant-andruet-polette-47\/\" class=\"woocommerce-LoopProduct-link\"><img loading=\"lazy\" decoding=\"async\" width=\"1200\" height=\"801\" src=\"https:\/\/autoshow.at\/wp-content\/uploads\/2026\/02\/arena-1375-ferrari-365gtb4-daytona-autoshow-lagernd-1-43.jpg\" class=\"woo-entry-image-main\" alt=\"Ferrari 365GTB\/4 Daytona &#8222;Ecurie Francorchamps&#8220;, chassis 16717, 12H Le Mans 1975, De Fierant \/ Andruet \/ Polette, # 47\" itemprop=\"image\" srcset=\"https:\/\/autoshow.at\/wp-content\/uploads\/2026\/02\/arena-1375-ferrari-365gtb4-daytona-autoshow-lagernd-1-43.jpg 1200w, https:\/\/autoshow.at\/wp-content\/uploads\/2026\/02\/arena-1375-ferrari-365gtb4-daytona-autoshow-lagernd-1-43-300x200.jpg 300w, https:\/\/autoshow.at\/wp-content\/uploads\/2026\/02\/arena-1375-ferrari-365gtb4-daytona-autoshow-lagernd-1-43-1024x684.jpg 1024w, https:\/\/autoshow.at\/wp-content\/uploads\/2026\/02\/arena-1375-ferrari-365gtb4-daytona-autoshow-lagernd-1-43-768x513.jpg 768w, https:\/\/autoshow.at\/wp-content\/uploads\/2026\/02\/arena-1375-ferrari-365gtb4-daytona-autoshow-lagernd-1-43-18x12.jpg 18w, https:\/\/autoshow.at\/wp-content\/uploads\/2026\/02\/arena-1375-ferrari-365gtb4-daytona-autoshow-lagernd-1-43-64x43.jpg 64w\" sizes=\"(max-width: 1200px) 100vw, 1200px\" \/><\/a><a href=\"#\" id=\"product_id_105149\" class=\"owp-quick-view\" data-product_id=\"105149\" aria-label=\"Quickly preview product Ferrari 365GTB\/4 Daytona \"ecurie francorchamps\", chassis 16717, 12h le mans 1975, de fierant><i class=\"icon-eye\" aria-hidden=\"true\" role=\"img\"><\/i> Quick View<\/a>\t<\/div><!-- .woo-entry-image -->\n\n\n\n\n\n\n\t<p class=\"wc-gzd-additional-info wc-gzd-additional-info-loop shipping-costs-info\">plus <a href=\"https:\/\/autoshow.at\/en\/versandarten\/\" target=\"_blank\">shipping<\/a><\/p>\n\n\n<ul class=\"woo-entry-inner clr\"><li class=\"image-wrap\">\n\t<div class=\"woo-entry-image clr\">\n\t\t<a href=\"https:\/\/autoshow.at\/en\/product\/ferrari-365gtb-4-daytona-ecurie-francorchamps-chassis-16717-12h-le-mans-1975-de-fierant-andruet-polette-47\/\" class=\"woocommerce-LoopProduct-link\"><img loading=\"lazy\" decoding=\"async\" width=\"1200\" height=\"801\" src=\"https:\/\/autoshow.at\/wp-content\/uploads\/2026\/02\/arena-1375-ferrari-365gtb4-daytona-autoshow-lagernd-1-43.jpg\" class=\"woo-entry-image-main\" alt=\"Ferrari 365GTB\/4 Daytona &#8222;Ecurie Francorchamps&#8220;, chassis 16717, 12H Le Mans 1975, De Fierant \/ Andruet \/ Polette, # 47\" itemprop=\"image\" srcset=\"https:\/\/autoshow.at\/wp-content\/uploads\/2026\/02\/arena-1375-ferrari-365gtb4-daytona-autoshow-lagernd-1-43.jpg 1200w, https:\/\/autoshow.at\/wp-content\/uploads\/2026\/02\/arena-1375-ferrari-365gtb4-daytona-autoshow-lagernd-1-43-300x200.jpg 300w, https:\/\/autoshow.at\/wp-content\/uploads\/2026\/02\/arena-1375-ferrari-365gtb4-daytona-autoshow-lagernd-1-43-1024x684.jpg 1024w, https:\/\/autoshow.at\/wp-content\/uploads\/2026\/02\/arena-1375-ferrari-365gtb4-daytona-autoshow-lagernd-1-43-768x513.jpg 768w, https:\/\/autoshow.at\/wp-content\/uploads\/2026\/02\/arena-1375-ferrari-365gtb4-daytona-autoshow-lagernd-1-43-18x12.jpg 18w, https:\/\/autoshow.at\/wp-content\/uploads\/2026\/02\/arena-1375-ferrari-365gtb4-daytona-autoshow-lagernd-1-43-64x43.jpg 64w\" sizes=\"(max-width: 1200px) 100vw, 1200px\" \/><\/a><a href=\"#\" id=\"product_id_105149\" class=\"owp-quick-view\" data-product_id=\"105149\" aria-label=\"Quickly preview product Ferrari 365GTB\/4 Daytona \"ecurie francorchamps\", chassis 16717, 12h le mans 1975, de fierant><i class=\"icon-eye\" aria-hidden=\"true\" role=\"img\"><\/i> Quick View<\/a>\t<\/div><!-- .woo-entry-image -->\n\n<\/li><li class=\"category\"><a href=\"https:\/\/autoshow.at\/en\/product-category\/arena-143\/\" rel=\"tag\">ARENA 1:43<\/a><\/li><li class=\"title\"><h2><a href=\"https:\/\/autoshow.at\/en\/product\/ferrari-365gtb-4-daytona-ecurie-francorchamps-chassis-16717-12h-le-mans-1975-de-fierant-andruet-polette-47\/\">Ferrari 365GTB\/4 Daytona &#8222;Ecurie Francorchamps&#8220;, chassis 16717, 12H Le Mans 1975, De Fierant \/ Andruet \/ Polette, # 47<\/a><\/h2><\/li><li class=\"price-wrap\">\n\t<span class=\"price\"><span class=\"woocommerce-Price-amount amount\"><bdi>239,00&nbsp;<span class=\"woocommerce-Price-currencySymbol\">&euro;<\/span><\/bdi><\/span><\/span>\n<\/li><li class=\"wc-gzd\">\n\n\n\t<p class=\"wc-gzd-additional-info shipping-costs-info\">plus <a href=\"https:\/\/autoshow.at\/en\/versandarten\/\" target=\"_blank\">shipping<\/a><\/p>\n\n\n<\/li><li class=\"rating\"><\/li><li class=\"btn-wrap clr\"><a class=\"button\" href=\"https:\/\/autoshow.at\/en\/product\/ferrari-365gtb-4-daytona-ecurie-francorchamps-chassis-16717-12h-le-mans-1975-de-fierant-andruet-polette-47\/\" data-no-translation=\"\" data-trp-gettext=\"\">Show product<\/a>\t<span id=\"woocommerce_loop_add_to_cart_link_describedby_105149\" class=\"screen-reader-text\">\n\t\t\t<\/span>\n<\/li><\/ul><\/div><!-- .product-inner .clr --><\/li>\n<li class=\"entry has-media has-product-nav col span_1_of_3 owp-content-center owp-thumbs-layout-horizontal owp-btn-normal owp-tabs-layout-horizontal has-no-thumbnails product type-product post-105150 status-publish instock product_cat-arena-143 has-post-thumbnail purchasable product-type-simple\">\n\t<div class=\"product-inner clr\">\n\t<div class=\"woo-entry-image clr\">\n\t\t<a href=\"https:\/\/autoshow.at\/en\/product\/ferrari-365gtb-4-daytona-ecurie-francorchamps-chassis-16717-test-version-24h-le-mans-1975-fierlant-andruet-pilette-47\/\" class=\"woocommerce-LoopProduct-link\"><img loading=\"lazy\" decoding=\"async\" width=\"1200\" height=\"801\" src=\"https:\/\/autoshow.at\/wp-content\/uploads\/2026\/02\/arena-1374-ferrari-365gtb4-daytona-autoshow-lagernd-1-43.jpg\" class=\"woo-entry-image-main\" alt=\"Ferrari 365GTB\/4 Daytona &#8222;Ecurie Francorchamps&#8220;, chassis 16717, TEST version 24H Le Mans 1975, Fierlant \/ Andruet \/ Pilette, # 47\" itemprop=\"image\" srcset=\"https:\/\/autoshow.at\/wp-content\/uploads\/2026\/02\/arena-1374-ferrari-365gtb4-daytona-autoshow-lagernd-1-43.jpg 1200w, https:\/\/autoshow.at\/wp-content\/uploads\/2026\/02\/arena-1374-ferrari-365gtb4-daytona-autoshow-lagernd-1-43-300x200.jpg 300w, https:\/\/autoshow.at\/wp-content\/uploads\/2026\/02\/arena-1374-ferrari-365gtb4-daytona-autoshow-lagernd-1-43-1024x684.jpg 1024w, https:\/\/autoshow.at\/wp-content\/uploads\/2026\/02\/arena-1374-ferrari-365gtb4-daytona-autoshow-lagernd-1-43-768x513.jpg 768w, https:\/\/autoshow.at\/wp-content\/uploads\/2026\/02\/arena-1374-ferrari-365gtb4-daytona-autoshow-lagernd-1-43-18x12.jpg 18w, https:\/\/autoshow.at\/wp-content\/uploads\/2026\/02\/arena-1374-ferrari-365gtb4-daytona-autoshow-lagernd-1-43-64x43.jpg 64w\" sizes=\"(max-width: 1200px) 100vw, 1200px\" \/><\/a><a href=\"#\" id=\"product_id_105150\" class=\"owp-quick-view\" data-product_id=\"105150\" aria-label=\"Quickly preview product Ferrari 365GTB\/4 Daytona \"ecurie francorchamps\", chassis 16717, test version 24h le mans 1975, fierlant><i class=\"icon-eye\" aria-hidden=\"true\" role=\"img\"><\/i> Quick View<\/a>\t<\/div><!-- .woo-entry-image -->\n\n\n\n\n\n\n\t<p class=\"wc-gzd-additional-info wc-gzd-additional-info-loop shipping-costs-info\">plus <a href=\"https:\/\/autoshow.at\/en\/versandarten\/\" target=\"_blank\">shipping<\/a><\/p>\n\n\n<ul class=\"woo-entry-inner clr\"><li class=\"image-wrap\">\n\t<div class=\"woo-entry-image clr\">\n\t\t<a href=\"https:\/\/autoshow.at\/en\/product\/ferrari-365gtb-4-daytona-ecurie-francorchamps-chassis-16717-test-version-24h-le-mans-1975-fierlant-andruet-pilette-47\/\" class=\"woocommerce-LoopProduct-link\"><img loading=\"lazy\" decoding=\"async\" width=\"1200\" height=\"801\" src=\"https:\/\/autoshow.at\/wp-content\/uploads\/2026\/02\/arena-1374-ferrari-365gtb4-daytona-autoshow-lagernd-1-43.jpg\" class=\"woo-entry-image-main\" alt=\"Ferrari 365GTB\/4 Daytona &#8222;Ecurie Francorchamps&#8220;, chassis 16717, TEST version 24H Le Mans 1975, Fierlant \/ Andruet \/ Pilette, # 47\" itemprop=\"image\" srcset=\"https:\/\/autoshow.at\/wp-content\/uploads\/2026\/02\/arena-1374-ferrari-365gtb4-daytona-autoshow-lagernd-1-43.jpg 1200w, https:\/\/autoshow.at\/wp-content\/uploads\/2026\/02\/arena-1374-ferrari-365gtb4-daytona-autoshow-lagernd-1-43-300x200.jpg 300w, https:\/\/autoshow.at\/wp-content\/uploads\/2026\/02\/arena-1374-ferrari-365gtb4-daytona-autoshow-lagernd-1-43-1024x684.jpg 1024w, https:\/\/autoshow.at\/wp-content\/uploads\/2026\/02\/arena-1374-ferrari-365gtb4-daytona-autoshow-lagernd-1-43-768x513.jpg 768w, https:\/\/autoshow.at\/wp-content\/uploads\/2026\/02\/arena-1374-ferrari-365gtb4-daytona-autoshow-lagernd-1-43-18x12.jpg 18w, https:\/\/autoshow.at\/wp-content\/uploads\/2026\/02\/arena-1374-ferrari-365gtb4-daytona-autoshow-lagernd-1-43-64x43.jpg 64w\" sizes=\"(max-width: 1200px) 100vw, 1200px\" \/><\/a><a href=\"#\" id=\"product_id_105150\" class=\"owp-quick-view\" data-product_id=\"105150\" aria-label=\"Quickly preview product Ferrari 365GTB\/4 Daytona \"ecurie francorchamps\", chassis 16717, test version 24h le mans 1975, fierlant><i class=\"icon-eye\" aria-hidden=\"true\" role=\"img\"><\/i> Quick View<\/a>\t<\/div><!-- .woo-entry-image -->\n\n<\/li><li class=\"category\"><a href=\"https:\/\/autoshow.at\/en\/product-category\/arena-143\/\" rel=\"tag\">ARENA 1:43<\/a><\/li><li class=\"title\"><h2><a href=\"https:\/\/autoshow.at\/en\/product\/ferrari-365gtb-4-daytona-ecurie-francorchamps-chassis-16717-test-version-24h-le-mans-1975-fierlant-andruet-pilette-47\/\">Ferrari 365GTB\/4 Daytona &#8222;Ecurie Francorchamps&#8220;, chassis 16717, TEST version 24H Le Mans 1975, Fierlant \/ Andruet \/ Pilette, # 47<\/a><\/h2><\/li><li class=\"price-wrap\">\n\t<span class=\"price\"><span class=\"woocommerce-Price-amount amount\"><bdi>239,00&nbsp;<span class=\"woocommerce-Price-currencySymbol\">&euro;<\/span><\/bdi><\/span><\/span>\n<\/li><li class=\"wc-gzd\">\n\n\n\t<p class=\"wc-gzd-additional-info shipping-costs-info\">plus <a href=\"https:\/\/autoshow.at\/en\/versandarten\/\" target=\"_blank\">shipping<\/a><\/p>\n\n\n<\/li><li class=\"rating\"><\/li><li class=\"btn-wrap clr\"><a class=\"button\" href=\"https:\/\/autoshow.at\/en\/product\/ferrari-365gtb-4-daytona-ecurie-francorchamps-chassis-16717-test-version-24h-le-mans-1975-fierlant-andruet-pilette-47\/\" data-no-translation=\"\" data-trp-gettext=\"\">Show product<\/a>\t<span id=\"woocommerce_loop_add_to_cart_link_describedby_105150\" class=\"screen-reader-text\">\n\t\t\t<\/span>\n<\/li><\/ul><\/div><!-- .product-inner .clr --><\/li>\n<li class=\"entry has-media has-product-nav col span_1_of_3 owp-content-center owp-thumbs-layout-horizontal owp-btn-normal owp-tabs-layout-horizontal has-no-thumbnails product type-product post-105151 status-publish last instock product_cat-arena-143 has-post-thumbnail purchasable product-type-simple\">\n\t<div class=\"product-inner clr\">\n\t<div class=\"woo-entry-image clr\">\n\t\t<a href=\"https:\/\/autoshow.at\/en\/product\/ferrari-365gtb-4-daytona-nart-chassis-16407-24h-le-mans-1975-bucknum-facetti-45\/\" class=\"woocommerce-LoopProduct-link\"><img loading=\"lazy\" decoding=\"async\" width=\"1200\" height=\"802\" src=\"https:\/\/autoshow.at\/wp-content\/uploads\/2026\/02\/arena-1373-ferrari-365gtb4-daytona-autoshow-lagernd-1-43.jpg\" class=\"woo-entry-image-main\" alt=\"Ferrari 365GTB\/4 Daytona &#8222;NART&#8220;, chassis 16407, 24H Le Mans 1975, Bucknum \/ Facetti, # 45\" itemprop=\"image\" srcset=\"https:\/\/autoshow.at\/wp-content\/uploads\/2026\/02\/arena-1373-ferrari-365gtb4-daytona-autoshow-lagernd-1-43.jpg 1200w, https:\/\/autoshow.at\/wp-content\/uploads\/2026\/02\/arena-1373-ferrari-365gtb4-daytona-autoshow-lagernd-1-43-300x201.jpg 300w, https:\/\/autoshow.at\/wp-content\/uploads\/2026\/02\/arena-1373-ferrari-365gtb4-daytona-autoshow-lagernd-1-43-1024x684.jpg 1024w, https:\/\/autoshow.at\/wp-content\/uploads\/2026\/02\/arena-1373-ferrari-365gtb4-daytona-autoshow-lagernd-1-43-768x513.jpg 768w, https:\/\/autoshow.at\/wp-content\/uploads\/2026\/02\/arena-1373-ferrari-365gtb4-daytona-autoshow-lagernd-1-43-18x12.jpg 18w, https:\/\/autoshow.at\/wp-content\/uploads\/2026\/02\/arena-1373-ferrari-365gtb4-daytona-autoshow-lagernd-1-43-64x43.jpg 64w\" sizes=\"(max-width: 1200px) 100vw, 1200px\" \/><\/a><a href=\"#\" id=\"product_id_105151\" class=\"owp-quick-view\" data-product_id=\"105151\" aria-label=\"Quickly preview product Ferrari 365GTB\/4 Daytona \"nart\", chassis 16407, 24h le mans 1975, bucknum><i class=\"icon-eye\" aria-hidden=\"true\" role=\"img\"><\/i> Quick View<\/a>\t<\/div><!-- .woo-entry-image -->\n\n\n\n\n\n\n\t<p class=\"wc-gzd-additional-info wc-gzd-additional-info-loop shipping-costs-info\">plus <a href=\"https:\/\/autoshow.at\/en\/versandarten\/\" target=\"_blank\">shipping<\/a><\/p>\n\n\n<ul class=\"woo-entry-inner clr\"><li class=\"image-wrap\">\n\t<div class=\"woo-entry-image clr\">\n\t\t<a href=\"https:\/\/autoshow.at\/en\/product\/ferrari-365gtb-4-daytona-nart-chassis-16407-24h-le-mans-1975-bucknum-facetti-45\/\" class=\"woocommerce-LoopProduct-link\"><img loading=\"lazy\" decoding=\"async\" width=\"1200\" height=\"802\" src=\"https:\/\/autoshow.at\/wp-content\/uploads\/2026\/02\/arena-1373-ferrari-365gtb4-daytona-autoshow-lagernd-1-43.jpg\" class=\"woo-entry-image-main\" alt=\"Ferrari 365GTB\/4 Daytona &#8222;NART&#8220;, chassis 16407, 24H Le Mans 1975, Bucknum \/ Facetti, # 45\" itemprop=\"image\" srcset=\"https:\/\/autoshow.at\/wp-content\/uploads\/2026\/02\/arena-1373-ferrari-365gtb4-daytona-autoshow-lagernd-1-43.jpg 1200w, https:\/\/autoshow.at\/wp-content\/uploads\/2026\/02\/arena-1373-ferrari-365gtb4-daytona-autoshow-lagernd-1-43-300x201.jpg 300w, https:\/\/autoshow.at\/wp-content\/uploads\/2026\/02\/arena-1373-ferrari-365gtb4-daytona-autoshow-lagernd-1-43-1024x684.jpg 1024w, https:\/\/autoshow.at\/wp-content\/uploads\/2026\/02\/arena-1373-ferrari-365gtb4-daytona-autoshow-lagernd-1-43-768x513.jpg 768w, https:\/\/autoshow.at\/wp-content\/uploads\/2026\/02\/arena-1373-ferrari-365gtb4-daytona-autoshow-lagernd-1-43-18x12.jpg 18w, https:\/\/autoshow.at\/wp-content\/uploads\/2026\/02\/arena-1373-ferrari-365gtb4-daytona-autoshow-lagernd-1-43-64x43.jpg 64w\" sizes=\"(max-width: 1200px) 100vw, 1200px\" \/><\/a><a href=\"#\" id=\"product_id_105151\" class=\"owp-quick-view\" data-product_id=\"105151\" aria-label=\"Quickly preview product Ferrari 365GTB\/4 Daytona \"nart\", chassis 16407, 24h le mans 1975, bucknum><i class=\"icon-eye\" aria-hidden=\"true\" role=\"img\"><\/i> Quick View<\/a>\t<\/div><!-- .woo-entry-image -->\n\n<\/li><li class=\"category\"><a href=\"https:\/\/autoshow.at\/en\/product-category\/arena-143\/\" rel=\"tag\">ARENA 1:43<\/a><\/li><li class=\"title\"><h2><a href=\"https:\/\/autoshow.at\/en\/product\/ferrari-365gtb-4-daytona-nart-chassis-16407-24h-le-mans-1975-bucknum-facetti-45\/\">Ferrari 365GTB\/4 Daytona &#8222;NART&#8220;, chassis 16407, 24H Le Mans 1975, Bucknum \/ Facetti, # 45<\/a><\/h2><\/li><li class=\"price-wrap\">\n\t<span class=\"price\"><span class=\"woocommerce-Price-amount amount\"><bdi>239,00&nbsp;<span class=\"woocommerce-Price-currencySymbol\">&euro;<\/span><\/bdi><\/span><\/span>\n<\/li><li class=\"wc-gzd\">\n\n\n\t<p class=\"wc-gzd-additional-info shipping-costs-info\">plus <a href=\"https:\/\/autoshow.at\/en\/versandarten\/\" target=\"_blank\">shipping<\/a><\/p>\n\n\n<\/li><li class=\"rating\"><\/li><li class=\"btn-wrap clr\"><a class=\"button\" href=\"https:\/\/autoshow.at\/en\/product\/ferrari-365gtb-4-daytona-nart-chassis-16407-24h-le-mans-1975-bucknum-facetti-45\/\" data-no-translation=\"\" data-trp-gettext=\"\">Show product<\/a>\t<span id=\"woocommerce_loop_add_to_cart_link_describedby_105151\" class=\"screen-reader-text\">\n\t\t\t<\/span>\n<\/li><\/ul><\/div><!-- .product-inner .clr --><\/li>\n<li class=\"entry has-media has-product-nav col span_1_of_3 owp-content-center owp-thumbs-layout-horizontal owp-btn-normal owp-tabs-layout-horizontal has-no-thumbnails product type-product post-105152 status-publish first instock product_cat-arena-143 has-post-thumbnail purchasable product-type-simple\">\n\t<div class=\"product-inner clr\">\n\t<div class=\"woo-entry-image clr\">\n\t\t<a href=\"https:\/\/autoshow.at\/en\/product\/ferrari-365gtb-4-daytona-chassis-16407-not-started-version-24h-le-mans-1975-bucknum-facetti-45\/\" class=\"woocommerce-LoopProduct-link\"><img loading=\"lazy\" decoding=\"async\" width=\"1200\" height=\"801\" src=\"https:\/\/autoshow.at\/wp-content\/uploads\/2026\/02\/arena-1372-ferrari-365gtb4-daytona-autoshow-lagernd-1-43.jpg\" class=\"woo-entry-image-main\" alt=\"Ferrari 365GTB\/4 Daytona, chassis 16407, not started version 24H Le Mans 1975, Bucknum \/ Facetti, # 45\" itemprop=\"image\" srcset=\"https:\/\/autoshow.at\/wp-content\/uploads\/2026\/02\/arena-1372-ferrari-365gtb4-daytona-autoshow-lagernd-1-43.jpg 1200w, https:\/\/autoshow.at\/wp-content\/uploads\/2026\/02\/arena-1372-ferrari-365gtb4-daytona-autoshow-lagernd-1-43-300x200.jpg 300w, https:\/\/autoshow.at\/wp-content\/uploads\/2026\/02\/arena-1372-ferrari-365gtb4-daytona-autoshow-lagernd-1-43-1024x684.jpg 1024w, https:\/\/autoshow.at\/wp-content\/uploads\/2026\/02\/arena-1372-ferrari-365gtb4-daytona-autoshow-lagernd-1-43-768x513.jpg 768w, https:\/\/autoshow.at\/wp-content\/uploads\/2026\/02\/arena-1372-ferrari-365gtb4-daytona-autoshow-lagernd-1-43-18x12.jpg 18w, https:\/\/autoshow.at\/wp-content\/uploads\/2026\/02\/arena-1372-ferrari-365gtb4-daytona-autoshow-lagernd-1-43-64x43.jpg 64w\" sizes=\"(max-width: 1200px) 100vw, 1200px\" \/><\/a><a href=\"#\" id=\"product_id_105152\" class=\"owp-quick-view\" data-product_id=\"105152\" aria-label=\"Quickly preview product Ferrari 365GTB\/4 Daytona, chassis 16407, not started version 24H Le Mans 1975, Bucknum \/ Facetti, # 45\"><i class=\"icon-eye\" aria-hidden=\"true\" role=\"img\"><\/i> Quick View<\/a>\t<\/div><!-- .woo-entry-image -->\n\n\n\n\n\n\n\t<p class=\"wc-gzd-additional-info wc-gzd-additional-info-loop shipping-costs-info\">plus <a href=\"https:\/\/autoshow.at\/en\/versandarten\/\" target=\"_blank\">shipping<\/a><\/p>\n\n\n<ul class=\"woo-entry-inner clr\"><li class=\"image-wrap\">\n\t<div class=\"woo-entry-image clr\">\n\t\t<a href=\"https:\/\/autoshow.at\/en\/product\/ferrari-365gtb-4-daytona-chassis-16407-not-started-version-24h-le-mans-1975-bucknum-facetti-45\/\" class=\"woocommerce-LoopProduct-link\"><img loading=\"lazy\" decoding=\"async\" width=\"1200\" height=\"801\" src=\"https:\/\/autoshow.at\/wp-content\/uploads\/2026\/02\/arena-1372-ferrari-365gtb4-daytona-autoshow-lagernd-1-43.jpg\" class=\"woo-entry-image-main\" alt=\"Ferrari 365GTB\/4 Daytona, chassis 16407, not started version 24H Le Mans 1975, Bucknum \/ Facetti, # 45\" itemprop=\"image\" srcset=\"https:\/\/autoshow.at\/wp-content\/uploads\/2026\/02\/arena-1372-ferrari-365gtb4-daytona-autoshow-lagernd-1-43.jpg 1200w, https:\/\/autoshow.at\/wp-content\/uploads\/2026\/02\/arena-1372-ferrari-365gtb4-daytona-autoshow-lagernd-1-43-300x200.jpg 300w, https:\/\/autoshow.at\/wp-content\/uploads\/2026\/02\/arena-1372-ferrari-365gtb4-daytona-autoshow-lagernd-1-43-1024x684.jpg 1024w, https:\/\/autoshow.at\/wp-content\/uploads\/2026\/02\/arena-1372-ferrari-365gtb4-daytona-autoshow-lagernd-1-43-768x513.jpg 768w, https:\/\/autoshow.at\/wp-content\/uploads\/2026\/02\/arena-1372-ferrari-365gtb4-daytona-autoshow-lagernd-1-43-18x12.jpg 18w, https:\/\/autoshow.at\/wp-content\/uploads\/2026\/02\/arena-1372-ferrari-365gtb4-daytona-autoshow-lagernd-1-43-64x43.jpg 64w\" sizes=\"(max-width: 1200px) 100vw, 1200px\" \/><\/a><a href=\"#\" id=\"product_id_105152\" class=\"owp-quick-view\" data-product_id=\"105152\" aria-label=\"Quickly preview product Ferrari 365GTB\/4 Daytona, chassis 16407, not started version 24H Le Mans 1975, Bucknum \/ Facetti, # 45\"><i class=\"icon-eye\" aria-hidden=\"true\" role=\"img\"><\/i> Quick View<\/a>\t<\/div><!-- .woo-entry-image -->\n\n<\/li><li class=\"category\"><a href=\"https:\/\/autoshow.at\/en\/product-category\/arena-143\/\" rel=\"tag\">ARENA 1:43<\/a><\/li><li class=\"title\"><h2><a href=\"https:\/\/autoshow.at\/en\/product\/ferrari-365gtb-4-daytona-chassis-16407-not-started-version-24h-le-mans-1975-bucknum-facetti-45\/\">Ferrari 365GTB\/4 Daytona, chassis 16407, not started version 24H Le Mans 1975, Bucknum \/ Facetti, # 45<\/a><\/h2><\/li><li class=\"price-wrap\">\n\t<span class=\"price\"><span class=\"woocommerce-Price-amount amount\"><bdi>239,00&nbsp;<span class=\"woocommerce-Price-currencySymbol\">&euro;<\/span><\/bdi><\/span><\/span>\n<\/li><li class=\"wc-gzd\">\n\n\n\t<p class=\"wc-gzd-additional-info shipping-costs-info\">plus <a href=\"https:\/\/autoshow.at\/en\/versandarten\/\" target=\"_blank\">shipping<\/a><\/p>\n\n\n<\/li><li class=\"rating\"><\/li><li class=\"btn-wrap clr\"><a class=\"button\" href=\"https:\/\/autoshow.at\/en\/product\/ferrari-365gtb-4-daytona-chassis-16407-not-started-version-24h-le-mans-1975-bucknum-facetti-45\/\" data-no-translation=\"\" data-trp-gettext=\"\">Show product<\/a>\t<span id=\"woocommerce_loop_add_to_cart_link_describedby_105152\" class=\"screen-reader-text\">\n\t\t\t<\/span>\n<\/li><\/ul><\/div><!-- .product-inner .clr --><\/li>\n<li class=\"entry has-media has-product-nav col span_1_of_3 owp-content-center owp-thumbs-layout-horizontal owp-btn-normal owp-tabs-layout-horizontal has-no-thumbnails product type-product post-105153 status-publish instock product_cat-arena-143 has-post-thumbnail purchasable product-type-simple\">\n\t<div class=\"product-inner clr\">\n\t<div class=\"woo-entry-image clr\">\n\t\t<a href=\"https:\/\/autoshow.at\/en\/product\/ferrari-365gtb-4-daytona-team-pozzi-chassis-14407-5-24h-le-mans-1974-grandet-bardini-71\/\" class=\"woocommerce-LoopProduct-link\"><img loading=\"lazy\" decoding=\"async\" width=\"1200\" height=\"801\" src=\"https:\/\/autoshow.at\/wp-content\/uploads\/2026\/02\/arena-1371-ferrari-365gtb4-daytona-autoshow-lagernd-1-43.jpg\" class=\"woo-entry-image-main\" alt=\"Ferrari 365GTB\/4 Daytona &#8222;Team Pozzi&#8220;, chassis 14407, 5\u00b0 24H Le Mans 1974, Grandet \/ Bardini, # 71\" itemprop=\"image\" srcset=\"https:\/\/autoshow.at\/wp-content\/uploads\/2026\/02\/arena-1371-ferrari-365gtb4-daytona-autoshow-lagernd-1-43.jpg 1200w, https:\/\/autoshow.at\/wp-content\/uploads\/2026\/02\/arena-1371-ferrari-365gtb4-daytona-autoshow-lagernd-1-43-300x200.jpg 300w, https:\/\/autoshow.at\/wp-content\/uploads\/2026\/02\/arena-1371-ferrari-365gtb4-daytona-autoshow-lagernd-1-43-1024x684.jpg 1024w, https:\/\/autoshow.at\/wp-content\/uploads\/2026\/02\/arena-1371-ferrari-365gtb4-daytona-autoshow-lagernd-1-43-768x513.jpg 768w, https:\/\/autoshow.at\/wp-content\/uploads\/2026\/02\/arena-1371-ferrari-365gtb4-daytona-autoshow-lagernd-1-43-18x12.jpg 18w, https:\/\/autoshow.at\/wp-content\/uploads\/2026\/02\/arena-1371-ferrari-365gtb4-daytona-autoshow-lagernd-1-43-64x43.jpg 64w\" sizes=\"(max-width: 1200px) 100vw, 1200px\" \/><\/a><a href=\"#\" id=\"product_id_105153\" class=\"owp-quick-view\" data-product_id=\"105153\" aria-label=\"Quickly preview product Ferrari 365GTB\/4 Daytona \"team pozzi\", chassis 14407, 5\u00b0 24h le mans 1974, grandet><i class=\"icon-eye\" aria-hidden=\"true\" role=\"img\"><\/i> Quick View<\/a>\t<\/div><!-- .woo-entry-image -->\n\n\n\n\n\n\n\t<p class=\"wc-gzd-additional-info wc-gzd-additional-info-loop shipping-costs-info\">plus <a href=\"https:\/\/autoshow.at\/en\/versandarten\/\" target=\"_blank\">shipping<\/a><\/p>\n\n\n<ul class=\"woo-entry-inner clr\"><li class=\"image-wrap\">\n\t<div class=\"woo-entry-image clr\">\n\t\t<a href=\"https:\/\/autoshow.at\/en\/product\/ferrari-365gtb-4-daytona-team-pozzi-chassis-14407-5-24h-le-mans-1974-grandet-bardini-71\/\" class=\"woocommerce-LoopProduct-link\"><img loading=\"lazy\" decoding=\"async\" width=\"1200\" height=\"801\" src=\"https:\/\/autoshow.at\/wp-content\/uploads\/2026\/02\/arena-1371-ferrari-365gtb4-daytona-autoshow-lagernd-1-43.jpg\" class=\"woo-entry-image-main\" alt=\"Ferrari 365GTB\/4 Daytona &#8222;Team Pozzi&#8220;, chassis 14407, 5\u00b0 24H Le Mans 1974, Grandet \/ Bardini, # 71\" itemprop=\"image\" srcset=\"https:\/\/autoshow.at\/wp-content\/uploads\/2026\/02\/arena-1371-ferrari-365gtb4-daytona-autoshow-lagernd-1-43.jpg 1200w, https:\/\/autoshow.at\/wp-content\/uploads\/2026\/02\/arena-1371-ferrari-365gtb4-daytona-autoshow-lagernd-1-43-300x200.jpg 300w, https:\/\/autoshow.at\/wp-content\/uploads\/2026\/02\/arena-1371-ferrari-365gtb4-daytona-autoshow-lagernd-1-43-1024x684.jpg 1024w, https:\/\/autoshow.at\/wp-content\/uploads\/2026\/02\/arena-1371-ferrari-365gtb4-daytona-autoshow-lagernd-1-43-768x513.jpg 768w, https:\/\/autoshow.at\/wp-content\/uploads\/2026\/02\/arena-1371-ferrari-365gtb4-daytona-autoshow-lagernd-1-43-18x12.jpg 18w, https:\/\/autoshow.at\/wp-content\/uploads\/2026\/02\/arena-1371-ferrari-365gtb4-daytona-autoshow-lagernd-1-43-64x43.jpg 64w\" sizes=\"(max-width: 1200px) 100vw, 1200px\" \/><\/a><a href=\"#\" id=\"product_id_105153\" class=\"owp-quick-view\" data-product_id=\"105153\" aria-label=\"Quickly preview product Ferrari 365GTB\/4 Daytona \"team pozzi\", chassis 14407, 5\u00b0 24h le mans 1974, grandet><i class=\"icon-eye\" aria-hidden=\"true\" role=\"img\"><\/i> Quick View<\/a>\t<\/div><!-- .woo-entry-image -->\n\n<\/li><li class=\"category\"><a href=\"https:\/\/autoshow.at\/en\/product-category\/arena-143\/\" rel=\"tag\">ARENA 1:43<\/a><\/li><li class=\"title\"><h2><a href=\"https:\/\/autoshow.at\/en\/product\/ferrari-365gtb-4-daytona-team-pozzi-chassis-14407-5-24h-le-mans-1974-grandet-bardini-71\/\">Ferrari 365GTB\/4 Daytona &#8222;Team Pozzi&#8220;, chassis 14407, 5\u00b0 24H Le Mans 1974, Grandet \/ Bardini, # 71<\/a><\/h2><\/li><li class=\"price-wrap\">\n\t<span class=\"price\"><span class=\"woocommerce-Price-amount amount\"><bdi>239,00&nbsp;<span class=\"woocommerce-Price-currencySymbol\">&euro;<\/span><\/bdi><\/span><\/span>\n<\/li><li class=\"wc-gzd\">\n\n\n\t<p class=\"wc-gzd-additional-info shipping-costs-info\">plus <a href=\"https:\/\/autoshow.at\/en\/versandarten\/\" target=\"_blank\">shipping<\/a><\/p>\n\n\n<\/li><li class=\"rating\"><\/li><li class=\"btn-wrap clr\"><a class=\"button\" href=\"https:\/\/autoshow.at\/en\/product\/ferrari-365gtb-4-daytona-team-pozzi-chassis-14407-5-24h-le-mans-1974-grandet-bardini-71\/\" data-no-translation=\"\" data-trp-gettext=\"\">Show product<\/a>\t<span id=\"woocommerce_loop_add_to_cart_link_describedby_105153\" class=\"screen-reader-text\">\n\t\t\t<\/span>\n<\/li><\/ul><\/div><!-- .product-inner .clr --><\/li>\n<li class=\"entry has-media has-product-nav col span_1_of_3 owp-content-center owp-thumbs-layout-horizontal owp-btn-normal owp-tabs-layout-horizontal has-no-thumbnails product type-product post-105154 status-publish last instock product_cat-arena-143 has-post-thumbnail purchasable product-type-simple\">\n\t<div class=\"product-inner clr\">\n\t<div class=\"woo-entry-image clr\">\n\t\t<a href=\"https:\/\/autoshow.at\/en\/product\/ferrari-365gtb-4-daytona-test-version-24h-le-mans-1974-mignot-and-jones-57\/\" class=\"woocommerce-LoopProduct-link\"><img loading=\"lazy\" decoding=\"async\" width=\"1200\" height=\"801\" src=\"https:\/\/autoshow.at\/wp-content\/uploads\/2026\/02\/arena-1370-ferrari-365gtb4-daytona-autoshow-lagernd-1-43.jpg\" class=\"woo-entry-image-main\" alt=\"Ferrari 365GTB\/4 Daytona, TEST version 24H Le Mans 1974, Mignot and Jones, # 57\" itemprop=\"image\" srcset=\"https:\/\/autoshow.at\/wp-content\/uploads\/2026\/02\/arena-1370-ferrari-365gtb4-daytona-autoshow-lagernd-1-43.jpg 1200w, https:\/\/autoshow.at\/wp-content\/uploads\/2026\/02\/arena-1370-ferrari-365gtb4-daytona-autoshow-lagernd-1-43-300x200.jpg 300w, https:\/\/autoshow.at\/wp-content\/uploads\/2026\/02\/arena-1370-ferrari-365gtb4-daytona-autoshow-lagernd-1-43-1024x684.jpg 1024w, https:\/\/autoshow.at\/wp-content\/uploads\/2026\/02\/arena-1370-ferrari-365gtb4-daytona-autoshow-lagernd-1-43-768x513.jpg 768w, https:\/\/autoshow.at\/wp-content\/uploads\/2026\/02\/arena-1370-ferrari-365gtb4-daytona-autoshow-lagernd-1-43-18x12.jpg 18w, https:\/\/autoshow.at\/wp-content\/uploads\/2026\/02\/arena-1370-ferrari-365gtb4-daytona-autoshow-lagernd-1-43-64x43.jpg 64w\" sizes=\"(max-width: 1200px) 100vw, 1200px\" \/><\/a><a href=\"#\" id=\"product_id_105154\" class=\"owp-quick-view\" data-product_id=\"105154\" aria-label=\"Quickly preview product Ferrari 365GTB\/4 Daytona, TEST version 24H Le Mans 1974, Mignot and Jones, # 57\"><i class=\"icon-eye\" aria-hidden=\"true\" role=\"img\"><\/i> Quick View<\/a>\t<\/div><!-- .woo-entry-image -->\n\n\n\n\n\n\n\t<p class=\"wc-gzd-additional-info wc-gzd-additional-info-loop shipping-costs-info\">plus <a href=\"https:\/\/autoshow.at\/en\/versandarten\/\" target=\"_blank\">shipping<\/a><\/p>\n\n\n<ul class=\"woo-entry-inner clr\"><li class=\"image-wrap\">\n\t<div class=\"woo-entry-image clr\">\n\t\t<a href=\"https:\/\/autoshow.at\/en\/product\/ferrari-365gtb-4-daytona-test-version-24h-le-mans-1974-mignot-and-jones-57\/\" class=\"woocommerce-LoopProduct-link\"><img loading=\"lazy\" decoding=\"async\" width=\"1200\" height=\"801\" src=\"https:\/\/autoshow.at\/wp-content\/uploads\/2026\/02\/arena-1370-ferrari-365gtb4-daytona-autoshow-lagernd-1-43.jpg\" class=\"woo-entry-image-main\" alt=\"Ferrari 365GTB\/4 Daytona, TEST version 24H Le Mans 1974, Mignot and Jones, # 57\" itemprop=\"image\" srcset=\"https:\/\/autoshow.at\/wp-content\/uploads\/2026\/02\/arena-1370-ferrari-365gtb4-daytona-autoshow-lagernd-1-43.jpg 1200w, https:\/\/autoshow.at\/wp-content\/uploads\/2026\/02\/arena-1370-ferrari-365gtb4-daytona-autoshow-lagernd-1-43-300x200.jpg 300w, https:\/\/autoshow.at\/wp-content\/uploads\/2026\/02\/arena-1370-ferrari-365gtb4-daytona-autoshow-lagernd-1-43-1024x684.jpg 1024w, https:\/\/autoshow.at\/wp-content\/uploads\/2026\/02\/arena-1370-ferrari-365gtb4-daytona-autoshow-lagernd-1-43-768x513.jpg 768w, https:\/\/autoshow.at\/wp-content\/uploads\/2026\/02\/arena-1370-ferrari-365gtb4-daytona-autoshow-lagernd-1-43-18x12.jpg 18w, https:\/\/autoshow.at\/wp-content\/uploads\/2026\/02\/arena-1370-ferrari-365gtb4-daytona-autoshow-lagernd-1-43-64x43.jpg 64w\" sizes=\"(max-width: 1200px) 100vw, 1200px\" \/><\/a><a href=\"#\" id=\"product_id_105154\" class=\"owp-quick-view\" data-product_id=\"105154\" aria-label=\"Quickly preview product Ferrari 365GTB\/4 Daytona, TEST version 24H Le Mans 1974, Mignot and Jones, # 57\"><i class=\"icon-eye\" aria-hidden=\"true\" role=\"img\"><\/i> Quick View<\/a>\t<\/div><!-- .woo-entry-image -->\n\n<\/li><li class=\"category\"><a href=\"https:\/\/autoshow.at\/en\/product-category\/arena-143\/\" rel=\"tag\">ARENA 1:43<\/a><\/li><li class=\"title\"><h2><a href=\"https:\/\/autoshow.at\/en\/product\/ferrari-365gtb-4-daytona-test-version-24h-le-mans-1974-mignot-and-jones-57\/\">Ferrari 365GTB\/4 Daytona, TEST version 24H Le Mans 1974, Mignot and Jones, # 57<\/a><\/h2><\/li><li class=\"price-wrap\">\n\t<span class=\"price\"><span class=\"woocommerce-Price-amount amount\"><bdi>239,00&nbsp;<span class=\"woocommerce-Price-currencySymbol\">&euro;<\/span><\/bdi><\/span><\/span>\n<\/li><li class=\"wc-gzd\">\n\n\n\t<p class=\"wc-gzd-additional-info shipping-costs-info\">plus <a href=\"https:\/\/autoshow.at\/en\/versandarten\/\" target=\"_blank\">shipping<\/a><\/p>\n\n\n<\/li><li class=\"rating\"><\/li><li class=\"btn-wrap clr\"><a class=\"button\" href=\"https:\/\/autoshow.at\/en\/product\/ferrari-365gtb-4-daytona-test-version-24h-le-mans-1974-mignot-and-jones-57\/\" data-no-translation=\"\" data-trp-gettext=\"\">Show product<\/a>\t<span id=\"woocommerce_loop_add_to_cart_link_describedby_105154\" class=\"screen-reader-text\">\n\t\t\t<\/span>\n<\/li><\/ul><\/div><!-- .product-inner .clr --><\/li>\n<li class=\"entry has-media has-product-nav col span_1_of_3 owp-content-center owp-thumbs-layout-horizontal owp-btn-normal owp-tabs-layout-horizontal has-no-thumbnails product type-product post-105155 status-publish first instock product_cat-arena-143 has-post-thumbnail purchasable product-type-simple\">\n\t<div class=\"product-inner clr\">\n\t<div class=\"woo-entry-image clr\">\n\t\t<a href=\"https:\/\/autoshow.at\/en\/product\/ferrari-365gtb-4-daytona-chassis-13367-24h-le-mans-1974-mignot-jones-57\/\" class=\"woocommerce-LoopProduct-link\"><img loading=\"lazy\" decoding=\"async\" width=\"1200\" height=\"802\" src=\"https:\/\/autoshow.at\/wp-content\/uploads\/2026\/02\/arena-1369-ferrari-365gtb4-daytona-autoshow-lagernd-1-43.jpg\" class=\"woo-entry-image-main\" alt=\"Ferrari 365GTB\/4 Daytona, chassis 13367, 24H Le Mans 1974, Mignot \/ Jones, # 57\" itemprop=\"image\" srcset=\"https:\/\/autoshow.at\/wp-content\/uploads\/2026\/02\/arena-1369-ferrari-365gtb4-daytona-autoshow-lagernd-1-43.jpg 1200w, https:\/\/autoshow.at\/wp-content\/uploads\/2026\/02\/arena-1369-ferrari-365gtb4-daytona-autoshow-lagernd-1-43-300x201.jpg 300w, https:\/\/autoshow.at\/wp-content\/uploads\/2026\/02\/arena-1369-ferrari-365gtb4-daytona-autoshow-lagernd-1-43-1024x684.jpg 1024w, https:\/\/autoshow.at\/wp-content\/uploads\/2026\/02\/arena-1369-ferrari-365gtb4-daytona-autoshow-lagernd-1-43-768x513.jpg 768w, https:\/\/autoshow.at\/wp-content\/uploads\/2026\/02\/arena-1369-ferrari-365gtb4-daytona-autoshow-lagernd-1-43-18x12.jpg 18w, https:\/\/autoshow.at\/wp-content\/uploads\/2026\/02\/arena-1369-ferrari-365gtb4-daytona-autoshow-lagernd-1-43-64x43.jpg 64w\" sizes=\"(max-width: 1200px) 100vw, 1200px\" \/><\/a><a href=\"#\" id=\"product_id_105155\" class=\"owp-quick-view\" data-product_id=\"105155\" aria-label=\"Quickly preview product Ferrari 365GTB\/4 Daytona, chassis 13367, 24H Le Mans 1974, Mignot \/ Jones, # 57\"><i class=\"icon-eye\" aria-hidden=\"true\" role=\"img\"><\/i> Quick View<\/a>\t<\/div><!-- .woo-entry-image -->\n\n\n\n\n\n\n\t<p class=\"wc-gzd-additional-info wc-gzd-additional-info-loop shipping-costs-info\">plus <a href=\"https:\/\/autoshow.at\/en\/versandarten\/\" target=\"_blank\">shipping<\/a><\/p>\n\n\n<ul class=\"woo-entry-inner clr\"><li class=\"image-wrap\">\n\t<div class=\"woo-entry-image clr\">\n\t\t<a href=\"https:\/\/autoshow.at\/en\/product\/ferrari-365gtb-4-daytona-chassis-13367-24h-le-mans-1974-mignot-jones-57\/\" class=\"woocommerce-LoopProduct-link\"><img loading=\"lazy\" decoding=\"async\" width=\"1200\" height=\"802\" src=\"https:\/\/autoshow.at\/wp-content\/uploads\/2026\/02\/arena-1369-ferrari-365gtb4-daytona-autoshow-lagernd-1-43.jpg\" class=\"woo-entry-image-main\" alt=\"Ferrari 365GTB\/4 Daytona, chassis 13367, 24H Le Mans 1974, Mignot \/ Jones, # 57\" itemprop=\"image\" srcset=\"https:\/\/autoshow.at\/wp-content\/uploads\/2026\/02\/arena-1369-ferrari-365gtb4-daytona-autoshow-lagernd-1-43.jpg 1200w, https:\/\/autoshow.at\/wp-content\/uploads\/2026\/02\/arena-1369-ferrari-365gtb4-daytona-autoshow-lagernd-1-43-300x201.jpg 300w, https:\/\/autoshow.at\/wp-content\/uploads\/2026\/02\/arena-1369-ferrari-365gtb4-daytona-autoshow-lagernd-1-43-1024x684.jpg 1024w, https:\/\/autoshow.at\/wp-content\/uploads\/2026\/02\/arena-1369-ferrari-365gtb4-daytona-autoshow-lagernd-1-43-768x513.jpg 768w, https:\/\/autoshow.at\/wp-content\/uploads\/2026\/02\/arena-1369-ferrari-365gtb4-daytona-autoshow-lagernd-1-43-18x12.jpg 18w, https:\/\/autoshow.at\/wp-content\/uploads\/2026\/02\/arena-1369-ferrari-365gtb4-daytona-autoshow-lagernd-1-43-64x43.jpg 64w\" sizes=\"(max-width: 1200px) 100vw, 1200px\" \/><\/a><a href=\"#\" id=\"product_id_105155\" class=\"owp-quick-view\" data-product_id=\"105155\" aria-label=\"Quickly preview product Ferrari 365GTB\/4 Daytona, chassis 13367, 24H Le Mans 1974, Mignot \/ Jones, # 57\"><i class=\"icon-eye\" aria-hidden=\"true\" role=\"img\"><\/i> Quick View<\/a>\t<\/div><!-- .woo-entry-image -->\n\n<\/li><li class=\"category\"><a href=\"https:\/\/autoshow.at\/en\/product-category\/arena-143\/\" rel=\"tag\">ARENA 1:43<\/a><\/li><li class=\"title\"><h2><a href=\"https:\/\/autoshow.at\/en\/product\/ferrari-365gtb-4-daytona-chassis-13367-24h-le-mans-1974-mignot-jones-57\/\">Ferrari 365GTB\/4 Daytona, chassis 13367, 24H Le Mans 1974, Mignot \/ Jones, # 57<\/a><\/h2><\/li><li class=\"price-wrap\">\n\t<span class=\"price\"><span class=\"woocommerce-Price-amount amount\"><bdi>239,00&nbsp;<span class=\"woocommerce-Price-currencySymbol\">&euro;<\/span><\/bdi><\/span><\/span>\n<\/li><li class=\"wc-gzd\">\n\n\n\t<p class=\"wc-gzd-additional-info shipping-costs-info\">plus <a href=\"https:\/\/autoshow.at\/en\/versandarten\/\" target=\"_blank\">shipping<\/a><\/p>\n\n\n<\/li><li class=\"rating\"><\/li><li class=\"btn-wrap clr\"><a class=\"button\" href=\"https:\/\/autoshow.at\/en\/product\/ferrari-365gtb-4-daytona-chassis-13367-24h-le-mans-1974-mignot-jones-57\/\" data-no-translation=\"\" data-trp-gettext=\"\">Show product<\/a>\t<span id=\"woocommerce_loop_add_to_cart_link_describedby_105155\" class=\"screen-reader-text\">\n\t\t\t<\/span>\n<\/li><\/ul><\/div><!-- .product-inner .clr --><\/li>\n<li class=\"entry has-media has-product-nav col span_1_of_3 owp-content-center owp-thumbs-layout-horizontal owp-btn-normal owp-tabs-layout-horizontal has-no-thumbnails product type-product post-105156 status-publish instock product_cat-arena-143 has-post-thumbnail purchasable product-type-simple\">\n\t<div class=\"product-inner clr\">\n\t<div class=\"woo-entry-image clr\">\n\t\t<a href=\"https:\/\/autoshow.at\/en\/product\/ferrari-365gtb-4-daytona-nart-chassis-16407-24h-le-mans-1974-ethuin-guitteny-76\/\" class=\"woocommerce-LoopProduct-link\"><img loading=\"lazy\" decoding=\"async\" width=\"1200\" height=\"801\" src=\"https:\/\/autoshow.at\/wp-content\/uploads\/2026\/02\/arena-1368-ferrari-365gtb4-daytona-autoshow-lagernd-1-43.jpg\" class=\"woo-entry-image-main\" alt=\"Ferrari 365GTB\/4 Daytona &#8222;NART&#8220;, chassis 16407, 24H Le Mans 1974, Ethuin \/ Guitteny, # 76\" itemprop=\"image\" srcset=\"https:\/\/autoshow.at\/wp-content\/uploads\/2026\/02\/arena-1368-ferrari-365gtb4-daytona-autoshow-lagernd-1-43.jpg 1200w, https:\/\/autoshow.at\/wp-content\/uploads\/2026\/02\/arena-1368-ferrari-365gtb4-daytona-autoshow-lagernd-1-43-300x200.jpg 300w, https:\/\/autoshow.at\/wp-content\/uploads\/2026\/02\/arena-1368-ferrari-365gtb4-daytona-autoshow-lagernd-1-43-1024x684.jpg 1024w, https:\/\/autoshow.at\/wp-content\/uploads\/2026\/02\/arena-1368-ferrari-365gtb4-daytona-autoshow-lagernd-1-43-768x513.jpg 768w, https:\/\/autoshow.at\/wp-content\/uploads\/2026\/02\/arena-1368-ferrari-365gtb4-daytona-autoshow-lagernd-1-43-18x12.jpg 18w, https:\/\/autoshow.at\/wp-content\/uploads\/2026\/02\/arena-1368-ferrari-365gtb4-daytona-autoshow-lagernd-1-43-64x43.jpg 64w\" sizes=\"(max-width: 1200px) 100vw, 1200px\" \/><\/a><a href=\"#\" id=\"product_id_105156\" class=\"owp-quick-view\" data-product_id=\"105156\" aria-label=\"Quickly preview product Ferrari 365GTB\/4 Daytona \"nart\", chassis 16407, 24h le mans 1974, ethuin><i class=\"icon-eye\" aria-hidden=\"true\" role=\"img\"><\/i> Quick View<\/a>\t<\/div><!-- .woo-entry-image -->\n\n\n\n\n\n\n\t<p class=\"wc-gzd-additional-info wc-gzd-additional-info-loop shipping-costs-info\">plus <a href=\"https:\/\/autoshow.at\/en\/versandarten\/\" target=\"_blank\">shipping<\/a><\/p>\n\n\n<ul class=\"woo-entry-inner clr\"><li class=\"image-wrap\">\n\t<div class=\"woo-entry-image clr\">\n\t\t<a href=\"https:\/\/autoshow.at\/en\/product\/ferrari-365gtb-4-daytona-nart-chassis-16407-24h-le-mans-1974-ethuin-guitteny-76\/\" class=\"woocommerce-LoopProduct-link\"><img loading=\"lazy\" decoding=\"async\" width=\"1200\" height=\"801\" src=\"https:\/\/autoshow.at\/wp-content\/uploads\/2026\/02\/arena-1368-ferrari-365gtb4-daytona-autoshow-lagernd-1-43.jpg\" class=\"woo-entry-image-main\" alt=\"Ferrari 365GTB\/4 Daytona &#8222;NART&#8220;, chassis 16407, 24H Le Mans 1974, Ethuin \/ Guitteny, # 76\" itemprop=\"image\" srcset=\"https:\/\/autoshow.at\/wp-content\/uploads\/2026\/02\/arena-1368-ferrari-365gtb4-daytona-autoshow-lagernd-1-43.jpg 1200w, https:\/\/autoshow.at\/wp-content\/uploads\/2026\/02\/arena-1368-ferrari-365gtb4-daytona-autoshow-lagernd-1-43-300x200.jpg 300w, https:\/\/autoshow.at\/wp-content\/uploads\/2026\/02\/arena-1368-ferrari-365gtb4-daytona-autoshow-lagernd-1-43-1024x684.jpg 1024w, https:\/\/autoshow.at\/wp-content\/uploads\/2026\/02\/arena-1368-ferrari-365gtb4-daytona-autoshow-lagernd-1-43-768x513.jpg 768w, https:\/\/autoshow.at\/wp-content\/uploads\/2026\/02\/arena-1368-ferrari-365gtb4-daytona-autoshow-lagernd-1-43-18x12.jpg 18w, https:\/\/autoshow.at\/wp-content\/uploads\/2026\/02\/arena-1368-ferrari-365gtb4-daytona-autoshow-lagernd-1-43-64x43.jpg 64w\" sizes=\"(max-width: 1200px) 100vw, 1200px\" \/><\/a><a href=\"#\" id=\"product_id_105156\" class=\"owp-quick-view\" data-product_id=\"105156\" aria-label=\"Quickly preview product Ferrari 365GTB\/4 Daytona \"nart\", chassis 16407, 24h le mans 1974, ethuin><i class=\"icon-eye\" aria-hidden=\"true\" role=\"img\"><\/i> Quick View<\/a>\t<\/div><!-- .woo-entry-image -->\n\n<\/li><li class=\"category\"><a href=\"https:\/\/autoshow.at\/en\/product-category\/arena-143\/\" rel=\"tag\">ARENA 1:43<\/a><\/li><li class=\"title\"><h2><a href=\"https:\/\/autoshow.at\/en\/product\/ferrari-365gtb-4-daytona-nart-chassis-16407-24h-le-mans-1974-ethuin-guitteny-76\/\">Ferrari 365GTB\/4 Daytona &#8222;NART&#8220;, chassis 16407, 24H Le Mans 1974, Ethuin \/ Guitteny, # 76<\/a><\/h2><\/li><li class=\"price-wrap\">\n\t<span class=\"price\"><span class=\"woocommerce-Price-amount amount\"><bdi>239,00&nbsp;<span class=\"woocommerce-Price-currencySymbol\">&euro;<\/span><\/bdi><\/span><\/span>\n<\/li><li class=\"wc-gzd\">\n\n\n\t<p class=\"wc-gzd-additional-info shipping-costs-info\">plus <a href=\"https:\/\/autoshow.at\/en\/versandarten\/\" target=\"_blank\">shipping<\/a><\/p>\n\n\n<\/li><li class=\"rating\"><\/li><li class=\"btn-wrap clr\"><a class=\"button\" href=\"https:\/\/autoshow.at\/en\/product\/ferrari-365gtb-4-daytona-nart-chassis-16407-24h-le-mans-1974-ethuin-guitteny-76\/\" data-no-translation=\"\" data-trp-gettext=\"\">Show product<\/a>\t<span id=\"woocommerce_loop_add_to_cart_link_describedby_105156\" class=\"screen-reader-text\">\n\t\t\t<\/span>\n<\/li><\/ul><\/div><!-- .product-inner .clr --><\/li>\n<li class=\"entry has-media has-product-nav col span_1_of_3 owp-content-center owp-thumbs-layout-horizontal owp-btn-normal owp-tabs-layout-horizontal has-no-thumbnails product type-product post-105157 status-publish last instock product_cat-arena-143 has-post-thumbnail purchasable product-type-simple\">\n\t<div class=\"product-inner clr\">\n\t<div class=\"woo-entry-image clr\">\n\t\t<a href=\"https:\/\/autoshow.at\/en\/product\/ferrari-365gtb-4-daytona-nart-chassis-16343-24h-le-mans-1974-paoli-couderc-55\/\" class=\"woocommerce-LoopProduct-link\"><img loading=\"lazy\" decoding=\"async\" width=\"1200\" height=\"801\" src=\"https:\/\/autoshow.at\/wp-content\/uploads\/2026\/02\/arena-1367-ferrari-365gtb4-daytona-autoshow-lagernd-1-43.jpg\" class=\"woo-entry-image-main\" alt=\"Ferrari 365GTB\/4 Daytona &#8222;NART&#8220;, chassis 16343, 24H Le Mans 1974, Paoli \/ Couderc, # 55\" itemprop=\"image\" srcset=\"https:\/\/autoshow.at\/wp-content\/uploads\/2026\/02\/arena-1367-ferrari-365gtb4-daytona-autoshow-lagernd-1-43.jpg 1200w, https:\/\/autoshow.at\/wp-content\/uploads\/2026\/02\/arena-1367-ferrari-365gtb4-daytona-autoshow-lagernd-1-43-300x200.jpg 300w, https:\/\/autoshow.at\/wp-content\/uploads\/2026\/02\/arena-1367-ferrari-365gtb4-daytona-autoshow-lagernd-1-43-1024x684.jpg 1024w, https:\/\/autoshow.at\/wp-content\/uploads\/2026\/02\/arena-1367-ferrari-365gtb4-daytona-autoshow-lagernd-1-43-768x513.jpg 768w, https:\/\/autoshow.at\/wp-content\/uploads\/2026\/02\/arena-1367-ferrari-365gtb4-daytona-autoshow-lagernd-1-43-18x12.jpg 18w, https:\/\/autoshow.at\/wp-content\/uploads\/2026\/02\/arena-1367-ferrari-365gtb4-daytona-autoshow-lagernd-1-43-64x43.jpg 64w\" sizes=\"(max-width: 1200px) 100vw, 1200px\" \/><\/a><a href=\"#\" id=\"product_id_105157\" class=\"owp-quick-view\" data-product_id=\"105157\" aria-label=\"Quickly preview product Ferrari 365GTB\/4 Daytona \"nart\", chassis 16343, 24h le mans 1974, paoli><i class=\"icon-eye\" aria-hidden=\"true\" role=\"img\"><\/i> Quick View<\/a>\t<\/div><!-- .woo-entry-image -->\n\n\n\n\n\n\n\t<p class=\"wc-gzd-additional-info wc-gzd-additional-info-loop shipping-costs-info\">plus <a href=\"https:\/\/autoshow.at\/en\/versandarten\/\" target=\"_blank\">shipping<\/a><\/p>\n\n\n<ul class=\"woo-entry-inner clr\"><li class=\"image-wrap\">\n\t<div class=\"woo-entry-image clr\">\n\t\t<a href=\"https:\/\/autoshow.at\/en\/product\/ferrari-365gtb-4-daytona-nart-chassis-16343-24h-le-mans-1974-paoli-couderc-55\/\" class=\"woocommerce-LoopProduct-link\"><img loading=\"lazy\" decoding=\"async\" width=\"1200\" height=\"801\" src=\"https:\/\/autoshow.at\/wp-content\/uploads\/2026\/02\/arena-1367-ferrari-365gtb4-daytona-autoshow-lagernd-1-43.jpg\" class=\"woo-entry-image-main\" alt=\"Ferrari 365GTB\/4 Daytona &#8222;NART&#8220;, chassis 16343, 24H Le Mans 1974, Paoli \/ Couderc, # 55\" itemprop=\"image\" srcset=\"https:\/\/autoshow.at\/wp-content\/uploads\/2026\/02\/arena-1367-ferrari-365gtb4-daytona-autoshow-lagernd-1-43.jpg 1200w, https:\/\/autoshow.at\/wp-content\/uploads\/2026\/02\/arena-1367-ferrari-365gtb4-daytona-autoshow-lagernd-1-43-300x200.jpg 300w, https:\/\/autoshow.at\/wp-content\/uploads\/2026\/02\/arena-1367-ferrari-365gtb4-daytona-autoshow-lagernd-1-43-1024x684.jpg 1024w, https:\/\/autoshow.at\/wp-content\/uploads\/2026\/02\/arena-1367-ferrari-365gtb4-daytona-autoshow-lagernd-1-43-768x513.jpg 768w, https:\/\/autoshow.at\/wp-content\/uploads\/2026\/02\/arena-1367-ferrari-365gtb4-daytona-autoshow-lagernd-1-43-18x12.jpg 18w, https:\/\/autoshow.at\/wp-content\/uploads\/2026\/02\/arena-1367-ferrari-365gtb4-daytona-autoshow-lagernd-1-43-64x43.jpg 64w\" sizes=\"(max-width: 1200px) 100vw, 1200px\" \/><\/a><a href=\"#\" id=\"product_id_105157\" class=\"owp-quick-view\" data-product_id=\"105157\" aria-label=\"Quickly preview product Ferrari 365GTB\/4 Daytona \"nart\", chassis 16343, 24h le mans 1974, paoli><i class=\"icon-eye\" aria-hidden=\"true\" role=\"img\"><\/i> Quick View<\/a>\t<\/div><!-- .woo-entry-image -->\n\n<\/li><li class=\"category\"><a href=\"https:\/\/autoshow.at\/en\/product-category\/arena-143\/\" rel=\"tag\">ARENA 1:43<\/a><\/li><li class=\"title\"><h2><a href=\"https:\/\/autoshow.at\/en\/product\/ferrari-365gtb-4-daytona-nart-chassis-16343-24h-le-mans-1974-paoli-couderc-55\/\">Ferrari 365GTB\/4 Daytona &#8222;NART&#8220;, chassis 16343, 24H Le Mans 1974, Paoli \/ Couderc, # 55<\/a><\/h2><\/li><li class=\"price-wrap\">\n\t<span class=\"price\"><span class=\"woocommerce-Price-amount amount\"><bdi>239,00&nbsp;<span class=\"woocommerce-Price-currencySymbol\">&euro;<\/span><\/bdi><\/span><\/span>\n<\/li><li class=\"wc-gzd\">\n\n\n\t<p class=\"wc-gzd-additional-info shipping-costs-info\">plus <a href=\"https:\/\/autoshow.at\/en\/versandarten\/\" target=\"_blank\">shipping<\/a><\/p>\n\n\n<\/li><li class=\"rating\"><\/li><li class=\"btn-wrap clr\"><a class=\"button\" href=\"https:\/\/autoshow.at\/en\/product\/ferrari-365gtb-4-daytona-nart-chassis-16343-24h-le-mans-1974-paoli-couderc-55\/\" data-no-translation=\"\" data-trp-gettext=\"\">Show product<\/a>\t<span id=\"woocommerce_loop_add_to_cart_link_describedby_105157\" class=\"screen-reader-text\">\n\t\t\t<\/span>\n<\/li><\/ul><\/div><!-- .product-inner .clr --><\/li>\n<li class=\"entry has-media has-product-nav col span_1_of_3 owp-content-center owp-thumbs-layout-horizontal owp-btn-normal owp-tabs-layout-horizontal has-no-thumbnails product type-product post-105158 status-publish first instock product_cat-arena-143 has-post-thumbnail purchasable product-type-simple\">\n\t<div class=\"product-inner clr\">\n\t<div class=\"woo-entry-image clr\">\n\t\t<a href=\"https:\/\/autoshow.at\/en\/product\/ferrari-365gtb-4-daytona-shark-team-chassis-14407-4h-le-mans-1974-grandet-30\/\" class=\"woocommerce-LoopProduct-link\"><img loading=\"lazy\" decoding=\"async\" width=\"1200\" height=\"801\" src=\"https:\/\/autoshow.at\/wp-content\/uploads\/2026\/02\/arena-1366-ferrari-365gtb4-daytona-autoshow-lagernd-1-43.jpg\" class=\"woo-entry-image-main\" alt=\"Ferrari 365GTB\/4 Daytona &#8222;Shark Team&#8220;, chassis 14407, 4H Le Mans 1974, Grandet, # 30\" itemprop=\"image\" srcset=\"https:\/\/autoshow.at\/wp-content\/uploads\/2026\/02\/arena-1366-ferrari-365gtb4-daytona-autoshow-lagernd-1-43.jpg 1200w, https:\/\/autoshow.at\/wp-content\/uploads\/2026\/02\/arena-1366-ferrari-365gtb4-daytona-autoshow-lagernd-1-43-300x200.jpg 300w, https:\/\/autoshow.at\/wp-content\/uploads\/2026\/02\/arena-1366-ferrari-365gtb4-daytona-autoshow-lagernd-1-43-1024x684.jpg 1024w, https:\/\/autoshow.at\/wp-content\/uploads\/2026\/02\/arena-1366-ferrari-365gtb4-daytona-autoshow-lagernd-1-43-768x513.jpg 768w, https:\/\/autoshow.at\/wp-content\/uploads\/2026\/02\/arena-1366-ferrari-365gtb4-daytona-autoshow-lagernd-1-43-18x12.jpg 18w, https:\/\/autoshow.at\/wp-content\/uploads\/2026\/02\/arena-1366-ferrari-365gtb4-daytona-autoshow-lagernd-1-43-64x43.jpg 64w\" sizes=\"(max-width: 1200px) 100vw, 1200px\" \/><\/a><a href=\"#\" id=\"product_id_105158\" class=\"owp-quick-view\" data-product_id=\"105158\" aria-label=\"Quickly preview product Ferrari 365GTB\/4 Daytona \"shark team\", chassis 14407, 4h le mans 1974, grandet, # 30\"><i class=\"icon-eye\" aria-hidden=\"true\" role=\"img\"><\/i> Quick View<\/a>\t<\/div><!-- .woo-entry-image -->\n\n\n\n\n\n\n\t<p class=\"wc-gzd-additional-info wc-gzd-additional-info-loop shipping-costs-info\">plus <a href=\"https:\/\/autoshow.at\/en\/versandarten\/\" target=\"_blank\">shipping<\/a><\/p>\n\n\n<ul class=\"woo-entry-inner clr\"><li class=\"image-wrap\">\n\t<div class=\"woo-entry-image clr\">\n\t\t<a href=\"https:\/\/autoshow.at\/en\/product\/ferrari-365gtb-4-daytona-shark-team-chassis-14407-4h-le-mans-1974-grandet-30\/\" class=\"woocommerce-LoopProduct-link\"><img loading=\"lazy\" decoding=\"async\" width=\"1200\" height=\"801\" src=\"https:\/\/autoshow.at\/wp-content\/uploads\/2026\/02\/arena-1366-ferrari-365gtb4-daytona-autoshow-lagernd-1-43.jpg\" class=\"woo-entry-image-main\" alt=\"Ferrari 365GTB\/4 Daytona &#8222;Shark Team&#8220;, chassis 14407, 4H Le Mans 1974, Grandet, # 30\" itemprop=\"image\" srcset=\"https:\/\/autoshow.at\/wp-content\/uploads\/2026\/02\/arena-1366-ferrari-365gtb4-daytona-autoshow-lagernd-1-43.jpg 1200w, https:\/\/autoshow.at\/wp-content\/uploads\/2026\/02\/arena-1366-ferrari-365gtb4-daytona-autoshow-lagernd-1-43-300x200.jpg 300w, https:\/\/autoshow.at\/wp-content\/uploads\/2026\/02\/arena-1366-ferrari-365gtb4-daytona-autoshow-lagernd-1-43-1024x684.jpg 1024w, https:\/\/autoshow.at\/wp-content\/uploads\/2026\/02\/arena-1366-ferrari-365gtb4-daytona-autoshow-lagernd-1-43-768x513.jpg 768w, https:\/\/autoshow.at\/wp-content\/uploads\/2026\/02\/arena-1366-ferrari-365gtb4-daytona-autoshow-lagernd-1-43-18x12.jpg 18w, https:\/\/autoshow.at\/wp-content\/uploads\/2026\/02\/arena-1366-ferrari-365gtb4-daytona-autoshow-lagernd-1-43-64x43.jpg 64w\" sizes=\"(max-width: 1200px) 100vw, 1200px\" \/><\/a><a href=\"#\" id=\"product_id_105158\" class=\"owp-quick-view\" data-product_id=\"105158\" aria-label=\"Quickly preview product Ferrari 365GTB\/4 Daytona \"shark team\", chassis 14407, 4h le mans 1974, grandet, # 30\"><i class=\"icon-eye\" aria-hidden=\"true\" role=\"img\"><\/i> Quick View<\/a>\t<\/div><!-- .woo-entry-image -->\n\n<\/li><li class=\"category\"><a href=\"https:\/\/autoshow.at\/en\/product-category\/arena-143\/\" rel=\"tag\">ARENA 1:43<\/a><\/li><li class=\"title\"><h2><a href=\"https:\/\/autoshow.at\/en\/product\/ferrari-365gtb-4-daytona-shark-team-chassis-14407-4h-le-mans-1974-grandet-30\/\">Ferrari 365GTB\/4 Daytona &#8222;Shark Team&#8220;, chassis 14407, 4H Le Mans 1974, Grandet, # 30<\/a><\/h2><\/li><li class=\"price-wrap\">\n\t<span class=\"price\"><span class=\"woocommerce-Price-amount amount\"><bdi>239,00&nbsp;<span class=\"woocommerce-Price-currencySymbol\">&euro;<\/span><\/bdi><\/span><\/span>\n<\/li><li class=\"wc-gzd\">\n\n\n\t<p class=\"wc-gzd-additional-info shipping-costs-info\">plus <a href=\"https:\/\/autoshow.at\/en\/versandarten\/\" target=\"_blank\">shipping<\/a><\/p>\n\n\n<\/li><li class=\"rating\"><\/li><li class=\"btn-wrap clr\"><a class=\"button\" href=\"https:\/\/autoshow.at\/en\/product\/ferrari-365gtb-4-daytona-shark-team-chassis-14407-4h-le-mans-1974-grandet-30\/\" data-no-translation=\"\" data-trp-gettext=\"\">Show product<\/a>\t<span id=\"woocommerce_loop_add_to_cart_link_describedby_105158\" class=\"screen-reader-text\">\n\t\t\t<\/span>\n<\/li><\/ul><\/div><!-- .product-inner .clr --><\/li>\n<li class=\"entry has-media has-product-nav col span_1_of_3 owp-content-center owp-thumbs-layout-horizontal owp-btn-normal owp-tabs-layout-horizontal has-no-thumbnails product type-product post-105159 status-publish instock product_cat-arena-143 has-post-thumbnail purchasable product-type-simple\">\n\t<div class=\"product-inner clr\">\n\t<div class=\"woo-entry-image clr\">\n\t\t<a href=\"https:\/\/autoshow.at\/en\/product\/ferrari-365gtb-4-daytona-shark-team-chassis-14407-24h-le-mans-1973-guerie-grandet-56\/\" class=\"woocommerce-LoopProduct-link\"><img loading=\"lazy\" decoding=\"async\" width=\"1200\" height=\"801\" src=\"https:\/\/autoshow.at\/wp-content\/uploads\/2026\/02\/arena-1309-ferrari-365gtb4-daytona-autoshow-lagernd-1-43.jpg\" class=\"woo-entry-image-main\" alt=\"Ferrari 365GTB\/4 Daytona &#8222;Shark Team&#8220;, chassis 14407, 24H Le Mans 1973, Guerie \/ Grandet, # 56\" itemprop=\"image\" srcset=\"https:\/\/autoshow.at\/wp-content\/uploads\/2026\/02\/arena-1309-ferrari-365gtb4-daytona-autoshow-lagernd-1-43.jpg 1200w, https:\/\/autoshow.at\/wp-content\/uploads\/2026\/02\/arena-1309-ferrari-365gtb4-daytona-autoshow-lagernd-1-43-300x200.jpg 300w, https:\/\/autoshow.at\/wp-content\/uploads\/2026\/02\/arena-1309-ferrari-365gtb4-daytona-autoshow-lagernd-1-43-1024x684.jpg 1024w, https:\/\/autoshow.at\/wp-content\/uploads\/2026\/02\/arena-1309-ferrari-365gtb4-daytona-autoshow-lagernd-1-43-768x513.jpg 768w, https:\/\/autoshow.at\/wp-content\/uploads\/2026\/02\/arena-1309-ferrari-365gtb4-daytona-autoshow-lagernd-1-43-18x12.jpg 18w, https:\/\/autoshow.at\/wp-content\/uploads\/2026\/02\/arena-1309-ferrari-365gtb4-daytona-autoshow-lagernd-1-43-64x43.jpg 64w\" sizes=\"(max-width: 1200px) 100vw, 1200px\" \/><\/a><a href=\"#\" id=\"product_id_105159\" class=\"owp-quick-view\" data-product_id=\"105159\" aria-label=\"Quickly preview product Ferrari 365GTB\/4 Daytona \"shark team\", chassis 14407, 24h le mans 1973, guerie><i class=\"icon-eye\" aria-hidden=\"true\" role=\"img\"><\/i> Quick View<\/a>\t<\/div><!-- .woo-entry-image -->\n\n\n\n\n\n\n\t<p class=\"wc-gzd-additional-info wc-gzd-additional-info-loop shipping-costs-info\">plus <a href=\"https:\/\/autoshow.at\/en\/versandarten\/\" target=\"_blank\">shipping<\/a><\/p>\n\n\n<ul class=\"woo-entry-inner clr\"><li class=\"image-wrap\">\n\t<div class=\"woo-entry-image clr\">\n\t\t<a href=\"https:\/\/autoshow.at\/en\/product\/ferrari-365gtb-4-daytona-shark-team-chassis-14407-24h-le-mans-1973-guerie-grandet-56\/\" class=\"woocommerce-LoopProduct-link\"><img loading=\"lazy\" decoding=\"async\" width=\"1200\" height=\"801\" src=\"https:\/\/autoshow.at\/wp-content\/uploads\/2026\/02\/arena-1309-ferrari-365gtb4-daytona-autoshow-lagernd-1-43.jpg\" class=\"woo-entry-image-main\" alt=\"Ferrari 365GTB\/4 Daytona &#8222;Shark Team&#8220;, chassis 14407, 24H Le Mans 1973, Guerie \/ Grandet, # 56\" itemprop=\"image\" srcset=\"https:\/\/autoshow.at\/wp-content\/uploads\/2026\/02\/arena-1309-ferrari-365gtb4-daytona-autoshow-lagernd-1-43.jpg 1200w, https:\/\/autoshow.at\/wp-content\/uploads\/2026\/02\/arena-1309-ferrari-365gtb4-daytona-autoshow-lagernd-1-43-300x200.jpg 300w, https:\/\/autoshow.at\/wp-content\/uploads\/2026\/02\/arena-1309-ferrari-365gtb4-daytona-autoshow-lagernd-1-43-1024x684.jpg 1024w, https:\/\/autoshow.at\/wp-content\/uploads\/2026\/02\/arena-1309-ferrari-365gtb4-daytona-autoshow-lagernd-1-43-768x513.jpg 768w, https:\/\/autoshow.at\/wp-content\/uploads\/2026\/02\/arena-1309-ferrari-365gtb4-daytona-autoshow-lagernd-1-43-18x12.jpg 18w, https:\/\/autoshow.at\/wp-content\/uploads\/2026\/02\/arena-1309-ferrari-365gtb4-daytona-autoshow-lagernd-1-43-64x43.jpg 64w\" sizes=\"(max-width: 1200px) 100vw, 1200px\" \/><\/a><a href=\"#\" id=\"product_id_105159\" class=\"owp-quick-view\" data-product_id=\"105159\" aria-label=\"Quickly preview product Ferrari 365GTB\/4 Daytona \"shark team\", chassis 14407, 24h le mans 1973, guerie><i class=\"icon-eye\" aria-hidden=\"true\" role=\"img\"><\/i> Quick View<\/a>\t<\/div><!-- .woo-entry-image -->\n\n<\/li><li class=\"category\"><a href=\"https:\/\/autoshow.at\/en\/product-category\/arena-143\/\" rel=\"tag\">ARENA 1:43<\/a><\/li><li class=\"title\"><h2><a href=\"https:\/\/autoshow.at\/en\/product\/ferrari-365gtb-4-daytona-shark-team-chassis-14407-24h-le-mans-1973-guerie-grandet-56\/\">Ferrari 365GTB\/4 Daytona &#8222;Shark Team&#8220;, chassis 14407, 24H Le Mans 1973, Guerie \/ Grandet, # 56<\/a><\/h2><\/li><li class=\"price-wrap\">\n\t<span class=\"price\"><span class=\"woocommerce-Price-amount amount\"><bdi>239,00&nbsp;<span class=\"woocommerce-Price-currencySymbol\">&euro;<\/span><\/bdi><\/span><\/span>\n<\/li><li class=\"wc-gzd\">\n\n\n\t<p class=\"wc-gzd-additional-info shipping-costs-info\">plus <a href=\"https:\/\/autoshow.at\/en\/versandarten\/\" target=\"_blank\">shipping<\/a><\/p>\n\n\n<\/li><li class=\"rating\"><\/li><li class=\"btn-wrap clr\"><a class=\"button\" href=\"https:\/\/autoshow.at\/en\/product\/ferrari-365gtb-4-daytona-shark-team-chassis-14407-24h-le-mans-1973-guerie-grandet-56\/\" data-no-translation=\"\" data-trp-gettext=\"\">Show product<\/a>\t<span id=\"woocommerce_loop_add_to_cart_link_describedby_105159\" class=\"screen-reader-text\">\n\t\t\t<\/span>\n<\/li><\/ul><\/div><!-- .product-inner .clr --><\/li>\n<li class=\"entry has-media has-product-nav col span_1_of_3 owp-content-center owp-thumbs-layout-horizontal owp-btn-normal owp-tabs-layout-horizontal has-no-thumbnails product type-product post-105160 status-publish last instock product_cat-arena-143 has-post-thumbnail purchasable product-type-simple\">\n\t<div class=\"product-inner clr\">\n\t<div class=\"woo-entry-image clr\">\n\t\t<a href=\"https:\/\/autoshow.at\/en\/product\/ferrari-365gtb-4-daytona-nart-chassis-14141-24h-le-mans-1973-migault-chinetti-38\/\" class=\"woocommerce-LoopProduct-link\"><img loading=\"lazy\" decoding=\"async\" width=\"1200\" height=\"801\" src=\"https:\/\/autoshow.at\/wp-content\/uploads\/2026\/02\/arena-1308-ferrari-365gtb4-daytona-autoshow-lagernd-1-43.jpg\" class=\"woo-entry-image-main\" alt=\"Ferrari 365GTB\/4 Daytona &#8222;NART&#8220;, chassis 14141, 24H Le Mans 1973, Migault \/ Chinetti, # 38\" itemprop=\"image\" srcset=\"https:\/\/autoshow.at\/wp-content\/uploads\/2026\/02\/arena-1308-ferrari-365gtb4-daytona-autoshow-lagernd-1-43.jpg 1200w, https:\/\/autoshow.at\/wp-content\/uploads\/2026\/02\/arena-1308-ferrari-365gtb4-daytona-autoshow-lagernd-1-43-300x200.jpg 300w, https:\/\/autoshow.at\/wp-content\/uploads\/2026\/02\/arena-1308-ferrari-365gtb4-daytona-autoshow-lagernd-1-43-1024x684.jpg 1024w, https:\/\/autoshow.at\/wp-content\/uploads\/2026\/02\/arena-1308-ferrari-365gtb4-daytona-autoshow-lagernd-1-43-768x513.jpg 768w, https:\/\/autoshow.at\/wp-content\/uploads\/2026\/02\/arena-1308-ferrari-365gtb4-daytona-autoshow-lagernd-1-43-18x12.jpg 18w, https:\/\/autoshow.at\/wp-content\/uploads\/2026\/02\/arena-1308-ferrari-365gtb4-daytona-autoshow-lagernd-1-43-64x43.jpg 64w\" sizes=\"(max-width: 1200px) 100vw, 1200px\" \/><\/a><a href=\"#\" id=\"product_id_105160\" class=\"owp-quick-view\" data-product_id=\"105160\" aria-label=\"Quickly preview product Ferrari 365GTB\/4 Daytona \"nart\", chassis 14141, 24h le mans 1973, migault><i class=\"icon-eye\" aria-hidden=\"true\" role=\"img\"><\/i> Quick View<\/a>\t<\/div><!-- .woo-entry-image -->\n\n\n\n\n\n\n\t<p class=\"wc-gzd-additional-info wc-gzd-additional-info-loop shipping-costs-info\">plus <a href=\"https:\/\/autoshow.at\/en\/versandarten\/\" target=\"_blank\">shipping<\/a><\/p>\n\n\n<ul class=\"woo-entry-inner clr\"><li class=\"image-wrap\">\n\t<div class=\"woo-entry-image clr\">\n\t\t<a href=\"https:\/\/autoshow.at\/en\/product\/ferrari-365gtb-4-daytona-nart-chassis-14141-24h-le-mans-1973-migault-chinetti-38\/\" class=\"woocommerce-LoopProduct-link\"><img loading=\"lazy\" decoding=\"async\" width=\"1200\" height=\"801\" src=\"https:\/\/autoshow.at\/wp-content\/uploads\/2026\/02\/arena-1308-ferrari-365gtb4-daytona-autoshow-lagernd-1-43.jpg\" class=\"woo-entry-image-main\" alt=\"Ferrari 365GTB\/4 Daytona &#8222;NART&#8220;, chassis 14141, 24H Le Mans 1973, Migault \/ Chinetti, # 38\" itemprop=\"image\" srcset=\"https:\/\/autoshow.at\/wp-content\/uploads\/2026\/02\/arena-1308-ferrari-365gtb4-daytona-autoshow-lagernd-1-43.jpg 1200w, https:\/\/autoshow.at\/wp-content\/uploads\/2026\/02\/arena-1308-ferrari-365gtb4-daytona-autoshow-lagernd-1-43-300x200.jpg 300w, https:\/\/autoshow.at\/wp-content\/uploads\/2026\/02\/arena-1308-ferrari-365gtb4-daytona-autoshow-lagernd-1-43-1024x684.jpg 1024w, https:\/\/autoshow.at\/wp-content\/uploads\/2026\/02\/arena-1308-ferrari-365gtb4-daytona-autoshow-lagernd-1-43-768x513.jpg 768w, https:\/\/autoshow.at\/wp-content\/uploads\/2026\/02\/arena-1308-ferrari-365gtb4-daytona-autoshow-lagernd-1-43-18x12.jpg 18w, https:\/\/autoshow.at\/wp-content\/uploads\/2026\/02\/arena-1308-ferrari-365gtb4-daytona-autoshow-lagernd-1-43-64x43.jpg 64w\" sizes=\"(max-width: 1200px) 100vw, 1200px\" \/><\/a><a href=\"#\" id=\"product_id_105160\" class=\"owp-quick-view\" data-product_id=\"105160\" aria-label=\"Quickly preview product Ferrari 365GTB\/4 Daytona \"nart\", chassis 14141, 24h le mans 1973, migault><i class=\"icon-eye\" aria-hidden=\"true\" role=\"img\"><\/i> Quick View<\/a>\t<\/div><!-- .woo-entry-image -->\n\n<\/li><li class=\"category\"><a href=\"https:\/\/autoshow.at\/en\/product-category\/arena-143\/\" rel=\"tag\">ARENA 1:43<\/a><\/li><li class=\"title\"><h2><a href=\"https:\/\/autoshow.at\/en\/product\/ferrari-365gtb-4-daytona-nart-chassis-14141-24h-le-mans-1973-migault-chinetti-38\/\">Ferrari 365GTB\/4 Daytona &#8222;NART&#8220;, chassis 14141, 24H Le Mans 1973, Migault \/ Chinetti, # 38<\/a><\/h2><\/li><li class=\"price-wrap\">\n\t<span class=\"price\"><span class=\"woocommerce-Price-amount amount\"><bdi>239,00&nbsp;<span class=\"woocommerce-Price-currencySymbol\">&euro;<\/span><\/bdi><\/span><\/span>\n<\/li><li class=\"wc-gzd\">\n\n\n\t<p class=\"wc-gzd-additional-info shipping-costs-info\">plus <a href=\"https:\/\/autoshow.at\/en\/versandarten\/\" target=\"_blank\">shipping<\/a><\/p>\n\n\n<\/li><li class=\"rating\"><\/li><li class=\"btn-wrap clr\"><a class=\"button\" href=\"https:\/\/autoshow.at\/en\/product\/ferrari-365gtb-4-daytona-nart-chassis-14141-24h-le-mans-1973-migault-chinetti-38\/\" data-no-translation=\"\" data-trp-gettext=\"\">Show product<\/a>\t<span id=\"woocommerce_loop_add_to_cart_link_describedby_105160\" class=\"screen-reader-text\">\n\t\t\t<\/span>\n<\/li><\/ul><\/div><!-- .product-inner .clr --><\/li>\n<\/ul>\n<\/div><\/div>\n\t\t\t\t\t\t<\/div>\n\t\t\t\t<\/div>\n\t\t\t\t\t<\/div>\n\t\t<\/div>\n\t\t\t\t\t<\/div>\n\t\t<\/section>\n\t\t\t\t<\/div>","protected":false},"excerpt":{"rendered":"<p>News \/ Neuheiten Sortieren nach:Neu \/ Name \/ Preis aufsteigend \/ Preis absteigend<\/p>","protected":false},"author":1,"featured_media":0,"parent":0,"menu_order":0,"comment_status":"closed","ping_status":"closed","template":"","meta":{"footnotes":""},"class_list":["post-39747","page","type-page","status-publish","hentry","entry","owp-thumbs-layout-horizontal","owp-btn-normal","owp-tabs-layout-horizontal","has-no-thumbnails","has-product-nav"],"_links":{"self":[{"href":"https:\/\/autoshow.at\/en\/wp-json\/wp\/v2\/pages\/39747","targetHints":{"allow":["GET"]}}],"collection":[{"href":"https:\/\/autoshow.at\/en\/wp-json\/wp\/v2\/pages"}],"about":[{"href":"https:\/\/autoshow.at\/en\/wp-json\/wp\/v2\/types\/page"}],"author":[{"embeddable":true,"href":"https:\/\/autoshow.at\/en\/wp-json\/wp\/v2\/users\/1"}],"replies":[{"embeddable":true,"href":"https:\/\/autoshow.at\/en\/wp-json\/wp\/v2\/comments?post=39747"}],"version-history":[{"count":23,"href":"https:\/\/autoshow.at\/en\/wp-json\/wp\/v2\/pages\/39747\/revisions"}],"predecessor-version":[{"id":39798,"href":"https:\/\/autoshow.at\/en\/wp-json\/wp\/v2\/pages\/39747\/revisions\/39798"}],"wp:attachment":[{"href":"https:\/\/autoshow.at\/en\/wp-json\/wp\/v2\/media?parent=39747"}],"curies":[{"name":"wp","href":"https:\/\/api.w.org\/{rel}","templated":true}]}}